{"id":94814,"date":"2025-05-25T08:35:18","date_gmt":"2025-05-25T08:35:18","guid":{"rendered":"https:\/\/aral2.cetrexmarketing.com\/producto\/loratge-negre\/"},"modified":"2025-05-27T07:17:31","modified_gmt":"2025-05-27T07:17:31","slug":"loratge-negre","status":"publish","type":"product","link":"https:\/\/aral2.cetrexmarketing.com\/ca\/producto\/loratge-negre\/","title":{"rendered":"L&#8217;Oratge Negre"},"content":{"rendered":"<div class=\"flex-shrink-0 flex flex-col relative items-end\">\n<div>\n<div class=\"pt-0\">\n<div class=\"gizmo-bot-avatar flex h-8 w-8 items-center justify-center overflow-hidden rounded-full\">\n<div class=\"relative p-1 rounded-sm flex items-center justify-center bg-token-main-surface-primary text-token-text-primary h-8 w-8\"><strong>L&#8217;Oratge Negre<\/strong>\u00a0de la <strong>D.O. Terra Alta<\/strong> \u00e9s un vi negre que reflecteix l&#8217;ess\u00e8ncia d&#8217;aquesta regi\u00f3 vin\u00edcola del sud de Catalunya, caracteritzada pel seu clima mediterrani i el seu s\u00f2l calcari. Elaborat principalment amb <strong>Garnatxa<\/strong>, una varietat aut\u00f2ctona de la zona, i altres varietats locals, aquest vi destaca per la seva gran expressi\u00f3 afruitada i complexitat.<\/div>\n<\/div>\n<\/div>\n<\/div>\n<\/div>\n<div class=\"group\/conversation-turn relative flex w-full min-w-0 flex-col agent-turn\">\n<div class=\"flex-col gap-1 md:gap-3\">\n<div class=\"flex max-w-full flex-col flex-grow\">\n<div class=\"min-h-8 text-message flex w-full flex-col items-end gap-2 whitespace-normal break-words text-start [.text-message+&amp;]:mt-5\" dir=\"auto\" data-message-author-role=\"assistant\" data-message-id=\"1c742610-1930-493a-8b17-061132448f24\" data-message-model-slug=\"gpt-4o-mini\">\n<div class=\"flex w-full flex-col gap-1 empty:hidden first:pt-[3px]\">\n<div class=\"markdown prose w-full break-words dark:prose-invert light\">\n<p>En la seva cata, es presenten aromes intensos de fruits vermells madurs, com cireres i gerds, acompanyats de subtils notes especiades que recorden al pebre negre i un toc d&#8217;herbes mediterr\u00e0nies. En boca, \u00e9s un vi de cos mitj\u00e0, amb tanins suaus per\u00f2 ben estructurats, cosa que li atorga una textura aterciopelada. La seva acidesa equilibrada ofereix frescor i allarga el final, que \u00e9s persistent i lleugerament mineral, reflectint la tipicitat del terrer.<\/p>\n<p>Aquest vi \u00e9s ideal per maridar amb plats contundents com carns rostides, embotits curats, guisats i formatges curats. <strong>L&#8217;Oratge Negre<\/strong>\u00a0\u00e9s una excel\u00b7lent opci\u00f3 per aquells que busquen un vi negre equilibrat i ple de personalitat, amb una gran capacitat d&#8217;acompanyar tant menjars tradicionals com plats m\u00e9s innovadors.<\/p>\n<\/div>\n<\/div>\n<\/div>\n<\/div>\n<\/div>\n<\/div>\n","protected":false},"excerpt":{"rendered":"<p><strong>L&#8217;Oratge Negre<\/strong>\u00a0de la <strong>D.O. Terra Alta<\/strong> \u00e9s un vi negre elaborat principalment amb <strong>Garnatxa<\/strong>, que destaca per la seva expressi\u00f3 afruitada i complexitat. Presenta aromes de fruits vermells madurs, com cireres i gerds, amb notes especiades i herb\u00e0cies. En boca, t\u00e9 un cos mitj\u00e0, tanins suaus i una acidesa equilibrada que li d\u00f3na frescor i un final persistent. Ideal per maridar amb carns rostides, embotits i formatges curats, aquest vi reflecteix la tipicitat del terrer de la Terra Alta, oferint un equilibri perfecte entre frescor i estructura.<\/p>\n","protected":false},"featured_media":94811,"comment_status":"closed","ping_status":"closed","template":"","meta":{"_acf_changed":false},"pwb-brand":[],"product_brand":[],"product_cat":[51669,51676,51670,51671],"product_tag":[15084,38464,15142,15015,17821,16770,38463],"class_list":{"0":"post-94814","1":"product","2":"type-product","3":"status-publish","4":"has-post-thumbnail","6":"product_cat-ecologic","7":"product_cat-vega","8":"product_cat-vi","9":"product_cat-vi-negre","10":"product_tag-agricultura-ecologica-ca","11":"product_tag-apte-per-a-vegans","12":"product_tag-ccpae-ca","13":"product_tag-do-terra-alta-ca","14":"product_tag-oratge-ca","15":"product_tag-organic-grapes-ca","16":"product_tag-vega","17":"pa_anada-45483","18":"pa_bodega-dehaanaltes","19":"pa_do-terra-alta-d-o-ca","20":"pa_ecologico-vegano-natural-ecologic","21":"pa_ecologico-vegano-natural-vega","22":"pa_envejecimiento-jove","23":"pa_floral-negre-floral","24":"pa_formatoenml-38306","25":"pa_graduacion-13_0","26":"pa_maridaje-carn-blanca","27":"pa_maridaje-carn-roja","28":"pa_maridaje-midons","29":"pa_maridaje-peix","30":"pa_maridaje-verdures","31":"pa_pais-espanya-ca","32":"pa_pueblociudad-gandesatarragona","33":"pa_region-cataluna","34":"pa_tipodevino-vi-tranquil","35":"pa_variedad-principal-garnacha-tinta-ca","36":"pa_variedad-principal-syrah-ca","37":"entry","38":"has-media","40":"first","41":"instock","42":"taxable","43":"shipping-taxable","44":"purchasable","45":"product-type-simple"},"acf":[],"yoast_head":"<!-- This site is optimized with the Yoast SEO Premium plugin v23.1 (Yoast SEO v23.5) - https:\/\/yoast.com\/wordpress\/plugins\/seo\/ -->\n<title>L&#039;Oratge Negre - DO Terra Alta<\/title>\n<meta name=\"description\" content=\"Comprar online al millor preu vins negres de la DO Terra Alta a M\u00f3n La Cata . Botiga especialitzada en vins i productes gourmet.\" \/>\n<meta name=\"robots\" content=\"noindex, follow, max-snippet:-1, max-image-preview:large, max-video-preview:-1\" \/>\n<meta property=\"og:locale\" content=\"ca_ES\" \/>\n<meta property=\"og:type\" content=\"article\" \/>\n<meta property=\"og:title\" content=\"L&#039;Oratge Negre\" \/>\n<meta property=\"og:description\" content=\"Comprar online al millor preu vins negres de la DO Terra Alta a M\u00f3n La Cata . Botiga especialitzada en vins i productes gourmet.\" \/>\n<meta property=\"og:url\" content=\"https:\/\/aral2.cetrexmarketing.com\/ca\/producto\/loratge-negre\/\" \/>\n<meta property=\"og:site_name\" content=\"M\u00f3n La Cata\" \/>\n<meta property=\"article:modified_time\" content=\"2025-05-27T07:17:31+00:00\" \/>\n<meta property=\"og:image\" content=\"https:\/\/aral2.cetrexmarketing.com\/wp-content\/uploads\/2025\/05\/LORATGE-NEGRE-.png\" \/>\n\t<meta property=\"og:image:width\" content=\"765\" \/>\n\t<meta property=\"og:image:height\" content=\"1024\" \/>\n\t<meta property=\"og:image:type\" content=\"image\/png\" \/>\n<meta name=\"twitter:card\" content=\"summary_large_image\" \/>\n<meta name=\"twitter:label1\" content=\"Temps estimat de lectura\" \/>\n\t<meta name=\"twitter:data1\" content=\"2 minuts\" \/>\n<script type=\"application\/ld+json\" class=\"yoast-schema-graph\">{\"@context\":\"https:\/\/schema.org\",\"@graph\":[{\"@type\":\"WebPage\",\"@id\":\"https:\/\/aral2.cetrexmarketing.com\/ca\/producto\/loratge-negre\/\",\"url\":\"https:\/\/aral2.cetrexmarketing.com\/ca\/producto\/loratge-negre\/\",\"name\":\"L'Oratge Negre - DO Terra Alta\",\"isPartOf\":{\"@id\":\"https:\/\/aral2.cetrexmarketing.com\/#website\"},\"primaryImageOfPage\":{\"@id\":\"https:\/\/aral2.cetrexmarketing.com\/ca\/producto\/loratge-negre\/#primaryimage\"},\"image\":{\"@id\":\"https:\/\/aral2.cetrexmarketing.com\/ca\/producto\/loratge-negre\/#primaryimage\"},\"thumbnailUrl\":\"https:\/\/aral2.cetrexmarketing.com\/wp-content\/uploads\/2025\/05\/LORATGE-NEGRE-.png\",\"datePublished\":\"2025-05-25T08:35:18+00:00\",\"dateModified\":\"2025-05-27T07:17:31+00:00\",\"description\":\"Comprar online al millor preu vins negres de la DO Terra Alta a M\u00f3n La Cata . Botiga especialitzada en vins i productes gourmet.\",\"breadcrumb\":{\"@id\":\"https:\/\/aral2.cetrexmarketing.com\/ca\/producto\/loratge-negre\/#breadcrumb\"},\"inLanguage\":\"ca\",\"potentialAction\":[{\"@type\":\"ReadAction\",\"target\":[\"https:\/\/aral2.cetrexmarketing.com\/ca\/producto\/loratge-negre\/\"]}]},{\"@type\":\"ImageObject\",\"inLanguage\":\"ca\",\"@id\":\"https:\/\/aral2.cetrexmarketing.com\/ca\/producto\/loratge-negre\/#primaryimage\",\"url\":\"https:\/\/aral2.cetrexmarketing.com\/wp-content\/uploads\/2025\/05\/LORATGE-NEGRE-.png\",\"contentUrl\":\"https:\/\/aral2.cetrexmarketing.com\/wp-content\/uploads\/2025\/05\/LORATGE-NEGRE-.png\",\"width\":765,\"height\":1024},{\"@type\":\"BreadcrumbList\",\"@id\":\"https:\/\/aral2.cetrexmarketing.com\/ca\/producto\/loratge-negre\/#breadcrumb\",\"itemListElement\":[{\"@type\":\"ListItem\",\"position\":1,\"name\":\"Home\",\"item\":\"https:\/\/aral2.cetrexmarketing.com\/ca\/\"},{\"@type\":\"ListItem\",\"position\":2,\"name\":\"Tienda\",\"item\":\"https:\/\/aral2.cetrexmarketing.com\/ca\/tienda-2\/\"},{\"@type\":\"ListItem\",\"position\":3,\"name\":\"Ecol\u00f2gic\",\"item\":\"https:\/\/aral2.cetrexmarketing.com\/categoria-producto\/ecologic\/\"},{\"@type\":\"ListItem\",\"position\":4,\"name\":\"Veg\u00e0\",\"item\":\"https:\/\/aral2.cetrexmarketing.com\/categoria-producto\/ecologic\/vega\/\"},{\"@type\":\"ListItem\",\"position\":5,\"name\":\"L&#8217;Oratge Negre\"}]},{\"@type\":\"WebSite\",\"@id\":\"https:\/\/aral2.cetrexmarketing.com\/#website\",\"url\":\"https:\/\/aral2.cetrexmarketing.com\/\",\"name\":\"M\u00f3n La Cata\",\"description\":\"Tienda de vinos, licores, cervezas y gourmet\",\"publisher\":{\"@id\":\"https:\/\/aral2.cetrexmarketing.com\/#organization\"},\"potentialAction\":[{\"@type\":\"SearchAction\",\"target\":{\"@type\":\"EntryPoint\",\"urlTemplate\":\"https:\/\/aral2.cetrexmarketing.com\/?s={search_term_string}\"},\"query-input\":{\"@type\":\"PropertyValueSpecification\",\"valueRequired\":true,\"valueName\":\"search_term_string\"}}],\"inLanguage\":\"ca\"},{\"@type\":\"Organization\",\"@id\":\"https:\/\/aral2.cetrexmarketing.com\/#organization\",\"name\":\"M\u00f3n La Cata\",\"url\":\"https:\/\/aral2.cetrexmarketing.com\/\",\"logo\":{\"@type\":\"ImageObject\",\"inLanguage\":\"ca\",\"@id\":\"https:\/\/aral2.cetrexmarketing.com\/#\/schema\/logo\/image\/\",\"url\":\"https:\/\/aral2.cetrexmarketing.com\/wp-content\/uploads\/2024\/10\/aral-logo-neg-1024x409-1.png\",\"contentUrl\":\"https:\/\/aral2.cetrexmarketing.com\/wp-content\/uploads\/2024\/10\/aral-logo-neg-1024x409-1.png\",\"width\":1024,\"height\":409,\"caption\":\"M\u00f3n La Cata\"},\"image\":{\"@id\":\"https:\/\/aral2.cetrexmarketing.com\/#\/schema\/logo\/image\/\"}}]}<\/script>\n<!-- \/ Yoast SEO Premium plugin. -->","yoast_head_json":{"title":"L'Oratge Negre - DO Terra Alta","description":"Comprar online al millor preu vins negres de la DO Terra Alta a M\u00f3n La Cata . Botiga especialitzada en vins i productes gourmet.","robots":{"index":"noindex","follow":"follow","max-snippet":"max-snippet:-1","max-image-preview":"max-image-preview:large","max-video-preview":"max-video-preview:-1"},"og_locale":"ca_ES","og_type":"article","og_title":"L'Oratge Negre","og_description":"Comprar online al millor preu vins negres de la DO Terra Alta a M\u00f3n La Cata . Botiga especialitzada en vins i productes gourmet.","og_url":"https:\/\/aral2.cetrexmarketing.com\/ca\/producto\/loratge-negre\/","og_site_name":"M\u00f3n La Cata","article_modified_time":"2025-05-27T07:17:31+00:00","og_image":[{"width":765,"height":1024,"url":"https:\/\/aral2.cetrexmarketing.com\/wp-content\/uploads\/2025\/05\/LORATGE-NEGRE-.png","type":"image\/png"}],"twitter_card":"summary_large_image","twitter_misc":{"Temps estimat de lectura":"2 minuts"},"schema":{"@context":"https:\/\/schema.org","@graph":[{"@type":"WebPage","@id":"https:\/\/aral2.cetrexmarketing.com\/ca\/producto\/loratge-negre\/","url":"https:\/\/aral2.cetrexmarketing.com\/ca\/producto\/loratge-negre\/","name":"L'Oratge Negre - DO Terra Alta","isPartOf":{"@id":"https:\/\/aral2.cetrexmarketing.com\/#website"},"primaryImageOfPage":{"@id":"https:\/\/aral2.cetrexmarketing.com\/ca\/producto\/loratge-negre\/#primaryimage"},"image":{"@id":"https:\/\/aral2.cetrexmarketing.com\/ca\/producto\/loratge-negre\/#primaryimage"},"thumbnailUrl":"https:\/\/aral2.cetrexmarketing.com\/wp-content\/uploads\/2025\/05\/LORATGE-NEGRE-.png","datePublished":"2025-05-25T08:35:18+00:00","dateModified":"2025-05-27T07:17:31+00:00","description":"Comprar online al millor preu vins negres de la DO Terra Alta a M\u00f3n La Cata . Botiga especialitzada en vins i productes gourmet.","breadcrumb":{"@id":"https:\/\/aral2.cetrexmarketing.com\/ca\/producto\/loratge-negre\/#breadcrumb"},"inLanguage":"ca","potentialAction":[{"@type":"ReadAction","target":["https:\/\/aral2.cetrexmarketing.com\/ca\/producto\/loratge-negre\/"]}]},{"@type":"ImageObject","inLanguage":"ca","@id":"https:\/\/aral2.cetrexmarketing.com\/ca\/producto\/loratge-negre\/#primaryimage","url":"https:\/\/aral2.cetrexmarketing.com\/wp-content\/uploads\/2025\/05\/LORATGE-NEGRE-.png","contentUrl":"https:\/\/aral2.cetrexmarketing.com\/wp-content\/uploads\/2025\/05\/LORATGE-NEGRE-.png","width":765,"height":1024},{"@type":"BreadcrumbList","@id":"https:\/\/aral2.cetrexmarketing.com\/ca\/producto\/loratge-negre\/#breadcrumb","itemListElement":[{"@type":"ListItem","position":1,"name":"Home","item":"https:\/\/aral2.cetrexmarketing.com\/ca\/"},{"@type":"ListItem","position":2,"name":"Tienda","item":"https:\/\/aral2.cetrexmarketing.com\/ca\/tienda-2\/"},{"@type":"ListItem","position":3,"name":"Ecol\u00f2gic","item":"https:\/\/aral2.cetrexmarketing.com\/categoria-producto\/ecologic\/"},{"@type":"ListItem","position":4,"name":"Veg\u00e0","item":"https:\/\/aral2.cetrexmarketing.com\/categoria-producto\/ecologic\/vega\/"},{"@type":"ListItem","position":5,"name":"L&#8217;Oratge Negre"}]},{"@type":"WebSite","@id":"https:\/\/aral2.cetrexmarketing.com\/#website","url":"https:\/\/aral2.cetrexmarketing.com\/","name":"M\u00f3n La Cata","description":"Tienda de vinos, licores, cervezas y gourmet","publisher":{"@id":"https:\/\/aral2.cetrexmarketing.com\/#organization"},"potentialAction":[{"@type":"SearchAction","target":{"@type":"EntryPoint","urlTemplate":"https:\/\/aral2.cetrexmarketing.com\/?s={search_term_string}"},"query-input":{"@type":"PropertyValueSpecification","valueRequired":true,"valueName":"search_term_string"}}],"inLanguage":"ca"},{"@type":"Organization","@id":"https:\/\/aral2.cetrexmarketing.com\/#organization","name":"M\u00f3n La Cata","url":"https:\/\/aral2.cetrexmarketing.com\/","logo":{"@type":"ImageObject","inLanguage":"ca","@id":"https:\/\/aral2.cetrexmarketing.com\/#\/schema\/logo\/image\/","url":"https:\/\/aral2.cetrexmarketing.com\/wp-content\/uploads\/2024\/10\/aral-logo-neg-1024x409-1.png","contentUrl":"https:\/\/aral2.cetrexmarketing.com\/wp-content\/uploads\/2024\/10\/aral-logo-neg-1024x409-1.png","width":1024,"height":409,"caption":"M\u00f3n La Cata"},"image":{"@id":"https:\/\/aral2.cetrexmarketing.com\/#\/schema\/logo\/image\/"}}]}},"brands":[],"_links":{"self":[{"href":"https:\/\/aral2.cetrexmarketing.com\/ca\/wp-json\/wp\/v2\/product\/94814","targetHints":{"allow":["GET"]}}],"collection":[{"href":"https:\/\/aral2.cetrexmarketing.com\/ca\/wp-json\/wp\/v2\/product"}],"about":[{"href":"https:\/\/aral2.cetrexmarketing.com\/ca\/wp-json\/wp\/v2\/types\/product"}],"replies":[{"embeddable":true,"href":"https:\/\/aral2.cetrexmarketing.com\/ca\/wp-json\/wp\/v2\/comments?post=94814"}],"wp:featuredmedia":[{"embeddable":true,"href":"https:\/\/aral2.cetrexmarketing.com\/ca\/wp-json\/wp\/v2\/media\/94811"}],"wp:attachment":[{"href":"https:\/\/aral2.cetrexmarketing.com\/ca\/wp-json\/wp\/v2\/media?parent=94814"}],"wp:term":[{"taxonomy":"pwb-brand","embeddable":true,"href":"https:\/\/aral2.cetrexmarketing.com\/ca\/wp-json\/wp\/v2\/pwb-brand?post=94814"},{"taxonomy":"product_brand","embeddable":true,"href":"https:\/\/aral2.cetrexmarketing.com\/ca\/wp-json\/wp\/v2\/product_brand?post=94814"},{"taxonomy":"product_cat","embeddable":true,"href":"https:\/\/aral2.cetrexmarketing.com\/ca\/wp-json\/wp\/v2\/product_cat?post=94814"},{"taxonomy":"product_tag","embeddable":true,"href":"https:\/\/aral2.cetrexmarketing.com\/ca\/wp-json\/wp\/v2\/product_tag?post=94814"}],"curies":[{"name":"wp","href":"https:\/\/api.w.org\/{rel}","templated":true}]}}