{"id":94536,"date":"2025-05-25T08:30:24","date_gmt":"2025-05-25T08:30:24","guid":{"rendered":"https:\/\/aral2.cetrexmarketing.com\/producto\/bernavi-tres-de-tres\/"},"modified":"2025-05-27T07:16:27","modified_gmt":"2025-05-27T07:16:27","slug":"bernavi-tres-de-tres","status":"publish","type":"product","link":"https:\/\/aral2.cetrexmarketing.com\/ca\/producto\/bernavi-tres-de-tres\/","title":{"rendered":"Bernav\u00ed Tres de Tres"},"content":{"rendered":"<div class=\"flex-1 overflow-hidden @container\/thread\">\n<div class=\"h-full\">\n<div class=\"react-scroll-to-bottom--css-uzryr-79elbk h-full\">\n<div class=\"react-scroll-to-bottom--css-uzryr-1n7m0yu\">\n<div class=\"flex flex-col text-sm md:pb-9\">\n<article class=\"w-full scroll-mb-[var(--thread-trailing-height,150px)] text-token-text-primary focus-visible:outline-2 focus-visible:outline-offset-[-4px]\" dir=\"auto\" data-testid=\"conversation-turn-3\" data-scroll-anchor=\"true\">\n<div class=\"m-auto text-base py-[18px] px-3 md:px-4 w-full md:px-5 lg:px-4 xl:px-5\">\n<div class=\"mx-auto flex flex-1 gap-4 text-base md:gap-5 lg:gap-6 md:max-w-3xl lg:max-w-[40rem] xl:max-w-[48rem]\">\n<div class=\"group\/conversation-turn relative flex w-full min-w-0 flex-col agent-turn\">\n<div class=\"flex-col gap-1 md:gap-3\">\n<div class=\"flex max-w-full flex-col flex-grow\">\n<div class=\"min-h-8 text-message flex w-full flex-col items-end gap-2 whitespace-normal break-words text-start [.text-message+&amp;]:mt-5\" dir=\"auto\" data-message-author-role=\"assistant\" data-message-id=\"6b85a39d-8f2a-44a0-9a92-0464ca77c076\" data-message-model-slug=\"gpt-4o\">\n<div class=\"flex w-full flex-col gap-1 empty:hidden first:pt-[3px]\">\n<div class=\"markdown prose w-full break-words dark:prose-invert light\">\n<p>El <strong>Bernav\u00ed Tres de Tres <\/strong>\u00e9s un vi negre ecol\u00f2gic produ\u00eft pel celler Bernav\u00ed, situat a Vilalba dels Arcs, a la regi\u00f3 de la Terra Alta, Tarragona, Espanya. Aquest vi destaca per la seva composici\u00f3 \u00fanica de tres varietats de garnatxa: garnatxa negra, garnatxa blanca i garnatxa peluda, totes cultivades a la finca Mas Vernet.<\/p>\n<div class=\"relative inline-flex items-center\"><strong>Caracter\u00edstiques del vi:<\/strong><\/div>\n<ul>\n<li><strong>Color:<\/strong> Presenta un to vermell rob\u00ed de capa mitjana amb reflexos violacis.<\/li>\n<li><strong>Aroma<\/strong>: Al nas, es perceben notes de fruites vermelles que es fusionen amb matisos especiats, herbes del sotabosc i tocs terrosos.<\/li>\n<li><strong>Sabor:<\/strong> En boca, ofereix una entrada horitzontal amb tanins lleugers i arrodonits; \u00e9s fresc, sal\u00ed i amb un final prolongat.<\/li>\n<\/ul>\n<p><strong>Elaboraci\u00f3:<\/strong><\/p>\n<p>La verema es realitza de manera manual a mitjans de setembre, collint els ra\u00efms en caixes. La fermentaci\u00f3 \u00e9s espont\u00e0nia i es duu a terme en dip\u00f2sits d&#8217;acer inoxidable a una temperatura controlada de 26\u202f\u00b0C, amb maceracions curtes i llevats aut\u00f2ctons. El vi envelleix durant quatre mesos sobre lies fines; el 25% en b\u00f3tes de roure i la resta en dip\u00f2sits d&#8217;acer inoxidable.<\/p>\n<p><strong>Vinyes:<\/strong><\/p>\n<ul>\n<li><strong>Ubicaci\u00f3<\/strong>: Finca Mas Vernet, situada a una altitud de 350-400 metres.<\/li>\n<li><strong>S\u00f2ls<\/strong>: Panal, compost per dunes f\u00f2ssils del quaternari amb textura llimosa, calc\u00e0ria i amb alt contingut de guix.\n<p>.<\/li>\n<li><strong>Densitat de plantaci\u00f3<\/strong>: 4.200 plantes per hect\u00e0rea en emparrat.<\/li>\n<li><strong>Gesti\u00f3<\/strong>: S\u2019utilitzen cobertes vegetals en files alternes, treball mec\u00e0nic, poda en verd i aclarida de ra\u00efms per optimitzar la qualitat i quantitat de la producci\u00f3.<\/li>\n<\/ul>\n<p><strong>Maridatge:<\/strong><\/p>\n<p>Aquest vi marida b\u00e9 amb carns vermelles, aus, pastes i formatges semicurats. Es recomana servir-lo entre 16-18\u202f\u00b0C per apreciar plenament les seves qualitats.<\/p>\n<p><strong>Bodega Bernav\u00ed:<\/strong><\/p>\n<p>Bernav\u00ed \u00e9s un projecte italo-catal\u00e0 fundat l&#8217;any 2007 per Marco Bernava, Gino Bernava i Ruth Fullat. El celler es dedica a la producci\u00f3 de vins que expressen aut\u00e8nticament el terrer de la Terra Alta, combinant tradici\u00f3 i t\u00e8cniques enol\u00f2giques modernes.<\/p>\n<p>.<\/p>\n<\/div>\n<\/div>\n<\/div>\n<\/div>\n<\/div>\n<\/div>\n<\/div>\n<\/div>\n<\/article>\n<\/div>\n<\/div>\n<\/div>\n<\/div>\n<\/div>\n<div class=\"md:pt-0 dark:border-white\/20 md:border-transparent md:dark:border-transparent w-full\">\n<div>\n<div class=\"m-auto text-base px-3 md:px-4 w-full md:px-5 lg:px-4 xl:px-5\"><\/div>\n<\/div>\n<\/div>\n","protected":false},"excerpt":{"rendered":"<div class=\"flex-shrink-0 flex flex-col relative items-end\">\n<div>\n<div class=\"pt-0\">\n<div class=\"gizmo-bot-avatar flex h-8 w-8 items-center justify-center overflow-hidden rounded-full\">\n<div class=\"relative p-1 rounded-sm flex items-center justify-center bg-token-main-surface-primary text-token-text-primary h-8 w-8\">El <strong>Bernav\u00ed Tres de Tres<\/strong> \u00e9s un vi negre ecol\u00f2gic elaborat per la bodega Bernav\u00ed a Vilalba dels Arcs, Tarragona. Aquest vi destaca per la seva mescla \u00fanica de tres varietats de garnatxa: negra, blanca i peluda, cultivades a la finca Mas Vernet. De color vermell rub\u00ed amb reflexos violacis, presenta aromes a fruits vermells, esp\u00e8cies, herbes del sotabosc i tocs terrosos. En boca \u00e9s fresc, sal\u00ed i amb tanins lleugers, oferint un final prolongat. La seva elaboraci\u00f3 inclou fermentaci\u00f3 espont\u00e0nia i envelliment de quatre mesos, el 25% en b\u00f3tes de roure. \u00c9s ideal per acompanyar carns roges, aus, pastes i formatges semicurats. Es recomana servir entre 16-18\u00b0C.<\/div>\n<\/div>\n<\/div>\n<\/div>\n<\/div>\n","protected":false},"featured_media":94533,"comment_status":"closed","ping_status":"closed","template":"","meta":{"_acf_changed":false},"pwb-brand":[45274],"product_brand":[],"product_cat":[51670,51671],"product_tag":[52265,17783,15014,17782],"class_list":{"0":"post-94536","1":"product","2":"type-product","3":"status-publish","4":"has-post-thumbnail","6":"pwb-brand-bernavi","7":"product_cat-vi","8":"product_cat-vi-negre","9":"product_tag-bernavi-tres-de-tres-2","10":"product_tag-bernavi-vinyaters-ca","11":"product_tag-terra-alta-ca","12":"product_tag-tres-de-tres-ca","13":"pa_anada-36214","14":"pa_bodega-bernavi-vinyaters","15":"pa_do-terra-alta-d-o-ca","16":"pa_ecologico-vegano-natural-ecologic","17":"pa_envejecimiento-jove","18":"pa_floral-negre-floral","19":"pa_formatoenml-38306","20":"pa_graduacion-14_0","21":"pa_maridaje-carn-blanca","22":"pa_maridaje-carn-roja","23":"pa_maridaje-midons","24":"pa_maridaje-peix","25":"pa_maridaje-verdures","26":"pa_pais-espanya-ca","27":"pa_tipodevino-vi-tranquil","28":"pa_variedad-principal-garnacha-tinta-ca","29":"pa_variedad-principal-garnatxa-blanca","30":"pa_variedad-principal-garnatxa-peluda","31":"entry","32":"has-media","34":"first","35":"instock","36":"taxable","37":"shipping-taxable","38":"purchasable","39":"product-type-simple"},"acf":[],"yoast_head":"<!-- This site is optimized with the Yoast SEO Premium plugin v23.1 (Yoast SEO v23.5) - https:\/\/yoast.com\/wordpress\/plugins\/seo\/ -->\n<title>Bernav\u00ed Tres de Tres<\/title>\n<meta name=\"description\" content=\"Comprar online el vi Bernav\u00ed Tres de Tres en la DO Terra Alta. Web especialitzada en vins, destil\u00b7lats i alimentaci\u00f3 gurmet.\" \/>\n<meta name=\"robots\" content=\"noindex, follow, max-snippet:-1, max-image-preview:large, max-video-preview:-1\" \/>\n<meta property=\"og:locale\" content=\"ca_ES\" \/>\n<meta property=\"og:type\" content=\"article\" \/>\n<meta property=\"og:title\" content=\"Bernav\u00ed Tres de Tres\" \/>\n<meta property=\"og:description\" content=\"Comprar online el vi Bernav\u00ed Tres de Tres en la DO Terra Alta. Web especialitzada en vins, destil\u00b7lats i alimentaci\u00f3 gurmet.\" \/>\n<meta property=\"og:url\" content=\"https:\/\/aral2.cetrexmarketing.com\/ca\/producto\/bernavi-tres-de-tres\/\" \/>\n<meta property=\"og:site_name\" content=\"M\u00f3n La Cata\" \/>\n<meta property=\"article:modified_time\" content=\"2025-05-27T07:16:27+00:00\" \/>\n<meta property=\"og:image\" content=\"https:\/\/aral2.cetrexmarketing.com\/wp-content\/uploads\/2025\/05\/Bernavi-Tres-de-Tres.jpg-1.png\" \/>\n\t<meta property=\"og:image:width\" content=\"765\" \/>\n\t<meta property=\"og:image:height\" content=\"1024\" \/>\n\t<meta property=\"og:image:type\" content=\"image\/png\" \/>\n<meta name=\"twitter:card\" content=\"summary_large_image\" \/>\n<meta name=\"twitter:label1\" content=\"Temps estimat de lectura\" \/>\n\t<meta name=\"twitter:data1\" content=\"2 minuts\" \/>\n<script type=\"application\/ld+json\" class=\"yoast-schema-graph\">{\"@context\":\"https:\/\/schema.org\",\"@graph\":[{\"@type\":\"WebPage\",\"@id\":\"https:\/\/aral2.cetrexmarketing.com\/ca\/producto\/bernavi-tres-de-tres\/\",\"url\":\"https:\/\/aral2.cetrexmarketing.com\/ca\/producto\/bernavi-tres-de-tres\/\",\"name\":\"Bernav\u00ed Tres de Tres\",\"isPartOf\":{\"@id\":\"https:\/\/aral2.cetrexmarketing.com\/#website\"},\"primaryImageOfPage\":{\"@id\":\"https:\/\/aral2.cetrexmarketing.com\/ca\/producto\/bernavi-tres-de-tres\/#primaryimage\"},\"image\":{\"@id\":\"https:\/\/aral2.cetrexmarketing.com\/ca\/producto\/bernavi-tres-de-tres\/#primaryimage\"},\"thumbnailUrl\":\"https:\/\/aral2.cetrexmarketing.com\/wp-content\/uploads\/2025\/05\/Bernavi-Tres-de-Tres.jpg-1.png\",\"datePublished\":\"2025-05-25T08:30:24+00:00\",\"dateModified\":\"2025-05-27T07:16:27+00:00\",\"description\":\"Comprar online el vi Bernav\u00ed Tres de Tres en la DO Terra Alta. Web especialitzada en vins, destil\u00b7lats i alimentaci\u00f3 gurmet.\",\"breadcrumb\":{\"@id\":\"https:\/\/aral2.cetrexmarketing.com\/ca\/producto\/bernavi-tres-de-tres\/#breadcrumb\"},\"inLanguage\":\"ca\",\"potentialAction\":[{\"@type\":\"ReadAction\",\"target\":[\"https:\/\/aral2.cetrexmarketing.com\/ca\/producto\/bernavi-tres-de-tres\/\"]}]},{\"@type\":\"ImageObject\",\"inLanguage\":\"ca\",\"@id\":\"https:\/\/aral2.cetrexmarketing.com\/ca\/producto\/bernavi-tres-de-tres\/#primaryimage\",\"url\":\"https:\/\/aral2.cetrexmarketing.com\/wp-content\/uploads\/2025\/05\/Bernavi-Tres-de-Tres.jpg-1.png\",\"contentUrl\":\"https:\/\/aral2.cetrexmarketing.com\/wp-content\/uploads\/2025\/05\/Bernavi-Tres-de-Tres.jpg-1.png\",\"width\":765,\"height\":1024},{\"@type\":\"BreadcrumbList\",\"@id\":\"https:\/\/aral2.cetrexmarketing.com\/ca\/producto\/bernavi-tres-de-tres\/#breadcrumb\",\"itemListElement\":[{\"@type\":\"ListItem\",\"position\":1,\"name\":\"Home\",\"item\":\"https:\/\/aral2.cetrexmarketing.com\/ca\/\"},{\"@type\":\"ListItem\",\"position\":2,\"name\":\"Tienda\",\"item\":\"https:\/\/aral2.cetrexmarketing.com\/ca\/tienda-2\/\"},{\"@type\":\"ListItem\",\"position\":3,\"name\":\"Vi\",\"item\":\"https:\/\/aral2.cetrexmarketing.com\/categoria-producto\/vi\/\"},{\"@type\":\"ListItem\",\"position\":4,\"name\":\"Vi Negre\",\"item\":\"https:\/\/aral2.cetrexmarketing.com\/categoria-producto\/vi\/vi-negre\/\"},{\"@type\":\"ListItem\",\"position\":5,\"name\":\"Bernav\u00ed Tres de Tres\"}]},{\"@type\":\"WebSite\",\"@id\":\"https:\/\/aral2.cetrexmarketing.com\/#website\",\"url\":\"https:\/\/aral2.cetrexmarketing.com\/\",\"name\":\"M\u00f3n La Cata\",\"description\":\"Tienda de vinos, licores, cervezas y gourmet\",\"publisher\":{\"@id\":\"https:\/\/aral2.cetrexmarketing.com\/#organization\"},\"potentialAction\":[{\"@type\":\"SearchAction\",\"target\":{\"@type\":\"EntryPoint\",\"urlTemplate\":\"https:\/\/aral2.cetrexmarketing.com\/?s={search_term_string}\"},\"query-input\":{\"@type\":\"PropertyValueSpecification\",\"valueRequired\":true,\"valueName\":\"search_term_string\"}}],\"inLanguage\":\"ca\"},{\"@type\":\"Organization\",\"@id\":\"https:\/\/aral2.cetrexmarketing.com\/#organization\",\"name\":\"M\u00f3n La Cata\",\"url\":\"https:\/\/aral2.cetrexmarketing.com\/\",\"logo\":{\"@type\":\"ImageObject\",\"inLanguage\":\"ca\",\"@id\":\"https:\/\/aral2.cetrexmarketing.com\/#\/schema\/logo\/image\/\",\"url\":\"https:\/\/aral2.cetrexmarketing.com\/wp-content\/uploads\/2024\/10\/aral-logo-neg-1024x409-1.png\",\"contentUrl\":\"https:\/\/aral2.cetrexmarketing.com\/wp-content\/uploads\/2024\/10\/aral-logo-neg-1024x409-1.png\",\"width\":1024,\"height\":409,\"caption\":\"M\u00f3n La Cata\"},\"image\":{\"@id\":\"https:\/\/aral2.cetrexmarketing.com\/#\/schema\/logo\/image\/\"}}]}<\/script>\n<!-- \/ Yoast SEO Premium plugin. -->","yoast_head_json":{"title":"Bernav\u00ed Tres de Tres","description":"Comprar online el vi Bernav\u00ed Tres de Tres en la DO Terra Alta. Web especialitzada en vins, destil\u00b7lats i alimentaci\u00f3 gurmet.","robots":{"index":"noindex","follow":"follow","max-snippet":"max-snippet:-1","max-image-preview":"max-image-preview:large","max-video-preview":"max-video-preview:-1"},"og_locale":"ca_ES","og_type":"article","og_title":"Bernav\u00ed Tres de Tres","og_description":"Comprar online el vi Bernav\u00ed Tres de Tres en la DO Terra Alta. Web especialitzada en vins, destil\u00b7lats i alimentaci\u00f3 gurmet.","og_url":"https:\/\/aral2.cetrexmarketing.com\/ca\/producto\/bernavi-tres-de-tres\/","og_site_name":"M\u00f3n La Cata","article_modified_time":"2025-05-27T07:16:27+00:00","og_image":[{"width":765,"height":1024,"url":"https:\/\/aral2.cetrexmarketing.com\/wp-content\/uploads\/2025\/05\/Bernavi-Tres-de-Tres.jpg-1.png","type":"image\/png"}],"twitter_card":"summary_large_image","twitter_misc":{"Temps estimat de lectura":"2 minuts"},"schema":{"@context":"https:\/\/schema.org","@graph":[{"@type":"WebPage","@id":"https:\/\/aral2.cetrexmarketing.com\/ca\/producto\/bernavi-tres-de-tres\/","url":"https:\/\/aral2.cetrexmarketing.com\/ca\/producto\/bernavi-tres-de-tres\/","name":"Bernav\u00ed Tres de Tres","isPartOf":{"@id":"https:\/\/aral2.cetrexmarketing.com\/#website"},"primaryImageOfPage":{"@id":"https:\/\/aral2.cetrexmarketing.com\/ca\/producto\/bernavi-tres-de-tres\/#primaryimage"},"image":{"@id":"https:\/\/aral2.cetrexmarketing.com\/ca\/producto\/bernavi-tres-de-tres\/#primaryimage"},"thumbnailUrl":"https:\/\/aral2.cetrexmarketing.com\/wp-content\/uploads\/2025\/05\/Bernavi-Tres-de-Tres.jpg-1.png","datePublished":"2025-05-25T08:30:24+00:00","dateModified":"2025-05-27T07:16:27+00:00","description":"Comprar online el vi Bernav\u00ed Tres de Tres en la DO Terra Alta. Web especialitzada en vins, destil\u00b7lats i alimentaci\u00f3 gurmet.","breadcrumb":{"@id":"https:\/\/aral2.cetrexmarketing.com\/ca\/producto\/bernavi-tres-de-tres\/#breadcrumb"},"inLanguage":"ca","potentialAction":[{"@type":"ReadAction","target":["https:\/\/aral2.cetrexmarketing.com\/ca\/producto\/bernavi-tres-de-tres\/"]}]},{"@type":"ImageObject","inLanguage":"ca","@id":"https:\/\/aral2.cetrexmarketing.com\/ca\/producto\/bernavi-tres-de-tres\/#primaryimage","url":"https:\/\/aral2.cetrexmarketing.com\/wp-content\/uploads\/2025\/05\/Bernavi-Tres-de-Tres.jpg-1.png","contentUrl":"https:\/\/aral2.cetrexmarketing.com\/wp-content\/uploads\/2025\/05\/Bernavi-Tres-de-Tres.jpg-1.png","width":765,"height":1024},{"@type":"BreadcrumbList","@id":"https:\/\/aral2.cetrexmarketing.com\/ca\/producto\/bernavi-tres-de-tres\/#breadcrumb","itemListElement":[{"@type":"ListItem","position":1,"name":"Home","item":"https:\/\/aral2.cetrexmarketing.com\/ca\/"},{"@type":"ListItem","position":2,"name":"Tienda","item":"https:\/\/aral2.cetrexmarketing.com\/ca\/tienda-2\/"},{"@type":"ListItem","position":3,"name":"Vi","item":"https:\/\/aral2.cetrexmarketing.com\/categoria-producto\/vi\/"},{"@type":"ListItem","position":4,"name":"Vi Negre","item":"https:\/\/aral2.cetrexmarketing.com\/categoria-producto\/vi\/vi-negre\/"},{"@type":"ListItem","position":5,"name":"Bernav\u00ed Tres de Tres"}]},{"@type":"WebSite","@id":"https:\/\/aral2.cetrexmarketing.com\/#website","url":"https:\/\/aral2.cetrexmarketing.com\/","name":"M\u00f3n La Cata","description":"Tienda de vinos, licores, cervezas y gourmet","publisher":{"@id":"https:\/\/aral2.cetrexmarketing.com\/#organization"},"potentialAction":[{"@type":"SearchAction","target":{"@type":"EntryPoint","urlTemplate":"https:\/\/aral2.cetrexmarketing.com\/?s={search_term_string}"},"query-input":{"@type":"PropertyValueSpecification","valueRequired":true,"valueName":"search_term_string"}}],"inLanguage":"ca"},{"@type":"Organization","@id":"https:\/\/aral2.cetrexmarketing.com\/#organization","name":"M\u00f3n La Cata","url":"https:\/\/aral2.cetrexmarketing.com\/","logo":{"@type":"ImageObject","inLanguage":"ca","@id":"https:\/\/aral2.cetrexmarketing.com\/#\/schema\/logo\/image\/","url":"https:\/\/aral2.cetrexmarketing.com\/wp-content\/uploads\/2024\/10\/aral-logo-neg-1024x409-1.png","contentUrl":"https:\/\/aral2.cetrexmarketing.com\/wp-content\/uploads\/2024\/10\/aral-logo-neg-1024x409-1.png","width":1024,"height":409,"caption":"M\u00f3n La Cata"},"image":{"@id":"https:\/\/aral2.cetrexmarketing.com\/#\/schema\/logo\/image\/"}}]}},"brands":[{"id":45274,"name":"Bernav\u00ed","slug":"bernavi"}],"_links":{"self":[{"href":"https:\/\/aral2.cetrexmarketing.com\/ca\/wp-json\/wp\/v2\/product\/94536","targetHints":{"allow":["GET"]}}],"collection":[{"href":"https:\/\/aral2.cetrexmarketing.com\/ca\/wp-json\/wp\/v2\/product"}],"about":[{"href":"https:\/\/aral2.cetrexmarketing.com\/ca\/wp-json\/wp\/v2\/types\/product"}],"replies":[{"embeddable":true,"href":"https:\/\/aral2.cetrexmarketing.com\/ca\/wp-json\/wp\/v2\/comments?post=94536"}],"wp:featuredmedia":[{"embeddable":true,"href":"https:\/\/aral2.cetrexmarketing.com\/ca\/wp-json\/wp\/v2\/media\/94533"}],"wp:attachment":[{"href":"https:\/\/aral2.cetrexmarketing.com\/ca\/wp-json\/wp\/v2\/media?parent=94536"}],"wp:term":[{"taxonomy":"pwb-brand","embeddable":true,"href":"https:\/\/aral2.cetrexmarketing.com\/ca\/wp-json\/wp\/v2\/pwb-brand?post=94536"},{"taxonomy":"product_brand","embeddable":true,"href":"https:\/\/aral2.cetrexmarketing.com\/ca\/wp-json\/wp\/v2\/product_brand?post=94536"},{"taxonomy":"product_cat","embeddable":true,"href":"https:\/\/aral2.cetrexmarketing.com\/ca\/wp-json\/wp\/v2\/product_cat?post=94536"},{"taxonomy":"product_tag","embeddable":true,"href":"https:\/\/aral2.cetrexmarketing.com\/ca\/wp-json\/wp\/v2\/product_tag?post=94536"}],"curies":[{"name":"wp","href":"https:\/\/api.w.org\/{rel}","templated":true}]}}