{"id":89517,"date":"2025-05-25T07:21:12","date_gmt":"2025-05-25T07:21:12","guid":{"rendered":"https:\/\/aral2.cetrexmarketing.com\/producto\/dom-brial-les-camines\/"},"modified":"2025-05-27T07:01:10","modified_gmt":"2025-05-27T07:01:10","slug":"dom-brial-les-camines","status":"publish","type":"product","link":"https:\/\/aral2.cetrexmarketing.com\/ca\/producto\/dom-brial-les-camines\/","title":{"rendered":"Dom Brial Les Camines"},"content":{"rendered":"<p class=\"\" data-start=\"1148\" data-end=\"1179\"><strong data-start=\"1148\" data-end=\"1179\">Dom Brial Les Camines Negre<\/strong><\/p>\n<p class=\"\" data-start=\"1194\" data-end=\"1222\"><strong data-start=\"1194\" data-end=\"1222\">Descripci\u00f3 del producte:<\/strong><\/p>\n<p class=\"\" data-start=\"1224\" data-end=\"1455\">Dom Brial Les Camines Negre \u00e9s un vi procedent de la regi\u00f3 de C\u00f4tes Catalanes, al sud de Fran\u00e7a. Elaborat pel celler Dom Brial, aquest vi destaca pel seu car\u00e0cter afruitat i equilibrat, reflectint la riquesa del terrer mediterrani.<\/p>\n<p class=\"\" data-start=\"1457\" data-end=\"1478\"><strong data-start=\"1457\" data-end=\"1478\">Caracter\u00edstiques:<\/strong><\/p>\n<ul data-start=\"1480\" data-end=\"1709\">\n<li class=\"\" data-start=\"1480\" data-end=\"1542\">\n<p class=\"\" data-start=\"1482\" data-end=\"1542\"><strong data-start=\"1482\" data-end=\"1493\">Origen:<\/strong> IGP C\u00f4tes Catalanes, Llenguadoc-Rossell\u00f3, Fran\u00e7a<\/p>\n<\/li>\n<li class=\"\" data-start=\"1543\" data-end=\"1598\">\n<p class=\"\" data-start=\"1545\" data-end=\"1598\"><strong data-start=\"1545\" data-end=\"1567\">Varietats de ra\u00efm:<\/strong> Merlot, Garnatxa Negra i Syrah<\/p>\n<\/li>\n<li class=\"\" data-start=\"1599\" data-end=\"1637\">\n<p class=\"\" data-start=\"1601\" data-end=\"1637\"><strong data-start=\"1601\" data-end=\"1626\">Graduaci\u00f3 alcoh\u00f2lica:<\/strong> 14,5% vol.<\/p>\n<\/li>\n<li class=\"\" data-start=\"1638\" data-end=\"1709\">\n<p class=\"\" data-start=\"1640\" data-end=\"1709\"><strong data-start=\"1640\" data-end=\"1651\">Premis:<\/strong> Medalla de Plata al Concours des Grands Vins du Languedoc<\/p>\n<\/li>\n<\/ul>\n<p class=\"\" data-start=\"1711\" data-end=\"1729\"><strong data-start=\"1711\" data-end=\"1729\">Notes de tast:<\/strong><\/p>\n<ul data-start=\"1731\" data-end=\"1970\">\n<li class=\"\" data-start=\"1731\" data-end=\"1787\">\n<p class=\"\" data-start=\"1733\" data-end=\"1787\"><strong data-start=\"1733\" data-end=\"1743\">Vista:<\/strong> Color vermell intens amb reflexos violacis.<\/p>\n<\/li>\n<li class=\"\" data-start=\"1788\" data-end=\"1872\">\n<p class=\"\" data-start=\"1790\" data-end=\"1872\"><strong data-start=\"1790\" data-end=\"1798\">Nas:<\/strong> Aromes delicats de fruites negres fresques, com m\u00f3res i groselles negres.<\/p>\n<\/li>\n<li class=\"\" data-start=\"1873\" data-end=\"1970\">\n<p class=\"\" data-start=\"1875\" data-end=\"1970\"><strong data-start=\"1875\" data-end=\"1884\">Boca:<\/strong> Vi suau i afruitat, amb una bona intensitat i amplitud arom\u00e0tica de fruites fresques.<\/p>\n<\/li>\n<\/ul>\n<p class=\"\" data-start=\"1972\" data-end=\"1996\"><strong data-start=\"1972\" data-end=\"1996\">Maridatge recomanat:<\/strong><\/p>\n<p class=\"\" data-start=\"1998\" data-end=\"2088\">Ideal per acompanyar carns vermelles, plats de pasta amb salses riques i formatges curats.<\/p>\n<p class=\"\" data-start=\"2090\" data-end=\"2104\"><strong data-start=\"2090\" data-end=\"2104\">Conclusi\u00f3:<\/strong><\/p>\n<p class=\"\" data-start=\"2106\" data-end=\"2265\">Dom Brial Les Camines Negre \u00e9s una opci\u00f3 excel\u00b7lent per a aquells que busquen un vi franc\u00e8s accessible i de qualitat, perfecte per gaudir en diverses ocasions.<\/p>\n","protected":false},"excerpt":{"rendered":"<p>Dom Brial Les Camines Negre Descripci\u00f3 del producte: Dom Brial Les Camines Negre \u00e9s un vi procedent de la regi\u00f3 de C\u00f4tes Catalanes, al sud de Fran\u00e7a. Elaborat pel celler Dom Brial, aquest vi destaca pel seu car\u00e0cter afruitat i equilibrat, reflectint la riquesa del terrer mediterrani. Caracter\u00edstiques: Origen: IGP C\u00f4tes Catalanes, Llenguadoc-Rossell\u00f3, Fran\u00e7a Varietats&hellip;<\/p>\n","protected":false},"featured_media":89514,"comment_status":"closed","ping_status":"closed","template":"","meta":{"_acf_changed":false},"pwb-brand":[32957],"product_brand":[],"product_cat":[51670,51672],"product_tag":[17014,17015,48917],"class_list":{"0":"post-89517","1":"product","2":"type-product","3":"status-publish","4":"has-post-thumbnail","6":"pwb-brand-languedoc-roussillon-i-g-p","7":"product_cat-vi","8":"product_cat-vi-blanc","9":"product_tag-dom-brial-ca","10":"product_tag-sud-de-france-ca","11":"product_tag-vi-blanc-ca","12":"pa_anada-36214","13":"pa_bodega-vignoblesdombrial","14":"pa_do-languedoc-roussillon-a-o-c-francia","15":"pa_formatoenl-36158","16":"pa_formatoenml-38306","17":"pa_graduacion-13_0","18":"pa_pais-franca","19":"pa_pesoengramos-38337","20":"pa_pesoenkg-125-ca","21":"pa_pueblociudad-baixasrosellon","22":"pa_tipodevino-vi-tranquil","23":"pa_variedades-garnachablanca_viognier-ca","24":"entry","25":"has-media","27":"first","28":"instock","29":"taxable","30":"shipping-taxable","31":"purchasable","32":"product-type-simple"},"acf":[],"yoast_head":"<!-- This site is optimized with the Yoast SEO Premium plugin v23.1 (Yoast SEO v23.5) - https:\/\/yoast.com\/wordpress\/plugins\/seo\/ -->\n<title>Dom Brial Les Camines<\/title>\n<meta name=\"description\" content=\"Comprar el vi blanc Les Camines del celler Vignobles Dom Brial a la IGP C\u00f4tes Catalanes (Fran\u00e7a).\" \/>\n<meta name=\"robots\" content=\"noindex, follow, max-snippet:-1, max-image-preview:large, max-video-preview:-1\" \/>\n<meta property=\"og:locale\" content=\"ca_ES\" \/>\n<meta property=\"og:type\" content=\"article\" \/>\n<meta property=\"og:title\" content=\"Dom Brial Les Camines\" \/>\n<meta property=\"og:description\" content=\"Comprar el vi blanc Les Camines del celler Vignobles Dom Brial a la IGP C\u00f4tes Catalanes (Fran\u00e7a).\" \/>\n<meta property=\"og:url\" content=\"https:\/\/aral2.cetrexmarketing.com\/ca\/producto\/dom-brial-les-camines\/\" \/>\n<meta property=\"og:site_name\" content=\"M\u00f3n La Cata\" \/>\n<meta property=\"article:modified_time\" content=\"2025-05-27T07:01:10+00:00\" \/>\n<meta property=\"og:image\" content=\"https:\/\/aral2.cetrexmarketing.com\/wp-content\/uploads\/2025\/05\/Dom-Brial-Les-Camines.jpg.png\" \/>\n\t<meta property=\"og:image:width\" content=\"765\" \/>\n\t<meta property=\"og:image:height\" content=\"1024\" \/>\n\t<meta property=\"og:image:type\" content=\"image\/png\" \/>\n<meta name=\"twitter:card\" content=\"summary_large_image\" \/>\n<meta name=\"twitter:label1\" content=\"Temps estimat de lectura\" \/>\n\t<meta name=\"twitter:data1\" content=\"2 minuts\" \/>\n<script type=\"application\/ld+json\" class=\"yoast-schema-graph\">{\"@context\":\"https:\/\/schema.org\",\"@graph\":[{\"@type\":\"WebPage\",\"@id\":\"https:\/\/aral2.cetrexmarketing.com\/ca\/producto\/dom-brial-les-camines\/\",\"url\":\"https:\/\/aral2.cetrexmarketing.com\/ca\/producto\/dom-brial-les-camines\/\",\"name\":\"Dom Brial Les Camines\",\"isPartOf\":{\"@id\":\"https:\/\/aral2.cetrexmarketing.com\/#website\"},\"primaryImageOfPage\":{\"@id\":\"https:\/\/aral2.cetrexmarketing.com\/ca\/producto\/dom-brial-les-camines\/#primaryimage\"},\"image\":{\"@id\":\"https:\/\/aral2.cetrexmarketing.com\/ca\/producto\/dom-brial-les-camines\/#primaryimage\"},\"thumbnailUrl\":\"https:\/\/aral2.cetrexmarketing.com\/wp-content\/uploads\/2025\/05\/Dom-Brial-Les-Camines.jpg.png\",\"datePublished\":\"2025-05-25T07:21:12+00:00\",\"dateModified\":\"2025-05-27T07:01:10+00:00\",\"description\":\"Comprar el vi blanc Les Camines del celler Vignobles Dom Brial a la IGP C\u00f4tes Catalanes (Fran\u00e7a).\",\"breadcrumb\":{\"@id\":\"https:\/\/aral2.cetrexmarketing.com\/ca\/producto\/dom-brial-les-camines\/#breadcrumb\"},\"inLanguage\":\"ca\",\"potentialAction\":[{\"@type\":\"ReadAction\",\"target\":[\"https:\/\/aral2.cetrexmarketing.com\/ca\/producto\/dom-brial-les-camines\/\"]}]},{\"@type\":\"ImageObject\",\"inLanguage\":\"ca\",\"@id\":\"https:\/\/aral2.cetrexmarketing.com\/ca\/producto\/dom-brial-les-camines\/#primaryimage\",\"url\":\"https:\/\/aral2.cetrexmarketing.com\/wp-content\/uploads\/2025\/05\/Dom-Brial-Les-Camines.jpg.png\",\"contentUrl\":\"https:\/\/aral2.cetrexmarketing.com\/wp-content\/uploads\/2025\/05\/Dom-Brial-Les-Camines.jpg.png\",\"width\":765,\"height\":1024},{\"@type\":\"BreadcrumbList\",\"@id\":\"https:\/\/aral2.cetrexmarketing.com\/ca\/producto\/dom-brial-les-camines\/#breadcrumb\",\"itemListElement\":[{\"@type\":\"ListItem\",\"position\":1,\"name\":\"Home\",\"item\":\"https:\/\/aral2.cetrexmarketing.com\/ca\/\"},{\"@type\":\"ListItem\",\"position\":2,\"name\":\"Tienda\",\"item\":\"https:\/\/aral2.cetrexmarketing.com\/ca\/tienda-2\/\"},{\"@type\":\"ListItem\",\"position\":3,\"name\":\"Vi\",\"item\":\"https:\/\/aral2.cetrexmarketing.com\/categoria-producto\/vi\/\"},{\"@type\":\"ListItem\",\"position\":4,\"name\":\"Vi Blanc\",\"item\":\"https:\/\/aral2.cetrexmarketing.com\/categoria-producto\/vi\/vi-blanc\/\"},{\"@type\":\"ListItem\",\"position\":5,\"name\":\"Dom Brial Les Camines\"}]},{\"@type\":\"WebSite\",\"@id\":\"https:\/\/aral2.cetrexmarketing.com\/#website\",\"url\":\"https:\/\/aral2.cetrexmarketing.com\/\",\"name\":\"M\u00f3n La Cata\",\"description\":\"Tienda de vinos, licores, cervezas y gourmet\",\"publisher\":{\"@id\":\"https:\/\/aral2.cetrexmarketing.com\/#organization\"},\"potentialAction\":[{\"@type\":\"SearchAction\",\"target\":{\"@type\":\"EntryPoint\",\"urlTemplate\":\"https:\/\/aral2.cetrexmarketing.com\/?s={search_term_string}\"},\"query-input\":{\"@type\":\"PropertyValueSpecification\",\"valueRequired\":true,\"valueName\":\"search_term_string\"}}],\"inLanguage\":\"ca\"},{\"@type\":\"Organization\",\"@id\":\"https:\/\/aral2.cetrexmarketing.com\/#organization\",\"name\":\"M\u00f3n La Cata\",\"url\":\"https:\/\/aral2.cetrexmarketing.com\/\",\"logo\":{\"@type\":\"ImageObject\",\"inLanguage\":\"ca\",\"@id\":\"https:\/\/aral2.cetrexmarketing.com\/#\/schema\/logo\/image\/\",\"url\":\"https:\/\/aral2.cetrexmarketing.com\/wp-content\/uploads\/2024\/10\/aral-logo-neg-1024x409-1.png\",\"contentUrl\":\"https:\/\/aral2.cetrexmarketing.com\/wp-content\/uploads\/2024\/10\/aral-logo-neg-1024x409-1.png\",\"width\":1024,\"height\":409,\"caption\":\"M\u00f3n La Cata\"},\"image\":{\"@id\":\"https:\/\/aral2.cetrexmarketing.com\/#\/schema\/logo\/image\/\"}}]}<\/script>\n<!-- \/ Yoast SEO Premium plugin. -->","yoast_head_json":{"title":"Dom Brial Les Camines","description":"Comprar el vi blanc Les Camines del celler Vignobles Dom Brial a la IGP C\u00f4tes Catalanes (Fran\u00e7a).","robots":{"index":"noindex","follow":"follow","max-snippet":"max-snippet:-1","max-image-preview":"max-image-preview:large","max-video-preview":"max-video-preview:-1"},"og_locale":"ca_ES","og_type":"article","og_title":"Dom Brial Les Camines","og_description":"Comprar el vi blanc Les Camines del celler Vignobles Dom Brial a la IGP C\u00f4tes Catalanes (Fran\u00e7a).","og_url":"https:\/\/aral2.cetrexmarketing.com\/ca\/producto\/dom-brial-les-camines\/","og_site_name":"M\u00f3n La Cata","article_modified_time":"2025-05-27T07:01:10+00:00","og_image":[{"width":765,"height":1024,"url":"https:\/\/aral2.cetrexmarketing.com\/wp-content\/uploads\/2025\/05\/Dom-Brial-Les-Camines.jpg.png","type":"image\/png"}],"twitter_card":"summary_large_image","twitter_misc":{"Temps estimat de lectura":"2 minuts"},"schema":{"@context":"https:\/\/schema.org","@graph":[{"@type":"WebPage","@id":"https:\/\/aral2.cetrexmarketing.com\/ca\/producto\/dom-brial-les-camines\/","url":"https:\/\/aral2.cetrexmarketing.com\/ca\/producto\/dom-brial-les-camines\/","name":"Dom Brial Les Camines","isPartOf":{"@id":"https:\/\/aral2.cetrexmarketing.com\/#website"},"primaryImageOfPage":{"@id":"https:\/\/aral2.cetrexmarketing.com\/ca\/producto\/dom-brial-les-camines\/#primaryimage"},"image":{"@id":"https:\/\/aral2.cetrexmarketing.com\/ca\/producto\/dom-brial-les-camines\/#primaryimage"},"thumbnailUrl":"https:\/\/aral2.cetrexmarketing.com\/wp-content\/uploads\/2025\/05\/Dom-Brial-Les-Camines.jpg.png","datePublished":"2025-05-25T07:21:12+00:00","dateModified":"2025-05-27T07:01:10+00:00","description":"Comprar el vi blanc Les Camines del celler Vignobles Dom Brial a la IGP C\u00f4tes Catalanes (Fran\u00e7a).","breadcrumb":{"@id":"https:\/\/aral2.cetrexmarketing.com\/ca\/producto\/dom-brial-les-camines\/#breadcrumb"},"inLanguage":"ca","potentialAction":[{"@type":"ReadAction","target":["https:\/\/aral2.cetrexmarketing.com\/ca\/producto\/dom-brial-les-camines\/"]}]},{"@type":"ImageObject","inLanguage":"ca","@id":"https:\/\/aral2.cetrexmarketing.com\/ca\/producto\/dom-brial-les-camines\/#primaryimage","url":"https:\/\/aral2.cetrexmarketing.com\/wp-content\/uploads\/2025\/05\/Dom-Brial-Les-Camines.jpg.png","contentUrl":"https:\/\/aral2.cetrexmarketing.com\/wp-content\/uploads\/2025\/05\/Dom-Brial-Les-Camines.jpg.png","width":765,"height":1024},{"@type":"BreadcrumbList","@id":"https:\/\/aral2.cetrexmarketing.com\/ca\/producto\/dom-brial-les-camines\/#breadcrumb","itemListElement":[{"@type":"ListItem","position":1,"name":"Home","item":"https:\/\/aral2.cetrexmarketing.com\/ca\/"},{"@type":"ListItem","position":2,"name":"Tienda","item":"https:\/\/aral2.cetrexmarketing.com\/ca\/tienda-2\/"},{"@type":"ListItem","position":3,"name":"Vi","item":"https:\/\/aral2.cetrexmarketing.com\/categoria-producto\/vi\/"},{"@type":"ListItem","position":4,"name":"Vi Blanc","item":"https:\/\/aral2.cetrexmarketing.com\/categoria-producto\/vi\/vi-blanc\/"},{"@type":"ListItem","position":5,"name":"Dom Brial Les Camines"}]},{"@type":"WebSite","@id":"https:\/\/aral2.cetrexmarketing.com\/#website","url":"https:\/\/aral2.cetrexmarketing.com\/","name":"M\u00f3n La Cata","description":"Tienda de vinos, licores, cervezas y gourmet","publisher":{"@id":"https:\/\/aral2.cetrexmarketing.com\/#organization"},"potentialAction":[{"@type":"SearchAction","target":{"@type":"EntryPoint","urlTemplate":"https:\/\/aral2.cetrexmarketing.com\/?s={search_term_string}"},"query-input":{"@type":"PropertyValueSpecification","valueRequired":true,"valueName":"search_term_string"}}],"inLanguage":"ca"},{"@type":"Organization","@id":"https:\/\/aral2.cetrexmarketing.com\/#organization","name":"M\u00f3n La Cata","url":"https:\/\/aral2.cetrexmarketing.com\/","logo":{"@type":"ImageObject","inLanguage":"ca","@id":"https:\/\/aral2.cetrexmarketing.com\/#\/schema\/logo\/image\/","url":"https:\/\/aral2.cetrexmarketing.com\/wp-content\/uploads\/2024\/10\/aral-logo-neg-1024x409-1.png","contentUrl":"https:\/\/aral2.cetrexmarketing.com\/wp-content\/uploads\/2024\/10\/aral-logo-neg-1024x409-1.png","width":1024,"height":409,"caption":"M\u00f3n La Cata"},"image":{"@id":"https:\/\/aral2.cetrexmarketing.com\/#\/schema\/logo\/image\/"}}]}},"brands":[{"id":32957,"name":"Languedoc - Roussillon I.G.P.","slug":"languedoc-roussillon-i-g-p"}],"_links":{"self":[{"href":"https:\/\/aral2.cetrexmarketing.com\/ca\/wp-json\/wp\/v2\/product\/89517","targetHints":{"allow":["GET"]}}],"collection":[{"href":"https:\/\/aral2.cetrexmarketing.com\/ca\/wp-json\/wp\/v2\/product"}],"about":[{"href":"https:\/\/aral2.cetrexmarketing.com\/ca\/wp-json\/wp\/v2\/types\/product"}],"replies":[{"embeddable":true,"href":"https:\/\/aral2.cetrexmarketing.com\/ca\/wp-json\/wp\/v2\/comments?post=89517"}],"wp:featuredmedia":[{"embeddable":true,"href":"https:\/\/aral2.cetrexmarketing.com\/ca\/wp-json\/wp\/v2\/media\/89514"}],"wp:attachment":[{"href":"https:\/\/aral2.cetrexmarketing.com\/ca\/wp-json\/wp\/v2\/media?parent=89517"}],"wp:term":[{"taxonomy":"pwb-brand","embeddable":true,"href":"https:\/\/aral2.cetrexmarketing.com\/ca\/wp-json\/wp\/v2\/pwb-brand?post=89517"},{"taxonomy":"product_brand","embeddable":true,"href":"https:\/\/aral2.cetrexmarketing.com\/ca\/wp-json\/wp\/v2\/product_brand?post=89517"},{"taxonomy":"product_cat","embeddable":true,"href":"https:\/\/aral2.cetrexmarketing.com\/ca\/wp-json\/wp\/v2\/product_cat?post=89517"},{"taxonomy":"product_tag","embeddable":true,"href":"https:\/\/aral2.cetrexmarketing.com\/ca\/wp-json\/wp\/v2\/product_tag?post=89517"}],"curies":[{"name":"wp","href":"https:\/\/api.w.org\/{rel}","templated":true}]}}