{"id":87818,"date":"2025-05-25T06:57:52","date_gmt":"2025-05-25T06:57:52","guid":{"rendered":"https:\/\/aral2.cetrexmarketing.com\/producto\/pedralonga-terra-do-godos-albarino\/"},"modified":"2025-05-27T06:54:13","modified_gmt":"2025-05-27T06:54:13","slug":"pedralonga-terra-do-godos-albarino","status":"publish","type":"product","link":"https:\/\/aral2.cetrexmarketing.com\/ca\/producto\/pedralonga-terra-do-godos-albarino\/","title":{"rendered":"Pedralonga Terra do Godos Albari\u00f1o"},"content":{"rendered":"<p data-start=\"49\" data-end=\"543\"><strong data-start=\"49\" data-end=\"78\">Pedralonga Terra de Godos<\/strong> \u00e9s un vi blanc elaborat per <strong data-start=\"107\" data-end=\"127\">Adega Pedralonga<\/strong>, una bodega familiar situada a la <strong data-start=\"162\" data-end=\"182\">D.O. R\u00edas Baixas<\/strong> (Gal\u00edcia, Espanya). Aquesta bodega es distingeix pel seu enfocament en la <strong data-start=\"257\" data-end=\"284\">viticultura biodin\u00e0mica<\/strong>, respectant els cicles naturals de la vinya i elaborant vins que reflecteixen l&#8217;autenticitat del <strong data-start=\"382\" data-end=\"402\">terroir atl\u00e0ntic<\/strong>. Aquest Albari\u00f1o \u00e9s una expressi\u00f3 pura i fresca de la varietat, amb una gran c\u00e0rrega arom\u00e0tica i una mineralitat caracter\u00edstica de la regi\u00f3.<\/p>\n<h3 data-start=\"550\" data-end=\"588\"><strong data-start=\"554\" data-end=\"588\">Caracter\u00edstiques del Producte:<\/strong><\/h3>\n<ul data-start=\"589\" data-end=\"1118\">\n<li data-start=\"589\" data-end=\"626\"><strong data-start=\"591\" data-end=\"601\">Tipus:<\/strong> Vi blanc sense crian\u00e7a<\/li>\n<li data-start=\"627\" data-end=\"682\"><strong data-start=\"629\" data-end=\"640\">Origen:<\/strong> <strong data-start=\"641\" data-end=\"661\">D.O. R\u00edas Baixas<\/strong> (Gal\u00edcia, Espanya)<\/li>\n<li data-start=\"683\" data-end=\"724\"><strong data-start=\"685\" data-end=\"704\">Varietat d&#8217;uva:<\/strong> <strong data-start=\"705\" data-end=\"722\">100% Albari\u00f1o<\/strong><\/li>\n<li data-start=\"725\" data-end=\"767\"><strong data-start=\"727\" data-end=\"752\">Graduaci\u00f3 alcoh\u00f2lica:<\/strong> <strong data-start=\"753\" data-end=\"765\">13% vol.<\/strong><\/li>\n<li data-start=\"768\" data-end=\"1118\"><strong data-start=\"770\" data-end=\"785\">Elaboraci\u00f3:<\/strong>\n<ul data-start=\"791\" data-end=\"1118\">\n<li data-start=\"791\" data-end=\"869\"><strong data-start=\"793\" data-end=\"810\">Verema manual<\/strong> en caixes de 16 kg per conservar la integritat del ra\u00efm.<\/li>\n<li data-start=\"873\" data-end=\"919\"><strong data-start=\"875\" data-end=\"891\">Prensat suau<\/strong> sense addici\u00f3 de sulfits.<\/li>\n<li data-start=\"923\" data-end=\"998\"><strong data-start=\"925\" data-end=\"965\">Fermentaci\u00f3 a temperatura controlada<\/strong> en dip\u00f2sits d&#8217;acer inoxidable.<\/li>\n<li data-start=\"1002\" data-end=\"1118\"><strong data-start=\"1004\" data-end=\"1031\">Fermentaci\u00f3 malol\u00e0ctica<\/strong> sobre <strong data-start=\"1038\" data-end=\"1046\">l\u00edas<\/strong> amb rep\u00f2s posterior de <strong data-start=\"1070\" data-end=\"1081\">6 mesos<\/strong> per guanyar textura i complexitat.<\/li>\n<\/ul>\n<\/li>\n<\/ul>\n<h3 data-start=\"1125\" data-end=\"1147\"><strong data-start=\"1129\" data-end=\"1147\">Notes de Cata:<\/strong><\/h3>\n<ul data-start=\"1148\" data-end=\"1630\">\n<li data-start=\"1148\" data-end=\"1214\"><strong data-start=\"1150\" data-end=\"1160\">Color:<\/strong> Groc p\u00e0l\u00b7lid amb reflexos verdosos, net i brillant.<\/li>\n<li data-start=\"1215\" data-end=\"1403\"><strong data-start=\"1217\" data-end=\"1227\">Aroma:<\/strong> Fresc i intens, amb notes de <strong data-start=\"1257\" data-end=\"1277\">fruita de pinyol<\/strong> (pera, pr\u00e9ssec) i <strong data-start=\"1296\" data-end=\"1307\">c\u00edtrics<\/strong> (aranja, llima). Es percep tamb\u00e9 un toc mineral que recorda el car\u00e0cter atl\u00e0ntic del terroir.<\/li>\n<li data-start=\"1404\" data-end=\"1630\"><strong data-start=\"1406\" data-end=\"1416\">Sabor:<\/strong> En boca \u00e9s <strong data-start=\"1428\" data-end=\"1439\">vibrant<\/strong> i <strong data-start=\"1442\" data-end=\"1451\">fresc<\/strong>, amb una acidesa ben equilibrada que aporta vivacitat. El final \u00e9s llarg, amb matisos de <strong data-start=\"1541\" data-end=\"1555\">poma verda<\/strong> i una textura lleugerament <strong data-start=\"1583\" data-end=\"1594\">untuosa<\/strong> gr\u00e0cies al contacte amb les l\u00edas.<\/li>\n<\/ul>\n","protected":false},"excerpt":{"rendered":"<p>Pedralonga Terra de Godos \u00e9s un vi blanc elaborat per Adega Pedralonga, una bodega familiar situada a la D.O. R\u00edas Baixas (Gal\u00edcia, Espanya). Aquesta bodega es distingeix pel seu enfocament en la viticultura biodin\u00e0mica, respectant els cicles naturals de la vinya i elaborant vins que reflecteixen l&#8217;autenticitat del terroir atl\u00e0ntic. Aquest Albari\u00f1o \u00e9s una expressi\u00f3&hellip;<\/p>\n","protected":false},"featured_media":87815,"comment_status":"closed","ping_status":"closed","template":"","meta":{"_acf_changed":false},"pwb-brand":[32929],"product_brand":[],"product_cat":[51670,51672],"product_tag":[16392,16812,16813],"class_list":{"0":"post-87818","1":"product","2":"type-product","3":"status-publish","4":"has-post-thumbnail","6":"pwb-brand-rias-baixas-d-o","7":"product_cat-vi","8":"product_cat-vi-blanc","9":"product_tag-pedralonga-ca","10":"product_tag-terra-de-godos-ca","11":"product_tag-terra-do-godos-ca","12":"pa_anada-45483","13":"pa_bodega-bodega-pedralonga","14":"pa_do-riasbaixasdo-ca","15":"pa_formatoenml-38306","16":"pa_fresco-blanc-fresc","17":"pa_graduacion-13_0","18":"pa_maridaje-formatge-cremos","19":"pa_maridaje-formatge-curat","20":"pa_maridaje-marisc","21":"pa_maridaje-peix","22":"pa_maridaje-verdures","23":"pa_pais-espanya-ca","24":"pa_potente-blanc-potent","25":"pa_pueblociudad-caldasdereispontevedra","26":"pa_tipodevino-vi-tranquil","27":"pa_variedad-principal-albarino-ca","28":"entry","29":"has-media","31":"first","32":"instock","33":"taxable","34":"shipping-taxable","35":"purchasable","36":"product-type-simple"},"acf":[],"yoast_head":"<!-- This site is optimized with the Yoast SEO Premium plugin v23.1 (Yoast SEO v23.5) - https:\/\/yoast.com\/wordpress\/plugins\/seo\/ -->\n<title>Terra do Godos Pedralonga Albari\u00f1o<\/title>\n<meta name=\"description\" content=\"Comprar online a bon preu el vi blanc Terra do Godos del celler Pedralonga. Albari\u00f1o. monlacata.com compra r\u00e0pida i segura. Enviament urgent.\" \/>\n<meta name=\"robots\" content=\"noindex, follow, max-snippet:-1, max-image-preview:large, max-video-preview:-1\" \/>\n<meta property=\"og:locale\" content=\"ca_ES\" \/>\n<meta property=\"og:type\" content=\"article\" \/>\n<meta property=\"og:title\" content=\"Pedralonga Terra do Godos Albari\u00f1o\" \/>\n<meta property=\"og:description\" content=\"Comprar online a bon preu el vi blanc Terra do Godos del celler Pedralonga. Albari\u00f1o. monlacata.com compra r\u00e0pida i segura. Enviament urgent.\" \/>\n<meta property=\"og:url\" content=\"https:\/\/aral2.cetrexmarketing.com\/ca\/producto\/pedralonga-terra-do-godos-albarino\/\" \/>\n<meta property=\"og:site_name\" content=\"M\u00f3n La Cata\" \/>\n<meta property=\"article:modified_time\" content=\"2025-05-27T06:54:13+00:00\" \/>\n<meta property=\"og:image\" content=\"https:\/\/aral2.cetrexmarketing.com\/wp-content\/uploads\/2025\/05\/Pedralonga-Terra-do-Godos-Albarino.jpg-1.png\" \/>\n\t<meta property=\"og:image:width\" content=\"765\" \/>\n\t<meta property=\"og:image:height\" content=\"1024\" \/>\n\t<meta property=\"og:image:type\" content=\"image\/png\" \/>\n<meta name=\"twitter:card\" content=\"summary_large_image\" \/>\n<meta name=\"twitter:label1\" content=\"Temps estimat de lectura\" \/>\n\t<meta name=\"twitter:data1\" content=\"2 minuts\" \/>\n<script type=\"application\/ld+json\" class=\"yoast-schema-graph\">{\"@context\":\"https:\/\/schema.org\",\"@graph\":[{\"@type\":\"WebPage\",\"@id\":\"https:\/\/aral2.cetrexmarketing.com\/ca\/producto\/pedralonga-terra-do-godos-albarino\/\",\"url\":\"https:\/\/aral2.cetrexmarketing.com\/ca\/producto\/pedralonga-terra-do-godos-albarino\/\",\"name\":\"Terra do Godos Pedralonga Albari\u00f1o\",\"isPartOf\":{\"@id\":\"https:\/\/aral2.cetrexmarketing.com\/#website\"},\"primaryImageOfPage\":{\"@id\":\"https:\/\/aral2.cetrexmarketing.com\/ca\/producto\/pedralonga-terra-do-godos-albarino\/#primaryimage\"},\"image\":{\"@id\":\"https:\/\/aral2.cetrexmarketing.com\/ca\/producto\/pedralonga-terra-do-godos-albarino\/#primaryimage\"},\"thumbnailUrl\":\"https:\/\/aral2.cetrexmarketing.com\/wp-content\/uploads\/2025\/05\/Pedralonga-Terra-do-Godos-Albarino.jpg-1.png\",\"datePublished\":\"2025-05-25T06:57:52+00:00\",\"dateModified\":\"2025-05-27T06:54:13+00:00\",\"description\":\"Comprar online a bon preu el vi blanc Terra do Godos del celler Pedralonga. Albari\u00f1o. monlacata.com compra r\u00e0pida i segura. Enviament urgent.\",\"breadcrumb\":{\"@id\":\"https:\/\/aral2.cetrexmarketing.com\/ca\/producto\/pedralonga-terra-do-godos-albarino\/#breadcrumb\"},\"inLanguage\":\"ca\",\"potentialAction\":[{\"@type\":\"ReadAction\",\"target\":[\"https:\/\/aral2.cetrexmarketing.com\/ca\/producto\/pedralonga-terra-do-godos-albarino\/\"]}]},{\"@type\":\"ImageObject\",\"inLanguage\":\"ca\",\"@id\":\"https:\/\/aral2.cetrexmarketing.com\/ca\/producto\/pedralonga-terra-do-godos-albarino\/#primaryimage\",\"url\":\"https:\/\/aral2.cetrexmarketing.com\/wp-content\/uploads\/2025\/05\/Pedralonga-Terra-do-Godos-Albarino.jpg-1.png\",\"contentUrl\":\"https:\/\/aral2.cetrexmarketing.com\/wp-content\/uploads\/2025\/05\/Pedralonga-Terra-do-Godos-Albarino.jpg-1.png\",\"width\":765,\"height\":1024},{\"@type\":\"BreadcrumbList\",\"@id\":\"https:\/\/aral2.cetrexmarketing.com\/ca\/producto\/pedralonga-terra-do-godos-albarino\/#breadcrumb\",\"itemListElement\":[{\"@type\":\"ListItem\",\"position\":1,\"name\":\"Home\",\"item\":\"https:\/\/aral2.cetrexmarketing.com\/ca\/\"},{\"@type\":\"ListItem\",\"position\":2,\"name\":\"Tienda\",\"item\":\"https:\/\/aral2.cetrexmarketing.com\/ca\/tienda-2\/\"},{\"@type\":\"ListItem\",\"position\":3,\"name\":\"Vi\",\"item\":\"https:\/\/aral2.cetrexmarketing.com\/categoria-producto\/vi\/\"},{\"@type\":\"ListItem\",\"position\":4,\"name\":\"Vi Blanc\",\"item\":\"https:\/\/aral2.cetrexmarketing.com\/categoria-producto\/vi\/vi-blanc\/\"},{\"@type\":\"ListItem\",\"position\":5,\"name\":\"Pedralonga Terra do Godos Albari\u00f1o\"}]},{\"@type\":\"WebSite\",\"@id\":\"https:\/\/aral2.cetrexmarketing.com\/#website\",\"url\":\"https:\/\/aral2.cetrexmarketing.com\/\",\"name\":\"M\u00f3n La Cata\",\"description\":\"Tienda de vinos, licores, cervezas y gourmet\",\"publisher\":{\"@id\":\"https:\/\/aral2.cetrexmarketing.com\/#organization\"},\"potentialAction\":[{\"@type\":\"SearchAction\",\"target\":{\"@type\":\"EntryPoint\",\"urlTemplate\":\"https:\/\/aral2.cetrexmarketing.com\/?s={search_term_string}\"},\"query-input\":{\"@type\":\"PropertyValueSpecification\",\"valueRequired\":true,\"valueName\":\"search_term_string\"}}],\"inLanguage\":\"ca\"},{\"@type\":\"Organization\",\"@id\":\"https:\/\/aral2.cetrexmarketing.com\/#organization\",\"name\":\"M\u00f3n La Cata\",\"url\":\"https:\/\/aral2.cetrexmarketing.com\/\",\"logo\":{\"@type\":\"ImageObject\",\"inLanguage\":\"ca\",\"@id\":\"https:\/\/aral2.cetrexmarketing.com\/#\/schema\/logo\/image\/\",\"url\":\"https:\/\/aral2.cetrexmarketing.com\/wp-content\/uploads\/2024\/10\/aral-logo-neg-1024x409-1.png\",\"contentUrl\":\"https:\/\/aral2.cetrexmarketing.com\/wp-content\/uploads\/2024\/10\/aral-logo-neg-1024x409-1.png\",\"width\":1024,\"height\":409,\"caption\":\"M\u00f3n La Cata\"},\"image\":{\"@id\":\"https:\/\/aral2.cetrexmarketing.com\/#\/schema\/logo\/image\/\"}}]}<\/script>\n<!-- \/ Yoast SEO Premium plugin. -->","yoast_head_json":{"title":"Terra do Godos Pedralonga Albari\u00f1o","description":"Comprar online a bon preu el vi blanc Terra do Godos del celler Pedralonga. Albari\u00f1o. monlacata.com compra r\u00e0pida i segura. Enviament urgent.","robots":{"index":"noindex","follow":"follow","max-snippet":"max-snippet:-1","max-image-preview":"max-image-preview:large","max-video-preview":"max-video-preview:-1"},"og_locale":"ca_ES","og_type":"article","og_title":"Pedralonga Terra do Godos Albari\u00f1o","og_description":"Comprar online a bon preu el vi blanc Terra do Godos del celler Pedralonga. Albari\u00f1o. monlacata.com compra r\u00e0pida i segura. Enviament urgent.","og_url":"https:\/\/aral2.cetrexmarketing.com\/ca\/producto\/pedralonga-terra-do-godos-albarino\/","og_site_name":"M\u00f3n La Cata","article_modified_time":"2025-05-27T06:54:13+00:00","og_image":[{"width":765,"height":1024,"url":"https:\/\/aral2.cetrexmarketing.com\/wp-content\/uploads\/2025\/05\/Pedralonga-Terra-do-Godos-Albarino.jpg-1.png","type":"image\/png"}],"twitter_card":"summary_large_image","twitter_misc":{"Temps estimat de lectura":"2 minuts"},"schema":{"@context":"https:\/\/schema.org","@graph":[{"@type":"WebPage","@id":"https:\/\/aral2.cetrexmarketing.com\/ca\/producto\/pedralonga-terra-do-godos-albarino\/","url":"https:\/\/aral2.cetrexmarketing.com\/ca\/producto\/pedralonga-terra-do-godos-albarino\/","name":"Terra do Godos Pedralonga Albari\u00f1o","isPartOf":{"@id":"https:\/\/aral2.cetrexmarketing.com\/#website"},"primaryImageOfPage":{"@id":"https:\/\/aral2.cetrexmarketing.com\/ca\/producto\/pedralonga-terra-do-godos-albarino\/#primaryimage"},"image":{"@id":"https:\/\/aral2.cetrexmarketing.com\/ca\/producto\/pedralonga-terra-do-godos-albarino\/#primaryimage"},"thumbnailUrl":"https:\/\/aral2.cetrexmarketing.com\/wp-content\/uploads\/2025\/05\/Pedralonga-Terra-do-Godos-Albarino.jpg-1.png","datePublished":"2025-05-25T06:57:52+00:00","dateModified":"2025-05-27T06:54:13+00:00","description":"Comprar online a bon preu el vi blanc Terra do Godos del celler Pedralonga. Albari\u00f1o. monlacata.com compra r\u00e0pida i segura. Enviament urgent.","breadcrumb":{"@id":"https:\/\/aral2.cetrexmarketing.com\/ca\/producto\/pedralonga-terra-do-godos-albarino\/#breadcrumb"},"inLanguage":"ca","potentialAction":[{"@type":"ReadAction","target":["https:\/\/aral2.cetrexmarketing.com\/ca\/producto\/pedralonga-terra-do-godos-albarino\/"]}]},{"@type":"ImageObject","inLanguage":"ca","@id":"https:\/\/aral2.cetrexmarketing.com\/ca\/producto\/pedralonga-terra-do-godos-albarino\/#primaryimage","url":"https:\/\/aral2.cetrexmarketing.com\/wp-content\/uploads\/2025\/05\/Pedralonga-Terra-do-Godos-Albarino.jpg-1.png","contentUrl":"https:\/\/aral2.cetrexmarketing.com\/wp-content\/uploads\/2025\/05\/Pedralonga-Terra-do-Godos-Albarino.jpg-1.png","width":765,"height":1024},{"@type":"BreadcrumbList","@id":"https:\/\/aral2.cetrexmarketing.com\/ca\/producto\/pedralonga-terra-do-godos-albarino\/#breadcrumb","itemListElement":[{"@type":"ListItem","position":1,"name":"Home","item":"https:\/\/aral2.cetrexmarketing.com\/ca\/"},{"@type":"ListItem","position":2,"name":"Tienda","item":"https:\/\/aral2.cetrexmarketing.com\/ca\/tienda-2\/"},{"@type":"ListItem","position":3,"name":"Vi","item":"https:\/\/aral2.cetrexmarketing.com\/categoria-producto\/vi\/"},{"@type":"ListItem","position":4,"name":"Vi Blanc","item":"https:\/\/aral2.cetrexmarketing.com\/categoria-producto\/vi\/vi-blanc\/"},{"@type":"ListItem","position":5,"name":"Pedralonga Terra do Godos Albari\u00f1o"}]},{"@type":"WebSite","@id":"https:\/\/aral2.cetrexmarketing.com\/#website","url":"https:\/\/aral2.cetrexmarketing.com\/","name":"M\u00f3n La Cata","description":"Tienda de vinos, licores, cervezas y gourmet","publisher":{"@id":"https:\/\/aral2.cetrexmarketing.com\/#organization"},"potentialAction":[{"@type":"SearchAction","target":{"@type":"EntryPoint","urlTemplate":"https:\/\/aral2.cetrexmarketing.com\/?s={search_term_string}"},"query-input":{"@type":"PropertyValueSpecification","valueRequired":true,"valueName":"search_term_string"}}],"inLanguage":"ca"},{"@type":"Organization","@id":"https:\/\/aral2.cetrexmarketing.com\/#organization","name":"M\u00f3n La Cata","url":"https:\/\/aral2.cetrexmarketing.com\/","logo":{"@type":"ImageObject","inLanguage":"ca","@id":"https:\/\/aral2.cetrexmarketing.com\/#\/schema\/logo\/image\/","url":"https:\/\/aral2.cetrexmarketing.com\/wp-content\/uploads\/2024\/10\/aral-logo-neg-1024x409-1.png","contentUrl":"https:\/\/aral2.cetrexmarketing.com\/wp-content\/uploads\/2024\/10\/aral-logo-neg-1024x409-1.png","width":1024,"height":409,"caption":"M\u00f3n La Cata"},"image":{"@id":"https:\/\/aral2.cetrexmarketing.com\/#\/schema\/logo\/image\/"}}]}},"brands":[{"id":32929,"name":"R\u00edas Baixas D.O.","slug":"rias-baixas-d-o"}],"_links":{"self":[{"href":"https:\/\/aral2.cetrexmarketing.com\/ca\/wp-json\/wp\/v2\/product\/87818","targetHints":{"allow":["GET"]}}],"collection":[{"href":"https:\/\/aral2.cetrexmarketing.com\/ca\/wp-json\/wp\/v2\/product"}],"about":[{"href":"https:\/\/aral2.cetrexmarketing.com\/ca\/wp-json\/wp\/v2\/types\/product"}],"replies":[{"embeddable":true,"href":"https:\/\/aral2.cetrexmarketing.com\/ca\/wp-json\/wp\/v2\/comments?post=87818"}],"wp:featuredmedia":[{"embeddable":true,"href":"https:\/\/aral2.cetrexmarketing.com\/ca\/wp-json\/wp\/v2\/media\/87815"}],"wp:attachment":[{"href":"https:\/\/aral2.cetrexmarketing.com\/ca\/wp-json\/wp\/v2\/media?parent=87818"}],"wp:term":[{"taxonomy":"pwb-brand","embeddable":true,"href":"https:\/\/aral2.cetrexmarketing.com\/ca\/wp-json\/wp\/v2\/pwb-brand?post=87818"},{"taxonomy":"product_brand","embeddable":true,"href":"https:\/\/aral2.cetrexmarketing.com\/ca\/wp-json\/wp\/v2\/product_brand?post=87818"},{"taxonomy":"product_cat","embeddable":true,"href":"https:\/\/aral2.cetrexmarketing.com\/ca\/wp-json\/wp\/v2\/product_cat?post=87818"},{"taxonomy":"product_tag","embeddable":true,"href":"https:\/\/aral2.cetrexmarketing.com\/ca\/wp-json\/wp\/v2\/product_tag?post=87818"}],"curies":[{"name":"wp","href":"https:\/\/api.w.org\/{rel}","templated":true}]}}