{"id":87522,"date":"2025-05-25T06:53:49","date_gmt":"2025-05-25T06:53:49","guid":{"rendered":"https:\/\/aral2.cetrexmarketing.com\/producto\/can-sumoi-la-rosa\/"},"modified":"2025-05-27T06:52:55","modified_gmt":"2025-05-27T06:52:55","slug":"can-sumoi-la-rosa","status":"publish","type":"product","link":"https:\/\/aral2.cetrexmarketing.com\/ca\/producto\/can-sumoi-la-rosa\/","title":{"rendered":"Can Sumoi La Rosa"},"content":{"rendered":"<div class=\"flex-1 overflow-hidden @container\/thread\">\n<div class=\"h-full\">\n<div class=\"react-scroll-to-bottom--css-unczm-79elbk h-full\">\n<div class=\"react-scroll-to-bottom--css-unczm-1n7m0yu\">\n<div class=\"flex flex-col text-sm md:pb-9\">\n<article class=\"w-full scroll-mb-[var(--thread-trailing-height,150px)] text-token-text-primary focus-visible:outline-2 focus-visible:outline-offset-[-4px]\" dir=\"auto\" data-testid=\"conversation-turn-3\" data-scroll-anchor=\"true\">\n<div class=\"m-auto text-base py-[18px] px-3 md:px-4 w-full md:px-5 lg:px-4 xl:px-5\">\n<div class=\"mx-auto flex flex-1 gap-4 text-base md:gap-5 lg:gap-6 md:max-w-3xl lg:max-w-[40rem] xl:max-w-[48rem]\">\n<div class=\"group\/conversation-turn relative flex w-full min-w-0 flex-col agent-turn\">\n<div class=\"flex-col gap-1 md:gap-3\">\n<div class=\"flex max-w-full flex-col flex-grow\">\n<div class=\"min-h-8 text-message flex w-full flex-col items-end gap-2 whitespace-normal break-words text-start [.text-message+&amp;]:mt-5\" dir=\"auto\" data-message-author-role=\"assistant\" data-message-id=\"2b606aa2-d1fa-4e52-b3f5-e6ccef4d9ce3\" data-message-model-slug=\"gpt-4o\">\n<div class=\"flex w-full flex-col gap-1 empty:hidden first:pt-[3px]\">\n<div class=\"markdown prose w-full break-words dark:prose-invert light\">\n<p><strong>Can Sumoi La Rosa<\/strong> \u00e9s un vi rosat elaborat per <strong>Can Sumoi<\/strong>, un celler situat a la regi\u00f3 del <strong>Pened\u00e8s<\/strong>, Catalunya. Aquest celler \u00e9s reconegut pel seu enfocament en la viticultura natural i respectuosa amb el medi ambient. Els seus vins reflecteixen el terrer i s\u2019elaboren sense additius, respectant al m\u00e0xim les caracter\u00edstiques de les varietats aut\u00f2ctones.<\/p>\n<h3>Caracter\u00edstiques del producte<\/h3>\n<ol>\n<li><strong>Varietats de ra\u00efm<\/strong>:\n<ul>\n<li><strong>Sumoll<\/strong> (principal): Varietat aut\u00f2ctona catalana que aporta frescor, acidesa i un car\u00e0cter mineral.<\/li>\n<li><strong>Parellada<\/strong>: Afegeix eleg\u00e0ncia i delicadesa al vi.<\/li>\n<li><strong>Xarel\u00b7lo<\/strong>: Contribueix amb cos i notes afruitades.<\/li>\n<\/ul>\n<\/li>\n<li><strong>Crian\u00e7a<\/strong>:\n<p>El vi no t\u00e9 crian\u00e7a en b\u00f3ta, fet que ressalta la seva frescor i l\u2019expressi\u00f3 directa de les varietats.<\/li>\n<li><strong>Notes de tast:<\/strong>\n<ul>\n<li><strong>Vista<\/strong>: Color rosa p\u00e0l\u00b7lid amb reflexos brillants.<\/li>\n<li><strong>Nas<\/strong>: Aromes de fruits vermells frescos (com maduixes i gerds), amb notes florals i un toc herbaci.<\/li>\n<li><strong>Boca<\/strong>: Fresc i vibrant, amb bona acidesa i un final sec, net i mineral.<\/li>\n<\/ul>\n<\/li>\n<li><strong>Maridatge<\/strong>:\n<p>Ideal per acompanyar amanides fresques, peixos a la graella, arrossos, tapes lleugeres o cuina mediterr\u00e0nia.<\/li>\n<\/ol>\n<\/div>\n<\/div>\n<\/div>\n<\/div>\n<\/div>\n<\/div>\n<\/div>\n<\/div>\n<\/article>\n<\/div>\n<\/div>\n<\/div>\n<\/div>\n<\/div>\n<div class=\"md:pt-0 dark:border-white\/20 md:border-transparent md:dark:border-transparent w-full\"><\/div>\n","protected":false},"excerpt":{"rendered":"<div class=\"flex-shrink-0 flex flex-col relative items-end\">\n<div>\n<div class=\"pt-0\">\n<div class=\"gizmo-bot-avatar flex h-8 w-8 items-center justify-center overflow-hidden rounded-full\">\n<div class=\"relative p-1 rounded-sm flex items-center justify-center bg-token-main-surface-primary text-token-text-primary h-8 w-8\"><strong>Can Sumoi La Rosa<\/strong> \u00e9s un vi rosat del celler Can Sumoi, al Pened\u00e8s, Catalunya, elaborat amb Sumoll, Parellada i Xarel\u00b7lo, sense additius ni crian\u00e7a en b\u00f3ta per preservar la seva frescor. Presenta un color rosa p\u00e0l\u00b7lid, amb aromes de fruits vermells, notes florals i un toc herbaci. En boca \u00e9s vibrant, amb bona acidesa i un final sec i mineral. Ideal per maridar amb amanides, peixos a la graella, arrossos i tapes lleugeres, reflecteix el comprom\u00eds del celler amb la viticultura natural i el respecte pel terrer.<\/div>\n<\/div>\n<\/div>\n<\/div>\n<\/div>\n","protected":false},"featured_media":87519,"comment_status":"closed","ping_status":"closed","template":"","meta":{"_acf_changed":false},"pwb-brand":[32895],"product_brand":[],"product_cat":[51669,51670,51682],"product_tag":[15866,16788,14981,14982,50377,38583,16789],"class_list":{"0":"post-87522","1":"product","2":"type-product","3":"status-publish","4":"has-post-thumbnail","6":"pwb-brand-penedes-d-o","7":"product_cat-ecologic","8":"product_cat-vi","9":"product_cat-vi-rosat","10":"product_tag-can-sumoi-ca","11":"product_tag-can-sumoi-la-rosa-ca","12":"product_tag-do-penedes-ca","13":"product_tag-penedes-ca","14":"product_tag-sant-sadurni-danoia-ca","15":"product_tag-vi-rosat","16":"product_tag-viticultors-de-can-sumoi-ca","17":"pa_anada-45483","18":"pa_bodega-viticultorsdecansumoi","19":"pa_do-penedes-d-o-ca","20":"pa_envejecimiento-jove","21":"pa_formatoenl-36158","22":"pa_formatoenml-38306","23":"pa_fresco-rosat-fresc","24":"pa_graduacion-11_0","25":"pa_maridaje-formatge-cremos","26":"pa_maridaje-formatge-curat","27":"pa_maridaje-marisc","28":"pa_maridaje-peix","29":"pa_maridaje-verdures","30":"pa_pais-espanya-ca","31":"pa_pesoengramos-38354","32":"pa_pesoenkg-14-2","33":"pa_pueblociudad-sant-sadurni-danoia-barcelona","34":"pa_region-cataluna","35":"pa_tipodevino-vi-tranquil","36":"pa_variedad-principal-parellada-ca","37":"pa_variedad-principal-sumoll-ca","38":"pa_variedad-principal-xarello","39":"entry","40":"has-media","42":"first","43":"instock","44":"taxable","45":"shipping-taxable","46":"purchasable","47":"product-type-simple"},"acf":[],"yoast_head":"<!-- This site is optimized with the Yoast SEO Premium plugin v23.1 (Yoast SEO v23.5) - https:\/\/yoast.com\/wordpress\/plugins\/seo\/ -->\n<title>Can Sumoi La Rosa vi rosat de la DO Pened\u00e8s<\/title>\n<meta name=\"description\" content=\"Comprar online vi rosat La Rosa de Can Sumoi en la DO Pened\u00e8s. Seguretat i rapidesa defineixen la web i la vinoteca. Descomptes per caixes.\" \/>\n<meta name=\"robots\" content=\"noindex, follow, max-snippet:-1, max-image-preview:large, max-video-preview:-1\" \/>\n<meta property=\"og:locale\" content=\"ca_ES\" \/>\n<meta property=\"og:type\" content=\"article\" \/>\n<meta property=\"og:title\" content=\"Can Sumoi La Rosa\" \/>\n<meta property=\"og:description\" content=\"Comprar online vi rosat La Rosa de Can Sumoi en la DO Pened\u00e8s. Seguretat i rapidesa defineixen la web i la vinoteca. Descomptes per caixes.\" \/>\n<meta property=\"og:url\" content=\"https:\/\/aral2.cetrexmarketing.com\/ca\/producto\/can-sumoi-la-rosa\/\" \/>\n<meta property=\"og:site_name\" content=\"M\u00f3n La Cata\" \/>\n<meta property=\"article:modified_time\" content=\"2025-05-27T06:52:55+00:00\" \/>\n<meta property=\"og:image\" content=\"https:\/\/aral2.cetrexmarketing.com\/wp-content\/uploads\/2025\/05\/can-sumoi-la-rosa.jpg.png\" \/>\n\t<meta property=\"og:image:width\" content=\"765\" \/>\n\t<meta property=\"og:image:height\" content=\"1024\" \/>\n\t<meta property=\"og:image:type\" content=\"image\/png\" \/>\n<meta name=\"twitter:card\" content=\"summary_large_image\" \/>\n<meta name=\"twitter:label1\" content=\"Temps estimat de lectura\" \/>\n\t<meta name=\"twitter:data1\" content=\"2 minuts\" \/>\n<script type=\"application\/ld+json\" class=\"yoast-schema-graph\">{\"@context\":\"https:\/\/schema.org\",\"@graph\":[{\"@type\":\"WebPage\",\"@id\":\"https:\/\/aral2.cetrexmarketing.com\/ca\/producto\/can-sumoi-la-rosa\/\",\"url\":\"https:\/\/aral2.cetrexmarketing.com\/ca\/producto\/can-sumoi-la-rosa\/\",\"name\":\"Can Sumoi La Rosa vi rosat de la DO Pened\u00e8s\",\"isPartOf\":{\"@id\":\"https:\/\/aral2.cetrexmarketing.com\/#website\"},\"primaryImageOfPage\":{\"@id\":\"https:\/\/aral2.cetrexmarketing.com\/ca\/producto\/can-sumoi-la-rosa\/#primaryimage\"},\"image\":{\"@id\":\"https:\/\/aral2.cetrexmarketing.com\/ca\/producto\/can-sumoi-la-rosa\/#primaryimage\"},\"thumbnailUrl\":\"https:\/\/aral2.cetrexmarketing.com\/wp-content\/uploads\/2025\/05\/can-sumoi-la-rosa.jpg.png\",\"datePublished\":\"2025-05-25T06:53:49+00:00\",\"dateModified\":\"2025-05-27T06:52:55+00:00\",\"description\":\"Comprar online vi rosat La Rosa de Can Sumoi en la DO Pened\u00e8s. Seguretat i rapidesa defineixen la web i la vinoteca. Descomptes per caixes.\",\"breadcrumb\":{\"@id\":\"https:\/\/aral2.cetrexmarketing.com\/ca\/producto\/can-sumoi-la-rosa\/#breadcrumb\"},\"inLanguage\":\"ca\",\"potentialAction\":[{\"@type\":\"ReadAction\",\"target\":[\"https:\/\/aral2.cetrexmarketing.com\/ca\/producto\/can-sumoi-la-rosa\/\"]}]},{\"@type\":\"ImageObject\",\"inLanguage\":\"ca\",\"@id\":\"https:\/\/aral2.cetrexmarketing.com\/ca\/producto\/can-sumoi-la-rosa\/#primaryimage\",\"url\":\"https:\/\/aral2.cetrexmarketing.com\/wp-content\/uploads\/2025\/05\/can-sumoi-la-rosa.jpg.png\",\"contentUrl\":\"https:\/\/aral2.cetrexmarketing.com\/wp-content\/uploads\/2025\/05\/can-sumoi-la-rosa.jpg.png\",\"width\":765,\"height\":1024},{\"@type\":\"BreadcrumbList\",\"@id\":\"https:\/\/aral2.cetrexmarketing.com\/ca\/producto\/can-sumoi-la-rosa\/#breadcrumb\",\"itemListElement\":[{\"@type\":\"ListItem\",\"position\":1,\"name\":\"Home\",\"item\":\"https:\/\/aral2.cetrexmarketing.com\/ca\/\"},{\"@type\":\"ListItem\",\"position\":2,\"name\":\"Tienda\",\"item\":\"https:\/\/aral2.cetrexmarketing.com\/ca\/tienda-2\/\"},{\"@type\":\"ListItem\",\"position\":3,\"name\":\"Vi\",\"item\":\"https:\/\/aral2.cetrexmarketing.com\/categoria-producto\/vi\/\"},{\"@type\":\"ListItem\",\"position\":4,\"name\":\"Vi Rosat\",\"item\":\"https:\/\/aral2.cetrexmarketing.com\/categoria-producto\/vi\/vi-rosat\/\"},{\"@type\":\"ListItem\",\"position\":5,\"name\":\"Can Sumoi La Rosa\"}]},{\"@type\":\"WebSite\",\"@id\":\"https:\/\/aral2.cetrexmarketing.com\/#website\",\"url\":\"https:\/\/aral2.cetrexmarketing.com\/\",\"name\":\"M\u00f3n La Cata\",\"description\":\"Tienda de vinos, licores, cervezas y gourmet\",\"publisher\":{\"@id\":\"https:\/\/aral2.cetrexmarketing.com\/#organization\"},\"potentialAction\":[{\"@type\":\"SearchAction\",\"target\":{\"@type\":\"EntryPoint\",\"urlTemplate\":\"https:\/\/aral2.cetrexmarketing.com\/?s={search_term_string}\"},\"query-input\":{\"@type\":\"PropertyValueSpecification\",\"valueRequired\":true,\"valueName\":\"search_term_string\"}}],\"inLanguage\":\"ca\"},{\"@type\":\"Organization\",\"@id\":\"https:\/\/aral2.cetrexmarketing.com\/#organization\",\"name\":\"M\u00f3n La Cata\",\"url\":\"https:\/\/aral2.cetrexmarketing.com\/\",\"logo\":{\"@type\":\"ImageObject\",\"inLanguage\":\"ca\",\"@id\":\"https:\/\/aral2.cetrexmarketing.com\/#\/schema\/logo\/image\/\",\"url\":\"https:\/\/aral2.cetrexmarketing.com\/wp-content\/uploads\/2024\/10\/aral-logo-neg-1024x409-1.png\",\"contentUrl\":\"https:\/\/aral2.cetrexmarketing.com\/wp-content\/uploads\/2024\/10\/aral-logo-neg-1024x409-1.png\",\"width\":1024,\"height\":409,\"caption\":\"M\u00f3n La Cata\"},\"image\":{\"@id\":\"https:\/\/aral2.cetrexmarketing.com\/#\/schema\/logo\/image\/\"}}]}<\/script>\n<!-- \/ Yoast SEO Premium plugin. -->","yoast_head_json":{"title":"Can Sumoi La Rosa vi rosat de la DO Pened\u00e8s","description":"Comprar online vi rosat La Rosa de Can Sumoi en la DO Pened\u00e8s. Seguretat i rapidesa defineixen la web i la vinoteca. Descomptes per caixes.","robots":{"index":"noindex","follow":"follow","max-snippet":"max-snippet:-1","max-image-preview":"max-image-preview:large","max-video-preview":"max-video-preview:-1"},"og_locale":"ca_ES","og_type":"article","og_title":"Can Sumoi La Rosa","og_description":"Comprar online vi rosat La Rosa de Can Sumoi en la DO Pened\u00e8s. Seguretat i rapidesa defineixen la web i la vinoteca. Descomptes per caixes.","og_url":"https:\/\/aral2.cetrexmarketing.com\/ca\/producto\/can-sumoi-la-rosa\/","og_site_name":"M\u00f3n La Cata","article_modified_time":"2025-05-27T06:52:55+00:00","og_image":[{"width":765,"height":1024,"url":"https:\/\/aral2.cetrexmarketing.com\/wp-content\/uploads\/2025\/05\/can-sumoi-la-rosa.jpg.png","type":"image\/png"}],"twitter_card":"summary_large_image","twitter_misc":{"Temps estimat de lectura":"2 minuts"},"schema":{"@context":"https:\/\/schema.org","@graph":[{"@type":"WebPage","@id":"https:\/\/aral2.cetrexmarketing.com\/ca\/producto\/can-sumoi-la-rosa\/","url":"https:\/\/aral2.cetrexmarketing.com\/ca\/producto\/can-sumoi-la-rosa\/","name":"Can Sumoi La Rosa vi rosat de la DO Pened\u00e8s","isPartOf":{"@id":"https:\/\/aral2.cetrexmarketing.com\/#website"},"primaryImageOfPage":{"@id":"https:\/\/aral2.cetrexmarketing.com\/ca\/producto\/can-sumoi-la-rosa\/#primaryimage"},"image":{"@id":"https:\/\/aral2.cetrexmarketing.com\/ca\/producto\/can-sumoi-la-rosa\/#primaryimage"},"thumbnailUrl":"https:\/\/aral2.cetrexmarketing.com\/wp-content\/uploads\/2025\/05\/can-sumoi-la-rosa.jpg.png","datePublished":"2025-05-25T06:53:49+00:00","dateModified":"2025-05-27T06:52:55+00:00","description":"Comprar online vi rosat La Rosa de Can Sumoi en la DO Pened\u00e8s. Seguretat i rapidesa defineixen la web i la vinoteca. Descomptes per caixes.","breadcrumb":{"@id":"https:\/\/aral2.cetrexmarketing.com\/ca\/producto\/can-sumoi-la-rosa\/#breadcrumb"},"inLanguage":"ca","potentialAction":[{"@type":"ReadAction","target":["https:\/\/aral2.cetrexmarketing.com\/ca\/producto\/can-sumoi-la-rosa\/"]}]},{"@type":"ImageObject","inLanguage":"ca","@id":"https:\/\/aral2.cetrexmarketing.com\/ca\/producto\/can-sumoi-la-rosa\/#primaryimage","url":"https:\/\/aral2.cetrexmarketing.com\/wp-content\/uploads\/2025\/05\/can-sumoi-la-rosa.jpg.png","contentUrl":"https:\/\/aral2.cetrexmarketing.com\/wp-content\/uploads\/2025\/05\/can-sumoi-la-rosa.jpg.png","width":765,"height":1024},{"@type":"BreadcrumbList","@id":"https:\/\/aral2.cetrexmarketing.com\/ca\/producto\/can-sumoi-la-rosa\/#breadcrumb","itemListElement":[{"@type":"ListItem","position":1,"name":"Home","item":"https:\/\/aral2.cetrexmarketing.com\/ca\/"},{"@type":"ListItem","position":2,"name":"Tienda","item":"https:\/\/aral2.cetrexmarketing.com\/ca\/tienda-2\/"},{"@type":"ListItem","position":3,"name":"Vi","item":"https:\/\/aral2.cetrexmarketing.com\/categoria-producto\/vi\/"},{"@type":"ListItem","position":4,"name":"Vi Rosat","item":"https:\/\/aral2.cetrexmarketing.com\/categoria-producto\/vi\/vi-rosat\/"},{"@type":"ListItem","position":5,"name":"Can Sumoi La Rosa"}]},{"@type":"WebSite","@id":"https:\/\/aral2.cetrexmarketing.com\/#website","url":"https:\/\/aral2.cetrexmarketing.com\/","name":"M\u00f3n La Cata","description":"Tienda de vinos, licores, cervezas y gourmet","publisher":{"@id":"https:\/\/aral2.cetrexmarketing.com\/#organization"},"potentialAction":[{"@type":"SearchAction","target":{"@type":"EntryPoint","urlTemplate":"https:\/\/aral2.cetrexmarketing.com\/?s={search_term_string}"},"query-input":{"@type":"PropertyValueSpecification","valueRequired":true,"valueName":"search_term_string"}}],"inLanguage":"ca"},{"@type":"Organization","@id":"https:\/\/aral2.cetrexmarketing.com\/#organization","name":"M\u00f3n La Cata","url":"https:\/\/aral2.cetrexmarketing.com\/","logo":{"@type":"ImageObject","inLanguage":"ca","@id":"https:\/\/aral2.cetrexmarketing.com\/#\/schema\/logo\/image\/","url":"https:\/\/aral2.cetrexmarketing.com\/wp-content\/uploads\/2024\/10\/aral-logo-neg-1024x409-1.png","contentUrl":"https:\/\/aral2.cetrexmarketing.com\/wp-content\/uploads\/2024\/10\/aral-logo-neg-1024x409-1.png","width":1024,"height":409,"caption":"M\u00f3n La Cata"},"image":{"@id":"https:\/\/aral2.cetrexmarketing.com\/#\/schema\/logo\/image\/"}}]}},"brands":[{"id":32895,"name":"Pened\u00e8s D.O.","slug":"penedes-d-o"}],"_links":{"self":[{"href":"https:\/\/aral2.cetrexmarketing.com\/ca\/wp-json\/wp\/v2\/product\/87522","targetHints":{"allow":["GET"]}}],"collection":[{"href":"https:\/\/aral2.cetrexmarketing.com\/ca\/wp-json\/wp\/v2\/product"}],"about":[{"href":"https:\/\/aral2.cetrexmarketing.com\/ca\/wp-json\/wp\/v2\/types\/product"}],"replies":[{"embeddable":true,"href":"https:\/\/aral2.cetrexmarketing.com\/ca\/wp-json\/wp\/v2\/comments?post=87522"}],"wp:featuredmedia":[{"embeddable":true,"href":"https:\/\/aral2.cetrexmarketing.com\/ca\/wp-json\/wp\/v2\/media\/87519"}],"wp:attachment":[{"href":"https:\/\/aral2.cetrexmarketing.com\/ca\/wp-json\/wp\/v2\/media?parent=87522"}],"wp:term":[{"taxonomy":"pwb-brand","embeddable":true,"href":"https:\/\/aral2.cetrexmarketing.com\/ca\/wp-json\/wp\/v2\/pwb-brand?post=87522"},{"taxonomy":"product_brand","embeddable":true,"href":"https:\/\/aral2.cetrexmarketing.com\/ca\/wp-json\/wp\/v2\/product_brand?post=87522"},{"taxonomy":"product_cat","embeddable":true,"href":"https:\/\/aral2.cetrexmarketing.com\/ca\/wp-json\/wp\/v2\/product_cat?post=87522"},{"taxonomy":"product_tag","embeddable":true,"href":"https:\/\/aral2.cetrexmarketing.com\/ca\/wp-json\/wp\/v2\/product_tag?post=87522"}],"curies":[{"name":"wp","href":"https:\/\/api.w.org\/{rel}","templated":true}]}}