{"id":87170,"date":"2025-05-25T06:49:42","date_gmt":"2025-05-25T06:49:42","guid":{"rendered":"https:\/\/aral2.cetrexmarketing.com\/producto\/pedro-ximenez-argueso\/"},"modified":"2025-05-27T06:51:41","modified_gmt":"2025-05-27T06:51:41","slug":"pedro-ximenez-argueso","status":"publish","type":"product","link":"https:\/\/aral2.cetrexmarketing.com\/ca\/producto\/pedro-ximenez-argueso\/","title":{"rendered":"Pedro Xim\u00e9nez Arg\u00fceso"},"content":{"rendered":"<div class=\"flex-1 overflow-hidden @container\/thread\">\n<div class=\"h-full\">\n<div class=\"react-scroll-to-bottom--css-irptz-79elbk h-full\">\n<div class=\"react-scroll-to-bottom--css-irptz-1n7m0yu\">\n<div class=\"flex flex-col text-sm md:pb-9\">\n<article class=\"w-full scroll-mb-[var(--thread-trailing-height,150px)] text-token-text-primary focus-visible:outline-2 focus-visible:outline-offset-[-4px]\" dir=\"auto\" data-testid=\"conversation-turn-3\" data-scroll-anchor=\"true\">\n<div class=\"m-auto text-base py-[18px] px-3 md:px-4 w-full md:px-5 lg:px-4 xl:px-5\">\n<div class=\"mx-auto flex flex-1 gap-4 text-base md:gap-5 lg:gap-6 md:max-w-3xl lg:max-w-[40rem] xl:max-w-[48rem]\">\n<div class=\"group\/conversation-turn relative flex w-full min-w-0 flex-col agent-turn\">\n<div class=\"flex-col gap-1 md:gap-3\">\n<div class=\"flex max-w-full flex-col flex-grow\">\n<div class=\"min-h-8 text-message flex w-full flex-col items-end gap-2 whitespace-normal break-words text-start [.text-message+&amp;]:mt-5\" dir=\"auto\" data-message-author-role=\"assistant\" data-message-id=\"c87b307c-7e82-4036-ad52-16155e02cd95\" data-message-model-slug=\"gpt-4o\">\n<div class=\"flex w-full flex-col gap-1 empty:hidden first:pt-[3px]\">\n<div class=\"markdown prose w-full break-words dark:prose-invert light\">\n<p>El <strong>Pedro Xim\u00e9nez Arg\u00fceso<\/strong> \u00e9s un vi dol\u00e7 natural elaborat per Bodegas Arg\u00fceso, un celler amb una llarga tradici\u00f3 en la producci\u00f3 de vins a la regi\u00f3 de Jerez-X\u00e9r\u00e8s-Sherry, Andalusia, Espanya. Aquest vi es produeix exclusivament a partir de ra\u00efm de la varietat Pedro Xim\u00e9nez, coneguda per la seva capacitat per generar vins de gran dol\u00e7or i complexitat arom\u00e0tica.<\/p>\n<div class=\"flex-1 overflow-hidden @container\/thread\">\n<div class=\"h-full\">\n<div class=\"react-scroll-to-bottom--css-irptz-79elbk h-full\">\n<div class=\"react-scroll-to-bottom--css-irptz-1n7m0yu\">\n<div class=\"flex flex-col text-sm md:pb-9\">\n<article class=\"w-full scroll-mb-[var(--thread-trailing-height,150px)] text-token-text-primary focus-visible:outline-2 focus-visible:outline-offset-[-4px]\" dir=\"auto\" data-testid=\"conversation-turn-3\" data-scroll-anchor=\"true\">\n<div class=\"m-auto text-base py-[18px] px-3 md:px-4 w-full md:px-5 lg:px-4 xl:px-5\">\n<div class=\"mx-auto flex flex-1 gap-4 text-base md:gap-5 lg:gap-6 md:max-w-3xl lg:max-w-[40rem] xl:max-w-[48rem]\">\n<div class=\"group\/conversation-turn relative flex w-full min-w-0 flex-col agent-turn\">\n<div class=\"flex-col gap-1 md:gap-3\">\n<div class=\"flex max-w-full flex-col flex-grow\">\n<div class=\"min-h-8 text-message flex w-full flex-col items-end gap-2 whitespace-normal break-words text-start [.text-message+&amp;]:mt-5\" dir=\"auto\" data-message-author-role=\"assistant\" data-message-id=\"394b9730-eaef-41aa-8b12-2f5f59cb99de\" data-message-model-slug=\"gpt-4o\">\n<div class=\"flex w-full flex-col gap-1 empty:hidden first:pt-[3px]\">\n<div class=\"markdown prose w-full break-words dark:prose-invert light\">\n<p>El ra\u00efm Pedro Xim\u00e9nez se sotmet a un proc\u00e9s d&#8217;assecat al sol, on es deshidrata per concentrar els seus sucres i sabors. Posteriorment, el most obtingut es fermenta i es fortifica, detenint la fermentaci\u00f3 per preservar la seva dol\u00e7or natural. El vi resultant s\u2019envellix durant m\u00e9s de 8 anys en botes de roure americ\u00e0 mitjan\u00e7ant el sistema de criadores i soleres, un m\u00e8tode tradicional que implica la barreja de vins de diferents edats per garantir una qualitat i un sabor consistents al llarg del temps.<\/p>\n<ul>\n<li><strong>Vista:<\/strong> Presenta un color caoba fosc, gaireb\u00e9 ban\u00fas, indicatiu de la seva concentraci\u00f3 i envelliment.<\/li>\n<li><strong>Nas:<\/strong> Aromes intensos a panses, figues i d\u00e0tils, complementats amb notes de mel i pastisseria, que aporten una notable complexitat arom\u00e0tica.<\/li>\n<li><strong>Boca:<\/strong> En boca \u00e9s untu\u00f3s i molt dol\u00e7, amb sabors que reflecteixen les notes arom\u00e0tiques de fruita pansificada i mel, oferint una experi\u00e8ncia gustativa rica i persistent.<\/li>\n<\/ul>\n<\/div>\n<\/div>\n<\/div>\n<\/div>\n<div class=\"mb-2 flex gap-3 empty:hidden -ml-2\">\n<div class=\"items-center justify-start rounded-xl p-1 flex\"><\/div>\n<\/div>\n<\/div>\n<\/div>\n<\/div>\n<\/div>\n<\/article>\n<\/div>\n<\/div>\n<\/div>\n<\/div>\n<\/div>\n<\/div>\n<\/div>\n<\/div>\n<\/div>\n<\/div>\n<\/div>\n<\/div>\n<\/div>\n<\/article>\n<\/div>\n<\/div>\n<\/div>\n<\/div>\n<\/div>\n<div class=\"md:pt-0 dark:border-white\/20 md:border-transparent md:dark:border-transparent w-full\">\n<div>\n<div class=\"m-auto text-base px-3 md:px-4 w-full md:px-5 lg:px-4 xl:px-5\"><\/div>\n<\/div>\n<\/div>\n","protected":false},"excerpt":{"rendered":"<p>El <strong data-start=\"3\" data-end=\"28\">Pedro Xim\u00e9nez Arg\u00fceso<\/strong> \u00e9s un vi dol\u00e7 natural elaborat per <strong data-start=\"64\" data-end=\"83\">Bodegas Arg\u00fceso<\/strong> a la regi\u00f3 de <strong data-start=\"98\" data-end=\"120\">Jerez-X\u00e9r\u00e8s-Sherry<\/strong>. Es produeix exclusivament a partir de ra\u00efms <strong data-start=\"166\" data-end=\"183\">Pedro Xim\u00e9nez<\/strong>, sotmesos a un proc\u00e9s de <strong data-start=\"209\" data-end=\"231\">pasificaci\u00f3 al sol<\/strong> per concentrar els seus sucres. Despr\u00e9s de la fermentaci\u00f3 i fortificaci\u00f3, el vi s&#8217;envellix m\u00e9s de 8 anys en <strong data-start=\"340\" data-end=\"368\">barrils de roure americ\u00e0<\/strong> utilitzant el tradicional sistema de <strong data-start=\"406\" data-end=\"429\">criaderas i soleres<\/strong>. Aquest vi presenta un color <strong data-start=\"459\" data-end=\"473\">caoba fosc<\/strong>, amb aromes intensos a <strong data-start=\"497\" data-end=\"507\">panses<\/strong>, <strong data-start=\"509\" data-end=\"519\">figues<\/strong>, <strong data-start=\"521\" data-end=\"531\">d\u00e0tils<\/strong>, i tocs de <strong data-start=\"543\" data-end=\"550\">mel<\/strong> i <strong data-start=\"553\" data-end=\"568\">pastisseria<\/strong>. A la boca \u00e9s <strong data-start=\"583\" data-end=\"593\">untu\u00f3s<\/strong> i molt <strong data-start=\"601\" data-end=\"609\">dol\u00e7<\/strong>, amb sabors que recorden a <strong data-start=\"637\" data-end=\"661\">fruites passificades<\/strong> i <strong data-start=\"664\" data-end=\"671\">mel<\/strong>, oferint una experi\u00e8ncia gustativa rica i <strong data-start=\"714\" data-end=\"728\">persistent<\/strong>.<\/p>\n","protected":false},"featured_media":87167,"comment_status":"closed","ping_status":"closed","template":"","meta":{"_acf_changed":false},"pwb-brand":[],"product_brand":[],"product_cat":[51686],"product_tag":[16764,16765,15173,15183,16016,16017],"class_list":{"0":"post-87170","1":"product","2":"type-product","3":"status-publish","4":"has-post-thumbnail","6":"product_cat-vi-generos","7":"product_tag-argueso-ca","8":"product_tag-herederos-de-argueso-ca","9":"product_tag-jerez-ca","10":"product_tag-pedro-ximenez-ca","11":"product_tag-sherry-ca","12":"product_tag-xeres-ca","13":"pa_bodega-herederosdeargueso","14":"pa_do-jerez-ca-3","15":"pa_formatoenl-36158","16":"pa_formatoenml-38306","17":"pa_graduacion-17_0","18":"pa_pais-espanya-ca","19":"pa_pesoengramos-38337","20":"pa_pesoenkg-125-ca","21":"pa_pueblociudad-cadiz","22":"pa_variedades-pedroximenez-ca","23":"entry","24":"has-media","26":"first","27":"instock","28":"taxable","29":"shipping-taxable","30":"purchasable","31":"product-type-simple"},"acf":[],"yoast_head":"<!-- This site is optimized with the Yoast SEO Premium plugin v23.1 (Yoast SEO v23.5) - https:\/\/yoast.com\/wordpress\/plugins\/seo\/ -->\n<title>Pedro Xim\u00e9nez Arg\u00fceso<\/title>\n<meta name=\"description\" content=\"Pedro Xim\u00e9nez Arg\u00fceso: un vi dol\u00e7 natural amb aromes intensos a panses, figues i mel, amb sabor ric i persistent. De textura untuosa.\" \/>\n<meta name=\"robots\" content=\"noindex, follow, max-snippet:-1, max-image-preview:large, max-video-preview:-1\" \/>\n<meta property=\"og:locale\" content=\"ca_ES\" \/>\n<meta property=\"og:type\" content=\"article\" \/>\n<meta property=\"og:title\" content=\"Pedro Xim\u00e9nez Arg\u00fceso\" \/>\n<meta property=\"og:description\" content=\"Pedro Xim\u00e9nez Arg\u00fceso: un vi dol\u00e7 natural amb aromes intensos a panses, figues i mel, amb sabor ric i persistent. De textura untuosa.\" \/>\n<meta property=\"og:url\" content=\"https:\/\/aral2.cetrexmarketing.com\/ca\/producto\/pedro-ximenez-argueso\/\" \/>\n<meta property=\"og:site_name\" content=\"M\u00f3n La Cata\" \/>\n<meta property=\"article:modified_time\" content=\"2025-05-27T06:51:41+00:00\" \/>\n<meta property=\"og:image\" content=\"https:\/\/aral2.cetrexmarketing.com\/wp-content\/uploads\/2025\/05\/Pedro-Ximenez-Argueso.png\" \/>\n\t<meta property=\"og:image:width\" content=\"765\" \/>\n\t<meta property=\"og:image:height\" content=\"1024\" \/>\n\t<meta property=\"og:image:type\" content=\"image\/png\" \/>\n<meta name=\"twitter:card\" content=\"summary_large_image\" \/>\n<meta name=\"twitter:label1\" content=\"Temps estimat de lectura\" \/>\n\t<meta name=\"twitter:data1\" content=\"2 minuts\" \/>\n<script type=\"application\/ld+json\" class=\"yoast-schema-graph\">{\"@context\":\"https:\/\/schema.org\",\"@graph\":[{\"@type\":\"WebPage\",\"@id\":\"https:\/\/aral2.cetrexmarketing.com\/ca\/producto\/pedro-ximenez-argueso\/\",\"url\":\"https:\/\/aral2.cetrexmarketing.com\/ca\/producto\/pedro-ximenez-argueso\/\",\"name\":\"Pedro Xim\u00e9nez Arg\u00fceso\",\"isPartOf\":{\"@id\":\"https:\/\/aral2.cetrexmarketing.com\/#website\"},\"primaryImageOfPage\":{\"@id\":\"https:\/\/aral2.cetrexmarketing.com\/ca\/producto\/pedro-ximenez-argueso\/#primaryimage\"},\"image\":{\"@id\":\"https:\/\/aral2.cetrexmarketing.com\/ca\/producto\/pedro-ximenez-argueso\/#primaryimage\"},\"thumbnailUrl\":\"https:\/\/aral2.cetrexmarketing.com\/wp-content\/uploads\/2025\/05\/Pedro-Ximenez-Argueso.png\",\"datePublished\":\"2025-05-25T06:49:42+00:00\",\"dateModified\":\"2025-05-27T06:51:41+00:00\",\"description\":\"Pedro Xim\u00e9nez Arg\u00fceso: un vi dol\u00e7 natural amb aromes intensos a panses, figues i mel, amb sabor ric i persistent. De textura untuosa.\",\"breadcrumb\":{\"@id\":\"https:\/\/aral2.cetrexmarketing.com\/ca\/producto\/pedro-ximenez-argueso\/#breadcrumb\"},\"inLanguage\":\"ca\",\"potentialAction\":[{\"@type\":\"ReadAction\",\"target\":[\"https:\/\/aral2.cetrexmarketing.com\/ca\/producto\/pedro-ximenez-argueso\/\"]}]},{\"@type\":\"ImageObject\",\"inLanguage\":\"ca\",\"@id\":\"https:\/\/aral2.cetrexmarketing.com\/ca\/producto\/pedro-ximenez-argueso\/#primaryimage\",\"url\":\"https:\/\/aral2.cetrexmarketing.com\/wp-content\/uploads\/2025\/05\/Pedro-Ximenez-Argueso.png\",\"contentUrl\":\"https:\/\/aral2.cetrexmarketing.com\/wp-content\/uploads\/2025\/05\/Pedro-Ximenez-Argueso.png\",\"width\":765,\"height\":1024},{\"@type\":\"BreadcrumbList\",\"@id\":\"https:\/\/aral2.cetrexmarketing.com\/ca\/producto\/pedro-ximenez-argueso\/#breadcrumb\",\"itemListElement\":[{\"@type\":\"ListItem\",\"position\":1,\"name\":\"Home\",\"item\":\"https:\/\/aral2.cetrexmarketing.com\/ca\/\"},{\"@type\":\"ListItem\",\"position\":2,\"name\":\"Tienda\",\"item\":\"https:\/\/aral2.cetrexmarketing.com\/ca\/tienda-2\/\"},{\"@type\":\"ListItem\",\"position\":3,\"name\":\"Vi\",\"item\":\"https:\/\/aral2.cetrexmarketing.com\/categoria-producto\/vi\/\"},{\"@type\":\"ListItem\",\"position\":4,\"name\":\"Vi Gener\u00f3s\",\"item\":\"https:\/\/aral2.cetrexmarketing.com\/categoria-producto\/vi\/vi-generos\/\"},{\"@type\":\"ListItem\",\"position\":5,\"name\":\"Pedro Xim\u00e9nez Arg\u00fceso\"}]},{\"@type\":\"WebSite\",\"@id\":\"https:\/\/aral2.cetrexmarketing.com\/#website\",\"url\":\"https:\/\/aral2.cetrexmarketing.com\/\",\"name\":\"M\u00f3n La Cata\",\"description\":\"Tienda de vinos, licores, cervezas y gourmet\",\"publisher\":{\"@id\":\"https:\/\/aral2.cetrexmarketing.com\/#organization\"},\"potentialAction\":[{\"@type\":\"SearchAction\",\"target\":{\"@type\":\"EntryPoint\",\"urlTemplate\":\"https:\/\/aral2.cetrexmarketing.com\/?s={search_term_string}\"},\"query-input\":{\"@type\":\"PropertyValueSpecification\",\"valueRequired\":true,\"valueName\":\"search_term_string\"}}],\"inLanguage\":\"ca\"},{\"@type\":\"Organization\",\"@id\":\"https:\/\/aral2.cetrexmarketing.com\/#organization\",\"name\":\"M\u00f3n La Cata\",\"url\":\"https:\/\/aral2.cetrexmarketing.com\/\",\"logo\":{\"@type\":\"ImageObject\",\"inLanguage\":\"ca\",\"@id\":\"https:\/\/aral2.cetrexmarketing.com\/#\/schema\/logo\/image\/\",\"url\":\"https:\/\/aral2.cetrexmarketing.com\/wp-content\/uploads\/2024\/10\/aral-logo-neg-1024x409-1.png\",\"contentUrl\":\"https:\/\/aral2.cetrexmarketing.com\/wp-content\/uploads\/2024\/10\/aral-logo-neg-1024x409-1.png\",\"width\":1024,\"height\":409,\"caption\":\"M\u00f3n La Cata\"},\"image\":{\"@id\":\"https:\/\/aral2.cetrexmarketing.com\/#\/schema\/logo\/image\/\"}}]}<\/script>\n<!-- \/ Yoast SEO Premium plugin. -->","yoast_head_json":{"title":"Pedro Xim\u00e9nez Arg\u00fceso","description":"Pedro Xim\u00e9nez Arg\u00fceso: un vi dol\u00e7 natural amb aromes intensos a panses, figues i mel, amb sabor ric i persistent. De textura untuosa.","robots":{"index":"noindex","follow":"follow","max-snippet":"max-snippet:-1","max-image-preview":"max-image-preview:large","max-video-preview":"max-video-preview:-1"},"og_locale":"ca_ES","og_type":"article","og_title":"Pedro Xim\u00e9nez Arg\u00fceso","og_description":"Pedro Xim\u00e9nez Arg\u00fceso: un vi dol\u00e7 natural amb aromes intensos a panses, figues i mel, amb sabor ric i persistent. De textura untuosa.","og_url":"https:\/\/aral2.cetrexmarketing.com\/ca\/producto\/pedro-ximenez-argueso\/","og_site_name":"M\u00f3n La Cata","article_modified_time":"2025-05-27T06:51:41+00:00","og_image":[{"width":765,"height":1024,"url":"https:\/\/aral2.cetrexmarketing.com\/wp-content\/uploads\/2025\/05\/Pedro-Ximenez-Argueso.png","type":"image\/png"}],"twitter_card":"summary_large_image","twitter_misc":{"Temps estimat de lectura":"2 minuts"},"schema":{"@context":"https:\/\/schema.org","@graph":[{"@type":"WebPage","@id":"https:\/\/aral2.cetrexmarketing.com\/ca\/producto\/pedro-ximenez-argueso\/","url":"https:\/\/aral2.cetrexmarketing.com\/ca\/producto\/pedro-ximenez-argueso\/","name":"Pedro Xim\u00e9nez Arg\u00fceso","isPartOf":{"@id":"https:\/\/aral2.cetrexmarketing.com\/#website"},"primaryImageOfPage":{"@id":"https:\/\/aral2.cetrexmarketing.com\/ca\/producto\/pedro-ximenez-argueso\/#primaryimage"},"image":{"@id":"https:\/\/aral2.cetrexmarketing.com\/ca\/producto\/pedro-ximenez-argueso\/#primaryimage"},"thumbnailUrl":"https:\/\/aral2.cetrexmarketing.com\/wp-content\/uploads\/2025\/05\/Pedro-Ximenez-Argueso.png","datePublished":"2025-05-25T06:49:42+00:00","dateModified":"2025-05-27T06:51:41+00:00","description":"Pedro Xim\u00e9nez Arg\u00fceso: un vi dol\u00e7 natural amb aromes intensos a panses, figues i mel, amb sabor ric i persistent. De textura untuosa.","breadcrumb":{"@id":"https:\/\/aral2.cetrexmarketing.com\/ca\/producto\/pedro-ximenez-argueso\/#breadcrumb"},"inLanguage":"ca","potentialAction":[{"@type":"ReadAction","target":["https:\/\/aral2.cetrexmarketing.com\/ca\/producto\/pedro-ximenez-argueso\/"]}]},{"@type":"ImageObject","inLanguage":"ca","@id":"https:\/\/aral2.cetrexmarketing.com\/ca\/producto\/pedro-ximenez-argueso\/#primaryimage","url":"https:\/\/aral2.cetrexmarketing.com\/wp-content\/uploads\/2025\/05\/Pedro-Ximenez-Argueso.png","contentUrl":"https:\/\/aral2.cetrexmarketing.com\/wp-content\/uploads\/2025\/05\/Pedro-Ximenez-Argueso.png","width":765,"height":1024},{"@type":"BreadcrumbList","@id":"https:\/\/aral2.cetrexmarketing.com\/ca\/producto\/pedro-ximenez-argueso\/#breadcrumb","itemListElement":[{"@type":"ListItem","position":1,"name":"Home","item":"https:\/\/aral2.cetrexmarketing.com\/ca\/"},{"@type":"ListItem","position":2,"name":"Tienda","item":"https:\/\/aral2.cetrexmarketing.com\/ca\/tienda-2\/"},{"@type":"ListItem","position":3,"name":"Vi","item":"https:\/\/aral2.cetrexmarketing.com\/categoria-producto\/vi\/"},{"@type":"ListItem","position":4,"name":"Vi Gener\u00f3s","item":"https:\/\/aral2.cetrexmarketing.com\/categoria-producto\/vi\/vi-generos\/"},{"@type":"ListItem","position":5,"name":"Pedro Xim\u00e9nez Arg\u00fceso"}]},{"@type":"WebSite","@id":"https:\/\/aral2.cetrexmarketing.com\/#website","url":"https:\/\/aral2.cetrexmarketing.com\/","name":"M\u00f3n La Cata","description":"Tienda de vinos, licores, cervezas y gourmet","publisher":{"@id":"https:\/\/aral2.cetrexmarketing.com\/#organization"},"potentialAction":[{"@type":"SearchAction","target":{"@type":"EntryPoint","urlTemplate":"https:\/\/aral2.cetrexmarketing.com\/?s={search_term_string}"},"query-input":{"@type":"PropertyValueSpecification","valueRequired":true,"valueName":"search_term_string"}}],"inLanguage":"ca"},{"@type":"Organization","@id":"https:\/\/aral2.cetrexmarketing.com\/#organization","name":"M\u00f3n La Cata","url":"https:\/\/aral2.cetrexmarketing.com\/","logo":{"@type":"ImageObject","inLanguage":"ca","@id":"https:\/\/aral2.cetrexmarketing.com\/#\/schema\/logo\/image\/","url":"https:\/\/aral2.cetrexmarketing.com\/wp-content\/uploads\/2024\/10\/aral-logo-neg-1024x409-1.png","contentUrl":"https:\/\/aral2.cetrexmarketing.com\/wp-content\/uploads\/2024\/10\/aral-logo-neg-1024x409-1.png","width":1024,"height":409,"caption":"M\u00f3n La Cata"},"image":{"@id":"https:\/\/aral2.cetrexmarketing.com\/#\/schema\/logo\/image\/"}}]}},"brands":[],"_links":{"self":[{"href":"https:\/\/aral2.cetrexmarketing.com\/ca\/wp-json\/wp\/v2\/product\/87170","targetHints":{"allow":["GET"]}}],"collection":[{"href":"https:\/\/aral2.cetrexmarketing.com\/ca\/wp-json\/wp\/v2\/product"}],"about":[{"href":"https:\/\/aral2.cetrexmarketing.com\/ca\/wp-json\/wp\/v2\/types\/product"}],"replies":[{"embeddable":true,"href":"https:\/\/aral2.cetrexmarketing.com\/ca\/wp-json\/wp\/v2\/comments?post=87170"}],"wp:featuredmedia":[{"embeddable":true,"href":"https:\/\/aral2.cetrexmarketing.com\/ca\/wp-json\/wp\/v2\/media\/87167"}],"wp:attachment":[{"href":"https:\/\/aral2.cetrexmarketing.com\/ca\/wp-json\/wp\/v2\/media?parent=87170"}],"wp:term":[{"taxonomy":"pwb-brand","embeddable":true,"href":"https:\/\/aral2.cetrexmarketing.com\/ca\/wp-json\/wp\/v2\/pwb-brand?post=87170"},{"taxonomy":"product_brand","embeddable":true,"href":"https:\/\/aral2.cetrexmarketing.com\/ca\/wp-json\/wp\/v2\/product_brand?post=87170"},{"taxonomy":"product_cat","embeddable":true,"href":"https:\/\/aral2.cetrexmarketing.com\/ca\/wp-json\/wp\/v2\/product_cat?post=87170"},{"taxonomy":"product_tag","embeddable":true,"href":"https:\/\/aral2.cetrexmarketing.com\/ca\/wp-json\/wp\/v2\/product_tag?post=87170"}],"curies":[{"name":"wp","href":"https:\/\/api.w.org\/{rel}","templated":true}]}}