{"id":86195,"date":"2025-05-25T06:38:42","date_gmt":"2025-05-25T06:38:42","guid":{"rendered":"https:\/\/aral2.cetrexmarketing.com\/producto\/chapoutier-belleruche-cotes-du-rhone\/"},"modified":"2025-05-27T06:49:26","modified_gmt":"2025-05-27T06:49:26","slug":"chapoutier-belleruche-cotes-du-rhone","status":"publish","type":"product","link":"https:\/\/aral2.cetrexmarketing.com\/ca\/producto\/chapoutier-belleruche-cotes-du-rhone\/","title":{"rendered":"Chapoutier Belleruche C\u00f4tes-du-Rhone"},"content":{"rendered":"<div class=\"flex-1 overflow-hidden @container\/thread\">\n<div class=\"h-full\">\n<div class=\"react-scroll-to-bottom--css-ktoyw-79elbk h-full\">\n<div class=\"react-scroll-to-bottom--css-ktoyw-1n7m0yu\">\n<div class=\"flex flex-col text-sm md:pb-9\">\n<article class=\"w-full scroll-mb-[var(--thread-trailing-height,150px)] text-token-text-primary focus-visible:outline-2 focus-visible:outline-offset-[-4px]\" dir=\"auto\" data-testid=\"conversation-turn-3\" data-scroll-anchor=\"true\">\n<div class=\"m-auto text-base py-[18px] px-3 md:px-4 w-full md:px-5 lg:px-4 xl:px-5\">\n<div class=\"mx-auto flex flex-1 gap-4 text-base md:gap-5 lg:gap-6 md:max-w-3xl lg:max-w-[40rem] xl:max-w-[48rem]\">\n<div class=\"group\/conversation-turn relative flex w-full min-w-0 flex-col agent-turn\">\n<div class=\"flex-col gap-1 md:gap-3\">\n<div class=\"flex max-w-full flex-col flex-grow\">\n<div class=\"min-h-8 text-message flex w-full flex-col items-end gap-2 whitespace-normal break-words text-start [.text-message+&amp;]:mt-5\" dir=\"auto\" data-message-author-role=\"assistant\" data-message-id=\"81a9c1ac-15bb-473a-b8e2-21fdf2e04300\" data-message-model-slug=\"gpt-4o\">\n<div class=\"flex w-full flex-col gap-1 empty:hidden first:pt-[3px]\">\n<div class=\"markdown prose w-full break-words dark:prose-invert light\">\n<p><strong>Chapoutier Belleruche C\u00f4tes-du-Rh\u00f4ne<\/strong> \u00e9s un vi negre cl\u00e0ssic de la reconeguda regi\u00f3 vitivin\u00edcola de C\u00f4tes-du-Rh\u00f4ne, al sud-est de Fran\u00e7a, produ\u00eft pel prestigi\u00f3s celler M. Chapoutier, una de les cases m\u00e9s respectades per la seva dedicaci\u00f3 a la viticultura biodin\u00e0mica i el seu comprom\u00eds amb l\u2019expressi\u00f3 aut\u00e8ntica del terroir.<\/p>\n<p><strong>Varietats de Ra\u00efm:<\/strong><\/p>\n<p>Composici\u00f3 t\u00edpica d&#8217;una mescla de ra\u00efms regionals, principalment Garnatxa i Syrah.<\/p>\n<ul>\n<li>La Garnatxa aporta notes de fruits vermells, cos suau i complexitat.<\/li>\n<li>La Syrah afegeix estructura, color intens, tanins suaus i aromes especiats.<\/li>\n<\/ul>\n<p><strong>Origen Geogr\u00e0fic:<\/strong><\/p>\n<p>C\u00f4tes-du-Rh\u00f4ne, una denominaci\u00f3 situada al llarg del riu Roine, coneguda per produir vins amb car\u00e0cter afruitat, equilibri i diversitat de sabors gr\u00e0cies als seus diversos s\u00f2ls (principalment de c\u00f2dols, argila i pedra calc\u00e0ria) i un clima mediterrani c\u00e0lid i sec.<\/p>\n<p><strong>Nota de Tast:<\/strong><\/p>\n<ul>\n<li><strong>Color:<\/strong> Vermell rob\u00ed intens amb reflexos porpra.<\/li>\n<li><strong>Aroma:<\/strong> Aromes predominants de fruits vermells madurs (cireres, gerds), amb subtils notes de pebre negre, esp\u00e8cies dolces i un toc de regal\u00e8ssia.<\/li>\n<li><strong>Sabor:<\/strong> En boca \u00e9s equilibrat, amb una entrada rodona i tanins suaus. Els sabors de fruita madura es complementen amb tocs especiats i un final persistent i elegant.<\/li>\n<\/ul>\n<p><strong>Maridatge:<\/strong><\/p>\n<p>Ideal per acompanyar carns vermelles a la brasa, guisats de xai, plats amb salses especiades i formatges curats. Tamb\u00e9 combina b\u00e9 amb plats tradicionals com el ratatouille o un cassoulet de mongetes.<\/p>\n<p><strong>Grau Alcoh\u00f2lic:<\/strong><\/p>\n<p>Generalment, al voltant del 13,5%.<\/p>\n<p><strong>Temperatura de Servei:<\/strong><\/p>\n<p>Es recomana servir entre 16\u00b0C i 18\u00b0C.<\/p>\n<p><strong>Envelliment:<\/strong><\/p>\n<p>Tot i que \u00e9s un vi pensat per ser consumit jove, la seva estructura permet un envelliment de fins a 3-5 anys en condicions adequades.<\/p>\n<p>M. Chapoutier \u00e9s conegut pel seu respecte pel medi ambient. El celler practica la viticultura biodin\u00e0mica, que evita l\u2019\u00fas de qu\u00edmics artificials i promou l\u2019harmonia amb la natura. A m\u00e9s, les etiquetes dels seus vins inclouen escriptura en braille, una iniciativa implementada des del 1996 per millorar l\u2019accessibilitat.<\/p>\n<p>Chapoutier Belleruche C\u00f4tes-du-Rh\u00f4ne \u00e9s un vi accessible i vers\u00e0til, adequat tant per a aficionats com per a coneixedors que busquen un equilibri entre la qualitat i l\u2019autenticitat del Roine. Combina tradici\u00f3, innovaci\u00f3 i responsabilitat social, reflectint la rica her\u00e8ncia vin\u00edcola francesa.<\/p>\n<\/div>\n<\/div>\n<\/div>\n<\/div>\n<\/div>\n<\/div>\n<\/div>\n<\/div>\n<\/article>\n<\/div>\n<\/div>\n<\/div>\n<\/div>\n<\/div>\n<div class=\"md:pt-0 dark:border-white\/20 md:border-transparent md:dark:border-transparent w-full\">\n<div>\n<div class=\"m-auto text-base px-3 md:px-4 w-full md:px-5 lg:px-4 xl:px-5\"><\/div>\n<\/div>\n<\/div>\n","protected":false},"excerpt":{"rendered":"<p>El <strong>Chapoutier Belleruche C\u00f4tes-du-Rh\u00f4ne<\/strong> \u00e9s un vi negre cl\u00e0ssic de la D.O. C\u00f4tes-du-Rh\u00f4ne, elaborat principalment amb Garnatxa i Syrah pel prestigi\u00f3s celler M. Chapoutier. Aquest vi destaca pels seus aromes de fruits vermells madurs, esp\u00e8cies i regal\u00e8ssia, amb un sabor equilibrat, tanins suaus i un final elegant. Ideal per acompanyar carns, guisats i formatges, combina tradici\u00f3, viticultura biodin\u00e0mica i responsabilitat social, reflectint l&#8217;autenticitat del terrer del Roine. Es recomana gaudir-lo jove, tot i que admet una crian\u00e7a de fins a 5 anys.<\/p>\n","protected":false},"featured_media":86192,"comment_status":"closed","ping_status":"closed","template":"","meta":{"_acf_changed":false},"pwb-brand":[32955],"product_brand":[],"product_cat":[51670,51671],"product_tag":[],"class_list":{"0":"post-86195","1":"product","2":"type-product","3":"status-publish","4":"has-post-thumbnail","6":"pwb-brand-cotes-du-rhone-a-o-c","7":"product_cat-vi","8":"product_cat-vi-negre","9":"pa_anada-36214","10":"pa_bodega-mchapoutier","11":"pa_do-cotes_du_rhoneaocfrancia-ca","12":"pa_formatoenl-36158","13":"pa_formatoenml-38306","14":"pa_graduacion-14_5","15":"pa_pais-franca","16":"pa_pesoengramos-38337","17":"pa_pesoenkg-125-ca","18":"pa_tipodevino-vi-tranquil","19":"pa_variedades-garnachatinta_syrah-ca","20":"entry","21":"has-media","23":"first","24":"onbackorder","25":"taxable","26":"shipping-taxable","27":"purchasable","28":"product-type-simple"},"acf":[],"yoast_head":"<!-- This site is optimized with the Yoast SEO Premium plugin v23.1 (Yoast SEO v23.5) - https:\/\/yoast.com\/wordpress\/plugins\/seo\/ -->\n<title>Chapoutier Belleruche C\u00f4tes-du-Rhone - M\u00f3n La Cata<\/title>\n<meta name=\"description\" content=\"Comprar online al millor preu el Chapoutier Belleruche C\u00f4tes-du-Rhone a M\u00f3n La Cata. Botiga especialitzada en vins, licors, destil\u00b7lats i productes gourmet.\" \/>\n<meta name=\"robots\" content=\"noindex, follow, max-snippet:-1, max-image-preview:large, max-video-preview:-1\" \/>\n<meta property=\"og:locale\" content=\"ca_ES\" \/>\n<meta property=\"og:type\" content=\"article\" \/>\n<meta property=\"og:title\" content=\"Chapoutier Belleruche C\u00f4tes-du-Rhone\" \/>\n<meta property=\"og:description\" content=\"Comprar online al millor preu el Chapoutier Belleruche C\u00f4tes-du-Rhone a M\u00f3n La Cata. Botiga especialitzada en vins, licors, destil\u00b7lats i productes gourmet.\" \/>\n<meta property=\"og:url\" content=\"https:\/\/aral2.cetrexmarketing.com\/ca\/producto\/chapoutier-belleruche-cotes-du-rhone\/\" \/>\n<meta property=\"og:site_name\" content=\"M\u00f3n La Cata\" \/>\n<meta property=\"article:modified_time\" content=\"2025-05-27T06:49:26+00:00\" \/>\n<meta property=\"og:image\" content=\"https:\/\/aral2.cetrexmarketing.com\/wp-content\/uploads\/2025\/05\/Chapoutier-Belleruche-Cotes-du-Rhone.png\" \/>\n\t<meta property=\"og:image:width\" content=\"765\" \/>\n\t<meta property=\"og:image:height\" content=\"1024\" \/>\n\t<meta property=\"og:image:type\" content=\"image\/png\" \/>\n<meta name=\"twitter:card\" content=\"summary_large_image\" \/>\n<meta name=\"twitter:label1\" content=\"Temps estimat de lectura\" \/>\n\t<meta name=\"twitter:data1\" content=\"3 minuts\" \/>\n<script type=\"application\/ld+json\" class=\"yoast-schema-graph\">{\"@context\":\"https:\/\/schema.org\",\"@graph\":[{\"@type\":\"WebPage\",\"@id\":\"https:\/\/aral2.cetrexmarketing.com\/ca\/producto\/chapoutier-belleruche-cotes-du-rhone\/\",\"url\":\"https:\/\/aral2.cetrexmarketing.com\/ca\/producto\/chapoutier-belleruche-cotes-du-rhone\/\",\"name\":\"Chapoutier Belleruche C\u00f4tes-du-Rhone - M\u00f3n La Cata\",\"isPartOf\":{\"@id\":\"https:\/\/aral2.cetrexmarketing.com\/#website\"},\"primaryImageOfPage\":{\"@id\":\"https:\/\/aral2.cetrexmarketing.com\/ca\/producto\/chapoutier-belleruche-cotes-du-rhone\/#primaryimage\"},\"image\":{\"@id\":\"https:\/\/aral2.cetrexmarketing.com\/ca\/producto\/chapoutier-belleruche-cotes-du-rhone\/#primaryimage\"},\"thumbnailUrl\":\"https:\/\/aral2.cetrexmarketing.com\/wp-content\/uploads\/2025\/05\/Chapoutier-Belleruche-Cotes-du-Rhone.png\",\"datePublished\":\"2025-05-25T06:38:42+00:00\",\"dateModified\":\"2025-05-27T06:49:26+00:00\",\"description\":\"Comprar online al millor preu el Chapoutier Belleruche C\u00f4tes-du-Rhone a M\u00f3n La Cata. Botiga especialitzada en vins, licors, destil\u00b7lats i productes gourmet.\",\"breadcrumb\":{\"@id\":\"https:\/\/aral2.cetrexmarketing.com\/ca\/producto\/chapoutier-belleruche-cotes-du-rhone\/#breadcrumb\"},\"inLanguage\":\"ca\",\"potentialAction\":[{\"@type\":\"ReadAction\",\"target\":[\"https:\/\/aral2.cetrexmarketing.com\/ca\/producto\/chapoutier-belleruche-cotes-du-rhone\/\"]}]},{\"@type\":\"ImageObject\",\"inLanguage\":\"ca\",\"@id\":\"https:\/\/aral2.cetrexmarketing.com\/ca\/producto\/chapoutier-belleruche-cotes-du-rhone\/#primaryimage\",\"url\":\"https:\/\/aral2.cetrexmarketing.com\/wp-content\/uploads\/2025\/05\/Chapoutier-Belleruche-Cotes-du-Rhone.png\",\"contentUrl\":\"https:\/\/aral2.cetrexmarketing.com\/wp-content\/uploads\/2025\/05\/Chapoutier-Belleruche-Cotes-du-Rhone.png\",\"width\":765,\"height\":1024},{\"@type\":\"BreadcrumbList\",\"@id\":\"https:\/\/aral2.cetrexmarketing.com\/ca\/producto\/chapoutier-belleruche-cotes-du-rhone\/#breadcrumb\",\"itemListElement\":[{\"@type\":\"ListItem\",\"position\":1,\"name\":\"Home\",\"item\":\"https:\/\/aral2.cetrexmarketing.com\/ca\/\"},{\"@type\":\"ListItem\",\"position\":2,\"name\":\"Tienda\",\"item\":\"https:\/\/aral2.cetrexmarketing.com\/ca\/tienda-2\/\"},{\"@type\":\"ListItem\",\"position\":3,\"name\":\"Vi\",\"item\":\"https:\/\/aral2.cetrexmarketing.com\/categoria-producto\/vi\/\"},{\"@type\":\"ListItem\",\"position\":4,\"name\":\"Vi Negre\",\"item\":\"https:\/\/aral2.cetrexmarketing.com\/categoria-producto\/vi\/vi-negre\/\"},{\"@type\":\"ListItem\",\"position\":5,\"name\":\"Chapoutier Belleruche C\u00f4tes-du-Rhone\"}]},{\"@type\":\"WebSite\",\"@id\":\"https:\/\/aral2.cetrexmarketing.com\/#website\",\"url\":\"https:\/\/aral2.cetrexmarketing.com\/\",\"name\":\"M\u00f3n La Cata\",\"description\":\"Tienda de vinos, licores, cervezas y gourmet\",\"publisher\":{\"@id\":\"https:\/\/aral2.cetrexmarketing.com\/#organization\"},\"potentialAction\":[{\"@type\":\"SearchAction\",\"target\":{\"@type\":\"EntryPoint\",\"urlTemplate\":\"https:\/\/aral2.cetrexmarketing.com\/?s={search_term_string}\"},\"query-input\":{\"@type\":\"PropertyValueSpecification\",\"valueRequired\":true,\"valueName\":\"search_term_string\"}}],\"inLanguage\":\"ca\"},{\"@type\":\"Organization\",\"@id\":\"https:\/\/aral2.cetrexmarketing.com\/#organization\",\"name\":\"M\u00f3n La Cata\",\"url\":\"https:\/\/aral2.cetrexmarketing.com\/\",\"logo\":{\"@type\":\"ImageObject\",\"inLanguage\":\"ca\",\"@id\":\"https:\/\/aral2.cetrexmarketing.com\/#\/schema\/logo\/image\/\",\"url\":\"https:\/\/aral2.cetrexmarketing.com\/wp-content\/uploads\/2024\/10\/aral-logo-neg-1024x409-1.png\",\"contentUrl\":\"https:\/\/aral2.cetrexmarketing.com\/wp-content\/uploads\/2024\/10\/aral-logo-neg-1024x409-1.png\",\"width\":1024,\"height\":409,\"caption\":\"M\u00f3n La Cata\"},\"image\":{\"@id\":\"https:\/\/aral2.cetrexmarketing.com\/#\/schema\/logo\/image\/\"}}]}<\/script>\n<!-- \/ Yoast SEO Premium plugin. -->","yoast_head_json":{"title":"Chapoutier Belleruche C\u00f4tes-du-Rhone - M\u00f3n La Cata","description":"Comprar online al millor preu el Chapoutier Belleruche C\u00f4tes-du-Rhone a M\u00f3n La Cata. Botiga especialitzada en vins, licors, destil\u00b7lats i productes gourmet.","robots":{"index":"noindex","follow":"follow","max-snippet":"max-snippet:-1","max-image-preview":"max-image-preview:large","max-video-preview":"max-video-preview:-1"},"og_locale":"ca_ES","og_type":"article","og_title":"Chapoutier Belleruche C\u00f4tes-du-Rhone","og_description":"Comprar online al millor preu el Chapoutier Belleruche C\u00f4tes-du-Rhone a M\u00f3n La Cata. Botiga especialitzada en vins, licors, destil\u00b7lats i productes gourmet.","og_url":"https:\/\/aral2.cetrexmarketing.com\/ca\/producto\/chapoutier-belleruche-cotes-du-rhone\/","og_site_name":"M\u00f3n La Cata","article_modified_time":"2025-05-27T06:49:26+00:00","og_image":[{"width":765,"height":1024,"url":"https:\/\/aral2.cetrexmarketing.com\/wp-content\/uploads\/2025\/05\/Chapoutier-Belleruche-Cotes-du-Rhone.png","type":"image\/png"}],"twitter_card":"summary_large_image","twitter_misc":{"Temps estimat de lectura":"3 minuts"},"schema":{"@context":"https:\/\/schema.org","@graph":[{"@type":"WebPage","@id":"https:\/\/aral2.cetrexmarketing.com\/ca\/producto\/chapoutier-belleruche-cotes-du-rhone\/","url":"https:\/\/aral2.cetrexmarketing.com\/ca\/producto\/chapoutier-belleruche-cotes-du-rhone\/","name":"Chapoutier Belleruche C\u00f4tes-du-Rhone - M\u00f3n La Cata","isPartOf":{"@id":"https:\/\/aral2.cetrexmarketing.com\/#website"},"primaryImageOfPage":{"@id":"https:\/\/aral2.cetrexmarketing.com\/ca\/producto\/chapoutier-belleruche-cotes-du-rhone\/#primaryimage"},"image":{"@id":"https:\/\/aral2.cetrexmarketing.com\/ca\/producto\/chapoutier-belleruche-cotes-du-rhone\/#primaryimage"},"thumbnailUrl":"https:\/\/aral2.cetrexmarketing.com\/wp-content\/uploads\/2025\/05\/Chapoutier-Belleruche-Cotes-du-Rhone.png","datePublished":"2025-05-25T06:38:42+00:00","dateModified":"2025-05-27T06:49:26+00:00","description":"Comprar online al millor preu el Chapoutier Belleruche C\u00f4tes-du-Rhone a M\u00f3n La Cata. Botiga especialitzada en vins, licors, destil\u00b7lats i productes gourmet.","breadcrumb":{"@id":"https:\/\/aral2.cetrexmarketing.com\/ca\/producto\/chapoutier-belleruche-cotes-du-rhone\/#breadcrumb"},"inLanguage":"ca","potentialAction":[{"@type":"ReadAction","target":["https:\/\/aral2.cetrexmarketing.com\/ca\/producto\/chapoutier-belleruche-cotes-du-rhone\/"]}]},{"@type":"ImageObject","inLanguage":"ca","@id":"https:\/\/aral2.cetrexmarketing.com\/ca\/producto\/chapoutier-belleruche-cotes-du-rhone\/#primaryimage","url":"https:\/\/aral2.cetrexmarketing.com\/wp-content\/uploads\/2025\/05\/Chapoutier-Belleruche-Cotes-du-Rhone.png","contentUrl":"https:\/\/aral2.cetrexmarketing.com\/wp-content\/uploads\/2025\/05\/Chapoutier-Belleruche-Cotes-du-Rhone.png","width":765,"height":1024},{"@type":"BreadcrumbList","@id":"https:\/\/aral2.cetrexmarketing.com\/ca\/producto\/chapoutier-belleruche-cotes-du-rhone\/#breadcrumb","itemListElement":[{"@type":"ListItem","position":1,"name":"Home","item":"https:\/\/aral2.cetrexmarketing.com\/ca\/"},{"@type":"ListItem","position":2,"name":"Tienda","item":"https:\/\/aral2.cetrexmarketing.com\/ca\/tienda-2\/"},{"@type":"ListItem","position":3,"name":"Vi","item":"https:\/\/aral2.cetrexmarketing.com\/categoria-producto\/vi\/"},{"@type":"ListItem","position":4,"name":"Vi Negre","item":"https:\/\/aral2.cetrexmarketing.com\/categoria-producto\/vi\/vi-negre\/"},{"@type":"ListItem","position":5,"name":"Chapoutier Belleruche C\u00f4tes-du-Rhone"}]},{"@type":"WebSite","@id":"https:\/\/aral2.cetrexmarketing.com\/#website","url":"https:\/\/aral2.cetrexmarketing.com\/","name":"M\u00f3n La Cata","description":"Tienda de vinos, licores, cervezas y gourmet","publisher":{"@id":"https:\/\/aral2.cetrexmarketing.com\/#organization"},"potentialAction":[{"@type":"SearchAction","target":{"@type":"EntryPoint","urlTemplate":"https:\/\/aral2.cetrexmarketing.com\/?s={search_term_string}"},"query-input":{"@type":"PropertyValueSpecification","valueRequired":true,"valueName":"search_term_string"}}],"inLanguage":"ca"},{"@type":"Organization","@id":"https:\/\/aral2.cetrexmarketing.com\/#organization","name":"M\u00f3n La Cata","url":"https:\/\/aral2.cetrexmarketing.com\/","logo":{"@type":"ImageObject","inLanguage":"ca","@id":"https:\/\/aral2.cetrexmarketing.com\/#\/schema\/logo\/image\/","url":"https:\/\/aral2.cetrexmarketing.com\/wp-content\/uploads\/2024\/10\/aral-logo-neg-1024x409-1.png","contentUrl":"https:\/\/aral2.cetrexmarketing.com\/wp-content\/uploads\/2024\/10\/aral-logo-neg-1024x409-1.png","width":1024,"height":409,"caption":"M\u00f3n La Cata"},"image":{"@id":"https:\/\/aral2.cetrexmarketing.com\/#\/schema\/logo\/image\/"}}]}},"brands":[{"id":32955,"name":"C\u00f4tes du Rhone A.O.C.","slug":"cotes-du-rhone-a-o-c"}],"_links":{"self":[{"href":"https:\/\/aral2.cetrexmarketing.com\/ca\/wp-json\/wp\/v2\/product\/86195","targetHints":{"allow":["GET"]}}],"collection":[{"href":"https:\/\/aral2.cetrexmarketing.com\/ca\/wp-json\/wp\/v2\/product"}],"about":[{"href":"https:\/\/aral2.cetrexmarketing.com\/ca\/wp-json\/wp\/v2\/types\/product"}],"replies":[{"embeddable":true,"href":"https:\/\/aral2.cetrexmarketing.com\/ca\/wp-json\/wp\/v2\/comments?post=86195"}],"wp:featuredmedia":[{"embeddable":true,"href":"https:\/\/aral2.cetrexmarketing.com\/ca\/wp-json\/wp\/v2\/media\/86192"}],"wp:attachment":[{"href":"https:\/\/aral2.cetrexmarketing.com\/ca\/wp-json\/wp\/v2\/media?parent=86195"}],"wp:term":[{"taxonomy":"pwb-brand","embeddable":true,"href":"https:\/\/aral2.cetrexmarketing.com\/ca\/wp-json\/wp\/v2\/pwb-brand?post=86195"},{"taxonomy":"product_brand","embeddable":true,"href":"https:\/\/aral2.cetrexmarketing.com\/ca\/wp-json\/wp\/v2\/product_brand?post=86195"},{"taxonomy":"product_cat","embeddable":true,"href":"https:\/\/aral2.cetrexmarketing.com\/ca\/wp-json\/wp\/v2\/product_cat?post=86195"},{"taxonomy":"product_tag","embeddable":true,"href":"https:\/\/aral2.cetrexmarketing.com\/ca\/wp-json\/wp\/v2\/product_tag?post=86195"}],"curies":[{"name":"wp","href":"https:\/\/api.w.org\/{rel}","templated":true}]}}