{"id":85009,"date":"2025-05-25T06:12:29","date_gmt":"2025-05-25T06:12:29","guid":{"rendered":"https:\/\/aral2.cetrexmarketing.com\/producto\/libalis-blanc\/"},"modified":"2025-05-25T06:12:31","modified_gmt":"2025-05-25T06:12:31","slug":"libalis-blanc","status":"publish","type":"product","link":"https:\/\/aral2.cetrexmarketing.com\/ca\/producto\/libalis-blanc\/","title":{"rendered":"Libalis Blanc"},"content":{"rendered":"<p><strong>Libalis Blanc<\/strong><\/p>\n<div class=\"flex-1 overflow-hidden @container\/thread\">\n<div class=\"h-full\">\n<div class=\"react-scroll-to-bottom--css-lglih-79elbk h-full\">\n<div class=\"react-scroll-to-bottom--css-lglih-1n7m0yu\">\n<div class=\"flex flex-col text-sm md:pb-9\">\n<article class=\"w-full scroll-mb-[var(--thread-trailing-height,150px)] text-token-text-primary focus-visible:outline-2 focus-visible:outline-offset-[-4px]\" dir=\"auto\" data-testid=\"conversation-turn-3\" data-scroll-anchor=\"true\">\n<div class=\"m-auto text-base py-[18px] px-3 md:px-4 w-full md:px-5 lg:px-4 xl:px-5\">\n<div class=\"mx-auto flex flex-1 gap-4 text-base md:gap-5 lg:gap-6 md:max-w-3xl lg:max-w-[40rem] xl:max-w-[48rem]\">\n<div class=\"group\/conversation-turn relative flex w-full min-w-0 flex-col agent-turn\">\n<div class=\"flex-col gap-1 md:gap-3\">\n<div class=\"flex max-w-full flex-col flex-grow\">\n<div class=\"min-h-8 text-message flex w-full flex-col items-end gap-2 whitespace-normal break-words text-start [.text-message+&amp;]:mt-5\" dir=\"auto\" data-message-author-role=\"assistant\" data-message-id=\"ca3fd2d3-c527-41d2-8345-2c69ab67fd7a\" data-message-model-slug=\"gpt-4o\">\n<div class=\"flex w-full flex-col gap-1 empty:hidden first:pt-[3px]\">\n<div class=\"markdown prose w-full break-words dark:prose-invert light\">\n<p>El <strong>Libalis Blanc<\/strong> \u00e9s un vi blanc jove i vibrant, elaborat pel celler Maetierra a la regi\u00f3 dels Valls de Sadacia, a l&#8217;est de La Rioja, Espanya. Aquest vi \u00e9s un cupatge de tres varietats de ra\u00efm: Moscatell de Gra Menut, Viura i Malvasia.<\/p>\n<p><strong>Caracter\u00edstiques del vi:<\/strong><\/p>\n<ul>\n<li><strong>Denominaci\u00f3 d&#8217;Origen:<\/strong> Valls de Sadacia.<\/li>\n<li><strong>Varietats de ra\u00efm: <\/strong>40% Viura, 30% Malvasia i 30% Moscatell de Gra Menut.<\/li>\n<li><strong>Graduaci\u00f3 alcoh\u00f2lica<\/strong>: 12,5%.<\/li>\n<li><strong>Temperatura de servei recomanada<\/strong>: 8\u00b0C.<\/li>\n<\/ul>\n<p><strong>Notes de cata:<\/strong><\/p>\n<ul>\n<li><strong>Vista<\/strong>: Presenta un color groc palla, net i brillant.<\/li>\n<li><strong>Nas<\/strong>: Desplega intensos aromes de fruites tropicals com mango, pinya i un toc de pr\u00e9ssec, acompanyats de subtils notes florals.<\/li>\n<li><strong>Boca<\/strong>: A la boca, la seva textura sedosa es complementa amb una dol\u00e7or subtil i una acidesa equilibrada, culminant en un final plaent i persistent.<\/li>\n<\/ul>\n<\/div>\n<\/div>\n<\/div>\n<\/div>\n<\/div>\n<\/div>\n<\/div>\n<\/div>\n<\/article>\n<\/div>\n<\/div>\n<\/div>\n<\/div>\n<\/div>\n<div class=\"md:pt-0 dark:border-white\/20 md:border-transparent md:dark:border-transparent w-full\">\n<div>\n<div class=\"m-auto text-base px-3 md:px-4 w-full md:px-5 lg:px-4 xl:px-5\"><\/div>\n<\/div>\n<\/div>\n","protected":false},"excerpt":{"rendered":"<p>El<strong> Libalis Blanco<\/strong> \u00e9s un vi jove i vibrant dels Valls de Sadacia, elaborat pel celler Maetierra amb un cupatge de Viura (40%), Malvasia (30%) i Moscatell de Gra Menut (30%). De color groc palla, net i brillant, destaca per les seves intenses aromes de fruites tropicals com mango, pinya i pr\u00e9ssec, amb subtils notes florals. En boca \u00e9s sed\u00f3s, amb una dol\u00e7or lleugera i una acidesa equilibrada, oferint un final plaent i persistent. Es recomana servir a 8\u00b0C i t\u00e9 una graduaci\u00f3 alcoh\u00f2lica del 12,5%.<\/p>\n","protected":false},"featured_media":85006,"comment_status":"closed","ping_status":"closed","template":"","meta":{"_acf_changed":false},"pwb-brand":[32939],"product_brand":[],"product_cat":[51670,51672],"product_tag":[16518,51845,48917],"class_list":{"0":"post-85009","1":"product","2":"type-product","3":"status-publish","4":"has-post-thumbnail","6":"pwb-brand-valles-de-sadacia-v-t","7":"product_cat-vi","8":"product_cat-vi-blanc","9":"product_tag-libalis-ca","10":"product_tag-libalis-blanc","11":"product_tag-vi-blanc-ca","12":"pa_anada-45483","13":"pa_bodega-castillodemaetierra","14":"pa_do-vallesdesadaciaigp-2","15":"pa_formatoenml-38306","16":"pa_graduacion-12_0","17":"pa_pais-espanya-ca","18":"pa_tipodevino-vi-dagulla-2","19":"entry","20":"has-media","22":"first","23":"instock","24":"taxable","25":"shipping-taxable","26":"purchasable","27":"product-type-simple"},"acf":[],"yoast_head":"<!-- This site is optimized with the Yoast SEO Premium plugin v23.1 (Yoast SEO v23.5) - https:\/\/yoast.com\/wordpress\/plugins\/seo\/ -->\n<title>Libalis Blanc<\/title>\n<meta name=\"description\" content=\"Comprar al millor preu el vi Libalis Blanc a Mon la Cata. Botiga online especialitzada en vins, destil\u00b7lats, cerveses i alimentaci\u00f3 gurmet.\" \/>\n<meta name=\"robots\" content=\"noindex, follow, max-snippet:-1, max-image-preview:large, max-video-preview:-1\" \/>\n<meta property=\"og:locale\" content=\"ca_ES\" \/>\n<meta property=\"og:type\" content=\"article\" \/>\n<meta property=\"og:title\" content=\"Libalis Blanc\" \/>\n<meta property=\"og:description\" content=\"Comprar al millor preu el vi Libalis Blanc a Mon la Cata. Botiga online especialitzada en vins, destil\u00b7lats, cerveses i alimentaci\u00f3 gurmet.\" \/>\n<meta property=\"og:url\" content=\"https:\/\/aral2.cetrexmarketing.com\/ca\/producto\/libalis-blanc\/\" \/>\n<meta property=\"og:site_name\" content=\"M\u00f3n La Cata\" \/>\n<meta property=\"article:modified_time\" content=\"2025-05-25T06:12:31+00:00\" \/>\n<meta property=\"og:image\" content=\"https:\/\/aral2.cetrexmarketing.com\/wp-content\/uploads\/2025\/05\/libalis-blanco.png\" \/>\n\t<meta property=\"og:image:width\" content=\"765\" \/>\n\t<meta property=\"og:image:height\" content=\"1024\" \/>\n\t<meta property=\"og:image:type\" content=\"image\/png\" \/>\n<meta name=\"twitter:card\" content=\"summary_large_image\" \/>\n<meta name=\"twitter:label1\" content=\"Temps estimat de lectura\" \/>\n\t<meta name=\"twitter:data1\" content=\"1 minut\" \/>\n<script type=\"application\/ld+json\" class=\"yoast-schema-graph\">{\"@context\":\"https:\/\/schema.org\",\"@graph\":[{\"@type\":\"WebPage\",\"@id\":\"https:\/\/aral2.cetrexmarketing.com\/ca\/producto\/libalis-blanc\/\",\"url\":\"https:\/\/aral2.cetrexmarketing.com\/ca\/producto\/libalis-blanc\/\",\"name\":\"Libalis Blanc\",\"isPartOf\":{\"@id\":\"https:\/\/aral2.cetrexmarketing.com\/#website\"},\"primaryImageOfPage\":{\"@id\":\"https:\/\/aral2.cetrexmarketing.com\/ca\/producto\/libalis-blanc\/#primaryimage\"},\"image\":{\"@id\":\"https:\/\/aral2.cetrexmarketing.com\/ca\/producto\/libalis-blanc\/#primaryimage\"},\"thumbnailUrl\":\"https:\/\/aral2.cetrexmarketing.com\/wp-content\/uploads\/2025\/05\/libalis-blanco.png\",\"datePublished\":\"2025-05-25T06:12:29+00:00\",\"dateModified\":\"2025-05-25T06:12:31+00:00\",\"description\":\"Comprar al millor preu el vi Libalis Blanc a Mon la Cata. Botiga online especialitzada en vins, destil\u00b7lats, cerveses i alimentaci\u00f3 gurmet.\",\"breadcrumb\":{\"@id\":\"https:\/\/aral2.cetrexmarketing.com\/ca\/producto\/libalis-blanc\/#breadcrumb\"},\"inLanguage\":\"ca\",\"potentialAction\":[{\"@type\":\"ReadAction\",\"target\":[\"https:\/\/aral2.cetrexmarketing.com\/ca\/producto\/libalis-blanc\/\"]}]},{\"@type\":\"ImageObject\",\"inLanguage\":\"ca\",\"@id\":\"https:\/\/aral2.cetrexmarketing.com\/ca\/producto\/libalis-blanc\/#primaryimage\",\"url\":\"https:\/\/aral2.cetrexmarketing.com\/wp-content\/uploads\/2025\/05\/libalis-blanco.png\",\"contentUrl\":\"https:\/\/aral2.cetrexmarketing.com\/wp-content\/uploads\/2025\/05\/libalis-blanco.png\",\"width\":765,\"height\":1024},{\"@type\":\"BreadcrumbList\",\"@id\":\"https:\/\/aral2.cetrexmarketing.com\/ca\/producto\/libalis-blanc\/#breadcrumb\",\"itemListElement\":[{\"@type\":\"ListItem\",\"position\":1,\"name\":\"Home\",\"item\":\"https:\/\/aral2.cetrexmarketing.com\/ca\/\"},{\"@type\":\"ListItem\",\"position\":2,\"name\":\"Tienda\",\"item\":\"https:\/\/aral2.cetrexmarketing.com\/ca\/tienda-2\/\"},{\"@type\":\"ListItem\",\"position\":3,\"name\":\"Vi\",\"item\":\"https:\/\/aral2.cetrexmarketing.com\/categoria-producto\/vi\/\"},{\"@type\":\"ListItem\",\"position\":4,\"name\":\"Vi Blanc\",\"item\":\"https:\/\/aral2.cetrexmarketing.com\/categoria-producto\/vi\/vi-blanc\/\"},{\"@type\":\"ListItem\",\"position\":5,\"name\":\"Libalis Blanc\"}]},{\"@type\":\"WebSite\",\"@id\":\"https:\/\/aral2.cetrexmarketing.com\/#website\",\"url\":\"https:\/\/aral2.cetrexmarketing.com\/\",\"name\":\"M\u00f3n La Cata\",\"description\":\"Tienda de vinos, licores, cervezas y gourmet\",\"publisher\":{\"@id\":\"https:\/\/aral2.cetrexmarketing.com\/#organization\"},\"potentialAction\":[{\"@type\":\"SearchAction\",\"target\":{\"@type\":\"EntryPoint\",\"urlTemplate\":\"https:\/\/aral2.cetrexmarketing.com\/?s={search_term_string}\"},\"query-input\":{\"@type\":\"PropertyValueSpecification\",\"valueRequired\":true,\"valueName\":\"search_term_string\"}}],\"inLanguage\":\"ca\"},{\"@type\":\"Organization\",\"@id\":\"https:\/\/aral2.cetrexmarketing.com\/#organization\",\"name\":\"M\u00f3n La Cata\",\"url\":\"https:\/\/aral2.cetrexmarketing.com\/\",\"logo\":{\"@type\":\"ImageObject\",\"inLanguage\":\"ca\",\"@id\":\"https:\/\/aral2.cetrexmarketing.com\/#\/schema\/logo\/image\/\",\"url\":\"https:\/\/aral2.cetrexmarketing.com\/wp-content\/uploads\/2024\/10\/aral-logo-neg-1024x409-1.png\",\"contentUrl\":\"https:\/\/aral2.cetrexmarketing.com\/wp-content\/uploads\/2024\/10\/aral-logo-neg-1024x409-1.png\",\"width\":1024,\"height\":409,\"caption\":\"M\u00f3n La Cata\"},\"image\":{\"@id\":\"https:\/\/aral2.cetrexmarketing.com\/#\/schema\/logo\/image\/\"}}]}<\/script>\n<!-- \/ Yoast SEO Premium plugin. -->","yoast_head_json":{"title":"Libalis Blanc","description":"Comprar al millor preu el vi Libalis Blanc a Mon la Cata. Botiga online especialitzada en vins, destil\u00b7lats, cerveses i alimentaci\u00f3 gurmet.","robots":{"index":"noindex","follow":"follow","max-snippet":"max-snippet:-1","max-image-preview":"max-image-preview:large","max-video-preview":"max-video-preview:-1"},"og_locale":"ca_ES","og_type":"article","og_title":"Libalis Blanc","og_description":"Comprar al millor preu el vi Libalis Blanc a Mon la Cata. Botiga online especialitzada en vins, destil\u00b7lats, cerveses i alimentaci\u00f3 gurmet.","og_url":"https:\/\/aral2.cetrexmarketing.com\/ca\/producto\/libalis-blanc\/","og_site_name":"M\u00f3n La Cata","article_modified_time":"2025-05-25T06:12:31+00:00","og_image":[{"width":765,"height":1024,"url":"https:\/\/aral2.cetrexmarketing.com\/wp-content\/uploads\/2025\/05\/libalis-blanco.png","type":"image\/png"}],"twitter_card":"summary_large_image","twitter_misc":{"Temps estimat de lectura":"1 minut"},"schema":{"@context":"https:\/\/schema.org","@graph":[{"@type":"WebPage","@id":"https:\/\/aral2.cetrexmarketing.com\/ca\/producto\/libalis-blanc\/","url":"https:\/\/aral2.cetrexmarketing.com\/ca\/producto\/libalis-blanc\/","name":"Libalis Blanc","isPartOf":{"@id":"https:\/\/aral2.cetrexmarketing.com\/#website"},"primaryImageOfPage":{"@id":"https:\/\/aral2.cetrexmarketing.com\/ca\/producto\/libalis-blanc\/#primaryimage"},"image":{"@id":"https:\/\/aral2.cetrexmarketing.com\/ca\/producto\/libalis-blanc\/#primaryimage"},"thumbnailUrl":"https:\/\/aral2.cetrexmarketing.com\/wp-content\/uploads\/2025\/05\/libalis-blanco.png","datePublished":"2025-05-25T06:12:29+00:00","dateModified":"2025-05-25T06:12:31+00:00","description":"Comprar al millor preu el vi Libalis Blanc a Mon la Cata. Botiga online especialitzada en vins, destil\u00b7lats, cerveses i alimentaci\u00f3 gurmet.","breadcrumb":{"@id":"https:\/\/aral2.cetrexmarketing.com\/ca\/producto\/libalis-blanc\/#breadcrumb"},"inLanguage":"ca","potentialAction":[{"@type":"ReadAction","target":["https:\/\/aral2.cetrexmarketing.com\/ca\/producto\/libalis-blanc\/"]}]},{"@type":"ImageObject","inLanguage":"ca","@id":"https:\/\/aral2.cetrexmarketing.com\/ca\/producto\/libalis-blanc\/#primaryimage","url":"https:\/\/aral2.cetrexmarketing.com\/wp-content\/uploads\/2025\/05\/libalis-blanco.png","contentUrl":"https:\/\/aral2.cetrexmarketing.com\/wp-content\/uploads\/2025\/05\/libalis-blanco.png","width":765,"height":1024},{"@type":"BreadcrumbList","@id":"https:\/\/aral2.cetrexmarketing.com\/ca\/producto\/libalis-blanc\/#breadcrumb","itemListElement":[{"@type":"ListItem","position":1,"name":"Home","item":"https:\/\/aral2.cetrexmarketing.com\/ca\/"},{"@type":"ListItem","position":2,"name":"Tienda","item":"https:\/\/aral2.cetrexmarketing.com\/ca\/tienda-2\/"},{"@type":"ListItem","position":3,"name":"Vi","item":"https:\/\/aral2.cetrexmarketing.com\/categoria-producto\/vi\/"},{"@type":"ListItem","position":4,"name":"Vi Blanc","item":"https:\/\/aral2.cetrexmarketing.com\/categoria-producto\/vi\/vi-blanc\/"},{"@type":"ListItem","position":5,"name":"Libalis Blanc"}]},{"@type":"WebSite","@id":"https:\/\/aral2.cetrexmarketing.com\/#website","url":"https:\/\/aral2.cetrexmarketing.com\/","name":"M\u00f3n La Cata","description":"Tienda de vinos, licores, cervezas y gourmet","publisher":{"@id":"https:\/\/aral2.cetrexmarketing.com\/#organization"},"potentialAction":[{"@type":"SearchAction","target":{"@type":"EntryPoint","urlTemplate":"https:\/\/aral2.cetrexmarketing.com\/?s={search_term_string}"},"query-input":{"@type":"PropertyValueSpecification","valueRequired":true,"valueName":"search_term_string"}}],"inLanguage":"ca"},{"@type":"Organization","@id":"https:\/\/aral2.cetrexmarketing.com\/#organization","name":"M\u00f3n La Cata","url":"https:\/\/aral2.cetrexmarketing.com\/","logo":{"@type":"ImageObject","inLanguage":"ca","@id":"https:\/\/aral2.cetrexmarketing.com\/#\/schema\/logo\/image\/","url":"https:\/\/aral2.cetrexmarketing.com\/wp-content\/uploads\/2024\/10\/aral-logo-neg-1024x409-1.png","contentUrl":"https:\/\/aral2.cetrexmarketing.com\/wp-content\/uploads\/2024\/10\/aral-logo-neg-1024x409-1.png","width":1024,"height":409,"caption":"M\u00f3n La Cata"},"image":{"@id":"https:\/\/aral2.cetrexmarketing.com\/#\/schema\/logo\/image\/"}}]}},"brands":[{"id":32939,"name":"Valles de Sadacia V.T.","slug":"valles-de-sadacia-v-t"}],"_links":{"self":[{"href":"https:\/\/aral2.cetrexmarketing.com\/ca\/wp-json\/wp\/v2\/product\/85009","targetHints":{"allow":["GET"]}}],"collection":[{"href":"https:\/\/aral2.cetrexmarketing.com\/ca\/wp-json\/wp\/v2\/product"}],"about":[{"href":"https:\/\/aral2.cetrexmarketing.com\/ca\/wp-json\/wp\/v2\/types\/product"}],"replies":[{"embeddable":true,"href":"https:\/\/aral2.cetrexmarketing.com\/ca\/wp-json\/wp\/v2\/comments?post=85009"}],"wp:featuredmedia":[{"embeddable":true,"href":"https:\/\/aral2.cetrexmarketing.com\/ca\/wp-json\/wp\/v2\/media\/85006"}],"wp:attachment":[{"href":"https:\/\/aral2.cetrexmarketing.com\/ca\/wp-json\/wp\/v2\/media?parent=85009"}],"wp:term":[{"taxonomy":"pwb-brand","embeddable":true,"href":"https:\/\/aral2.cetrexmarketing.com\/ca\/wp-json\/wp\/v2\/pwb-brand?post=85009"},{"taxonomy":"product_brand","embeddable":true,"href":"https:\/\/aral2.cetrexmarketing.com\/ca\/wp-json\/wp\/v2\/product_brand?post=85009"},{"taxonomy":"product_cat","embeddable":true,"href":"https:\/\/aral2.cetrexmarketing.com\/ca\/wp-json\/wp\/v2\/product_cat?post=85009"},{"taxonomy":"product_tag","embeddable":true,"href":"https:\/\/aral2.cetrexmarketing.com\/ca\/wp-json\/wp\/v2\/product_tag?post=85009"}],"curies":[{"name":"wp","href":"https:\/\/api.w.org\/{rel}","templated":true}]}}