{"id":84369,"date":"2025-05-25T05:57:55","date_gmt":"2025-05-25T05:57:55","guid":{"rendered":"https:\/\/aral2.cetrexmarketing.com\/producto\/gallina-de-piel-roca-del-crit-2\/"},"modified":"2025-05-25T05:57:57","modified_gmt":"2025-05-25T05:57:57","slug":"gallina-de-piel-roca-del-crit-2","status":"publish","type":"product","link":"https:\/\/aral2.cetrexmarketing.com\/ca\/producto\/gallina-de-piel-roca-del-crit-2\/","title":{"rendered":"Gallina de Piel Roca del Crit"},"content":{"rendered":"<p>60% de Garnatxa de 13-15 anys amb un 40% de Carinyena de 86 anys. S\u00f2ls gr\u00e0nitics per a les garnatxes i s\u00f2ls esqu\u00edstos per a les carinyenes.\u00a0Tot plegat ens\u00a0 transporta a aquella roca on David Seijas despr\u00e9s de la tensi\u00f3 dels serveis d&#8217;El Bulli\u00a0es relaxava fent\u00a0un bram al cel\u00a0i aix\u00ed va acabar neixent la &#8220;Roca del Crit&#8221;<\/p>\n<p>Cireres vermelles, mores, violetes, regal\u00e8ssia de pal, grans de caf\u00e8 i roman\u00ed<\/p>\n","protected":false},"excerpt":{"rendered":"<p>60% de Garnatxa de 13-15 anys amb un 40% de Carinyena de 86 anys. S\u00f2ls gr\u00e0nitics per a les garnatxes i s\u00f2ls esqu\u00edstos per a les carinyenes.\u00a0Tot plegat ens\u00a0 transporta a aquella roca on David Seijas despr\u00e9s de la tensi\u00f3 dels serveis d&#8217;El Bulli\u00a0es relaxava fent\u00a0un bram al cel\u00a0i aix\u00ed va acabar neixent la &#8220;Roca del Crit&#8221;<\/p>\n<p>Cireres vermelles, mores, violetes, regal\u00e8ssia de pal, grans de caf\u00e8 i roman\u00ed<\/p>\n","protected":false},"featured_media":84366,"comment_status":"closed","ping_status":"closed","template":"","meta":{"_acf_changed":false},"pwb-brand":[32879],"product_brand":[],"product_cat":[51670,51671],"product_tag":[16369,40302,14937,16370,16371,16368],"class_list":{"0":"post-84369","1":"product","2":"type-product","3":"status-publish","4":"has-post-thumbnail","6":"pwb-brand-emporda-d-o","7":"product_cat-vi","8":"product_cat-vi-negre","9":"product_tag-bulli-ca","10":"product_tag-carinyena","11":"product_tag-emporda-ca","12":"product_tag-gallina-de-piel-ca","13":"product_tag-roca-del-crit-ca","14":"product_tag-seijas-ca","15":"pa_anada-36212","16":"pa_bodega-gallinadepielwines","17":"pa_do-emporda-d-o-ca","18":"pa_floral-negre-floral","19":"pa_formatoenl-36158","20":"pa_formatoenml-38306","21":"pa_graduacion-14_0","22":"pa_maridaje-carn-blanca","23":"pa_maridaje-carn-roja","24":"pa_maridaje-midons","25":"pa_maridaje-peix","26":"pa_maridaje-verdures","27":"pa_pais-espanya-ca","28":"pa_pesoengramos-38336","29":"pa_pesoenkg-15-ca","30":"pa_pueblociudad-vilajuigagirona","31":"pa_region-cataluna","32":"pa_tipodevino-vi-tranquil","33":"pa_variedad-principal-garnacha-tinta-ca","34":"pa_variedad-principal-samso-ca","35":"entry","36":"has-media","38":"first","39":"instock","40":"taxable","41":"shipping-taxable","42":"purchasable","43":"product-type-simple"},"acf":[],"yoast_head":"<!-- This site is optimized with the Yoast SEO Premium plugin v23.1 (Yoast SEO v23.5) - https:\/\/yoast.com\/wordpress\/plugins\/seo\/ -->\n<title>Roca del crit - Vi negre Gallina de Piel by David Seijas<\/title>\n<meta name=\"description\" content=\"Compra el vi de David Seijas exsommelier d&#039;El Bulli, la seva edici\u00f3 DO Empord\u00e0 de garnatxa i carinyena. La Roca del Crit et transportar\u00e0 al paisatge empordan\u00e8s\" \/>\n<meta name=\"robots\" content=\"noindex, follow, max-snippet:-1, max-image-preview:large, max-video-preview:-1\" \/>\n<meta property=\"og:locale\" content=\"ca_ES\" \/>\n<meta property=\"og:type\" content=\"article\" \/>\n<meta property=\"og:title\" content=\"Gallina de Piel Roca del Crit\" \/>\n<meta property=\"og:description\" content=\"Compra el vi de David Seijas exsommelier d&#039;El Bulli, la seva edici\u00f3 DO Empord\u00e0 de garnatxa i carinyena. La Roca del Crit et transportar\u00e0 al paisatge empordan\u00e8s\" \/>\n<meta property=\"og:url\" content=\"https:\/\/aral2.cetrexmarketing.com\/ca\/producto\/gallina-de-piel-roca-del-crit-2\/\" \/>\n<meta property=\"og:site_name\" content=\"M\u00f3n La Cata\" \/>\n<meta property=\"article:modified_time\" content=\"2025-05-25T05:57:57+00:00\" \/>\n<meta property=\"og:image\" content=\"https:\/\/aral2.cetrexmarketing.com\/wp-content\/uploads\/2025\/05\/Roca-del-Crit-\u2013-Gallina-de-Piel-Wine.jpg-1.png\" \/>\n\t<meta property=\"og:image:width\" content=\"765\" \/>\n\t<meta property=\"og:image:height\" content=\"1024\" \/>\n\t<meta property=\"og:image:type\" content=\"image\/png\" \/>\n<meta name=\"twitter:card\" content=\"summary_large_image\" \/>\n<script type=\"application\/ld+json\" class=\"yoast-schema-graph\">{\"@context\":\"https:\/\/schema.org\",\"@graph\":[{\"@type\":\"WebPage\",\"@id\":\"https:\/\/aral2.cetrexmarketing.com\/ca\/producto\/gallina-de-piel-roca-del-crit-2\/\",\"url\":\"https:\/\/aral2.cetrexmarketing.com\/ca\/producto\/gallina-de-piel-roca-del-crit-2\/\",\"name\":\"Roca del crit - Vi negre Gallina de Piel by David Seijas\",\"isPartOf\":{\"@id\":\"https:\/\/aral2.cetrexmarketing.com\/#website\"},\"primaryImageOfPage\":{\"@id\":\"https:\/\/aral2.cetrexmarketing.com\/ca\/producto\/gallina-de-piel-roca-del-crit-2\/#primaryimage\"},\"image\":{\"@id\":\"https:\/\/aral2.cetrexmarketing.com\/ca\/producto\/gallina-de-piel-roca-del-crit-2\/#primaryimage\"},\"thumbnailUrl\":\"https:\/\/aral2.cetrexmarketing.com\/wp-content\/uploads\/2025\/05\/Roca-del-Crit-\u2013-Gallina-de-Piel-Wine.jpg-1.png\",\"datePublished\":\"2025-05-25T05:57:55+00:00\",\"dateModified\":\"2025-05-25T05:57:57+00:00\",\"description\":\"Compra el vi de David Seijas exsommelier d'El Bulli, la seva edici\u00f3 DO Empord\u00e0 de garnatxa i carinyena. La Roca del Crit et transportar\u00e0 al paisatge empordan\u00e8s\",\"breadcrumb\":{\"@id\":\"https:\/\/aral2.cetrexmarketing.com\/ca\/producto\/gallina-de-piel-roca-del-crit-2\/#breadcrumb\"},\"inLanguage\":\"ca\",\"potentialAction\":[{\"@type\":\"ReadAction\",\"target\":[\"https:\/\/aral2.cetrexmarketing.com\/ca\/producto\/gallina-de-piel-roca-del-crit-2\/\"]}]},{\"@type\":\"ImageObject\",\"inLanguage\":\"ca\",\"@id\":\"https:\/\/aral2.cetrexmarketing.com\/ca\/producto\/gallina-de-piel-roca-del-crit-2\/#primaryimage\",\"url\":\"https:\/\/aral2.cetrexmarketing.com\/wp-content\/uploads\/2025\/05\/Roca-del-Crit-\u2013-Gallina-de-Piel-Wine.jpg-1.png\",\"contentUrl\":\"https:\/\/aral2.cetrexmarketing.com\/wp-content\/uploads\/2025\/05\/Roca-del-Crit-\u2013-Gallina-de-Piel-Wine.jpg-1.png\",\"width\":765,\"height\":1024},{\"@type\":\"BreadcrumbList\",\"@id\":\"https:\/\/aral2.cetrexmarketing.com\/ca\/producto\/gallina-de-piel-roca-del-crit-2\/#breadcrumb\",\"itemListElement\":[{\"@type\":\"ListItem\",\"position\":1,\"name\":\"Home\",\"item\":\"https:\/\/aral2.cetrexmarketing.com\/ca\/\"},{\"@type\":\"ListItem\",\"position\":2,\"name\":\"Tienda\",\"item\":\"https:\/\/aral2.cetrexmarketing.com\/ca\/tienda-2\/\"},{\"@type\":\"ListItem\",\"position\":3,\"name\":\"Vi\",\"item\":\"https:\/\/aral2.cetrexmarketing.com\/categoria-producto\/vi\/\"},{\"@type\":\"ListItem\",\"position\":4,\"name\":\"Vi Negre\",\"item\":\"https:\/\/aral2.cetrexmarketing.com\/categoria-producto\/vi\/vi-negre\/\"},{\"@type\":\"ListItem\",\"position\":5,\"name\":\"Gallina de Piel Roca del Crit\"}]},{\"@type\":\"WebSite\",\"@id\":\"https:\/\/aral2.cetrexmarketing.com\/#website\",\"url\":\"https:\/\/aral2.cetrexmarketing.com\/\",\"name\":\"M\u00f3n La Cata\",\"description\":\"Tienda de vinos, licores, cervezas y gourmet\",\"publisher\":{\"@id\":\"https:\/\/aral2.cetrexmarketing.com\/#organization\"},\"potentialAction\":[{\"@type\":\"SearchAction\",\"target\":{\"@type\":\"EntryPoint\",\"urlTemplate\":\"https:\/\/aral2.cetrexmarketing.com\/?s={search_term_string}\"},\"query-input\":{\"@type\":\"PropertyValueSpecification\",\"valueRequired\":true,\"valueName\":\"search_term_string\"}}],\"inLanguage\":\"ca\"},{\"@type\":\"Organization\",\"@id\":\"https:\/\/aral2.cetrexmarketing.com\/#organization\",\"name\":\"M\u00f3n La Cata\",\"url\":\"https:\/\/aral2.cetrexmarketing.com\/\",\"logo\":{\"@type\":\"ImageObject\",\"inLanguage\":\"ca\",\"@id\":\"https:\/\/aral2.cetrexmarketing.com\/#\/schema\/logo\/image\/\",\"url\":\"https:\/\/aral2.cetrexmarketing.com\/wp-content\/uploads\/2024\/10\/aral-logo-neg-1024x409-1.png\",\"contentUrl\":\"https:\/\/aral2.cetrexmarketing.com\/wp-content\/uploads\/2024\/10\/aral-logo-neg-1024x409-1.png\",\"width\":1024,\"height\":409,\"caption\":\"M\u00f3n La Cata\"},\"image\":{\"@id\":\"https:\/\/aral2.cetrexmarketing.com\/#\/schema\/logo\/image\/\"}}]}<\/script>\n<!-- \/ Yoast SEO Premium plugin. -->","yoast_head_json":{"title":"Roca del crit - Vi negre Gallina de Piel by David Seijas","description":"Compra el vi de David Seijas exsommelier d'El Bulli, la seva edici\u00f3 DO Empord\u00e0 de garnatxa i carinyena. La Roca del Crit et transportar\u00e0 al paisatge empordan\u00e8s","robots":{"index":"noindex","follow":"follow","max-snippet":"max-snippet:-1","max-image-preview":"max-image-preview:large","max-video-preview":"max-video-preview:-1"},"og_locale":"ca_ES","og_type":"article","og_title":"Gallina de Piel Roca del Crit","og_description":"Compra el vi de David Seijas exsommelier d'El Bulli, la seva edici\u00f3 DO Empord\u00e0 de garnatxa i carinyena. La Roca del Crit et transportar\u00e0 al paisatge empordan\u00e8s","og_url":"https:\/\/aral2.cetrexmarketing.com\/ca\/producto\/gallina-de-piel-roca-del-crit-2\/","og_site_name":"M\u00f3n La Cata","article_modified_time":"2025-05-25T05:57:57+00:00","og_image":[{"width":765,"height":1024,"url":"https:\/\/aral2.cetrexmarketing.com\/wp-content\/uploads\/2025\/05\/Roca-del-Crit-\u2013-Gallina-de-Piel-Wine.jpg-1.png","type":"image\/png"}],"twitter_card":"summary_large_image","schema":{"@context":"https:\/\/schema.org","@graph":[{"@type":"WebPage","@id":"https:\/\/aral2.cetrexmarketing.com\/ca\/producto\/gallina-de-piel-roca-del-crit-2\/","url":"https:\/\/aral2.cetrexmarketing.com\/ca\/producto\/gallina-de-piel-roca-del-crit-2\/","name":"Roca del crit - Vi negre Gallina de Piel by David Seijas","isPartOf":{"@id":"https:\/\/aral2.cetrexmarketing.com\/#website"},"primaryImageOfPage":{"@id":"https:\/\/aral2.cetrexmarketing.com\/ca\/producto\/gallina-de-piel-roca-del-crit-2\/#primaryimage"},"image":{"@id":"https:\/\/aral2.cetrexmarketing.com\/ca\/producto\/gallina-de-piel-roca-del-crit-2\/#primaryimage"},"thumbnailUrl":"https:\/\/aral2.cetrexmarketing.com\/wp-content\/uploads\/2025\/05\/Roca-del-Crit-\u2013-Gallina-de-Piel-Wine.jpg-1.png","datePublished":"2025-05-25T05:57:55+00:00","dateModified":"2025-05-25T05:57:57+00:00","description":"Compra el vi de David Seijas exsommelier d'El Bulli, la seva edici\u00f3 DO Empord\u00e0 de garnatxa i carinyena. La Roca del Crit et transportar\u00e0 al paisatge empordan\u00e8s","breadcrumb":{"@id":"https:\/\/aral2.cetrexmarketing.com\/ca\/producto\/gallina-de-piel-roca-del-crit-2\/#breadcrumb"},"inLanguage":"ca","potentialAction":[{"@type":"ReadAction","target":["https:\/\/aral2.cetrexmarketing.com\/ca\/producto\/gallina-de-piel-roca-del-crit-2\/"]}]},{"@type":"ImageObject","inLanguage":"ca","@id":"https:\/\/aral2.cetrexmarketing.com\/ca\/producto\/gallina-de-piel-roca-del-crit-2\/#primaryimage","url":"https:\/\/aral2.cetrexmarketing.com\/wp-content\/uploads\/2025\/05\/Roca-del-Crit-\u2013-Gallina-de-Piel-Wine.jpg-1.png","contentUrl":"https:\/\/aral2.cetrexmarketing.com\/wp-content\/uploads\/2025\/05\/Roca-del-Crit-\u2013-Gallina-de-Piel-Wine.jpg-1.png","width":765,"height":1024},{"@type":"BreadcrumbList","@id":"https:\/\/aral2.cetrexmarketing.com\/ca\/producto\/gallina-de-piel-roca-del-crit-2\/#breadcrumb","itemListElement":[{"@type":"ListItem","position":1,"name":"Home","item":"https:\/\/aral2.cetrexmarketing.com\/ca\/"},{"@type":"ListItem","position":2,"name":"Tienda","item":"https:\/\/aral2.cetrexmarketing.com\/ca\/tienda-2\/"},{"@type":"ListItem","position":3,"name":"Vi","item":"https:\/\/aral2.cetrexmarketing.com\/categoria-producto\/vi\/"},{"@type":"ListItem","position":4,"name":"Vi Negre","item":"https:\/\/aral2.cetrexmarketing.com\/categoria-producto\/vi\/vi-negre\/"},{"@type":"ListItem","position":5,"name":"Gallina de Piel Roca del Crit"}]},{"@type":"WebSite","@id":"https:\/\/aral2.cetrexmarketing.com\/#website","url":"https:\/\/aral2.cetrexmarketing.com\/","name":"M\u00f3n La Cata","description":"Tienda de vinos, licores, cervezas y gourmet","publisher":{"@id":"https:\/\/aral2.cetrexmarketing.com\/#organization"},"potentialAction":[{"@type":"SearchAction","target":{"@type":"EntryPoint","urlTemplate":"https:\/\/aral2.cetrexmarketing.com\/?s={search_term_string}"},"query-input":{"@type":"PropertyValueSpecification","valueRequired":true,"valueName":"search_term_string"}}],"inLanguage":"ca"},{"@type":"Organization","@id":"https:\/\/aral2.cetrexmarketing.com\/#organization","name":"M\u00f3n La Cata","url":"https:\/\/aral2.cetrexmarketing.com\/","logo":{"@type":"ImageObject","inLanguage":"ca","@id":"https:\/\/aral2.cetrexmarketing.com\/#\/schema\/logo\/image\/","url":"https:\/\/aral2.cetrexmarketing.com\/wp-content\/uploads\/2024\/10\/aral-logo-neg-1024x409-1.png","contentUrl":"https:\/\/aral2.cetrexmarketing.com\/wp-content\/uploads\/2024\/10\/aral-logo-neg-1024x409-1.png","width":1024,"height":409,"caption":"M\u00f3n La Cata"},"image":{"@id":"https:\/\/aral2.cetrexmarketing.com\/#\/schema\/logo\/image\/"}}]}},"brands":[{"id":32879,"name":"Empord\u00e0 D.O.","slug":"emporda-d-o"}],"_links":{"self":[{"href":"https:\/\/aral2.cetrexmarketing.com\/ca\/wp-json\/wp\/v2\/product\/84369","targetHints":{"allow":["GET"]}}],"collection":[{"href":"https:\/\/aral2.cetrexmarketing.com\/ca\/wp-json\/wp\/v2\/product"}],"about":[{"href":"https:\/\/aral2.cetrexmarketing.com\/ca\/wp-json\/wp\/v2\/types\/product"}],"replies":[{"embeddable":true,"href":"https:\/\/aral2.cetrexmarketing.com\/ca\/wp-json\/wp\/v2\/comments?post=84369"}],"wp:featuredmedia":[{"embeddable":true,"href":"https:\/\/aral2.cetrexmarketing.com\/ca\/wp-json\/wp\/v2\/media\/84366"}],"wp:attachment":[{"href":"https:\/\/aral2.cetrexmarketing.com\/ca\/wp-json\/wp\/v2\/media?parent=84369"}],"wp:term":[{"taxonomy":"pwb-brand","embeddable":true,"href":"https:\/\/aral2.cetrexmarketing.com\/ca\/wp-json\/wp\/v2\/pwb-brand?post=84369"},{"taxonomy":"product_brand","embeddable":true,"href":"https:\/\/aral2.cetrexmarketing.com\/ca\/wp-json\/wp\/v2\/product_brand?post=84369"},{"taxonomy":"product_cat","embeddable":true,"href":"https:\/\/aral2.cetrexmarketing.com\/ca\/wp-json\/wp\/v2\/product_cat?post=84369"},{"taxonomy":"product_tag","embeddable":true,"href":"https:\/\/aral2.cetrexmarketing.com\/ca\/wp-json\/wp\/v2\/product_tag?post=84369"}],"curies":[{"name":"wp","href":"https:\/\/api.w.org\/{rel}","templated":true}]}}