{"id":84323,"date":"2025-05-24T08:49:32","date_gmt":"2025-05-24T08:49:32","guid":{"rendered":"https:\/\/aral2.cetrexmarketing.com\/producto\/arche-pages-cartesius-negre\/"},"modified":"2025-05-24T08:49:33","modified_gmt":"2025-05-24T08:49:33","slug":"arche-pages-cartesius-negre","status":"publish","type":"product","link":"https:\/\/aral2.cetrexmarketing.com\/ca\/producto\/arche-pages-cartesius-negre\/","title":{"rendered":"Arch\u00e9 Pag\u00e8s Cartesius Negre"},"content":{"rendered":"<p><strong>Arche Pag\u00e8s Cartesius Tinto<\/strong> \u00e9s un vi negre d&#8217;alta qualitat de la DO Empord\u00e0, elaborat per la prestigiosa bodega <strong>Arche Pag\u00e8s<\/strong>, coneguda per la seva tradici\u00f3 i dedicaci\u00f3 a la viticultura sostenible. Aquest vi, que destaca per la seva riquesa arom\u00e0tica i la complexitat de sabors, est\u00e0 elaborat amb varietats aut\u00f2ctones de la zona com la <strong>Garnatxa<\/strong> i la <strong>Cari\u00f1ena<\/strong>, que li atorguen un car\u00e0cter \u00fanic i distintiu.<\/p>\n<p><strong>Perfil de sabor i notes de tast<\/strong>: El <strong>Cartesius Tinto<\/strong> presenta un perfil gustatiu elegant i equilibrat, amb notes de fruita madura i un fons especiat subtil, gr\u00e0cies a la seva crian\u00e7a en barrica. A mesura que es descobreixen les capes de sabor, es perceben tocs lleugerament amargs i un agradable retrogust a fusta, que enriqueix l&#8217;experi\u00e8ncia sensorial. La seva estructura robusta i el seu grau alcoh\u00f2lic de 15% el converteixen en un vi ideal per acompanyar plats de carn, cuina mediterr\u00e0nia i formatges curats, oferint una gran versatilitat en els maridatges.<\/p>\n<p><strong>Per qu\u00e8 triar Arche Pag\u00e8s Cartesius Tinto?<\/strong><\/p>\n<ul>\n<li><strong>Qualitat superior<\/strong>: Aquest vi negre premium \u00e9s un reflex de l&#8217;excel\u00b7l\u00e8ncia vitivin\u00edcola de l&#8217;Empord\u00e0, elaborat amb vinyes aut\u00f2ctones i seguint m\u00e8todes de producci\u00f3 sostenibles.<\/li>\n<li><strong>Ideal per a ocasions especials<\/strong>: El seu sabor complex i equilibrat el converteixen en l&#8217;acompanyament perfecte per a celebracions i sopars elegants.<\/li>\n<li><strong>Perfecte per maridar<\/strong>: La seva versatilitat en el maridatge el fa una opci\u00f3 excel\u00b7lent per a una \u00e0mplia varietat de plats.<\/li>\n<\/ul>\n<p>Compra <strong>Arche Pag\u00e8s Cartesius Tinto<\/strong> i gaudeix d&#8217;un vi de gran car\u00e0cter, que captura l\u2019ess\u00e8ncia del <strong>Empord\u00e0<\/strong> i de les vinyes tradicionals de la regi\u00f3. Amb cada copa, podr\u00e0s tastar el comprom\u00eds amb la qualitat i la sostenibilitat d\u2019aquesta bodega familiar.<\/p>\n","protected":false},"excerpt":{"rendered":"<p><span id=\"docs-internal-guid-312ca238-7fff-e315-c7fb-6ee397b32f50\">Empord\u00e0 del celler Arch\u00e9 Pag\u00e8s, fet de les varietats Garnatxa, Merlot i Cabernet Sauvignon.<\/span><\/p>\n<p>Crian\u00e7a en b\u00f3tes de roure franc\u00e8s en soterrani.<\/p>\n<p>De vinyes sobre terrenys gran\u00edtics que el fan un vi m\u00e9s mineral i fresc.<\/p>\n<p>En nas ens aporta notes de fruita vermella fresca, tocs especiats i de fusta.<\/p>\n<p>Un vi ideal per acompanyar amb carns a la brasa.<\/p>\n","protected":false},"featured_media":84320,"comment_status":"closed","ping_status":"closed","template":"","meta":{"_acf_changed":false},"pwb-brand":[45281,32879],"product_brand":[],"product_cat":[51670,51671],"product_tag":[15862,15797,16361,14938,14937],"class_list":{"0":"post-84323","1":"product","2":"type-product","3":"status-publish","4":"has-post-thumbnail","6":"pwb-brand-arche-pages","7":"pwb-brand-emporda-d-o","8":"product_cat-vi","9":"product_cat-vi-negre","10":"product_tag-arche-pages-ca","11":"product_tag-capmany-ca","12":"product_tag-cartesius-ca","13":"product_tag-do-emporda-ca","14":"product_tag-emporda-ca","15":"pa_anada-36212","16":"pa_bodega-celler-arche-pages","17":"pa_do-emporda-d-o-ca","18":"pa_formatoenml-38306","19":"pa_gastronomico-negre-gastronomic","20":"pa_graduacion-15_0","21":"pa_maridaje-carn-blanca","22":"pa_maridaje-carn-roja","23":"pa_pueblociudad-capmanygirona","24":"pa_tipodevino-vi-tranquil","25":"entry","26":"has-media","28":"first","29":"instock","30":"taxable","31":"shipping-taxable","32":"purchasable","33":"product-type-simple"},"acf":[],"yoast_head":"<!-- This site is optimized with the Yoast SEO Premium plugin v23.1 (Yoast SEO v23.5) - https:\/\/yoast.com\/wordpress\/plugins\/seo\/ -->\n<title>Cartesius Negre vi de la DO Empord\u00e0<\/title>\n<meta name=\"description\" content=\"Comprar online al millor preu el vi negre Cartesius del celler Arch\u00e9 Pag\u00e8s a la DO Empord\u00e0. Enviament Expr\u00e9s. Descompte per compra de 6 ampolles. Viniteca.\" \/>\n<meta name=\"robots\" content=\"noindex, follow, max-snippet:-1, max-image-preview:large, max-video-preview:-1\" \/>\n<meta property=\"og:locale\" content=\"ca_ES\" \/>\n<meta property=\"og:type\" content=\"article\" \/>\n<meta property=\"og:title\" content=\"Arch\u00e9 Pag\u00e8s Cartesius Negre\" \/>\n<meta property=\"og:description\" content=\"Comprar online al millor preu el vi negre Cartesius del celler Arch\u00e9 Pag\u00e8s a la DO Empord\u00e0. Enviament Expr\u00e9s. Descompte per compra de 6 ampolles. Viniteca.\" \/>\n<meta property=\"og:url\" content=\"https:\/\/aral2.cetrexmarketing.com\/ca\/producto\/arche-pages-cartesius-negre\/\" \/>\n<meta property=\"og:site_name\" content=\"M\u00f3n La Cata\" \/>\n<meta property=\"article:modified_time\" content=\"2025-05-24T08:49:33+00:00\" \/>\n<meta property=\"og:image\" content=\"https:\/\/aral2.cetrexmarketing.com\/wp-content\/uploads\/2025\/05\/Arche-Pages-Cartesius-Tinto.jpg.png\" \/>\n\t<meta property=\"og:image:width\" content=\"765\" \/>\n\t<meta property=\"og:image:height\" content=\"1024\" \/>\n\t<meta property=\"og:image:type\" content=\"image\/png\" \/>\n<meta name=\"twitter:card\" content=\"summary_large_image\" \/>\n<meta name=\"twitter:label1\" content=\"Temps estimat de lectura\" \/>\n\t<meta name=\"twitter:data1\" content=\"2 minuts\" \/>\n<script type=\"application\/ld+json\" class=\"yoast-schema-graph\">{\"@context\":\"https:\/\/schema.org\",\"@graph\":[{\"@type\":\"WebPage\",\"@id\":\"https:\/\/aral2.cetrexmarketing.com\/ca\/producto\/arche-pages-cartesius-negre\/\",\"url\":\"https:\/\/aral2.cetrexmarketing.com\/ca\/producto\/arche-pages-cartesius-negre\/\",\"name\":\"Cartesius Negre vi de la DO Empord\u00e0\",\"isPartOf\":{\"@id\":\"https:\/\/aral2.cetrexmarketing.com\/#website\"},\"primaryImageOfPage\":{\"@id\":\"https:\/\/aral2.cetrexmarketing.com\/ca\/producto\/arche-pages-cartesius-negre\/#primaryimage\"},\"image\":{\"@id\":\"https:\/\/aral2.cetrexmarketing.com\/ca\/producto\/arche-pages-cartesius-negre\/#primaryimage\"},\"thumbnailUrl\":\"https:\/\/aral2.cetrexmarketing.com\/wp-content\/uploads\/2025\/05\/Arche-Pages-Cartesius-Tinto.jpg.png\",\"datePublished\":\"2025-05-24T08:49:32+00:00\",\"dateModified\":\"2025-05-24T08:49:33+00:00\",\"description\":\"Comprar online al millor preu el vi negre Cartesius del celler Arch\u00e9 Pag\u00e8s a la DO Empord\u00e0. Enviament Expr\u00e9s. Descompte per compra de 6 ampolles. Viniteca.\",\"breadcrumb\":{\"@id\":\"https:\/\/aral2.cetrexmarketing.com\/ca\/producto\/arche-pages-cartesius-negre\/#breadcrumb\"},\"inLanguage\":\"ca\",\"potentialAction\":[{\"@type\":\"ReadAction\",\"target\":[\"https:\/\/aral2.cetrexmarketing.com\/ca\/producto\/arche-pages-cartesius-negre\/\"]}]},{\"@type\":\"ImageObject\",\"inLanguage\":\"ca\",\"@id\":\"https:\/\/aral2.cetrexmarketing.com\/ca\/producto\/arche-pages-cartesius-negre\/#primaryimage\",\"url\":\"https:\/\/aral2.cetrexmarketing.com\/wp-content\/uploads\/2025\/05\/Arche-Pages-Cartesius-Tinto.jpg.png\",\"contentUrl\":\"https:\/\/aral2.cetrexmarketing.com\/wp-content\/uploads\/2025\/05\/Arche-Pages-Cartesius-Tinto.jpg.png\",\"width\":765,\"height\":1024},{\"@type\":\"BreadcrumbList\",\"@id\":\"https:\/\/aral2.cetrexmarketing.com\/ca\/producto\/arche-pages-cartesius-negre\/#breadcrumb\",\"itemListElement\":[{\"@type\":\"ListItem\",\"position\":1,\"name\":\"Home\",\"item\":\"https:\/\/aral2.cetrexmarketing.com\/ca\/\"},{\"@type\":\"ListItem\",\"position\":2,\"name\":\"Tienda\",\"item\":\"https:\/\/aral2.cetrexmarketing.com\/ca\/tienda-2\/\"},{\"@type\":\"ListItem\",\"position\":3,\"name\":\"Vi\",\"item\":\"https:\/\/aral2.cetrexmarketing.com\/categoria-producto\/vi\/\"},{\"@type\":\"ListItem\",\"position\":4,\"name\":\"Vi Negre\",\"item\":\"https:\/\/aral2.cetrexmarketing.com\/categoria-producto\/vi\/vi-negre\/\"},{\"@type\":\"ListItem\",\"position\":5,\"name\":\"Arch\u00e9 Pag\u00e8s Cartesius Negre\"}]},{\"@type\":\"WebSite\",\"@id\":\"https:\/\/aral2.cetrexmarketing.com\/#website\",\"url\":\"https:\/\/aral2.cetrexmarketing.com\/\",\"name\":\"M\u00f3n La Cata\",\"description\":\"Tienda de vinos, licores, cervezas y gourmet\",\"publisher\":{\"@id\":\"https:\/\/aral2.cetrexmarketing.com\/#organization\"},\"potentialAction\":[{\"@type\":\"SearchAction\",\"target\":{\"@type\":\"EntryPoint\",\"urlTemplate\":\"https:\/\/aral2.cetrexmarketing.com\/?s={search_term_string}\"},\"query-input\":{\"@type\":\"PropertyValueSpecification\",\"valueRequired\":true,\"valueName\":\"search_term_string\"}}],\"inLanguage\":\"ca\"},{\"@type\":\"Organization\",\"@id\":\"https:\/\/aral2.cetrexmarketing.com\/#organization\",\"name\":\"M\u00f3n La Cata\",\"url\":\"https:\/\/aral2.cetrexmarketing.com\/\",\"logo\":{\"@type\":\"ImageObject\",\"inLanguage\":\"ca\",\"@id\":\"https:\/\/aral2.cetrexmarketing.com\/#\/schema\/logo\/image\/\",\"url\":\"https:\/\/aral2.cetrexmarketing.com\/wp-content\/uploads\/2024\/10\/aral-logo-neg-1024x409-1.png\",\"contentUrl\":\"https:\/\/aral2.cetrexmarketing.com\/wp-content\/uploads\/2024\/10\/aral-logo-neg-1024x409-1.png\",\"width\":1024,\"height\":409,\"caption\":\"M\u00f3n La Cata\"},\"image\":{\"@id\":\"https:\/\/aral2.cetrexmarketing.com\/#\/schema\/logo\/image\/\"}}]}<\/script>\n<!-- \/ Yoast SEO Premium plugin. -->","yoast_head_json":{"title":"Cartesius Negre vi de la DO Empord\u00e0","description":"Comprar online al millor preu el vi negre Cartesius del celler Arch\u00e9 Pag\u00e8s a la DO Empord\u00e0. Enviament Expr\u00e9s. Descompte per compra de 6 ampolles. Viniteca.","robots":{"index":"noindex","follow":"follow","max-snippet":"max-snippet:-1","max-image-preview":"max-image-preview:large","max-video-preview":"max-video-preview:-1"},"og_locale":"ca_ES","og_type":"article","og_title":"Arch\u00e9 Pag\u00e8s Cartesius Negre","og_description":"Comprar online al millor preu el vi negre Cartesius del celler Arch\u00e9 Pag\u00e8s a la DO Empord\u00e0. Enviament Expr\u00e9s. Descompte per compra de 6 ampolles. Viniteca.","og_url":"https:\/\/aral2.cetrexmarketing.com\/ca\/producto\/arche-pages-cartesius-negre\/","og_site_name":"M\u00f3n La Cata","article_modified_time":"2025-05-24T08:49:33+00:00","og_image":[{"width":765,"height":1024,"url":"https:\/\/aral2.cetrexmarketing.com\/wp-content\/uploads\/2025\/05\/Arche-Pages-Cartesius-Tinto.jpg.png","type":"image\/png"}],"twitter_card":"summary_large_image","twitter_misc":{"Temps estimat de lectura":"2 minuts"},"schema":{"@context":"https:\/\/schema.org","@graph":[{"@type":"WebPage","@id":"https:\/\/aral2.cetrexmarketing.com\/ca\/producto\/arche-pages-cartesius-negre\/","url":"https:\/\/aral2.cetrexmarketing.com\/ca\/producto\/arche-pages-cartesius-negre\/","name":"Cartesius Negre vi de la DO Empord\u00e0","isPartOf":{"@id":"https:\/\/aral2.cetrexmarketing.com\/#website"},"primaryImageOfPage":{"@id":"https:\/\/aral2.cetrexmarketing.com\/ca\/producto\/arche-pages-cartesius-negre\/#primaryimage"},"image":{"@id":"https:\/\/aral2.cetrexmarketing.com\/ca\/producto\/arche-pages-cartesius-negre\/#primaryimage"},"thumbnailUrl":"https:\/\/aral2.cetrexmarketing.com\/wp-content\/uploads\/2025\/05\/Arche-Pages-Cartesius-Tinto.jpg.png","datePublished":"2025-05-24T08:49:32+00:00","dateModified":"2025-05-24T08:49:33+00:00","description":"Comprar online al millor preu el vi negre Cartesius del celler Arch\u00e9 Pag\u00e8s a la DO Empord\u00e0. Enviament Expr\u00e9s. Descompte per compra de 6 ampolles. Viniteca.","breadcrumb":{"@id":"https:\/\/aral2.cetrexmarketing.com\/ca\/producto\/arche-pages-cartesius-negre\/#breadcrumb"},"inLanguage":"ca","potentialAction":[{"@type":"ReadAction","target":["https:\/\/aral2.cetrexmarketing.com\/ca\/producto\/arche-pages-cartesius-negre\/"]}]},{"@type":"ImageObject","inLanguage":"ca","@id":"https:\/\/aral2.cetrexmarketing.com\/ca\/producto\/arche-pages-cartesius-negre\/#primaryimage","url":"https:\/\/aral2.cetrexmarketing.com\/wp-content\/uploads\/2025\/05\/Arche-Pages-Cartesius-Tinto.jpg.png","contentUrl":"https:\/\/aral2.cetrexmarketing.com\/wp-content\/uploads\/2025\/05\/Arche-Pages-Cartesius-Tinto.jpg.png","width":765,"height":1024},{"@type":"BreadcrumbList","@id":"https:\/\/aral2.cetrexmarketing.com\/ca\/producto\/arche-pages-cartesius-negre\/#breadcrumb","itemListElement":[{"@type":"ListItem","position":1,"name":"Home","item":"https:\/\/aral2.cetrexmarketing.com\/ca\/"},{"@type":"ListItem","position":2,"name":"Tienda","item":"https:\/\/aral2.cetrexmarketing.com\/ca\/tienda-2\/"},{"@type":"ListItem","position":3,"name":"Vi","item":"https:\/\/aral2.cetrexmarketing.com\/categoria-producto\/vi\/"},{"@type":"ListItem","position":4,"name":"Vi Negre","item":"https:\/\/aral2.cetrexmarketing.com\/categoria-producto\/vi\/vi-negre\/"},{"@type":"ListItem","position":5,"name":"Arch\u00e9 Pag\u00e8s Cartesius Negre"}]},{"@type":"WebSite","@id":"https:\/\/aral2.cetrexmarketing.com\/#website","url":"https:\/\/aral2.cetrexmarketing.com\/","name":"M\u00f3n La Cata","description":"Tienda de vinos, licores, cervezas y gourmet","publisher":{"@id":"https:\/\/aral2.cetrexmarketing.com\/#organization"},"potentialAction":[{"@type":"SearchAction","target":{"@type":"EntryPoint","urlTemplate":"https:\/\/aral2.cetrexmarketing.com\/?s={search_term_string}"},"query-input":{"@type":"PropertyValueSpecification","valueRequired":true,"valueName":"search_term_string"}}],"inLanguage":"ca"},{"@type":"Organization","@id":"https:\/\/aral2.cetrexmarketing.com\/#organization","name":"M\u00f3n La Cata","url":"https:\/\/aral2.cetrexmarketing.com\/","logo":{"@type":"ImageObject","inLanguage":"ca","@id":"https:\/\/aral2.cetrexmarketing.com\/#\/schema\/logo\/image\/","url":"https:\/\/aral2.cetrexmarketing.com\/wp-content\/uploads\/2024\/10\/aral-logo-neg-1024x409-1.png","contentUrl":"https:\/\/aral2.cetrexmarketing.com\/wp-content\/uploads\/2024\/10\/aral-logo-neg-1024x409-1.png","width":1024,"height":409,"caption":"M\u00f3n La Cata"},"image":{"@id":"https:\/\/aral2.cetrexmarketing.com\/#\/schema\/logo\/image\/"}}]}},"brands":[{"id":45281,"name":"Arch\u00e9 Pag\u00e8s","slug":"arche-pages"},{"id":32879,"name":"Empord\u00e0 D.O.","slug":"emporda-d-o"}],"_links":{"self":[{"href":"https:\/\/aral2.cetrexmarketing.com\/ca\/wp-json\/wp\/v2\/product\/84323","targetHints":{"allow":["GET"]}}],"collection":[{"href":"https:\/\/aral2.cetrexmarketing.com\/ca\/wp-json\/wp\/v2\/product"}],"about":[{"href":"https:\/\/aral2.cetrexmarketing.com\/ca\/wp-json\/wp\/v2\/types\/product"}],"replies":[{"embeddable":true,"href":"https:\/\/aral2.cetrexmarketing.com\/ca\/wp-json\/wp\/v2\/comments?post=84323"}],"wp:featuredmedia":[{"embeddable":true,"href":"https:\/\/aral2.cetrexmarketing.com\/ca\/wp-json\/wp\/v2\/media\/84320"}],"wp:attachment":[{"href":"https:\/\/aral2.cetrexmarketing.com\/ca\/wp-json\/wp\/v2\/media?parent=84323"}],"wp:term":[{"taxonomy":"pwb-brand","embeddable":true,"href":"https:\/\/aral2.cetrexmarketing.com\/ca\/wp-json\/wp\/v2\/pwb-brand?post=84323"},{"taxonomy":"product_brand","embeddable":true,"href":"https:\/\/aral2.cetrexmarketing.com\/ca\/wp-json\/wp\/v2\/product_brand?post=84323"},{"taxonomy":"product_cat","embeddable":true,"href":"https:\/\/aral2.cetrexmarketing.com\/ca\/wp-json\/wp\/v2\/product_cat?post=84323"},{"taxonomy":"product_tag","embeddable":true,"href":"https:\/\/aral2.cetrexmarketing.com\/ca\/wp-json\/wp\/v2\/product_tag?post=84323"}],"curies":[{"name":"wp","href":"https:\/\/api.w.org\/{rel}","templated":true}]}}