{"id":84264,"date":"2025-05-24T08:48:35","date_gmt":"2025-05-24T08:48:35","guid":{"rendered":"https:\/\/aral2.cetrexmarketing.com\/producto\/alta-alella-garnatxa-negra\/"},"modified":"2025-05-24T08:48:37","modified_gmt":"2025-05-24T08:48:37","slug":"alta-alella-garnatxa-negra","status":"publish","type":"product","link":"https:\/\/aral2.cetrexmarketing.com\/ca\/producto\/alta-alella-garnatxa-negra\/","title":{"rendered":"Alta Alella Garnatxa Negra"},"content":{"rendered":"<p data-start=\"0\" data-end=\"340\"><strong data-start=\"0\" data-end=\"30\">Alta Alella Garnacha Negra<\/strong> \u00e9s un vi tinto de <strong data-start=\"49\" data-end=\"72\">100% Garnacha Negra<\/strong> elaborat per la bodega <strong data-start=\"96\" data-end=\"111\">Alta Alella<\/strong>, situada en la <strong data-start=\"127\" data-end=\"140\">DO Alella<\/strong>, a la costa mediterr\u00e0nia propera a Barcelona. Aquesta bodega es caracteritza pel seu comprom\u00eds amb la producci\u00f3 de vins de qualitat, amb pr\u00e0ctiques <strong data-start=\"289\" data-end=\"304\" data-is-only-node=\"\">sostenibles<\/strong> i respectuoses amb el medi ambient.<\/p>\n<h3 data-start=\"342\" data-end=\"374\"><strong data-start=\"346\" data-end=\"374\">Caracter\u00edstiques del Vi:<\/strong><\/h3>\n<ul data-start=\"375\" data-end=\"850\">\n<li data-start=\"375\" data-end=\"396\"><strong data-start=\"377\" data-end=\"387\">Tipus:<\/strong> Vi tinto<\/li>\n<li data-start=\"397\" data-end=\"444\"><strong data-start=\"399\" data-end=\"420\">Varietat de ra\u00efm:<\/strong> 100% <strong data-start=\"426\" data-end=\"444\">Garnacha Negra<\/strong><\/li>\n<li data-start=\"445\" data-end=\"518\"><strong data-start=\"447\" data-end=\"463\">Cata visual:<\/strong> Color <strong data-start=\"470\" data-end=\"490\">roig rub\u00ed intens<\/strong>, amb <strong data-start=\"496\" data-end=\"517\">reflexos violacis<\/strong>.<\/li>\n<li data-start=\"519\" data-end=\"647\"><strong data-start=\"521\" data-end=\"531\">Aroma:<\/strong> Fresc, amb notes de <strong data-start=\"552\" data-end=\"571\">fruits vermells<\/strong> (freses, gerds) i un toc subtil de <strong data-start=\"607\" data-end=\"619\">esp\u00e8cies<\/strong> i <strong data-start=\"622\" data-end=\"646\">herbes mediterr\u00e0nies<\/strong>.<\/li>\n<li data-start=\"648\" data-end=\"766\"><strong data-start=\"650\" data-end=\"660\">Sabor:<\/strong> Suau en boca, amb una <strong data-start=\"683\" data-end=\"706\">acidesa equilibrada<\/strong>, <strong data-start=\"708\" data-end=\"724\">tanins suaus<\/strong> i un <strong data-start=\"730\" data-end=\"754\">retrogust persistent<\/strong> de fruites.<\/li>\n<li data-start=\"767\" data-end=\"850\"><strong data-start=\"769\" data-end=\"779\">Final:<\/strong> <strong data-start=\"780\" data-end=\"803\">Llargament afruitat<\/strong> i fresc, amb una <strong data-start=\"821\" data-end=\"841\">sensaci\u00f3 elegant<\/strong> en boca.<\/li>\n<\/ul>\n","protected":false},"excerpt":{"rendered":"<p dir=\"ltr\">Aquest \u00e9s un monovarietal de <strong>Garnatxa<\/strong>, en concret una Garnatxa amb sol de Saul\u00f3.<\/p>\n<p dir=\"ltr\">Fresca divertida i sense cap mena de complicaci\u00f3.<\/p>\n<p dir=\"ltr\">Ens aporta notes de fruita vermella i aromes l\u00e0ctics provinents de la fermentaci\u00f3 malol\u00e0ctica.<\/p>\n<p dir=\"ltr\">Molt recomanable per fer amb uns pinxos i tapes.<\/p>\n","protected":false},"featured_media":84261,"comment_status":"closed","ping_status":"closed","template":"","meta":{"_acf_changed":false},"pwb-brand":[32865,32868],"product_brand":[],"product_cat":[51669,51670,51671],"product_tag":[15050,14882,14881],"class_list":{"0":"post-84264","1":"product","2":"type-product","3":"status-publish","4":"has-post-thumbnail","6":"pwb-brand-alella-d-o","7":"pwb-brand-ca-altaalella-mirgin-ca","8":"product_cat-ecologic","9":"product_cat-vi","10":"product_cat-vi-negre","11":"product_tag-alella-ca","12":"product_tag-alta-alella-ca","13":"product_tag-do-alella-ca","14":"pa_anada-45483","15":"pa_bodega-altaalella","16":"pa_do-alellado-ca","17":"pa_ecologico-vegano-natural-ecologic","18":"pa_formatoenml-38306","19":"pa_fresco-negre-fresc","20":"pa_graduacion-14_5","21":"pa_maridaje-carn-blanca","22":"pa_maridaje-embotits","23":"pa_maridaje-midons","24":"pa_maridaje-verdures","25":"pa_pais-espanya-ca","26":"pa_pueblociudad-tianabarcelona","27":"pa_region-cataluna","28":"pa_variedad-principal-garnacha-tinta-ca","29":"entry","30":"has-media","32":"first","33":"instock","34":"taxable","35":"shipping-taxable","36":"purchasable","37":"product-type-simple"},"acf":[],"yoast_head":"<!-- This site is optimized with the Yoast SEO Premium plugin v23.1 (Yoast SEO v23.5) - https:\/\/yoast.com\/wordpress\/plugins\/seo\/ -->\n<title>Alta Alella Garnatxa Negravi negre DO Alella<\/title>\n<meta name=\"description\" content=\"Compra el vi negre Alta Alella Garnatxa, de la DO Alella. Enviament Expr\u00e9s. La teva botiga de vins online de confian\u00e7a. Enviament gratu\u00eft compra superior a 120\u20ac\" \/>\n<meta name=\"robots\" content=\"noindex, follow, max-snippet:-1, max-image-preview:large, max-video-preview:-1\" \/>\n<meta property=\"og:locale\" content=\"ca_ES\" \/>\n<meta property=\"og:type\" content=\"article\" \/>\n<meta property=\"og:title\" content=\"Alta Alella Garnatxa Negra\" \/>\n<meta property=\"og:description\" content=\"Compra el vi negre Alta Alella Garnatxa, de la DO Alella. Enviament Expr\u00e9s. La teva botiga de vins online de confian\u00e7a. Enviament gratu\u00eft compra superior a 120\u20ac\" \/>\n<meta property=\"og:url\" content=\"https:\/\/aral2.cetrexmarketing.com\/ca\/producto\/alta-alella-garnatxa-negra\/\" \/>\n<meta property=\"og:site_name\" content=\"M\u00f3n La Cata\" \/>\n<meta property=\"article:modified_time\" content=\"2025-05-24T08:48:37+00:00\" \/>\n<meta property=\"og:image\" content=\"https:\/\/aral2.cetrexmarketing.com\/wp-content\/uploads\/2025\/05\/Alta-Alella-Garnacha-Negra.jpg.png\" \/>\n\t<meta property=\"og:image:width\" content=\"765\" \/>\n\t<meta property=\"og:image:height\" content=\"1024\" \/>\n\t<meta property=\"og:image:type\" content=\"image\/png\" \/>\n<meta name=\"twitter:card\" content=\"summary_large_image\" \/>\n<meta name=\"twitter:label1\" content=\"Temps estimat de lectura\" \/>\n\t<meta name=\"twitter:data1\" content=\"1 minut\" \/>\n<script type=\"application\/ld+json\" class=\"yoast-schema-graph\">{\"@context\":\"https:\/\/schema.org\",\"@graph\":[{\"@type\":\"WebPage\",\"@id\":\"https:\/\/aral2.cetrexmarketing.com\/ca\/producto\/alta-alella-garnatxa-negra\/\",\"url\":\"https:\/\/aral2.cetrexmarketing.com\/ca\/producto\/alta-alella-garnatxa-negra\/\",\"name\":\"Alta Alella Garnatxa Negravi negre DO Alella\",\"isPartOf\":{\"@id\":\"https:\/\/aral2.cetrexmarketing.com\/#website\"},\"primaryImageOfPage\":{\"@id\":\"https:\/\/aral2.cetrexmarketing.com\/ca\/producto\/alta-alella-garnatxa-negra\/#primaryimage\"},\"image\":{\"@id\":\"https:\/\/aral2.cetrexmarketing.com\/ca\/producto\/alta-alella-garnatxa-negra\/#primaryimage\"},\"thumbnailUrl\":\"https:\/\/aral2.cetrexmarketing.com\/wp-content\/uploads\/2025\/05\/Alta-Alella-Garnacha-Negra.jpg.png\",\"datePublished\":\"2025-05-24T08:48:35+00:00\",\"dateModified\":\"2025-05-24T08:48:37+00:00\",\"description\":\"Compra el vi negre Alta Alella Garnatxa, de la DO Alella. Enviament Expr\u00e9s. La teva botiga de vins online de confian\u00e7a. Enviament gratu\u00eft compra superior a 120\u20ac\",\"breadcrumb\":{\"@id\":\"https:\/\/aral2.cetrexmarketing.com\/ca\/producto\/alta-alella-garnatxa-negra\/#breadcrumb\"},\"inLanguage\":\"ca\",\"potentialAction\":[{\"@type\":\"ReadAction\",\"target\":[\"https:\/\/aral2.cetrexmarketing.com\/ca\/producto\/alta-alella-garnatxa-negra\/\"]}]},{\"@type\":\"ImageObject\",\"inLanguage\":\"ca\",\"@id\":\"https:\/\/aral2.cetrexmarketing.com\/ca\/producto\/alta-alella-garnatxa-negra\/#primaryimage\",\"url\":\"https:\/\/aral2.cetrexmarketing.com\/wp-content\/uploads\/2025\/05\/Alta-Alella-Garnacha-Negra.jpg.png\",\"contentUrl\":\"https:\/\/aral2.cetrexmarketing.com\/wp-content\/uploads\/2025\/05\/Alta-Alella-Garnacha-Negra.jpg.png\",\"width\":765,\"height\":1024},{\"@type\":\"BreadcrumbList\",\"@id\":\"https:\/\/aral2.cetrexmarketing.com\/ca\/producto\/alta-alella-garnatxa-negra\/#breadcrumb\",\"itemListElement\":[{\"@type\":\"ListItem\",\"position\":1,\"name\":\"Home\",\"item\":\"https:\/\/aral2.cetrexmarketing.com\/ca\/\"},{\"@type\":\"ListItem\",\"position\":2,\"name\":\"Tienda\",\"item\":\"https:\/\/aral2.cetrexmarketing.com\/ca\/tienda-2\/\"},{\"@type\":\"ListItem\",\"position\":3,\"name\":\"Vi\",\"item\":\"https:\/\/aral2.cetrexmarketing.com\/categoria-producto\/vi\/\"},{\"@type\":\"ListItem\",\"position\":4,\"name\":\"Vi Negre\",\"item\":\"https:\/\/aral2.cetrexmarketing.com\/categoria-producto\/vi\/vi-negre\/\"},{\"@type\":\"ListItem\",\"position\":5,\"name\":\"Alta Alella Garnatxa Negra\"}]},{\"@type\":\"WebSite\",\"@id\":\"https:\/\/aral2.cetrexmarketing.com\/#website\",\"url\":\"https:\/\/aral2.cetrexmarketing.com\/\",\"name\":\"M\u00f3n La Cata\",\"description\":\"Tienda de vinos, licores, cervezas y gourmet\",\"publisher\":{\"@id\":\"https:\/\/aral2.cetrexmarketing.com\/#organization\"},\"potentialAction\":[{\"@type\":\"SearchAction\",\"target\":{\"@type\":\"EntryPoint\",\"urlTemplate\":\"https:\/\/aral2.cetrexmarketing.com\/?s={search_term_string}\"},\"query-input\":{\"@type\":\"PropertyValueSpecification\",\"valueRequired\":true,\"valueName\":\"search_term_string\"}}],\"inLanguage\":\"ca\"},{\"@type\":\"Organization\",\"@id\":\"https:\/\/aral2.cetrexmarketing.com\/#organization\",\"name\":\"M\u00f3n La Cata\",\"url\":\"https:\/\/aral2.cetrexmarketing.com\/\",\"logo\":{\"@type\":\"ImageObject\",\"inLanguage\":\"ca\",\"@id\":\"https:\/\/aral2.cetrexmarketing.com\/#\/schema\/logo\/image\/\",\"url\":\"https:\/\/aral2.cetrexmarketing.com\/wp-content\/uploads\/2024\/10\/aral-logo-neg-1024x409-1.png\",\"contentUrl\":\"https:\/\/aral2.cetrexmarketing.com\/wp-content\/uploads\/2024\/10\/aral-logo-neg-1024x409-1.png\",\"width\":1024,\"height\":409,\"caption\":\"M\u00f3n La Cata\"},\"image\":{\"@id\":\"https:\/\/aral2.cetrexmarketing.com\/#\/schema\/logo\/image\/\"}}]}<\/script>\n<!-- \/ Yoast SEO Premium plugin. -->","yoast_head_json":{"title":"Alta Alella Garnatxa Negravi negre DO Alella","description":"Compra el vi negre Alta Alella Garnatxa, de la DO Alella. Enviament Expr\u00e9s. La teva botiga de vins online de confian\u00e7a. Enviament gratu\u00eft compra superior a 120\u20ac","robots":{"index":"noindex","follow":"follow","max-snippet":"max-snippet:-1","max-image-preview":"max-image-preview:large","max-video-preview":"max-video-preview:-1"},"og_locale":"ca_ES","og_type":"article","og_title":"Alta Alella Garnatxa Negra","og_description":"Compra el vi negre Alta Alella Garnatxa, de la DO Alella. Enviament Expr\u00e9s. La teva botiga de vins online de confian\u00e7a. Enviament gratu\u00eft compra superior a 120\u20ac","og_url":"https:\/\/aral2.cetrexmarketing.com\/ca\/producto\/alta-alella-garnatxa-negra\/","og_site_name":"M\u00f3n La Cata","article_modified_time":"2025-05-24T08:48:37+00:00","og_image":[{"width":765,"height":1024,"url":"https:\/\/aral2.cetrexmarketing.com\/wp-content\/uploads\/2025\/05\/Alta-Alella-Garnacha-Negra.jpg.png","type":"image\/png"}],"twitter_card":"summary_large_image","twitter_misc":{"Temps estimat de lectura":"1 minut"},"schema":{"@context":"https:\/\/schema.org","@graph":[{"@type":"WebPage","@id":"https:\/\/aral2.cetrexmarketing.com\/ca\/producto\/alta-alella-garnatxa-negra\/","url":"https:\/\/aral2.cetrexmarketing.com\/ca\/producto\/alta-alella-garnatxa-negra\/","name":"Alta Alella Garnatxa Negravi negre DO Alella","isPartOf":{"@id":"https:\/\/aral2.cetrexmarketing.com\/#website"},"primaryImageOfPage":{"@id":"https:\/\/aral2.cetrexmarketing.com\/ca\/producto\/alta-alella-garnatxa-negra\/#primaryimage"},"image":{"@id":"https:\/\/aral2.cetrexmarketing.com\/ca\/producto\/alta-alella-garnatxa-negra\/#primaryimage"},"thumbnailUrl":"https:\/\/aral2.cetrexmarketing.com\/wp-content\/uploads\/2025\/05\/Alta-Alella-Garnacha-Negra.jpg.png","datePublished":"2025-05-24T08:48:35+00:00","dateModified":"2025-05-24T08:48:37+00:00","description":"Compra el vi negre Alta Alella Garnatxa, de la DO Alella. Enviament Expr\u00e9s. La teva botiga de vins online de confian\u00e7a. Enviament gratu\u00eft compra superior a 120\u20ac","breadcrumb":{"@id":"https:\/\/aral2.cetrexmarketing.com\/ca\/producto\/alta-alella-garnatxa-negra\/#breadcrumb"},"inLanguage":"ca","potentialAction":[{"@type":"ReadAction","target":["https:\/\/aral2.cetrexmarketing.com\/ca\/producto\/alta-alella-garnatxa-negra\/"]}]},{"@type":"ImageObject","inLanguage":"ca","@id":"https:\/\/aral2.cetrexmarketing.com\/ca\/producto\/alta-alella-garnatxa-negra\/#primaryimage","url":"https:\/\/aral2.cetrexmarketing.com\/wp-content\/uploads\/2025\/05\/Alta-Alella-Garnacha-Negra.jpg.png","contentUrl":"https:\/\/aral2.cetrexmarketing.com\/wp-content\/uploads\/2025\/05\/Alta-Alella-Garnacha-Negra.jpg.png","width":765,"height":1024},{"@type":"BreadcrumbList","@id":"https:\/\/aral2.cetrexmarketing.com\/ca\/producto\/alta-alella-garnatxa-negra\/#breadcrumb","itemListElement":[{"@type":"ListItem","position":1,"name":"Home","item":"https:\/\/aral2.cetrexmarketing.com\/ca\/"},{"@type":"ListItem","position":2,"name":"Tienda","item":"https:\/\/aral2.cetrexmarketing.com\/ca\/tienda-2\/"},{"@type":"ListItem","position":3,"name":"Vi","item":"https:\/\/aral2.cetrexmarketing.com\/categoria-producto\/vi\/"},{"@type":"ListItem","position":4,"name":"Vi Negre","item":"https:\/\/aral2.cetrexmarketing.com\/categoria-producto\/vi\/vi-negre\/"},{"@type":"ListItem","position":5,"name":"Alta Alella Garnatxa Negra"}]},{"@type":"WebSite","@id":"https:\/\/aral2.cetrexmarketing.com\/#website","url":"https:\/\/aral2.cetrexmarketing.com\/","name":"M\u00f3n La Cata","description":"Tienda de vinos, licores, cervezas y gourmet","publisher":{"@id":"https:\/\/aral2.cetrexmarketing.com\/#organization"},"potentialAction":[{"@type":"SearchAction","target":{"@type":"EntryPoint","urlTemplate":"https:\/\/aral2.cetrexmarketing.com\/?s={search_term_string}"},"query-input":{"@type":"PropertyValueSpecification","valueRequired":true,"valueName":"search_term_string"}}],"inLanguage":"ca"},{"@type":"Organization","@id":"https:\/\/aral2.cetrexmarketing.com\/#organization","name":"M\u00f3n La Cata","url":"https:\/\/aral2.cetrexmarketing.com\/","logo":{"@type":"ImageObject","inLanguage":"ca","@id":"https:\/\/aral2.cetrexmarketing.com\/#\/schema\/logo\/image\/","url":"https:\/\/aral2.cetrexmarketing.com\/wp-content\/uploads\/2024\/10\/aral-logo-neg-1024x409-1.png","contentUrl":"https:\/\/aral2.cetrexmarketing.com\/wp-content\/uploads\/2024\/10\/aral-logo-neg-1024x409-1.png","width":1024,"height":409,"caption":"M\u00f3n La Cata"},"image":{"@id":"https:\/\/aral2.cetrexmarketing.com\/#\/schema\/logo\/image\/"}}]}},"brands":[{"id":32865,"name":"Alella D.O.","slug":"alella-d-o"},{"id":32868,"name":"Alta Alella - Mirgin","slug":"ca-altaalella-mirgin-ca"}],"_links":{"self":[{"href":"https:\/\/aral2.cetrexmarketing.com\/ca\/wp-json\/wp\/v2\/product\/84264","targetHints":{"allow":["GET"]}}],"collection":[{"href":"https:\/\/aral2.cetrexmarketing.com\/ca\/wp-json\/wp\/v2\/product"}],"about":[{"href":"https:\/\/aral2.cetrexmarketing.com\/ca\/wp-json\/wp\/v2\/types\/product"}],"replies":[{"embeddable":true,"href":"https:\/\/aral2.cetrexmarketing.com\/ca\/wp-json\/wp\/v2\/comments?post=84264"}],"wp:featuredmedia":[{"embeddable":true,"href":"https:\/\/aral2.cetrexmarketing.com\/ca\/wp-json\/wp\/v2\/media\/84261"}],"wp:attachment":[{"href":"https:\/\/aral2.cetrexmarketing.com\/ca\/wp-json\/wp\/v2\/media?parent=84264"}],"wp:term":[{"taxonomy":"pwb-brand","embeddable":true,"href":"https:\/\/aral2.cetrexmarketing.com\/ca\/wp-json\/wp\/v2\/pwb-brand?post=84264"},{"taxonomy":"product_brand","embeddable":true,"href":"https:\/\/aral2.cetrexmarketing.com\/ca\/wp-json\/wp\/v2\/product_brand?post=84264"},{"taxonomy":"product_cat","embeddable":true,"href":"https:\/\/aral2.cetrexmarketing.com\/ca\/wp-json\/wp\/v2\/product_cat?post=84264"},{"taxonomy":"product_tag","embeddable":true,"href":"https:\/\/aral2.cetrexmarketing.com\/ca\/wp-json\/wp\/v2\/product_tag?post=84264"}],"curies":[{"name":"wp","href":"https:\/\/api.w.org\/{rel}","templated":true}]}}