{"id":83624,"date":"2025-05-24T08:34:30","date_gmt":"2025-05-24T08:34:30","guid":{"rendered":"https:\/\/aral2.cetrexmarketing.com\/producto\/sela-2\/"},"modified":"2025-05-24T08:34:32","modified_gmt":"2025-05-24T08:34:32","slug":"sela-2","status":"publish","type":"product","link":"https:\/\/aral2.cetrexmarketing.com\/ca\/producto\/sela-2\/","title":{"rendered":"Sela"},"content":{"rendered":"<p data-start=\"73\" data-end=\"550\"><strong data-start=\"73\" data-end=\"81\">SELA<\/strong> \u00e9s un vi negre elaborat a la <strong data-start=\"111\" data-end=\"128\">D.O.Ca. Rioja<\/strong>, una de les regions vin\u00edcoles m\u00e9s prestigioses d&#8217;Espanya, reconeguda pels seus vins d&#8217;alta qualitat. Aquest vi \u00e9s produ\u00eft per la <strong data-start=\"258\" data-end=\"307\">Bodega de los Herederos del Marqu\u00e9s de Riscal<\/strong>, una bodega hist\u00f2rica amb m\u00e9s de <strong data-start=\"341\" data-end=\"353\">150 anys<\/strong> de tradici\u00f3 a la regi\u00f3. <strong data-start=\"378\" data-end=\"386\">SELA<\/strong> \u00e9s una expressi\u00f3 moderna i elegant de la <strong data-start=\"428\" data-end=\"443\">Tempranillo<\/strong>, l&#8217;uva aut\u00f2ctona de la Rioja, i reflecteix l&#8217;equilibri entre la tradici\u00f3 i la innovaci\u00f3 en la vinificaci\u00f3.<\/p>\n<h3 data-start=\"552\" data-end=\"590\"><strong data-start=\"556\" data-end=\"590\">Caracter\u00edstiques del Producte:<\/strong><\/h3>\n<ul data-start=\"591\" data-end=\"986\">\n<li data-start=\"591\" data-end=\"616\"><strong data-start=\"593\" data-end=\"603\">Tipus:<\/strong> <strong data-start=\"604\" data-end=\"616\">Vi negre<\/strong><\/li>\n<li data-start=\"617\" data-end=\"658\"><strong data-start=\"619\" data-end=\"630\">Origen:<\/strong> <strong data-start=\"631\" data-end=\"648\">D.O.Ca. Rioja<\/strong> (Espanya)<\/li>\n<li data-start=\"659\" data-end=\"702\"><strong data-start=\"661\" data-end=\"681\">Varietats d&#8217;uva:<\/strong> <strong data-start=\"682\" data-end=\"702\">100% Tempranillo<\/strong><\/li>\n<li data-start=\"703\" data-end=\"745\"><strong data-start=\"705\" data-end=\"730\">Graduaci\u00f3 alcoh\u00f2lica:<\/strong> <strong data-start=\"731\" data-end=\"745\">13,5% vol.<\/strong><\/li>\n<li data-start=\"746\" data-end=\"986\"><strong data-start=\"748\" data-end=\"760\">Crian\u00e7a:<\/strong> <strong data-start=\"761\" data-end=\"813\">12 mesos en barriques de roure franc\u00e8s i americ\u00e0<\/strong>, aportant una bona estructura i una integraci\u00f3 harm\u00f2nica de les notes de fusta. Despr\u00e9s de la crian\u00e7a, el vi passa per un <strong data-start=\"936\" data-end=\"957\">afinat en ampolla<\/strong> per redondejar el seu sabor.<\/li>\n<\/ul>\n<h3 data-start=\"988\" data-end=\"1010\"><strong data-start=\"992\" data-end=\"1010\">Notes de Cata:<\/strong><\/h3>\n<ul data-start=\"1011\" data-end=\"1621\">\n<li data-start=\"1011\" data-end=\"1083\"><strong data-start=\"1013\" data-end=\"1023\">Color:<\/strong> <strong data-start=\"1024\" data-end=\"1048\">Roig cirera brillant<\/strong> amb tons violacis, net i atractiu.<\/li>\n<li data-start=\"1084\" data-end=\"1307\"><strong data-start=\"1086\" data-end=\"1096\">Aroma:<\/strong> A la nas, presenta un perfil <strong data-start=\"1126\" data-end=\"1138\">afruitat<\/strong> amb notes de <strong data-start=\"1152\" data-end=\"1162\">cirera<\/strong> i <strong data-start=\"1165\" data-end=\"1174\">gerds<\/strong>, acompanyades de matisos especiats com <strong data-start=\"1214\" data-end=\"1229\">pebre negre<\/strong> i un toc suau de <strong data-start=\"1247\" data-end=\"1259\">vainilla<\/strong> i <strong data-start=\"1262\" data-end=\"1271\">tabac<\/strong> gr\u00e0cies a la seva crian\u00e7a en roure.<\/li>\n<li data-start=\"1308\" data-end=\"1621\"><strong data-start=\"1310\" data-end=\"1320\">Sabor:<\/strong> A boca, el vi \u00e9s <strong data-start=\"1338\" data-end=\"1346\">suau<\/strong>, <strong data-start=\"1348\" data-end=\"1362\">equilibrat<\/strong> i <strong data-start=\"1365\" data-end=\"1380\">estructurat<\/strong>, amb una bona acidesa que li aporta frescor. Els tanins s\u00f3n suaus, cosa que el fa f\u00e0cil de beure, i es perceben sabors de <strong data-start=\"1503\" data-end=\"1532\">fruites vermelles madures<\/strong> amb un toc final d&#8217;<strong data-start=\"1552\" data-end=\"1564\">esp\u00e8cies<\/strong>i <strong data-start=\"1567\" data-end=\"1576\">fusta<\/strong>, creant un final agradable i <strong data-start=\"1606\" data-end=\"1620\" data-is-only-node=\"\">persistent<\/strong>.<\/li>\n<\/ul>\n","protected":false},"excerpt":{"rendered":"<p>SELA \u00e9s un vi negre elaborat a la D.O.Ca. Rioja, una de les regions vin\u00edcoles m\u00e9s prestigioses d&#8217;Espanya, reconeguda pels seus vins d&#8217;alta qualitat. Aquest vi \u00e9s produ\u00eft per la Bodega de los Herederos del Marqu\u00e9s de Riscal, una bodega hist\u00f2rica amb m\u00e9s de 150 anys de tradici\u00f3 a la regi\u00f3. SELA \u00e9s una expressi\u00f3&hellip;<\/p>\n","protected":false},"featured_media":83621,"comment_status":"closed","ping_status":"closed","template":"","meta":{"_acf_changed":false},"pwb-brand":[32907,45286,48807],"product_brand":[],"product_cat":[51670,51671],"product_tag":[16170,14904,14914,14900,16171],"class_list":{"0":"post-83624","1":"product","2":"type-product","3":"status-publish","4":"has-post-thumbnail","6":"pwb-brand-rioja-d-o","7":"pwb-brand-roda","8":"pwb-brand-sela","9":"product_cat-vi","10":"product_cat-vi-negre","11":"product_tag-bodegas-roda-ca","12":"product_tag-doca-rioja-ca","13":"product_tag-haro-ca","14":"product_tag-rioja-ca","15":"product_tag-sela-ca","16":"pa_anada-36214","17":"pa_bodega-bodegasroda","18":"pa_do-rioja-d-o-ca-ca","19":"pa_formatoenml-38306","20":"pa_gastronomico-negre-gastronomic","21":"pa_graduacion-13_5","22":"pa_maridaje-carn-blanca","23":"pa_maridaje-carn-roja","24":"pa_maridaje-midons","25":"pa_pais-espanya-ca","26":"pa_pueblociudad-harolarioja","27":"pa_tipodevino-vi-tranquil","28":"pa_variedad-principal-garnacha-tinta-ca","29":"pa_variedad-principal-gracia","30":"pa_variedad-principal-tempranillo-ca","31":"entry","32":"has-media","34":"first","35":"instock","36":"taxable","37":"shipping-taxable","38":"purchasable","39":"product-type-simple"},"acf":[],"yoast_head":"<!-- This site is optimized with the Yoast SEO Premium plugin v23.1 (Yoast SEO v23.5) - https:\/\/yoast.com\/wordpress\/plugins\/seo\/ -->\n<title>Sela vi negre Bodegas Roda en la DOCa Rioja<\/title>\n<meta name=\"description\" content=\"Comprar online al millor preu vi negre de Rioja.\" \/>\n<meta name=\"robots\" content=\"noindex, follow, max-snippet:-1, max-image-preview:large, max-video-preview:-1\" \/>\n<meta property=\"og:locale\" content=\"ca_ES\" \/>\n<meta property=\"og:type\" content=\"article\" \/>\n<meta property=\"og:title\" content=\"Sela\" \/>\n<meta property=\"og:description\" content=\"Comprar online al millor preu vi negre de Rioja.\" \/>\n<meta property=\"og:url\" content=\"https:\/\/aral2.cetrexmarketing.com\/ca\/producto\/sela-2\/\" \/>\n<meta property=\"og:site_name\" content=\"M\u00f3n La Cata\" \/>\n<meta property=\"article:modified_time\" content=\"2025-05-24T08:34:32+00:00\" \/>\n<meta property=\"og:image\" content=\"https:\/\/aral2.cetrexmarketing.com\/wp-content\/uploads\/2025\/05\/Sela.jpg.png\" \/>\n\t<meta property=\"og:image:width\" content=\"765\" \/>\n\t<meta property=\"og:image:height\" content=\"1024\" \/>\n\t<meta property=\"og:image:type\" content=\"image\/png\" \/>\n<meta name=\"twitter:card\" content=\"summary_large_image\" \/>\n<meta name=\"twitter:label1\" content=\"Temps estimat de lectura\" \/>\n\t<meta name=\"twitter:data1\" content=\"2 minuts\" \/>\n<script type=\"application\/ld+json\" class=\"yoast-schema-graph\">{\"@context\":\"https:\/\/schema.org\",\"@graph\":[{\"@type\":\"WebPage\",\"@id\":\"https:\/\/aral2.cetrexmarketing.com\/ca\/producto\/sela-2\/\",\"url\":\"https:\/\/aral2.cetrexmarketing.com\/ca\/producto\/sela-2\/\",\"name\":\"Sela vi negre Bodegas Roda en la DOCa Rioja\",\"isPartOf\":{\"@id\":\"https:\/\/aral2.cetrexmarketing.com\/#website\"},\"primaryImageOfPage\":{\"@id\":\"https:\/\/aral2.cetrexmarketing.com\/ca\/producto\/sela-2\/#primaryimage\"},\"image\":{\"@id\":\"https:\/\/aral2.cetrexmarketing.com\/ca\/producto\/sela-2\/#primaryimage\"},\"thumbnailUrl\":\"https:\/\/aral2.cetrexmarketing.com\/wp-content\/uploads\/2025\/05\/Sela.jpg.png\",\"datePublished\":\"2025-05-24T08:34:30+00:00\",\"dateModified\":\"2025-05-24T08:34:32+00:00\",\"description\":\"Comprar online al millor preu vi negre de Rioja.\",\"breadcrumb\":{\"@id\":\"https:\/\/aral2.cetrexmarketing.com\/ca\/producto\/sela-2\/#breadcrumb\"},\"inLanguage\":\"ca\",\"potentialAction\":[{\"@type\":\"ReadAction\",\"target\":[\"https:\/\/aral2.cetrexmarketing.com\/ca\/producto\/sela-2\/\"]}]},{\"@type\":\"ImageObject\",\"inLanguage\":\"ca\",\"@id\":\"https:\/\/aral2.cetrexmarketing.com\/ca\/producto\/sela-2\/#primaryimage\",\"url\":\"https:\/\/aral2.cetrexmarketing.com\/wp-content\/uploads\/2025\/05\/Sela.jpg.png\",\"contentUrl\":\"https:\/\/aral2.cetrexmarketing.com\/wp-content\/uploads\/2025\/05\/Sela.jpg.png\",\"width\":765,\"height\":1024},{\"@type\":\"BreadcrumbList\",\"@id\":\"https:\/\/aral2.cetrexmarketing.com\/ca\/producto\/sela-2\/#breadcrumb\",\"itemListElement\":[{\"@type\":\"ListItem\",\"position\":1,\"name\":\"Home\",\"item\":\"https:\/\/aral2.cetrexmarketing.com\/ca\/\"},{\"@type\":\"ListItem\",\"position\":2,\"name\":\"Tienda\",\"item\":\"https:\/\/aral2.cetrexmarketing.com\/ca\/tienda-2\/\"},{\"@type\":\"ListItem\",\"position\":3,\"name\":\"Vi\",\"item\":\"https:\/\/aral2.cetrexmarketing.com\/categoria-producto\/vi\/\"},{\"@type\":\"ListItem\",\"position\":4,\"name\":\"Vi Negre\",\"item\":\"https:\/\/aral2.cetrexmarketing.com\/categoria-producto\/vi\/vi-negre\/\"},{\"@type\":\"ListItem\",\"position\":5,\"name\":\"Sela\"}]},{\"@type\":\"WebSite\",\"@id\":\"https:\/\/aral2.cetrexmarketing.com\/#website\",\"url\":\"https:\/\/aral2.cetrexmarketing.com\/\",\"name\":\"M\u00f3n La Cata\",\"description\":\"Tienda de vinos, licores, cervezas y gourmet\",\"publisher\":{\"@id\":\"https:\/\/aral2.cetrexmarketing.com\/#organization\"},\"potentialAction\":[{\"@type\":\"SearchAction\",\"target\":{\"@type\":\"EntryPoint\",\"urlTemplate\":\"https:\/\/aral2.cetrexmarketing.com\/?s={search_term_string}\"},\"query-input\":{\"@type\":\"PropertyValueSpecification\",\"valueRequired\":true,\"valueName\":\"search_term_string\"}}],\"inLanguage\":\"ca\"},{\"@type\":\"Organization\",\"@id\":\"https:\/\/aral2.cetrexmarketing.com\/#organization\",\"name\":\"M\u00f3n La Cata\",\"url\":\"https:\/\/aral2.cetrexmarketing.com\/\",\"logo\":{\"@type\":\"ImageObject\",\"inLanguage\":\"ca\",\"@id\":\"https:\/\/aral2.cetrexmarketing.com\/#\/schema\/logo\/image\/\",\"url\":\"https:\/\/aral2.cetrexmarketing.com\/wp-content\/uploads\/2024\/10\/aral-logo-neg-1024x409-1.png\",\"contentUrl\":\"https:\/\/aral2.cetrexmarketing.com\/wp-content\/uploads\/2024\/10\/aral-logo-neg-1024x409-1.png\",\"width\":1024,\"height\":409,\"caption\":\"M\u00f3n La Cata\"},\"image\":{\"@id\":\"https:\/\/aral2.cetrexmarketing.com\/#\/schema\/logo\/image\/\"}}]}<\/script>\n<!-- \/ Yoast SEO Premium plugin. -->","yoast_head_json":{"title":"Sela vi negre Bodegas Roda en la DOCa Rioja","description":"Comprar online al millor preu vi negre de Rioja.","robots":{"index":"noindex","follow":"follow","max-snippet":"max-snippet:-1","max-image-preview":"max-image-preview:large","max-video-preview":"max-video-preview:-1"},"og_locale":"ca_ES","og_type":"article","og_title":"Sela","og_description":"Comprar online al millor preu vi negre de Rioja.","og_url":"https:\/\/aral2.cetrexmarketing.com\/ca\/producto\/sela-2\/","og_site_name":"M\u00f3n La Cata","article_modified_time":"2025-05-24T08:34:32+00:00","og_image":[{"width":765,"height":1024,"url":"https:\/\/aral2.cetrexmarketing.com\/wp-content\/uploads\/2025\/05\/Sela.jpg.png","type":"image\/png"}],"twitter_card":"summary_large_image","twitter_misc":{"Temps estimat de lectura":"2 minuts"},"schema":{"@context":"https:\/\/schema.org","@graph":[{"@type":"WebPage","@id":"https:\/\/aral2.cetrexmarketing.com\/ca\/producto\/sela-2\/","url":"https:\/\/aral2.cetrexmarketing.com\/ca\/producto\/sela-2\/","name":"Sela vi negre Bodegas Roda en la DOCa Rioja","isPartOf":{"@id":"https:\/\/aral2.cetrexmarketing.com\/#website"},"primaryImageOfPage":{"@id":"https:\/\/aral2.cetrexmarketing.com\/ca\/producto\/sela-2\/#primaryimage"},"image":{"@id":"https:\/\/aral2.cetrexmarketing.com\/ca\/producto\/sela-2\/#primaryimage"},"thumbnailUrl":"https:\/\/aral2.cetrexmarketing.com\/wp-content\/uploads\/2025\/05\/Sela.jpg.png","datePublished":"2025-05-24T08:34:30+00:00","dateModified":"2025-05-24T08:34:32+00:00","description":"Comprar online al millor preu vi negre de Rioja.","breadcrumb":{"@id":"https:\/\/aral2.cetrexmarketing.com\/ca\/producto\/sela-2\/#breadcrumb"},"inLanguage":"ca","potentialAction":[{"@type":"ReadAction","target":["https:\/\/aral2.cetrexmarketing.com\/ca\/producto\/sela-2\/"]}]},{"@type":"ImageObject","inLanguage":"ca","@id":"https:\/\/aral2.cetrexmarketing.com\/ca\/producto\/sela-2\/#primaryimage","url":"https:\/\/aral2.cetrexmarketing.com\/wp-content\/uploads\/2025\/05\/Sela.jpg.png","contentUrl":"https:\/\/aral2.cetrexmarketing.com\/wp-content\/uploads\/2025\/05\/Sela.jpg.png","width":765,"height":1024},{"@type":"BreadcrumbList","@id":"https:\/\/aral2.cetrexmarketing.com\/ca\/producto\/sela-2\/#breadcrumb","itemListElement":[{"@type":"ListItem","position":1,"name":"Home","item":"https:\/\/aral2.cetrexmarketing.com\/ca\/"},{"@type":"ListItem","position":2,"name":"Tienda","item":"https:\/\/aral2.cetrexmarketing.com\/ca\/tienda-2\/"},{"@type":"ListItem","position":3,"name":"Vi","item":"https:\/\/aral2.cetrexmarketing.com\/categoria-producto\/vi\/"},{"@type":"ListItem","position":4,"name":"Vi Negre","item":"https:\/\/aral2.cetrexmarketing.com\/categoria-producto\/vi\/vi-negre\/"},{"@type":"ListItem","position":5,"name":"Sela"}]},{"@type":"WebSite","@id":"https:\/\/aral2.cetrexmarketing.com\/#website","url":"https:\/\/aral2.cetrexmarketing.com\/","name":"M\u00f3n La Cata","description":"Tienda de vinos, licores, cervezas y gourmet","publisher":{"@id":"https:\/\/aral2.cetrexmarketing.com\/#organization"},"potentialAction":[{"@type":"SearchAction","target":{"@type":"EntryPoint","urlTemplate":"https:\/\/aral2.cetrexmarketing.com\/?s={search_term_string}"},"query-input":{"@type":"PropertyValueSpecification","valueRequired":true,"valueName":"search_term_string"}}],"inLanguage":"ca"},{"@type":"Organization","@id":"https:\/\/aral2.cetrexmarketing.com\/#organization","name":"M\u00f3n La Cata","url":"https:\/\/aral2.cetrexmarketing.com\/","logo":{"@type":"ImageObject","inLanguage":"ca","@id":"https:\/\/aral2.cetrexmarketing.com\/#\/schema\/logo\/image\/","url":"https:\/\/aral2.cetrexmarketing.com\/wp-content\/uploads\/2024\/10\/aral-logo-neg-1024x409-1.png","contentUrl":"https:\/\/aral2.cetrexmarketing.com\/wp-content\/uploads\/2024\/10\/aral-logo-neg-1024x409-1.png","width":1024,"height":409,"caption":"M\u00f3n La Cata"},"image":{"@id":"https:\/\/aral2.cetrexmarketing.com\/#\/schema\/logo\/image\/"}}]}},"brands":[{"id":32907,"name":"Rioja D.O.","slug":"rioja-d-o"},{"id":45286,"name":"Roda","slug":"roda"},{"id":48807,"name":"Sela","slug":"sela"}],"_links":{"self":[{"href":"https:\/\/aral2.cetrexmarketing.com\/ca\/wp-json\/wp\/v2\/product\/83624","targetHints":{"allow":["GET"]}}],"collection":[{"href":"https:\/\/aral2.cetrexmarketing.com\/ca\/wp-json\/wp\/v2\/product"}],"about":[{"href":"https:\/\/aral2.cetrexmarketing.com\/ca\/wp-json\/wp\/v2\/types\/product"}],"replies":[{"embeddable":true,"href":"https:\/\/aral2.cetrexmarketing.com\/ca\/wp-json\/wp\/v2\/comments?post=83624"}],"wp:featuredmedia":[{"embeddable":true,"href":"https:\/\/aral2.cetrexmarketing.com\/ca\/wp-json\/wp\/v2\/media\/83621"}],"wp:attachment":[{"href":"https:\/\/aral2.cetrexmarketing.com\/ca\/wp-json\/wp\/v2\/media?parent=83624"}],"wp:term":[{"taxonomy":"pwb-brand","embeddable":true,"href":"https:\/\/aral2.cetrexmarketing.com\/ca\/wp-json\/wp\/v2\/pwb-brand?post=83624"},{"taxonomy":"product_brand","embeddable":true,"href":"https:\/\/aral2.cetrexmarketing.com\/ca\/wp-json\/wp\/v2\/product_brand?post=83624"},{"taxonomy":"product_cat","embeddable":true,"href":"https:\/\/aral2.cetrexmarketing.com\/ca\/wp-json\/wp\/v2\/product_cat?post=83624"},{"taxonomy":"product_tag","embeddable":true,"href":"https:\/\/aral2.cetrexmarketing.com\/ca\/wp-json\/wp\/v2\/product_tag?post=83624"}],"curies":[{"name":"wp","href":"https:\/\/api.w.org\/{rel}","templated":true}]}}