{"id":83504,"date":"2025-05-24T08:32:08","date_gmt":"2025-05-24T08:32:08","guid":{"rendered":"https:\/\/aral2.cetrexmarketing.com\/producto\/alvaro-palacios-les-terrasses-2\/"},"modified":"2025-05-24T08:32:10","modified_gmt":"2025-05-24T08:32:10","slug":"alvaro-palacios-les-terrasses-2","status":"publish","type":"product","link":"https:\/\/aral2.cetrexmarketing.com\/ca\/producto\/alvaro-palacios-les-terrasses-2\/","title":{"rendered":"\u00c1lvaro Palacios Les Terrasses"},"content":{"rendered":"<p><strong>\u00c1lvaro Palacios Les Terrasses<\/strong><\/p>\n<p>Cupatge de <strong>Garnatxa i Carinyena<\/strong>. Tamb\u00e9 d&#8217;un pas de fusta de roure franc\u00e8s.<\/p>\n<p>\u00c9s un vi fresc estructurat, elegant, de tanins subtils, i vellutat.<\/p>\n<p>Color cirera picota.<\/p>\n<p>Aromes a afruitats i licorosos a cireres i prunes madures, tamb\u00e9 floral de violetes, a m\u00e9s de l\u00e0ctic i especiat.<\/p>\n<p>Agraeix que es decanti.<\/p>\n<p>Un perfecte company de maridatge amb carns vermelles a la brasa<\/p>\n","protected":false},"excerpt":{"rendered":"<p><span id=\"docs-internal-guid-ff5459c3-7fff-a68c-5158-ac1f4873e699\">Les terrasses es compon d&#8217;un cupatge de <strong>Garnatxa i Carinyena<\/strong>. Tamb\u00e9 d&#8217;un pas de fusta de roure franc\u00e8s. <\/span><\/p>\n<p>\u00c9s un vi fresc estructurat, elegant, de tanins subtils, i vellutat.<\/p>\n<p>Color cirera picota.<\/p>\n<p>Aromes a afruitats i licorosos a cireres i prunes madures, tamb\u00e9 floral de violetes, a m\u00e9s de l\u00e0ctic i especiat.<\/p>\n<p>Agraeix que es decanti.<\/p>\n<p>Un perfecte company de maridatge amb carns vermelles a la brasa<\/p>\n","protected":false},"featured_media":83501,"comment_status":"closed","ping_status":"closed","template":"","meta":{"_acf_changed":false},"pwb-brand":[32901],"product_brand":[],"product_cat":[51670,51671],"product_tag":[16134,16136,14996,16137,16135,52510],"class_list":{"0":"post-83504","1":"product","2":"type-product","3":"status-publish","4":"has-post-thumbnail","6":"pwb-brand-priorat-d-o","7":"product_cat-vi","8":"product_cat-vi-negre","9":"product_tag-alvaro-palacios-ca","10":"product_tag-les-terrasses-ca","11":"product_tag-priorat-ca","12":"product_tag-priorat-alvaro-palacios-ca","13":"product_tag-terrasses-ca","14":"product_tag-terrazas-2","15":"pa_anada-36214","16":"pa_bodega-alvaro-palacios","17":"pa_do-priorat-d-o-q-ca","18":"pa_formatoenml-38306","19":"pa_fresco-negre-fresc","20":"pa_graduacion-14_5","21":"pa_maridaje-carn-blanca","22":"pa_maridaje-carn-roja","23":"pa_maridaje-midons","24":"pa_maridaje-verdures","25":"pa_pais-espanya-ca","26":"pa_potente-negre-potent","27":"pa_pueblociudad-gratallopstarragona","28":"pa_region-cataluna","29":"pa_tipodevino-vi-tranquil","30":"pa_variedad-principal-garnacha-tinta-ca","31":"pa_variedad-principal-samso-ca","32":"entry","33":"has-media","35":"first","36":"instock","37":"taxable","38":"shipping-taxable","39":"purchasable","40":"product-type-simple"},"acf":[],"yoast_head":"<!-- This site is optimized with the Yoast SEO Premium plugin v23.1 (Yoast SEO v23.5) - https:\/\/yoast.com\/wordpress\/plugins\/seo\/ -->\n<title>\u00c1lvaro Palacios Les Terrasses<\/title>\n<meta name=\"description\" content=\"Compra el vi negre \u00c1lvaro Palacios Les Terrasses a la DOQ Priorat. Botiga online especialitzada en vins, destil\u00b7lats, cerveses i alimentaci\u00f3.\" \/>\n<meta name=\"robots\" content=\"noindex, follow, max-snippet:-1, max-image-preview:large, max-video-preview:-1\" \/>\n<meta property=\"og:locale\" content=\"ca_ES\" \/>\n<meta property=\"og:type\" content=\"article\" \/>\n<meta property=\"og:title\" content=\"\u00c1lvaro Palacios Les Terrasses\" \/>\n<meta property=\"og:description\" content=\"Compra el vi negre \u00c1lvaro Palacios Les Terrasses a la DOQ Priorat. Botiga online especialitzada en vins, destil\u00b7lats, cerveses i alimentaci\u00f3.\" \/>\n<meta property=\"og:url\" content=\"https:\/\/aral2.cetrexmarketing.com\/ca\/producto\/alvaro-palacios-les-terrasses-2\/\" \/>\n<meta property=\"og:site_name\" content=\"M\u00f3n La Cata\" \/>\n<meta property=\"article:modified_time\" content=\"2025-05-24T08:32:10+00:00\" \/>\n<meta property=\"og:image\" content=\"https:\/\/aral2.cetrexmarketing.com\/wp-content\/uploads\/2025\/05\/ALVARO-PALACIOS-LES-TERRASSES.png\" \/>\n\t<meta property=\"og:image:width\" content=\"765\" \/>\n\t<meta property=\"og:image:height\" content=\"1024\" \/>\n\t<meta property=\"og:image:type\" content=\"image\/png\" \/>\n<meta name=\"twitter:card\" content=\"summary_large_image\" \/>\n<meta name=\"twitter:label1\" content=\"Temps estimat de lectura\" \/>\n\t<meta name=\"twitter:data1\" content=\"1 minut\" \/>\n<script type=\"application\/ld+json\" class=\"yoast-schema-graph\">{\"@context\":\"https:\/\/schema.org\",\"@graph\":[{\"@type\":\"WebPage\",\"@id\":\"https:\/\/aral2.cetrexmarketing.com\/ca\/producto\/alvaro-palacios-les-terrasses-2\/\",\"url\":\"https:\/\/aral2.cetrexmarketing.com\/ca\/producto\/alvaro-palacios-les-terrasses-2\/\",\"name\":\"\u00c1lvaro Palacios Les Terrasses\",\"isPartOf\":{\"@id\":\"https:\/\/aral2.cetrexmarketing.com\/#website\"},\"primaryImageOfPage\":{\"@id\":\"https:\/\/aral2.cetrexmarketing.com\/ca\/producto\/alvaro-palacios-les-terrasses-2\/#primaryimage\"},\"image\":{\"@id\":\"https:\/\/aral2.cetrexmarketing.com\/ca\/producto\/alvaro-palacios-les-terrasses-2\/#primaryimage\"},\"thumbnailUrl\":\"https:\/\/aral2.cetrexmarketing.com\/wp-content\/uploads\/2025\/05\/ALVARO-PALACIOS-LES-TERRASSES.png\",\"datePublished\":\"2025-05-24T08:32:08+00:00\",\"dateModified\":\"2025-05-24T08:32:10+00:00\",\"description\":\"Compra el vi negre \u00c1lvaro Palacios Les Terrasses a la DOQ Priorat. Botiga online especialitzada en vins, destil\u00b7lats, cerveses i alimentaci\u00f3.\",\"breadcrumb\":{\"@id\":\"https:\/\/aral2.cetrexmarketing.com\/ca\/producto\/alvaro-palacios-les-terrasses-2\/#breadcrumb\"},\"inLanguage\":\"ca\",\"potentialAction\":[{\"@type\":\"ReadAction\",\"target\":[\"https:\/\/aral2.cetrexmarketing.com\/ca\/producto\/alvaro-palacios-les-terrasses-2\/\"]}]},{\"@type\":\"ImageObject\",\"inLanguage\":\"ca\",\"@id\":\"https:\/\/aral2.cetrexmarketing.com\/ca\/producto\/alvaro-palacios-les-terrasses-2\/#primaryimage\",\"url\":\"https:\/\/aral2.cetrexmarketing.com\/wp-content\/uploads\/2025\/05\/ALVARO-PALACIOS-LES-TERRASSES.png\",\"contentUrl\":\"https:\/\/aral2.cetrexmarketing.com\/wp-content\/uploads\/2025\/05\/ALVARO-PALACIOS-LES-TERRASSES.png\",\"width\":765,\"height\":1024},{\"@type\":\"BreadcrumbList\",\"@id\":\"https:\/\/aral2.cetrexmarketing.com\/ca\/producto\/alvaro-palacios-les-terrasses-2\/#breadcrumb\",\"itemListElement\":[{\"@type\":\"ListItem\",\"position\":1,\"name\":\"Home\",\"item\":\"https:\/\/aral2.cetrexmarketing.com\/ca\/\"},{\"@type\":\"ListItem\",\"position\":2,\"name\":\"Tienda\",\"item\":\"https:\/\/aral2.cetrexmarketing.com\/ca\/tienda-2\/\"},{\"@type\":\"ListItem\",\"position\":3,\"name\":\"Vi\",\"item\":\"https:\/\/aral2.cetrexmarketing.com\/categoria-producto\/vi\/\"},{\"@type\":\"ListItem\",\"position\":4,\"name\":\"Vi Negre\",\"item\":\"https:\/\/aral2.cetrexmarketing.com\/categoria-producto\/vi\/vi-negre\/\"},{\"@type\":\"ListItem\",\"position\":5,\"name\":\"\u00c1lvaro Palacios Les Terrasses\"}]},{\"@type\":\"WebSite\",\"@id\":\"https:\/\/aral2.cetrexmarketing.com\/#website\",\"url\":\"https:\/\/aral2.cetrexmarketing.com\/\",\"name\":\"M\u00f3n La Cata\",\"description\":\"Tienda de vinos, licores, cervezas y gourmet\",\"publisher\":{\"@id\":\"https:\/\/aral2.cetrexmarketing.com\/#organization\"},\"potentialAction\":[{\"@type\":\"SearchAction\",\"target\":{\"@type\":\"EntryPoint\",\"urlTemplate\":\"https:\/\/aral2.cetrexmarketing.com\/?s={search_term_string}\"},\"query-input\":{\"@type\":\"PropertyValueSpecification\",\"valueRequired\":true,\"valueName\":\"search_term_string\"}}],\"inLanguage\":\"ca\"},{\"@type\":\"Organization\",\"@id\":\"https:\/\/aral2.cetrexmarketing.com\/#organization\",\"name\":\"M\u00f3n La Cata\",\"url\":\"https:\/\/aral2.cetrexmarketing.com\/\",\"logo\":{\"@type\":\"ImageObject\",\"inLanguage\":\"ca\",\"@id\":\"https:\/\/aral2.cetrexmarketing.com\/#\/schema\/logo\/image\/\",\"url\":\"https:\/\/aral2.cetrexmarketing.com\/wp-content\/uploads\/2024\/10\/aral-logo-neg-1024x409-1.png\",\"contentUrl\":\"https:\/\/aral2.cetrexmarketing.com\/wp-content\/uploads\/2024\/10\/aral-logo-neg-1024x409-1.png\",\"width\":1024,\"height\":409,\"caption\":\"M\u00f3n La Cata\"},\"image\":{\"@id\":\"https:\/\/aral2.cetrexmarketing.com\/#\/schema\/logo\/image\/\"}}]}<\/script>\n<!-- \/ Yoast SEO Premium plugin. -->","yoast_head_json":{"title":"\u00c1lvaro Palacios Les Terrasses","description":"Compra el vi negre \u00c1lvaro Palacios Les Terrasses a la DOQ Priorat. Botiga online especialitzada en vins, destil\u00b7lats, cerveses i alimentaci\u00f3.","robots":{"index":"noindex","follow":"follow","max-snippet":"max-snippet:-1","max-image-preview":"max-image-preview:large","max-video-preview":"max-video-preview:-1"},"og_locale":"ca_ES","og_type":"article","og_title":"\u00c1lvaro Palacios Les Terrasses","og_description":"Compra el vi negre \u00c1lvaro Palacios Les Terrasses a la DOQ Priorat. Botiga online especialitzada en vins, destil\u00b7lats, cerveses i alimentaci\u00f3.","og_url":"https:\/\/aral2.cetrexmarketing.com\/ca\/producto\/alvaro-palacios-les-terrasses-2\/","og_site_name":"M\u00f3n La Cata","article_modified_time":"2025-05-24T08:32:10+00:00","og_image":[{"width":765,"height":1024,"url":"https:\/\/aral2.cetrexmarketing.com\/wp-content\/uploads\/2025\/05\/ALVARO-PALACIOS-LES-TERRASSES.png","type":"image\/png"}],"twitter_card":"summary_large_image","twitter_misc":{"Temps estimat de lectura":"1 minut"},"schema":{"@context":"https:\/\/schema.org","@graph":[{"@type":"WebPage","@id":"https:\/\/aral2.cetrexmarketing.com\/ca\/producto\/alvaro-palacios-les-terrasses-2\/","url":"https:\/\/aral2.cetrexmarketing.com\/ca\/producto\/alvaro-palacios-les-terrasses-2\/","name":"\u00c1lvaro Palacios Les Terrasses","isPartOf":{"@id":"https:\/\/aral2.cetrexmarketing.com\/#website"},"primaryImageOfPage":{"@id":"https:\/\/aral2.cetrexmarketing.com\/ca\/producto\/alvaro-palacios-les-terrasses-2\/#primaryimage"},"image":{"@id":"https:\/\/aral2.cetrexmarketing.com\/ca\/producto\/alvaro-palacios-les-terrasses-2\/#primaryimage"},"thumbnailUrl":"https:\/\/aral2.cetrexmarketing.com\/wp-content\/uploads\/2025\/05\/ALVARO-PALACIOS-LES-TERRASSES.png","datePublished":"2025-05-24T08:32:08+00:00","dateModified":"2025-05-24T08:32:10+00:00","description":"Compra el vi negre \u00c1lvaro Palacios Les Terrasses a la DOQ Priorat. Botiga online especialitzada en vins, destil\u00b7lats, cerveses i alimentaci\u00f3.","breadcrumb":{"@id":"https:\/\/aral2.cetrexmarketing.com\/ca\/producto\/alvaro-palacios-les-terrasses-2\/#breadcrumb"},"inLanguage":"ca","potentialAction":[{"@type":"ReadAction","target":["https:\/\/aral2.cetrexmarketing.com\/ca\/producto\/alvaro-palacios-les-terrasses-2\/"]}]},{"@type":"ImageObject","inLanguage":"ca","@id":"https:\/\/aral2.cetrexmarketing.com\/ca\/producto\/alvaro-palacios-les-terrasses-2\/#primaryimage","url":"https:\/\/aral2.cetrexmarketing.com\/wp-content\/uploads\/2025\/05\/ALVARO-PALACIOS-LES-TERRASSES.png","contentUrl":"https:\/\/aral2.cetrexmarketing.com\/wp-content\/uploads\/2025\/05\/ALVARO-PALACIOS-LES-TERRASSES.png","width":765,"height":1024},{"@type":"BreadcrumbList","@id":"https:\/\/aral2.cetrexmarketing.com\/ca\/producto\/alvaro-palacios-les-terrasses-2\/#breadcrumb","itemListElement":[{"@type":"ListItem","position":1,"name":"Home","item":"https:\/\/aral2.cetrexmarketing.com\/ca\/"},{"@type":"ListItem","position":2,"name":"Tienda","item":"https:\/\/aral2.cetrexmarketing.com\/ca\/tienda-2\/"},{"@type":"ListItem","position":3,"name":"Vi","item":"https:\/\/aral2.cetrexmarketing.com\/categoria-producto\/vi\/"},{"@type":"ListItem","position":4,"name":"Vi Negre","item":"https:\/\/aral2.cetrexmarketing.com\/categoria-producto\/vi\/vi-negre\/"},{"@type":"ListItem","position":5,"name":"\u00c1lvaro Palacios Les Terrasses"}]},{"@type":"WebSite","@id":"https:\/\/aral2.cetrexmarketing.com\/#website","url":"https:\/\/aral2.cetrexmarketing.com\/","name":"M\u00f3n La Cata","description":"Tienda de vinos, licores, cervezas y gourmet","publisher":{"@id":"https:\/\/aral2.cetrexmarketing.com\/#organization"},"potentialAction":[{"@type":"SearchAction","target":{"@type":"EntryPoint","urlTemplate":"https:\/\/aral2.cetrexmarketing.com\/?s={search_term_string}"},"query-input":{"@type":"PropertyValueSpecification","valueRequired":true,"valueName":"search_term_string"}}],"inLanguage":"ca"},{"@type":"Organization","@id":"https:\/\/aral2.cetrexmarketing.com\/#organization","name":"M\u00f3n La Cata","url":"https:\/\/aral2.cetrexmarketing.com\/","logo":{"@type":"ImageObject","inLanguage":"ca","@id":"https:\/\/aral2.cetrexmarketing.com\/#\/schema\/logo\/image\/","url":"https:\/\/aral2.cetrexmarketing.com\/wp-content\/uploads\/2024\/10\/aral-logo-neg-1024x409-1.png","contentUrl":"https:\/\/aral2.cetrexmarketing.com\/wp-content\/uploads\/2024\/10\/aral-logo-neg-1024x409-1.png","width":1024,"height":409,"caption":"M\u00f3n La Cata"},"image":{"@id":"https:\/\/aral2.cetrexmarketing.com\/#\/schema\/logo\/image\/"}}]}},"brands":[{"id":32901,"name":"Priorat D.O.","slug":"priorat-d-o"}],"_links":{"self":[{"href":"https:\/\/aral2.cetrexmarketing.com\/ca\/wp-json\/wp\/v2\/product\/83504","targetHints":{"allow":["GET"]}}],"collection":[{"href":"https:\/\/aral2.cetrexmarketing.com\/ca\/wp-json\/wp\/v2\/product"}],"about":[{"href":"https:\/\/aral2.cetrexmarketing.com\/ca\/wp-json\/wp\/v2\/types\/product"}],"replies":[{"embeddable":true,"href":"https:\/\/aral2.cetrexmarketing.com\/ca\/wp-json\/wp\/v2\/comments?post=83504"}],"wp:featuredmedia":[{"embeddable":true,"href":"https:\/\/aral2.cetrexmarketing.com\/ca\/wp-json\/wp\/v2\/media\/83501"}],"wp:attachment":[{"href":"https:\/\/aral2.cetrexmarketing.com\/ca\/wp-json\/wp\/v2\/media?parent=83504"}],"wp:term":[{"taxonomy":"pwb-brand","embeddable":true,"href":"https:\/\/aral2.cetrexmarketing.com\/ca\/wp-json\/wp\/v2\/pwb-brand?post=83504"},{"taxonomy":"product_brand","embeddable":true,"href":"https:\/\/aral2.cetrexmarketing.com\/ca\/wp-json\/wp\/v2\/product_brand?post=83504"},{"taxonomy":"product_cat","embeddable":true,"href":"https:\/\/aral2.cetrexmarketing.com\/ca\/wp-json\/wp\/v2\/product_cat?post=83504"},{"taxonomy":"product_tag","embeddable":true,"href":"https:\/\/aral2.cetrexmarketing.com\/ca\/wp-json\/wp\/v2\/product_tag?post=83504"}],"curies":[{"name":"wp","href":"https:\/\/api.w.org\/{rel}","templated":true}]}}