{"id":82695,"date":"2025-05-24T08:11:36","date_gmt":"2025-05-24T08:11:36","guid":{"rendered":"https:\/\/aral2.cetrexmarketing.com\/producto\/terras-gauda-abadia-de-san-campio-2\/"},"modified":"2025-05-24T08:11:37","modified_gmt":"2025-05-24T08:11:37","slug":"terras-gauda-abadia-de-san-campio-2","status":"publish","type":"product","link":"https:\/\/aral2.cetrexmarketing.com\/ca\/producto\/terras-gauda-abadia-de-san-campio-2\/","title":{"rendered":"Terras Gauda Abadia de San Campio"},"content":{"rendered":"<p><strong>Abadia de San Campio<\/strong> \u00e9s un vi blanc jove elaborat per <strong>Cellers Terras Gauda en la D.O. Ries Baixas<\/strong> (Gal\u00edcia), a partir de 100% <strong>Albari\u00f1o<\/strong> procedent de vinyes situades en Goi\u00e1n, a <strong>150 metres d&#8217;altitud<\/strong>. El clima fresc i la marcada amplitud t\u00e8rmica entre el dia i la nit permeten una maduraci\u00f3 lenta, potenciant l&#8217;expressi\u00f3 arom\u00e0tica i l&#8217;acidesa natural del fruit.<\/p>\n<p>El ra\u00efm es va macerar en fred durant <strong>6 hores<\/strong> i posteriorment va fermentar a baixa temperatura en dip\u00f2sits d&#8217;acer inoxidable amb llevats aut\u00f2ctons. El vi es va estabilitzar i va filtrar abans del seu embotellat per a preservar la seva frescor.<\/p>\n<p><strong>Nota de tast:<\/strong><\/p>\n<p>Color groc pall\u00f3s amb reflexos daurats. Aromes n\u00edtides de fruita blanca madura (pera, poma) amb subtils notes c\u00edtriques. En boca \u00e9s fresc, vibrant i equilibrat, amb bona acidesa i un final llarg i persistent.<\/p>\n<p><strong>Alcohol<\/strong>: 12% vol.<\/p>\n<p><b>Temperatura de consum recomanada<\/b>: 10\u201312 \u00b0C.<\/p>\n<p><strong>Ideal per a consumir en els pr\u00f2xims 2 anys.<\/strong><\/p>\n<p>Un Albari\u00f1o expressiu i refrescant, reflex del car\u00e0cter atl\u00e0ntic de la Vall d&#8217;O Rosal.<\/p>\n","protected":false},"excerpt":{"rendered":"<p>Una proposta del celler Terras Gauda amb l&#8217;eleg\u00e0ncia que els caracteritza.<\/p>\n<p>Un Albarinyo amb intens aroma tropical on particularment hi destaca la pinya, mesclada amb lleugeres notes de fruita blanca madura com la pera o la poma Golden.<\/p>\n<p>En boca \u00e9s ampli i amb una elegant complexitat, on l&#8217;acidesa, la untuositat, el vellut i la frescor s&#8217;equilibren oferint-nos un final intens.<\/p>\n","protected":false},"featured_media":82692,"comment_status":"closed","ping_status":"closed","template":"","meta":{"_acf_changed":false},"pwb-brand":[32929],"product_brand":[],"product_cat":[51670,51672],"product_tag":[15980,15978,15979,15981,15982],"class_list":{"0":"post-82695","1":"product","2":"type-product","3":"status-publish","4":"has-post-thumbnail","6":"pwb-brand-rias-baixas-d-o","7":"product_cat-vi","8":"product_cat-vi-blanc","9":"product_tag-abadia-de-san-campio-ca","10":"product_tag-abadia-san-campio-ca","11":"product_tag-san-campio-ca","12":"product_tag-terras-gauda-abadia-ca","13":"product_tag-terras-gauda-abadia-san-campio-ca","14":"pa_anada-45483","15":"pa_bodega-bodegasterrasgauda","16":"pa_do-riasbaixasdo-ca","17":"pa_envejecimiento-jove","18":"pa_formatoenl-36158","19":"pa_formatoenml-38306","20":"pa_fresco-blanc-fresc","21":"pa_graduacion-12_5","22":"pa_maridaje-formatge-cremos","23":"pa_maridaje-marisc","24":"pa_maridaje-peix","25":"pa_maridaje-verdures","26":"pa_pais-espanya-ca","27":"pa_pesoengramos-38354","28":"pa_pesoenkg-14-2","29":"pa_pueblociudad-o-rosal-pontevedra","30":"pa_tipodevino-vi-tranquil","31":"pa_variedad-principal-albarino-ca","32":"entry","33":"has-media","35":"first","36":"instock","37":"taxable","38":"shipping-taxable","39":"purchasable","40":"product-type-simple"},"acf":[],"yoast_head":"<!-- This site is optimized with the Yoast SEO Premium plugin v23.1 (Yoast SEO v23.5) - https:\/\/yoast.com\/wordpress\/plugins\/seo\/ -->\n<title>Abadia de San Campio<\/title>\n<meta name=\"description\" content=\"Comprar Albarinyo acid, untu\u00f3s i fresc. Vi amb final intens. Millor preu. Preu m\u00e9s baix Botiga online especialitzada en vins, licors i productes gourmet. Ofertes\" \/>\n<meta name=\"robots\" content=\"noindex, follow, max-snippet:-1, max-image-preview:large, max-video-preview:-1\" \/>\n<meta property=\"og:locale\" content=\"ca_ES\" \/>\n<meta property=\"og:type\" content=\"article\" \/>\n<meta property=\"og:title\" content=\"Terras Gauda Abadia de San Campio\" \/>\n<meta property=\"og:description\" content=\"Comprar Albarinyo acid, untu\u00f3s i fresc. Vi amb final intens. Millor preu. Preu m\u00e9s baix Botiga online especialitzada en vins, licors i productes gourmet. Ofertes\" \/>\n<meta property=\"og:url\" content=\"https:\/\/aral2.cetrexmarketing.com\/ca\/producto\/terras-gauda-abadia-de-san-campio-2\/\" \/>\n<meta property=\"og:site_name\" content=\"M\u00f3n La Cata\" \/>\n<meta property=\"article:modified_time\" content=\"2025-05-24T08:11:37+00:00\" \/>\n<meta property=\"og:image\" content=\"https:\/\/aral2.cetrexmarketing.com\/wp-content\/uploads\/2025\/05\/Terras-Gauda-Abadia-de-San-Campio.jpg-1.png\" \/>\n\t<meta property=\"og:image:width\" content=\"765\" \/>\n\t<meta property=\"og:image:height\" content=\"1024\" \/>\n\t<meta property=\"og:image:type\" content=\"image\/png\" \/>\n<meta name=\"twitter:card\" content=\"summary_large_image\" \/>\n<meta name=\"twitter:label1\" content=\"Temps estimat de lectura\" \/>\n\t<meta name=\"twitter:data1\" content=\"2 minuts\" \/>\n<script type=\"application\/ld+json\" class=\"yoast-schema-graph\">{\"@context\":\"https:\/\/schema.org\",\"@graph\":[{\"@type\":\"WebPage\",\"@id\":\"https:\/\/aral2.cetrexmarketing.com\/ca\/producto\/terras-gauda-abadia-de-san-campio-2\/\",\"url\":\"https:\/\/aral2.cetrexmarketing.com\/ca\/producto\/terras-gauda-abadia-de-san-campio-2\/\",\"name\":\"Abadia de San Campio\",\"isPartOf\":{\"@id\":\"https:\/\/aral2.cetrexmarketing.com\/#website\"},\"primaryImageOfPage\":{\"@id\":\"https:\/\/aral2.cetrexmarketing.com\/ca\/producto\/terras-gauda-abadia-de-san-campio-2\/#primaryimage\"},\"image\":{\"@id\":\"https:\/\/aral2.cetrexmarketing.com\/ca\/producto\/terras-gauda-abadia-de-san-campio-2\/#primaryimage\"},\"thumbnailUrl\":\"https:\/\/aral2.cetrexmarketing.com\/wp-content\/uploads\/2025\/05\/Terras-Gauda-Abadia-de-San-Campio.jpg-1.png\",\"datePublished\":\"2025-05-24T08:11:36+00:00\",\"dateModified\":\"2025-05-24T08:11:37+00:00\",\"description\":\"Comprar Albarinyo acid, untu\u00f3s i fresc. Vi amb final intens. Millor preu. Preu m\u00e9s baix Botiga online especialitzada en vins, licors i productes gourmet. Ofertes\",\"breadcrumb\":{\"@id\":\"https:\/\/aral2.cetrexmarketing.com\/ca\/producto\/terras-gauda-abadia-de-san-campio-2\/#breadcrumb\"},\"inLanguage\":\"ca\",\"potentialAction\":[{\"@type\":\"ReadAction\",\"target\":[\"https:\/\/aral2.cetrexmarketing.com\/ca\/producto\/terras-gauda-abadia-de-san-campio-2\/\"]}]},{\"@type\":\"ImageObject\",\"inLanguage\":\"ca\",\"@id\":\"https:\/\/aral2.cetrexmarketing.com\/ca\/producto\/terras-gauda-abadia-de-san-campio-2\/#primaryimage\",\"url\":\"https:\/\/aral2.cetrexmarketing.com\/wp-content\/uploads\/2025\/05\/Terras-Gauda-Abadia-de-San-Campio.jpg-1.png\",\"contentUrl\":\"https:\/\/aral2.cetrexmarketing.com\/wp-content\/uploads\/2025\/05\/Terras-Gauda-Abadia-de-San-Campio.jpg-1.png\",\"width\":765,\"height\":1024},{\"@type\":\"BreadcrumbList\",\"@id\":\"https:\/\/aral2.cetrexmarketing.com\/ca\/producto\/terras-gauda-abadia-de-san-campio-2\/#breadcrumb\",\"itemListElement\":[{\"@type\":\"ListItem\",\"position\":1,\"name\":\"Home\",\"item\":\"https:\/\/aral2.cetrexmarketing.com\/ca\/\"},{\"@type\":\"ListItem\",\"position\":2,\"name\":\"Tienda\",\"item\":\"https:\/\/aral2.cetrexmarketing.com\/ca\/tienda-2\/\"},{\"@type\":\"ListItem\",\"position\":3,\"name\":\"Vi\",\"item\":\"https:\/\/aral2.cetrexmarketing.com\/categoria-producto\/vi\/\"},{\"@type\":\"ListItem\",\"position\":4,\"name\":\"Vi Blanc\",\"item\":\"https:\/\/aral2.cetrexmarketing.com\/categoria-producto\/vi\/vi-blanc\/\"},{\"@type\":\"ListItem\",\"position\":5,\"name\":\"Terras Gauda Abadia de San Campio\"}]},{\"@type\":\"WebSite\",\"@id\":\"https:\/\/aral2.cetrexmarketing.com\/#website\",\"url\":\"https:\/\/aral2.cetrexmarketing.com\/\",\"name\":\"M\u00f3n La Cata\",\"description\":\"Tienda de vinos, licores, cervezas y gourmet\",\"publisher\":{\"@id\":\"https:\/\/aral2.cetrexmarketing.com\/#organization\"},\"potentialAction\":[{\"@type\":\"SearchAction\",\"target\":{\"@type\":\"EntryPoint\",\"urlTemplate\":\"https:\/\/aral2.cetrexmarketing.com\/?s={search_term_string}\"},\"query-input\":{\"@type\":\"PropertyValueSpecification\",\"valueRequired\":true,\"valueName\":\"search_term_string\"}}],\"inLanguage\":\"ca\"},{\"@type\":\"Organization\",\"@id\":\"https:\/\/aral2.cetrexmarketing.com\/#organization\",\"name\":\"M\u00f3n La Cata\",\"url\":\"https:\/\/aral2.cetrexmarketing.com\/\",\"logo\":{\"@type\":\"ImageObject\",\"inLanguage\":\"ca\",\"@id\":\"https:\/\/aral2.cetrexmarketing.com\/#\/schema\/logo\/image\/\",\"url\":\"https:\/\/aral2.cetrexmarketing.com\/wp-content\/uploads\/2024\/10\/aral-logo-neg-1024x409-1.png\",\"contentUrl\":\"https:\/\/aral2.cetrexmarketing.com\/wp-content\/uploads\/2024\/10\/aral-logo-neg-1024x409-1.png\",\"width\":1024,\"height\":409,\"caption\":\"M\u00f3n La Cata\"},\"image\":{\"@id\":\"https:\/\/aral2.cetrexmarketing.com\/#\/schema\/logo\/image\/\"}}]}<\/script>\n<!-- \/ Yoast SEO Premium plugin. -->","yoast_head_json":{"title":"Abadia de San Campio","description":"Comprar Albarinyo acid, untu\u00f3s i fresc. Vi amb final intens. Millor preu. Preu m\u00e9s baix Botiga online especialitzada en vins, licors i productes gourmet. Ofertes","robots":{"index":"noindex","follow":"follow","max-snippet":"max-snippet:-1","max-image-preview":"max-image-preview:large","max-video-preview":"max-video-preview:-1"},"og_locale":"ca_ES","og_type":"article","og_title":"Terras Gauda Abadia de San Campio","og_description":"Comprar Albarinyo acid, untu\u00f3s i fresc. Vi amb final intens. Millor preu. Preu m\u00e9s baix Botiga online especialitzada en vins, licors i productes gourmet. Ofertes","og_url":"https:\/\/aral2.cetrexmarketing.com\/ca\/producto\/terras-gauda-abadia-de-san-campio-2\/","og_site_name":"M\u00f3n La Cata","article_modified_time":"2025-05-24T08:11:37+00:00","og_image":[{"width":765,"height":1024,"url":"https:\/\/aral2.cetrexmarketing.com\/wp-content\/uploads\/2025\/05\/Terras-Gauda-Abadia-de-San-Campio.jpg-1.png","type":"image\/png"}],"twitter_card":"summary_large_image","twitter_misc":{"Temps estimat de lectura":"2 minuts"},"schema":{"@context":"https:\/\/schema.org","@graph":[{"@type":"WebPage","@id":"https:\/\/aral2.cetrexmarketing.com\/ca\/producto\/terras-gauda-abadia-de-san-campio-2\/","url":"https:\/\/aral2.cetrexmarketing.com\/ca\/producto\/terras-gauda-abadia-de-san-campio-2\/","name":"Abadia de San Campio","isPartOf":{"@id":"https:\/\/aral2.cetrexmarketing.com\/#website"},"primaryImageOfPage":{"@id":"https:\/\/aral2.cetrexmarketing.com\/ca\/producto\/terras-gauda-abadia-de-san-campio-2\/#primaryimage"},"image":{"@id":"https:\/\/aral2.cetrexmarketing.com\/ca\/producto\/terras-gauda-abadia-de-san-campio-2\/#primaryimage"},"thumbnailUrl":"https:\/\/aral2.cetrexmarketing.com\/wp-content\/uploads\/2025\/05\/Terras-Gauda-Abadia-de-San-Campio.jpg-1.png","datePublished":"2025-05-24T08:11:36+00:00","dateModified":"2025-05-24T08:11:37+00:00","description":"Comprar Albarinyo acid, untu\u00f3s i fresc. Vi amb final intens. Millor preu. Preu m\u00e9s baix Botiga online especialitzada en vins, licors i productes gourmet. Ofertes","breadcrumb":{"@id":"https:\/\/aral2.cetrexmarketing.com\/ca\/producto\/terras-gauda-abadia-de-san-campio-2\/#breadcrumb"},"inLanguage":"ca","potentialAction":[{"@type":"ReadAction","target":["https:\/\/aral2.cetrexmarketing.com\/ca\/producto\/terras-gauda-abadia-de-san-campio-2\/"]}]},{"@type":"ImageObject","inLanguage":"ca","@id":"https:\/\/aral2.cetrexmarketing.com\/ca\/producto\/terras-gauda-abadia-de-san-campio-2\/#primaryimage","url":"https:\/\/aral2.cetrexmarketing.com\/wp-content\/uploads\/2025\/05\/Terras-Gauda-Abadia-de-San-Campio.jpg-1.png","contentUrl":"https:\/\/aral2.cetrexmarketing.com\/wp-content\/uploads\/2025\/05\/Terras-Gauda-Abadia-de-San-Campio.jpg-1.png","width":765,"height":1024},{"@type":"BreadcrumbList","@id":"https:\/\/aral2.cetrexmarketing.com\/ca\/producto\/terras-gauda-abadia-de-san-campio-2\/#breadcrumb","itemListElement":[{"@type":"ListItem","position":1,"name":"Home","item":"https:\/\/aral2.cetrexmarketing.com\/ca\/"},{"@type":"ListItem","position":2,"name":"Tienda","item":"https:\/\/aral2.cetrexmarketing.com\/ca\/tienda-2\/"},{"@type":"ListItem","position":3,"name":"Vi","item":"https:\/\/aral2.cetrexmarketing.com\/categoria-producto\/vi\/"},{"@type":"ListItem","position":4,"name":"Vi Blanc","item":"https:\/\/aral2.cetrexmarketing.com\/categoria-producto\/vi\/vi-blanc\/"},{"@type":"ListItem","position":5,"name":"Terras Gauda Abadia de San Campio"}]},{"@type":"WebSite","@id":"https:\/\/aral2.cetrexmarketing.com\/#website","url":"https:\/\/aral2.cetrexmarketing.com\/","name":"M\u00f3n La Cata","description":"Tienda de vinos, licores, cervezas y gourmet","publisher":{"@id":"https:\/\/aral2.cetrexmarketing.com\/#organization"},"potentialAction":[{"@type":"SearchAction","target":{"@type":"EntryPoint","urlTemplate":"https:\/\/aral2.cetrexmarketing.com\/?s={search_term_string}"},"query-input":{"@type":"PropertyValueSpecification","valueRequired":true,"valueName":"search_term_string"}}],"inLanguage":"ca"},{"@type":"Organization","@id":"https:\/\/aral2.cetrexmarketing.com\/#organization","name":"M\u00f3n La Cata","url":"https:\/\/aral2.cetrexmarketing.com\/","logo":{"@type":"ImageObject","inLanguage":"ca","@id":"https:\/\/aral2.cetrexmarketing.com\/#\/schema\/logo\/image\/","url":"https:\/\/aral2.cetrexmarketing.com\/wp-content\/uploads\/2024\/10\/aral-logo-neg-1024x409-1.png","contentUrl":"https:\/\/aral2.cetrexmarketing.com\/wp-content\/uploads\/2024\/10\/aral-logo-neg-1024x409-1.png","width":1024,"height":409,"caption":"M\u00f3n La Cata"},"image":{"@id":"https:\/\/aral2.cetrexmarketing.com\/#\/schema\/logo\/image\/"}}]}},"brands":[{"id":32929,"name":"R\u00edas Baixas D.O.","slug":"rias-baixas-d-o"}],"_links":{"self":[{"href":"https:\/\/aral2.cetrexmarketing.com\/ca\/wp-json\/wp\/v2\/product\/82695","targetHints":{"allow":["GET"]}}],"collection":[{"href":"https:\/\/aral2.cetrexmarketing.com\/ca\/wp-json\/wp\/v2\/product"}],"about":[{"href":"https:\/\/aral2.cetrexmarketing.com\/ca\/wp-json\/wp\/v2\/types\/product"}],"replies":[{"embeddable":true,"href":"https:\/\/aral2.cetrexmarketing.com\/ca\/wp-json\/wp\/v2\/comments?post=82695"}],"wp:featuredmedia":[{"embeddable":true,"href":"https:\/\/aral2.cetrexmarketing.com\/ca\/wp-json\/wp\/v2\/media\/82692"}],"wp:attachment":[{"href":"https:\/\/aral2.cetrexmarketing.com\/ca\/wp-json\/wp\/v2\/media?parent=82695"}],"wp:term":[{"taxonomy":"pwb-brand","embeddable":true,"href":"https:\/\/aral2.cetrexmarketing.com\/ca\/wp-json\/wp\/v2\/pwb-brand?post=82695"},{"taxonomy":"product_brand","embeddable":true,"href":"https:\/\/aral2.cetrexmarketing.com\/ca\/wp-json\/wp\/v2\/product_brand?post=82695"},{"taxonomy":"product_cat","embeddable":true,"href":"https:\/\/aral2.cetrexmarketing.com\/ca\/wp-json\/wp\/v2\/product_cat?post=82695"},{"taxonomy":"product_tag","embeddable":true,"href":"https:\/\/aral2.cetrexmarketing.com\/ca\/wp-json\/wp\/v2\/product_tag?post=82695"}],"curies":[{"name":"wp","href":"https:\/\/api.w.org\/{rel}","templated":true}]}}