{"id":82150,"date":"2025-05-24T08:01:12","date_gmt":"2025-05-24T08:01:12","guid":{"rendered":"https:\/\/aral2.cetrexmarketing.com\/producto\/jean-leon-3055-chardonnay-2\/"},"modified":"2025-05-24T08:01:13","modified_gmt":"2025-05-24T08:01:13","slug":"jean-leon-3055-chardonnay-2","status":"publish","type":"product","link":"https:\/\/aral2.cetrexmarketing.com\/ca\/producto\/jean-leon-3055-chardonnay-2\/","title":{"rendered":"Jean Leon 3055 Chardonnay"},"content":{"rendered":"<p><strong>Jean Leon 3055 Chardonnay<\/strong> \u00e9s un vi blanc de la Denominaci\u00f3 d&#8217;Origen Pened\u00e8s, elaborat per Jean Leon, un celler espanyol reconegut pel seu enfocament en la qualitat i la singularitat dels seus vins. Aquest Chardonnay \u00e9s una de les expressions m\u00e9s destacades de la marca.<\/p>\n<div class=\"flex-1 overflow-hidden @container\/thread\">\n<div class=\"h-full\">\n<div class=\"react-scroll-to-bottom--css-lztgt-79elbk h-full\">\n<div class=\"react-scroll-to-bottom--css-lztgt-1n7m0yu\">\n<div class=\"flex flex-col text-sm md:pb-9\">\n<article class=\"w-full scroll-mb-[var(--thread-trailing-height,150px)] text-token-text-primary focus-visible:outline-2 focus-visible:outline-offset-[-4px]\" dir=\"auto\" data-testid=\"conversation-turn-3\" data-scroll-anchor=\"true\">\n<div class=\"m-auto text-base py-[18px] px-3 md:px-4 w-full md:px-5 lg:px-4 xl:px-5\">\n<div class=\"mx-auto flex flex-1 gap-4 text-base md:gap-5 lg:gap-6 md:max-w-3xl lg:max-w-[40rem] xl:max-w-[48rem]\">\n<div class=\"group\/conversation-turn relative flex w-full min-w-0 flex-col agent-turn\">\n<div class=\"flex-col gap-1 md:gap-3\">\n<div class=\"flex max-w-full flex-col flex-grow\">\n<div class=\"min-h-8 text-message flex w-full flex-col items-end gap-2 whitespace-normal break-words text-start [.text-message+&amp;]:mt-5\" dir=\"auto\" data-message-author-role=\"assistant\" data-message-id=\"350ee23b-8b18-433f-8bf6-887cfb0191be\" data-message-model-slug=\"gpt-4o-mini\">\n<div class=\"flex w-full flex-col gap-1 empty:hidden first:pt-[3px]\">\n<div class=\"markdown prose w-full break-words dark:prose-invert light\">\n<ul>\n<li><strong>Varietat de ra\u00efm: 100%<\/strong> Chardonnay. Aquesta varietat \u00e9s coneguda per la seva versatilitat i la capacitat d&#8217;adaptar-se a diferents climes, la qual cosa li atorga al vi una complexitat i frescor notables.<\/li>\n<li><strong>Elaboraci\u00f3<\/strong>: El vi es sotmet a una fermentaci\u00f3 en b\u00f3tes de roure, la qual cosa li aporta una textura m\u00e9s complexa i un toc subtil de fusta, mentre conserva la frescor caracter\u00edstica del ra\u00efm Chardonnay.<\/li>\n<li><strong>Crian\u00e7a<\/strong>: El vi es madura en b\u00f3tes de roure durant diversos mesos, la qual cosa ajuda a desenvolupar els seus aromes i sabors, creant una estructura elegant i rodona.<\/li>\n<li><strong>Aromes<\/strong>: A la vista, destaca per una combinaci\u00f3 d&#8217;aromes fruiters com poma verda, c\u00edtrics i pr\u00e9ssec, amb tocs subtils de mantega i vainilla, provinents de la crian\u00e7a en barrica.<\/li>\n<li><strong>Sabor<\/strong>: A la boca, \u00e9s un vi fresc, elegant i ben equilibrat, amb una acidesa marcada que li d\u00f3na vivacitat i un final llarg i suau. Els sabors fruiters es barregen amb notes de torrat i un toc crem\u00f3s de la fusta.<\/li>\n<\/ul>\n<\/div>\n<\/div>\n<\/div>\n<\/div>\n<\/div>\n<\/div>\n<\/div>\n<\/div>\n<\/article>\n<\/div>\n<\/div>\n<\/div>\n<\/div>\n<\/div>\n<div class=\"md:pt-0 dark:border-white\/20 md:border-transparent md:dark:border-transparent w-full\"><\/div>\n","protected":false},"excerpt":{"rendered":"<p><span style=\"font-weight: 400;\">.<\/span><\/p>\n<div class=\"flex-shrink-0 flex flex-col relative items-end\">\n<div>\n<div class=\"pt-0\">\n<div class=\"gizmo-bot-avatar flex h-8 w-8 items-center justify-center overflow-hidden rounded-full\">\n<div class=\"relative p-1 rounded-sm flex items-center justify-center bg-token-main-surface-primary text-token-text-primary h-8 w-8\"><\/div>\n<\/div>\n<\/div>\n<\/div>\n<\/div>\n<div class=\"group\/conversation-turn relative flex w-full min-w-0 flex-col agent-turn\">\n<div class=\"flex-col gap-1 md:gap-3\">\n<div class=\"flex max-w-full flex-col flex-grow\">\n<div class=\"min-h-8 text-message flex w-full flex-col items-end gap-2 whitespace-normal break-words text-start [.text-message+&amp;]:mt-5\" dir=\"auto\" data-message-author-role=\"assistant\" data-message-id=\"441abb8b-e36a-4737-9a51-8e16fd3c9e9a\" data-message-model-slug=\"gpt-4o-mini\">\n<div class=\"flex w-full flex-col gap-1 empty:hidden first:pt-[3px]\">\n<div class=\"markdown prose w-full break-words dark:prose-invert light\">\n<p>Jean Leon 3055 Chardonnay \u00e9s un vi blanc de la Denominaci\u00f3 d&#8217;Origen Pened\u00e8s, elaborat al 100% amb ra\u00efm Chardonnay. Amb una fermentaci\u00f3 en b\u00f3tes de roure, aquest vi ofereix una complexitat i frescor notables, amb aromes afruitats de poma verda, c\u00edtrics i pr\u00e9ssec, complementats amb subtils notes de mantega i vainilla per la seva crian\u00e7a en fusta. En boca, destaca per la seva eleg\u00e0ncia, frescor i acidesa equilibrada, presentant un final llarg, suau i cremos, amb una barreja de sabors afruitats i tocs de torrat.<\/p>\n<\/div>\n<\/div>\n<\/div>\n<\/div>\n<\/div>\n<\/div>\n","protected":false},"featured_media":82147,"comment_status":"closed","ping_status":"closed","template":"","meta":{"_acf_changed":false},"pwb-brand":[32895],"product_brand":[],"product_cat":[51669,51676,51670,51672],"product_tag":[15821,15054,14981,14986,50351,14982,48917,52251],"class_list":{"0":"post-82150","1":"product","2":"type-product","3":"status-publish","4":"has-post-thumbnail","6":"pwb-brand-penedes-d-o","7":"product_cat-ecologic","8":"product_cat-vega","9":"product_cat-vi","10":"product_cat-vi-blanc","11":"product_tag-3055-ca","12":"product_tag-chardonnay-ca","13":"product_tag-do-penedes-ca","14":"product_tag-jean-leon-ca","15":"product_tag-jean-leon-3055-chardonnay-ca","16":"product_tag-penedes-ca","17":"product_tag-vi-blanc-ca","18":"product_tag-vino-blanco-del-penedes-2","19":"pa_anada-36214","20":"pa_bodega-jeanleon_sl-ca","21":"pa_do-penedes-d-o-ca","22":"pa_ecologico-vegano-natural-ecologic","23":"pa_ecologico-vegano-natural-vega","24":"pa_formatoenml-38306","25":"pa_fresco-blanc-fresc","26":"pa_graduacion-13_0","27":"pa_maridaje-marisc","28":"pa_maridaje-peix","29":"pa_tipodevino-vi-tranquil","30":"pa_variedad-principal-chardonnay-ca","31":"entry","32":"has-media","34":"first","35":"instock","36":"taxable","37":"shipping-taxable","38":"purchasable","39":"product-type-simple"},"acf":[],"yoast_head":"<!-- This site is optimized with the Yoast SEO Premium plugin v23.1 (Yoast SEO v23.5) - https:\/\/yoast.com\/wordpress\/plugins\/seo\/ -->\n<title>Jean Leon 3055 Chardonnay - M\u00f3n La Cata<\/title>\n<meta name=\"description\" content=\"Comprar online Jean Leon 3055 Chardonnay de la DO Pened\u00e9s. Som botiga especialitzada en vins, licors, destil\u00b7lats i productes gourmet\" \/>\n<meta name=\"robots\" content=\"noindex, follow, max-snippet:-1, max-image-preview:large, max-video-preview:-1\" \/>\n<meta property=\"og:locale\" content=\"ca_ES\" \/>\n<meta property=\"og:type\" content=\"article\" \/>\n<meta property=\"og:title\" content=\"Jean Leon 3055 Chardonnay\" \/>\n<meta property=\"og:description\" content=\"Comprar online Jean Leon 3055 Chardonnay de la DO Pened\u00e9s. Som botiga especialitzada en vins, licors, destil\u00b7lats i productes gourmet\" \/>\n<meta property=\"og:url\" content=\"https:\/\/aral2.cetrexmarketing.com\/ca\/producto\/jean-leon-3055-chardonnay-2\/\" \/>\n<meta property=\"og:site_name\" content=\"M\u00f3n La Cata\" \/>\n<meta property=\"article:modified_time\" content=\"2025-05-24T08:01:13+00:00\" \/>\n<meta property=\"og:image\" content=\"https:\/\/aral2.cetrexmarketing.com\/wp-content\/uploads\/2025\/05\/Jean-Leon-3055-Chardonnay.jpg.png\" \/>\n\t<meta property=\"og:image:width\" content=\"765\" \/>\n\t<meta property=\"og:image:height\" content=\"1024\" \/>\n\t<meta property=\"og:image:type\" content=\"image\/png\" \/>\n<meta name=\"twitter:card\" content=\"summary_large_image\" \/>\n<meta name=\"twitter:label1\" content=\"Temps estimat de lectura\" \/>\n\t<meta name=\"twitter:data1\" content=\"2 minuts\" \/>\n<script type=\"application\/ld+json\" class=\"yoast-schema-graph\">{\"@context\":\"https:\/\/schema.org\",\"@graph\":[{\"@type\":\"WebPage\",\"@id\":\"https:\/\/aral2.cetrexmarketing.com\/ca\/producto\/jean-leon-3055-chardonnay-2\/\",\"url\":\"https:\/\/aral2.cetrexmarketing.com\/ca\/producto\/jean-leon-3055-chardonnay-2\/\",\"name\":\"Jean Leon 3055 Chardonnay - M\u00f3n La Cata\",\"isPartOf\":{\"@id\":\"https:\/\/aral2.cetrexmarketing.com\/#website\"},\"primaryImageOfPage\":{\"@id\":\"https:\/\/aral2.cetrexmarketing.com\/ca\/producto\/jean-leon-3055-chardonnay-2\/#primaryimage\"},\"image\":{\"@id\":\"https:\/\/aral2.cetrexmarketing.com\/ca\/producto\/jean-leon-3055-chardonnay-2\/#primaryimage\"},\"thumbnailUrl\":\"https:\/\/aral2.cetrexmarketing.com\/wp-content\/uploads\/2025\/05\/Jean-Leon-3055-Chardonnay.jpg.png\",\"datePublished\":\"2025-05-24T08:01:12+00:00\",\"dateModified\":\"2025-05-24T08:01:13+00:00\",\"description\":\"Comprar online Jean Leon 3055 Chardonnay de la DO Pened\u00e9s. Som botiga especialitzada en vins, licors, destil\u00b7lats i productes gourmet\",\"breadcrumb\":{\"@id\":\"https:\/\/aral2.cetrexmarketing.com\/ca\/producto\/jean-leon-3055-chardonnay-2\/#breadcrumb\"},\"inLanguage\":\"ca\",\"potentialAction\":[{\"@type\":\"ReadAction\",\"target\":[\"https:\/\/aral2.cetrexmarketing.com\/ca\/producto\/jean-leon-3055-chardonnay-2\/\"]}]},{\"@type\":\"ImageObject\",\"inLanguage\":\"ca\",\"@id\":\"https:\/\/aral2.cetrexmarketing.com\/ca\/producto\/jean-leon-3055-chardonnay-2\/#primaryimage\",\"url\":\"https:\/\/aral2.cetrexmarketing.com\/wp-content\/uploads\/2025\/05\/Jean-Leon-3055-Chardonnay.jpg.png\",\"contentUrl\":\"https:\/\/aral2.cetrexmarketing.com\/wp-content\/uploads\/2025\/05\/Jean-Leon-3055-Chardonnay.jpg.png\",\"width\":765,\"height\":1024},{\"@type\":\"BreadcrumbList\",\"@id\":\"https:\/\/aral2.cetrexmarketing.com\/ca\/producto\/jean-leon-3055-chardonnay-2\/#breadcrumb\",\"itemListElement\":[{\"@type\":\"ListItem\",\"position\":1,\"name\":\"Home\",\"item\":\"https:\/\/aral2.cetrexmarketing.com\/ca\/\"},{\"@type\":\"ListItem\",\"position\":2,\"name\":\"Tienda\",\"item\":\"https:\/\/aral2.cetrexmarketing.com\/ca\/tienda-2\/\"},{\"@type\":\"ListItem\",\"position\":3,\"name\":\"Ecol\u00f2gic\",\"item\":\"https:\/\/aral2.cetrexmarketing.com\/categoria-producto\/ecologic\/\"},{\"@type\":\"ListItem\",\"position\":4,\"name\":\"Veg\u00e0\",\"item\":\"https:\/\/aral2.cetrexmarketing.com\/categoria-producto\/ecologic\/vega\/\"},{\"@type\":\"ListItem\",\"position\":5,\"name\":\"Jean Leon 3055 Chardonnay\"}]},{\"@type\":\"WebSite\",\"@id\":\"https:\/\/aral2.cetrexmarketing.com\/#website\",\"url\":\"https:\/\/aral2.cetrexmarketing.com\/\",\"name\":\"M\u00f3n La Cata\",\"description\":\"Tienda de vinos, licores, cervezas y gourmet\",\"publisher\":{\"@id\":\"https:\/\/aral2.cetrexmarketing.com\/#organization\"},\"potentialAction\":[{\"@type\":\"SearchAction\",\"target\":{\"@type\":\"EntryPoint\",\"urlTemplate\":\"https:\/\/aral2.cetrexmarketing.com\/?s={search_term_string}\"},\"query-input\":{\"@type\":\"PropertyValueSpecification\",\"valueRequired\":true,\"valueName\":\"search_term_string\"}}],\"inLanguage\":\"ca\"},{\"@type\":\"Organization\",\"@id\":\"https:\/\/aral2.cetrexmarketing.com\/#organization\",\"name\":\"M\u00f3n La Cata\",\"url\":\"https:\/\/aral2.cetrexmarketing.com\/\",\"logo\":{\"@type\":\"ImageObject\",\"inLanguage\":\"ca\",\"@id\":\"https:\/\/aral2.cetrexmarketing.com\/#\/schema\/logo\/image\/\",\"url\":\"https:\/\/aral2.cetrexmarketing.com\/wp-content\/uploads\/2024\/10\/aral-logo-neg-1024x409-1.png\",\"contentUrl\":\"https:\/\/aral2.cetrexmarketing.com\/wp-content\/uploads\/2024\/10\/aral-logo-neg-1024x409-1.png\",\"width\":1024,\"height\":409,\"caption\":\"M\u00f3n La Cata\"},\"image\":{\"@id\":\"https:\/\/aral2.cetrexmarketing.com\/#\/schema\/logo\/image\/\"}}]}<\/script>\n<!-- \/ Yoast SEO Premium plugin. -->","yoast_head_json":{"title":"Jean Leon 3055 Chardonnay - M\u00f3n La Cata","description":"Comprar online Jean Leon 3055 Chardonnay de la DO Pened\u00e9s. Som botiga especialitzada en vins, licors, destil\u00b7lats i productes gourmet","robots":{"index":"noindex","follow":"follow","max-snippet":"max-snippet:-1","max-image-preview":"max-image-preview:large","max-video-preview":"max-video-preview:-1"},"og_locale":"ca_ES","og_type":"article","og_title":"Jean Leon 3055 Chardonnay","og_description":"Comprar online Jean Leon 3055 Chardonnay de la DO Pened\u00e9s. Som botiga especialitzada en vins, licors, destil\u00b7lats i productes gourmet","og_url":"https:\/\/aral2.cetrexmarketing.com\/ca\/producto\/jean-leon-3055-chardonnay-2\/","og_site_name":"M\u00f3n La Cata","article_modified_time":"2025-05-24T08:01:13+00:00","og_image":[{"width":765,"height":1024,"url":"https:\/\/aral2.cetrexmarketing.com\/wp-content\/uploads\/2025\/05\/Jean-Leon-3055-Chardonnay.jpg.png","type":"image\/png"}],"twitter_card":"summary_large_image","twitter_misc":{"Temps estimat de lectura":"2 minuts"},"schema":{"@context":"https:\/\/schema.org","@graph":[{"@type":"WebPage","@id":"https:\/\/aral2.cetrexmarketing.com\/ca\/producto\/jean-leon-3055-chardonnay-2\/","url":"https:\/\/aral2.cetrexmarketing.com\/ca\/producto\/jean-leon-3055-chardonnay-2\/","name":"Jean Leon 3055 Chardonnay - M\u00f3n La Cata","isPartOf":{"@id":"https:\/\/aral2.cetrexmarketing.com\/#website"},"primaryImageOfPage":{"@id":"https:\/\/aral2.cetrexmarketing.com\/ca\/producto\/jean-leon-3055-chardonnay-2\/#primaryimage"},"image":{"@id":"https:\/\/aral2.cetrexmarketing.com\/ca\/producto\/jean-leon-3055-chardonnay-2\/#primaryimage"},"thumbnailUrl":"https:\/\/aral2.cetrexmarketing.com\/wp-content\/uploads\/2025\/05\/Jean-Leon-3055-Chardonnay.jpg.png","datePublished":"2025-05-24T08:01:12+00:00","dateModified":"2025-05-24T08:01:13+00:00","description":"Comprar online Jean Leon 3055 Chardonnay de la DO Pened\u00e9s. Som botiga especialitzada en vins, licors, destil\u00b7lats i productes gourmet","breadcrumb":{"@id":"https:\/\/aral2.cetrexmarketing.com\/ca\/producto\/jean-leon-3055-chardonnay-2\/#breadcrumb"},"inLanguage":"ca","potentialAction":[{"@type":"ReadAction","target":["https:\/\/aral2.cetrexmarketing.com\/ca\/producto\/jean-leon-3055-chardonnay-2\/"]}]},{"@type":"ImageObject","inLanguage":"ca","@id":"https:\/\/aral2.cetrexmarketing.com\/ca\/producto\/jean-leon-3055-chardonnay-2\/#primaryimage","url":"https:\/\/aral2.cetrexmarketing.com\/wp-content\/uploads\/2025\/05\/Jean-Leon-3055-Chardonnay.jpg.png","contentUrl":"https:\/\/aral2.cetrexmarketing.com\/wp-content\/uploads\/2025\/05\/Jean-Leon-3055-Chardonnay.jpg.png","width":765,"height":1024},{"@type":"BreadcrumbList","@id":"https:\/\/aral2.cetrexmarketing.com\/ca\/producto\/jean-leon-3055-chardonnay-2\/#breadcrumb","itemListElement":[{"@type":"ListItem","position":1,"name":"Home","item":"https:\/\/aral2.cetrexmarketing.com\/ca\/"},{"@type":"ListItem","position":2,"name":"Tienda","item":"https:\/\/aral2.cetrexmarketing.com\/ca\/tienda-2\/"},{"@type":"ListItem","position":3,"name":"Ecol\u00f2gic","item":"https:\/\/aral2.cetrexmarketing.com\/categoria-producto\/ecologic\/"},{"@type":"ListItem","position":4,"name":"Veg\u00e0","item":"https:\/\/aral2.cetrexmarketing.com\/categoria-producto\/ecologic\/vega\/"},{"@type":"ListItem","position":5,"name":"Jean Leon 3055 Chardonnay"}]},{"@type":"WebSite","@id":"https:\/\/aral2.cetrexmarketing.com\/#website","url":"https:\/\/aral2.cetrexmarketing.com\/","name":"M\u00f3n La Cata","description":"Tienda de vinos, licores, cervezas y gourmet","publisher":{"@id":"https:\/\/aral2.cetrexmarketing.com\/#organization"},"potentialAction":[{"@type":"SearchAction","target":{"@type":"EntryPoint","urlTemplate":"https:\/\/aral2.cetrexmarketing.com\/?s={search_term_string}"},"query-input":{"@type":"PropertyValueSpecification","valueRequired":true,"valueName":"search_term_string"}}],"inLanguage":"ca"},{"@type":"Organization","@id":"https:\/\/aral2.cetrexmarketing.com\/#organization","name":"M\u00f3n La Cata","url":"https:\/\/aral2.cetrexmarketing.com\/","logo":{"@type":"ImageObject","inLanguage":"ca","@id":"https:\/\/aral2.cetrexmarketing.com\/#\/schema\/logo\/image\/","url":"https:\/\/aral2.cetrexmarketing.com\/wp-content\/uploads\/2024\/10\/aral-logo-neg-1024x409-1.png","contentUrl":"https:\/\/aral2.cetrexmarketing.com\/wp-content\/uploads\/2024\/10\/aral-logo-neg-1024x409-1.png","width":1024,"height":409,"caption":"M\u00f3n La Cata"},"image":{"@id":"https:\/\/aral2.cetrexmarketing.com\/#\/schema\/logo\/image\/"}}]}},"brands":[{"id":32895,"name":"Pened\u00e8s D.O.","slug":"penedes-d-o"}],"_links":{"self":[{"href":"https:\/\/aral2.cetrexmarketing.com\/ca\/wp-json\/wp\/v2\/product\/82150","targetHints":{"allow":["GET"]}}],"collection":[{"href":"https:\/\/aral2.cetrexmarketing.com\/ca\/wp-json\/wp\/v2\/product"}],"about":[{"href":"https:\/\/aral2.cetrexmarketing.com\/ca\/wp-json\/wp\/v2\/types\/product"}],"replies":[{"embeddable":true,"href":"https:\/\/aral2.cetrexmarketing.com\/ca\/wp-json\/wp\/v2\/comments?post=82150"}],"wp:featuredmedia":[{"embeddable":true,"href":"https:\/\/aral2.cetrexmarketing.com\/ca\/wp-json\/wp\/v2\/media\/82147"}],"wp:attachment":[{"href":"https:\/\/aral2.cetrexmarketing.com\/ca\/wp-json\/wp\/v2\/media?parent=82150"}],"wp:term":[{"taxonomy":"pwb-brand","embeddable":true,"href":"https:\/\/aral2.cetrexmarketing.com\/ca\/wp-json\/wp\/v2\/pwb-brand?post=82150"},{"taxonomy":"product_brand","embeddable":true,"href":"https:\/\/aral2.cetrexmarketing.com\/ca\/wp-json\/wp\/v2\/product_brand?post=82150"},{"taxonomy":"product_cat","embeddable":true,"href":"https:\/\/aral2.cetrexmarketing.com\/ca\/wp-json\/wp\/v2\/product_cat?post=82150"},{"taxonomy":"product_tag","embeddable":true,"href":"https:\/\/aral2.cetrexmarketing.com\/ca\/wp-json\/wp\/v2\/product_tag?post=82150"}],"curies":[{"name":"wp","href":"https:\/\/api.w.org\/{rel}","templated":true}]}}