{"id":81981,"date":"2025-05-24T07:56:13","date_gmt":"2025-05-24T07:56:13","guid":{"rendered":"https:\/\/aral2.cetrexmarketing.com\/producto\/castell-del-remei-gotim-bru-2\/"},"modified":"2025-05-24T07:56:15","modified_gmt":"2025-05-24T07:56:15","slug":"castell-del-remei-gotim-bru-2","status":"publish","type":"product","link":"https:\/\/aral2.cetrexmarketing.com\/ca\/producto\/castell-del-remei-gotim-bru-2\/","title":{"rendered":"Castell del Remei Gotim Bru"},"content":{"rendered":"<p class=\"\" data-start=\"0\" data-end=\"314\">Castell del Remei Gotim Bru \u00e9s un vi negre de la Denominaci\u00f3 d&#8217;Origen Costers del Segre, elaborat per la bodega Castell del Remei, situada a la finca del mateix nom a la Plana d&#8217;Urgell, Catalunya. Aquest vi reflecteix la tradici\u00f3 vin\u00edcola de la regi\u00f3 i la dedicaci\u00f3 de la bodega a l&#8217;elaboraci\u00f3 de vins de qualitat.<\/p>\n<p class=\"\" data-start=\"316\" data-end=\"348\"><strong data-start=\"316\" data-end=\"348\">Caracter\u00edstiques principals:<\/strong><\/p>\n<ul data-start=\"350\" data-end=\"556\">\n<li class=\"\" data-start=\"350\" data-end=\"455\">\n<p class=\"\" data-start=\"352\" data-end=\"455\">Varietats de ra\u00efm: Una combinaci\u00f3 de Garnatxa, Tempranillo (Ull de Llebre), Syrah i Cabernet Sauvignon.<\/p>\n<\/li>\n<li class=\"\" data-start=\"456\" data-end=\"514\">\n<p class=\"\" data-start=\"458\" data-end=\"514\">Crian\u00e7a: 10 mesos en barrils de roure franc\u00e8s i americ\u00e0.<\/p>\n<\/li>\n<li class=\"\" data-start=\"515\" data-end=\"556\">\n<p class=\"\" data-start=\"517\" data-end=\"556\">Grau alcoh\u00f2lic: Aproximadament 14% vol.<\/p>\n<\/li>\n<\/ul>\n<p class=\"\" data-start=\"558\" data-end=\"576\"><strong data-start=\"558\" data-end=\"576\">Notes de tast:<\/strong><\/p>\n<ul data-start=\"578\" data-end=\"913\">\n<li class=\"\" data-start=\"578\" data-end=\"621\">\n<p class=\"\" data-start=\"580\" data-end=\"621\">Color: Vermell rub\u00ed amb matisos violacis.<\/p>\n<\/li>\n<li class=\"\" data-start=\"622\" data-end=\"753\">\n<p class=\"\" data-start=\"624\" data-end=\"753\">Aroma: Destaquen notes de fruits vermells madurs, com cirera i pruna, acompanyades de tocs especiats i lleugers matisos de fusta.<\/p>\n<\/li>\n<li class=\"\" data-start=\"754\" data-end=\"913\">\n<p class=\"\" data-start=\"756\" data-end=\"913\">Sabor: En boca \u00e9s equilibrat, amb tanins suaus i bona acidesa. Es perceben sabors de fruits negres i esp\u00e8cies, amb un final persistent i lleugerament picant.<\/p>\n<\/li>\n<\/ul>\n<p class=\"\" data-start=\"915\" data-end=\"939\"><strong data-start=\"915\" data-end=\"939\">Maridatge recomanat:<\/strong><\/p>\n<p class=\"\" data-start=\"941\" data-end=\"1048\">Aquest vi \u00e9s ideal per acompanyar carns roges, rostits, plats de ca\u00e7a, embotits ib\u00e8rics i formatges curats.<\/p>\n<p class=\"\" data-start=\"1050\" data-end=\"1064\"><strong data-start=\"1050\" data-end=\"1064\">Conclusi\u00f3:<\/strong><\/p>\n<p class=\"\" data-start=\"1066\" data-end=\"1263\">Castell del Remei Gotim Bru \u00e9s una expressi\u00f3 de la riquesa vin\u00edcola de Costers del Segre, oferint una experi\u00e8ncia sensorial equilibrada i agradable, perfecta per a diverses ocasions gastron\u00f2miques.<\/p>\n","protected":false},"excerpt":{"rendered":"<p>10 mesos bota roure franc\u00e8s i americ\u00e0<\/p>\n","protected":false},"featured_media":81978,"comment_status":"closed","ping_status":"closed","template":"","meta":{"_acf_changed":false},"pwb-brand":[32877],"product_brand":[],"product_cat":[51670,51671],"product_tag":[14927,14925],"class_list":{"0":"post-81981","1":"product","2":"type-product","3":"status-publish","4":"has-post-thumbnail","6":"pwb-brand-coster-del-segre-d-o","7":"product_cat-vi","8":"product_cat-vi-negre","9":"product_tag-costers-del-segre-ca","10":"product_tag-do-costers-del-segre-ca","11":"pa_anada-36212","12":"pa_bodega-castell-del-remei","13":"pa_do-costersdelsegredo-ca","14":"pa_envejecimiento-crianca","15":"pa_floral-negre-floral","16":"pa_formatoenl-36158","17":"pa_formatoenml-38306","18":"pa_graduacion-14_0","19":"pa_maridaje-carn-blanca","20":"pa_maridaje-verdures","21":"pa_pais-espanya-ca","22":"pa_pesoengramos-38337","23":"pa_pesoenkg-125-ca","24":"pa_region-cataluna","25":"pa_tipodevino-vi-tranquil","26":"pa_variedad-principal-cabernet-sauvignon-ca","27":"pa_variedad-principal-garnacha-tinta-ca","28":"pa_variedad-principal-syrah-ca","29":"pa_variedad-principal-tempranillo-ca","30":"entry","31":"has-media","33":"first","34":"instock","35":"taxable","36":"shipping-taxable","37":"purchasable","38":"product-type-simple"},"acf":[],"yoast_head":"<!-- This site is optimized with the Yoast SEO Premium plugin v23.1 (Yoast SEO v23.5) - https:\/\/yoast.com\/wordpress\/plugins\/seo\/ -->\n<title>Castell del Remei Gotim Bru vi negre<\/title>\n<meta name=\"description\" content=\"Comprar a bon preu el vi negre Gotim Bru del celler Castell del Remei a la DO Costers del Segre. Botiga de vins i licors al millor preu\" \/>\n<meta name=\"robots\" content=\"noindex, follow, max-snippet:-1, max-image-preview:large, max-video-preview:-1\" \/>\n<meta property=\"og:locale\" content=\"ca_ES\" \/>\n<meta property=\"og:type\" content=\"article\" \/>\n<meta property=\"og:title\" content=\"Castell del Remei Gotim Bru\" \/>\n<meta property=\"og:description\" content=\"Comprar a bon preu el vi negre Gotim Bru del celler Castell del Remei a la DO Costers del Segre. Botiga de vins i licors al millor preu\" \/>\n<meta property=\"og:url\" content=\"https:\/\/aral2.cetrexmarketing.com\/ca\/producto\/castell-del-remei-gotim-bru-2\/\" \/>\n<meta property=\"og:site_name\" content=\"M\u00f3n La Cata\" \/>\n<meta property=\"article:modified_time\" content=\"2025-05-24T07:56:15+00:00\" \/>\n<meta property=\"og:image\" content=\"https:\/\/aral2.cetrexmarketing.com\/wp-content\/uploads\/2025\/05\/Castell-del-Remei-Gotim-Bru.jpg.png\" \/>\n\t<meta property=\"og:image:width\" content=\"765\" \/>\n\t<meta property=\"og:image:height\" content=\"1024\" \/>\n\t<meta property=\"og:image:type\" content=\"image\/png\" \/>\n<meta name=\"twitter:card\" content=\"summary_large_image\" \/>\n<meta name=\"twitter:label1\" content=\"Temps estimat de lectura\" \/>\n\t<meta name=\"twitter:data1\" content=\"2 minuts\" \/>\n<script type=\"application\/ld+json\" class=\"yoast-schema-graph\">{\"@context\":\"https:\/\/schema.org\",\"@graph\":[{\"@type\":\"WebPage\",\"@id\":\"https:\/\/aral2.cetrexmarketing.com\/ca\/producto\/castell-del-remei-gotim-bru-2\/\",\"url\":\"https:\/\/aral2.cetrexmarketing.com\/ca\/producto\/castell-del-remei-gotim-bru-2\/\",\"name\":\"Castell del Remei Gotim Bru vi negre\",\"isPartOf\":{\"@id\":\"https:\/\/aral2.cetrexmarketing.com\/#website\"},\"primaryImageOfPage\":{\"@id\":\"https:\/\/aral2.cetrexmarketing.com\/ca\/producto\/castell-del-remei-gotim-bru-2\/#primaryimage\"},\"image\":{\"@id\":\"https:\/\/aral2.cetrexmarketing.com\/ca\/producto\/castell-del-remei-gotim-bru-2\/#primaryimage\"},\"thumbnailUrl\":\"https:\/\/aral2.cetrexmarketing.com\/wp-content\/uploads\/2025\/05\/Castell-del-Remei-Gotim-Bru.jpg.png\",\"datePublished\":\"2025-05-24T07:56:13+00:00\",\"dateModified\":\"2025-05-24T07:56:15+00:00\",\"description\":\"Comprar a bon preu el vi negre Gotim Bru del celler Castell del Remei a la DO Costers del Segre. Botiga de vins i licors al millor preu\",\"breadcrumb\":{\"@id\":\"https:\/\/aral2.cetrexmarketing.com\/ca\/producto\/castell-del-remei-gotim-bru-2\/#breadcrumb\"},\"inLanguage\":\"ca\",\"potentialAction\":[{\"@type\":\"ReadAction\",\"target\":[\"https:\/\/aral2.cetrexmarketing.com\/ca\/producto\/castell-del-remei-gotim-bru-2\/\"]}]},{\"@type\":\"ImageObject\",\"inLanguage\":\"ca\",\"@id\":\"https:\/\/aral2.cetrexmarketing.com\/ca\/producto\/castell-del-remei-gotim-bru-2\/#primaryimage\",\"url\":\"https:\/\/aral2.cetrexmarketing.com\/wp-content\/uploads\/2025\/05\/Castell-del-Remei-Gotim-Bru.jpg.png\",\"contentUrl\":\"https:\/\/aral2.cetrexmarketing.com\/wp-content\/uploads\/2025\/05\/Castell-del-Remei-Gotim-Bru.jpg.png\",\"width\":765,\"height\":1024},{\"@type\":\"BreadcrumbList\",\"@id\":\"https:\/\/aral2.cetrexmarketing.com\/ca\/producto\/castell-del-remei-gotim-bru-2\/#breadcrumb\",\"itemListElement\":[{\"@type\":\"ListItem\",\"position\":1,\"name\":\"Home\",\"item\":\"https:\/\/aral2.cetrexmarketing.com\/ca\/\"},{\"@type\":\"ListItem\",\"position\":2,\"name\":\"Tienda\",\"item\":\"https:\/\/aral2.cetrexmarketing.com\/ca\/tienda-2\/\"},{\"@type\":\"ListItem\",\"position\":3,\"name\":\"Vi\",\"item\":\"https:\/\/aral2.cetrexmarketing.com\/categoria-producto\/vi\/\"},{\"@type\":\"ListItem\",\"position\":4,\"name\":\"Vi Negre\",\"item\":\"https:\/\/aral2.cetrexmarketing.com\/categoria-producto\/vi\/vi-negre\/\"},{\"@type\":\"ListItem\",\"position\":5,\"name\":\"Castell del Remei Gotim Bru\"}]},{\"@type\":\"WebSite\",\"@id\":\"https:\/\/aral2.cetrexmarketing.com\/#website\",\"url\":\"https:\/\/aral2.cetrexmarketing.com\/\",\"name\":\"M\u00f3n La Cata\",\"description\":\"Tienda de vinos, licores, cervezas y gourmet\",\"publisher\":{\"@id\":\"https:\/\/aral2.cetrexmarketing.com\/#organization\"},\"potentialAction\":[{\"@type\":\"SearchAction\",\"target\":{\"@type\":\"EntryPoint\",\"urlTemplate\":\"https:\/\/aral2.cetrexmarketing.com\/?s={search_term_string}\"},\"query-input\":{\"@type\":\"PropertyValueSpecification\",\"valueRequired\":true,\"valueName\":\"search_term_string\"}}],\"inLanguage\":\"ca\"},{\"@type\":\"Organization\",\"@id\":\"https:\/\/aral2.cetrexmarketing.com\/#organization\",\"name\":\"M\u00f3n La Cata\",\"url\":\"https:\/\/aral2.cetrexmarketing.com\/\",\"logo\":{\"@type\":\"ImageObject\",\"inLanguage\":\"ca\",\"@id\":\"https:\/\/aral2.cetrexmarketing.com\/#\/schema\/logo\/image\/\",\"url\":\"https:\/\/aral2.cetrexmarketing.com\/wp-content\/uploads\/2024\/10\/aral-logo-neg-1024x409-1.png\",\"contentUrl\":\"https:\/\/aral2.cetrexmarketing.com\/wp-content\/uploads\/2024\/10\/aral-logo-neg-1024x409-1.png\",\"width\":1024,\"height\":409,\"caption\":\"M\u00f3n La Cata\"},\"image\":{\"@id\":\"https:\/\/aral2.cetrexmarketing.com\/#\/schema\/logo\/image\/\"}}]}<\/script>\n<!-- \/ Yoast SEO Premium plugin. -->","yoast_head_json":{"title":"Castell del Remei Gotim Bru vi negre","description":"Comprar a bon preu el vi negre Gotim Bru del celler Castell del Remei a la DO Costers del Segre. Botiga de vins i licors al millor preu","robots":{"index":"noindex","follow":"follow","max-snippet":"max-snippet:-1","max-image-preview":"max-image-preview:large","max-video-preview":"max-video-preview:-1"},"og_locale":"ca_ES","og_type":"article","og_title":"Castell del Remei Gotim Bru","og_description":"Comprar a bon preu el vi negre Gotim Bru del celler Castell del Remei a la DO Costers del Segre. Botiga de vins i licors al millor preu","og_url":"https:\/\/aral2.cetrexmarketing.com\/ca\/producto\/castell-del-remei-gotim-bru-2\/","og_site_name":"M\u00f3n La Cata","article_modified_time":"2025-05-24T07:56:15+00:00","og_image":[{"width":765,"height":1024,"url":"https:\/\/aral2.cetrexmarketing.com\/wp-content\/uploads\/2025\/05\/Castell-del-Remei-Gotim-Bru.jpg.png","type":"image\/png"}],"twitter_card":"summary_large_image","twitter_misc":{"Temps estimat de lectura":"2 minuts"},"schema":{"@context":"https:\/\/schema.org","@graph":[{"@type":"WebPage","@id":"https:\/\/aral2.cetrexmarketing.com\/ca\/producto\/castell-del-remei-gotim-bru-2\/","url":"https:\/\/aral2.cetrexmarketing.com\/ca\/producto\/castell-del-remei-gotim-bru-2\/","name":"Castell del Remei Gotim Bru vi negre","isPartOf":{"@id":"https:\/\/aral2.cetrexmarketing.com\/#website"},"primaryImageOfPage":{"@id":"https:\/\/aral2.cetrexmarketing.com\/ca\/producto\/castell-del-remei-gotim-bru-2\/#primaryimage"},"image":{"@id":"https:\/\/aral2.cetrexmarketing.com\/ca\/producto\/castell-del-remei-gotim-bru-2\/#primaryimage"},"thumbnailUrl":"https:\/\/aral2.cetrexmarketing.com\/wp-content\/uploads\/2025\/05\/Castell-del-Remei-Gotim-Bru.jpg.png","datePublished":"2025-05-24T07:56:13+00:00","dateModified":"2025-05-24T07:56:15+00:00","description":"Comprar a bon preu el vi negre Gotim Bru del celler Castell del Remei a la DO Costers del Segre. Botiga de vins i licors al millor preu","breadcrumb":{"@id":"https:\/\/aral2.cetrexmarketing.com\/ca\/producto\/castell-del-remei-gotim-bru-2\/#breadcrumb"},"inLanguage":"ca","potentialAction":[{"@type":"ReadAction","target":["https:\/\/aral2.cetrexmarketing.com\/ca\/producto\/castell-del-remei-gotim-bru-2\/"]}]},{"@type":"ImageObject","inLanguage":"ca","@id":"https:\/\/aral2.cetrexmarketing.com\/ca\/producto\/castell-del-remei-gotim-bru-2\/#primaryimage","url":"https:\/\/aral2.cetrexmarketing.com\/wp-content\/uploads\/2025\/05\/Castell-del-Remei-Gotim-Bru.jpg.png","contentUrl":"https:\/\/aral2.cetrexmarketing.com\/wp-content\/uploads\/2025\/05\/Castell-del-Remei-Gotim-Bru.jpg.png","width":765,"height":1024},{"@type":"BreadcrumbList","@id":"https:\/\/aral2.cetrexmarketing.com\/ca\/producto\/castell-del-remei-gotim-bru-2\/#breadcrumb","itemListElement":[{"@type":"ListItem","position":1,"name":"Home","item":"https:\/\/aral2.cetrexmarketing.com\/ca\/"},{"@type":"ListItem","position":2,"name":"Tienda","item":"https:\/\/aral2.cetrexmarketing.com\/ca\/tienda-2\/"},{"@type":"ListItem","position":3,"name":"Vi","item":"https:\/\/aral2.cetrexmarketing.com\/categoria-producto\/vi\/"},{"@type":"ListItem","position":4,"name":"Vi Negre","item":"https:\/\/aral2.cetrexmarketing.com\/categoria-producto\/vi\/vi-negre\/"},{"@type":"ListItem","position":5,"name":"Castell del Remei Gotim Bru"}]},{"@type":"WebSite","@id":"https:\/\/aral2.cetrexmarketing.com\/#website","url":"https:\/\/aral2.cetrexmarketing.com\/","name":"M\u00f3n La Cata","description":"Tienda de vinos, licores, cervezas y gourmet","publisher":{"@id":"https:\/\/aral2.cetrexmarketing.com\/#organization"},"potentialAction":[{"@type":"SearchAction","target":{"@type":"EntryPoint","urlTemplate":"https:\/\/aral2.cetrexmarketing.com\/?s={search_term_string}"},"query-input":{"@type":"PropertyValueSpecification","valueRequired":true,"valueName":"search_term_string"}}],"inLanguage":"ca"},{"@type":"Organization","@id":"https:\/\/aral2.cetrexmarketing.com\/#organization","name":"M\u00f3n La Cata","url":"https:\/\/aral2.cetrexmarketing.com\/","logo":{"@type":"ImageObject","inLanguage":"ca","@id":"https:\/\/aral2.cetrexmarketing.com\/#\/schema\/logo\/image\/","url":"https:\/\/aral2.cetrexmarketing.com\/wp-content\/uploads\/2024\/10\/aral-logo-neg-1024x409-1.png","contentUrl":"https:\/\/aral2.cetrexmarketing.com\/wp-content\/uploads\/2024\/10\/aral-logo-neg-1024x409-1.png","width":1024,"height":409,"caption":"M\u00f3n La Cata"},"image":{"@id":"https:\/\/aral2.cetrexmarketing.com\/#\/schema\/logo\/image\/"}}]}},"brands":[{"id":32877,"name":"Coster del Segre D.O.","slug":"coster-del-segre-d-o"}],"_links":{"self":[{"href":"https:\/\/aral2.cetrexmarketing.com\/ca\/wp-json\/wp\/v2\/product\/81981","targetHints":{"allow":["GET"]}}],"collection":[{"href":"https:\/\/aral2.cetrexmarketing.com\/ca\/wp-json\/wp\/v2\/product"}],"about":[{"href":"https:\/\/aral2.cetrexmarketing.com\/ca\/wp-json\/wp\/v2\/types\/product"}],"replies":[{"embeddable":true,"href":"https:\/\/aral2.cetrexmarketing.com\/ca\/wp-json\/wp\/v2\/comments?post=81981"}],"wp:featuredmedia":[{"embeddable":true,"href":"https:\/\/aral2.cetrexmarketing.com\/ca\/wp-json\/wp\/v2\/media\/81978"}],"wp:attachment":[{"href":"https:\/\/aral2.cetrexmarketing.com\/ca\/wp-json\/wp\/v2\/media?parent=81981"}],"wp:term":[{"taxonomy":"pwb-brand","embeddable":true,"href":"https:\/\/aral2.cetrexmarketing.com\/ca\/wp-json\/wp\/v2\/pwb-brand?post=81981"},{"taxonomy":"product_brand","embeddable":true,"href":"https:\/\/aral2.cetrexmarketing.com\/ca\/wp-json\/wp\/v2\/product_brand?post=81981"},{"taxonomy":"product_cat","embeddable":true,"href":"https:\/\/aral2.cetrexmarketing.com\/ca\/wp-json\/wp\/v2\/product_cat?post=81981"},{"taxonomy":"product_tag","embeddable":true,"href":"https:\/\/aral2.cetrexmarketing.com\/ca\/wp-json\/wp\/v2\/product_tag?post=81981"}],"curies":[{"name":"wp","href":"https:\/\/api.w.org\/{rel}","templated":true}]}}