{"id":78703,"date":"2025-05-24T06:59:10","date_gmt":"2025-05-24T06:59:10","guid":{"rendered":"https:\/\/aral2.cetrexmarketing.com\/producto\/perelada-jardins-blanc\/"},"modified":"2025-05-24T06:59:11","modified_gmt":"2025-05-24T06:59:11","slug":"perelada-jardins-blanc","status":"publish","type":"product","link":"https:\/\/aral2.cetrexmarketing.com\/ca\/producto\/perelada-jardins-blanc\/","title":{"rendered":"Perelada Jardins Blanc"},"content":{"rendered":"<p><strong>Perelada Jardins Blanc<\/strong> \u00e9s un vi produ\u00eft pel celler Castell de Peralada, situat a la DO Empord\u00e0, una regi\u00f3 vin\u00edcola a Catalunya coneguda per la seva diversitat de s\u00f2ls i climes, que contribueixen a la producci\u00f3 de vins d&#8217;alta qualitat.<\/p>\n<p>Elaboraci\u00f3<\/p>\n<p>L&#8217;elaboraci\u00f3 de Peralada Jardins Blanc es realitza amb una acurada selecci\u00f3 de ra\u00efms de varietats com la Garnatxa Blanca, el Macabeu i el Xarel\u00b7lo. Els ra\u00efms es cullen manualment al punt \u00f2ptim de maduraci\u00f3. Despr\u00e9s de la verema, es realitza una fermentaci\u00f3 en dip\u00f2sits d&#8217;acer inoxidable a temperatura controlada per preservar les aromes fresques i fruiteres. No es realitza crian\u00e7a en b\u00f3ta, cosa que permet mantenir la vivacitat i la puresa dels sabors varietals.<\/p>\n<p>Maridatge<\/p>\n<p>Perelada Jardins Blanc \u00e9s un vi molt vers\u00e0til que marida perfectament amb una \u00e0mplia varietat de plats. \u00c9s ideal per acompanyar marisc i peix, ja que la frescor i l&#8217;acidesa complementen els sabors delicats d&#8217;aquests aliments. Tamb\u00e9 \u00e9s una excel\u00b7lent opci\u00f3 per a amanides i plats de verdures, on la seva vivacitat ressalta els ingredients frescos. A m\u00e9s, combina b\u00e9 amb arrossos i pastes lleugeres, especialment amb salses a base d&#8217;herbes o mariscs. El seu car\u00e0cter fresc i afruitat el fa tamb\u00e9 adequat per gaudir-lo com a aperitiu.<\/p>\n<p>En resum, \u00e9s un vi que destaca per la seva frescor i puresa en la seva elaboraci\u00f3, oferint una opci\u00f3 deliciosa i vers\u00e0til per a una \u00e0mplia gamma de maridatges.<\/p>\n","protected":false},"excerpt":{"rendered":"<p id=\"tw-target-text\" class=\"tw-data-text tw-text-large XcVN5d tw-ta\" dir=\"ltr\">Peralada Jardins Blanco \u00e9s un vi blanc produ\u00eft pel celler Castell de Peralada, situat a la DO Empord\u00e0, una regi\u00f3 vin\u00edcola a Catalunya coneguda per la seva diversitat de s\u00f2ls i climes, que contribueixen a la producci\u00f3 de vins d&#8217;alta qualitat.<\/p>\n","protected":false},"featured_media":77998,"comment_status":"closed","ping_status":"closed","template":"","meta":{"_acf_changed":false},"pwb-brand":[32879],"product_brand":[],"product_cat":[51670,51672],"product_tag":[48917],"class_list":{"0":"post-78703","1":"product","2":"type-product","3":"status-publish","4":"has-post-thumbnail","6":"pwb-brand-emporda-d-o","7":"product_cat-vi","8":"product_cat-vi-blanc","9":"product_tag-vi-blanc-ca","10":"pa_anada-45483","11":"pa_bodega-cavasdelcastillodeperelada","12":"pa_do-emporda-d-o-ca","13":"pa_envejecimiento-jove","14":"pa_formatoenml-38306","15":"pa_fresco-blanc-fresc","16":"pa_graduacion-13_0","17":"pa_maridaje-marisc","18":"pa_maridaje-peix","19":"pa_pueblociudad-peraladagirona","20":"pa_tipodevino-vi-tranquil","21":"pa_variedades-ca-macabeo_sauvignonblanc_cha-ca","22":"entry","23":"has-media","25":"first","26":"instock","27":"taxable","28":"shipping-taxable","29":"purchasable","30":"product-type-simple"},"acf":[],"yoast_head":"<!-- This site is optimized with the Yoast SEO Premium plugin v23.1 (Yoast SEO v23.5) - https:\/\/yoast.com\/wordpress\/plugins\/seo\/ -->\n<title>Perelada Jardins Blanc<\/title>\n<meta name=\"description\" content=\"Comprar online al millor preu el vi Perelada Jardins Blanc 75cl a la DO Empord\u00e0. Viniteca. Licoreria. Begudes. Productes Gourmet. Alimentaci\u00f3. Descomptes.\" \/>\n<meta name=\"robots\" content=\"noindex, follow, max-snippet:-1, max-image-preview:large, max-video-preview:-1\" \/>\n<meta property=\"og:locale\" content=\"ca_ES\" \/>\n<meta property=\"og:type\" content=\"article\" \/>\n<meta property=\"og:title\" content=\"Perelada Jardins Blanc\" \/>\n<meta property=\"og:description\" content=\"Comprar online al millor preu el vi Perelada Jardins Blanc 75cl a la DO Empord\u00e0. Viniteca. Licoreria. Begudes. Productes Gourmet. Alimentaci\u00f3. Descomptes.\" \/>\n<meta property=\"og:url\" content=\"https:\/\/aral2.cetrexmarketing.com\/ca\/producto\/perelada-jardins-blanc\/\" \/>\n<meta property=\"og:site_name\" content=\"M\u00f3n La Cata\" \/>\n<meta property=\"article:modified_time\" content=\"2025-05-24T06:59:11+00:00\" \/>\n<meta property=\"og:image\" content=\"https:\/\/aral2.cetrexmarketing.com\/wp-content\/uploads\/2025\/01\/Perelada-Jardins-Blanco-1.png\" \/>\n\t<meta property=\"og:image:width\" content=\"765\" \/>\n\t<meta property=\"og:image:height\" content=\"1024\" \/>\n\t<meta property=\"og:image:type\" content=\"image\/png\" \/>\n<meta name=\"twitter:card\" content=\"summary_large_image\" \/>\n<meta name=\"twitter:label1\" content=\"Temps estimat de lectura\" \/>\n\t<meta name=\"twitter:data1\" content=\"2 minuts\" \/>\n<script type=\"application\/ld+json\" class=\"yoast-schema-graph\">{\"@context\":\"https:\/\/schema.org\",\"@graph\":[{\"@type\":\"WebPage\",\"@id\":\"https:\/\/aral2.cetrexmarketing.com\/ca\/producto\/perelada-jardins-blanc\/\",\"url\":\"https:\/\/aral2.cetrexmarketing.com\/ca\/producto\/perelada-jardins-blanc\/\",\"name\":\"Perelada Jardins Blanc\",\"isPartOf\":{\"@id\":\"https:\/\/aral2.cetrexmarketing.com\/#website\"},\"primaryImageOfPage\":{\"@id\":\"https:\/\/aral2.cetrexmarketing.com\/ca\/producto\/perelada-jardins-blanc\/#primaryimage\"},\"image\":{\"@id\":\"https:\/\/aral2.cetrexmarketing.com\/ca\/producto\/perelada-jardins-blanc\/#primaryimage\"},\"thumbnailUrl\":\"https:\/\/aral2.cetrexmarketing.com\/wp-content\/uploads\/2025\/01\/Perelada-Jardins-Blanco-1.png\",\"datePublished\":\"2025-05-24T06:59:10+00:00\",\"dateModified\":\"2025-05-24T06:59:11+00:00\",\"description\":\"Comprar online al millor preu el vi Perelada Jardins Blanc 75cl a la DO Empord\u00e0. Viniteca. Licoreria. Begudes. Productes Gourmet. Alimentaci\u00f3. Descomptes.\",\"breadcrumb\":{\"@id\":\"https:\/\/aral2.cetrexmarketing.com\/ca\/producto\/perelada-jardins-blanc\/#breadcrumb\"},\"inLanguage\":\"ca\",\"potentialAction\":[{\"@type\":\"ReadAction\",\"target\":[\"https:\/\/aral2.cetrexmarketing.com\/ca\/producto\/perelada-jardins-blanc\/\"]}]},{\"@type\":\"ImageObject\",\"inLanguage\":\"ca\",\"@id\":\"https:\/\/aral2.cetrexmarketing.com\/ca\/producto\/perelada-jardins-blanc\/#primaryimage\",\"url\":\"https:\/\/aral2.cetrexmarketing.com\/wp-content\/uploads\/2025\/01\/Perelada-Jardins-Blanco-1.png\",\"contentUrl\":\"https:\/\/aral2.cetrexmarketing.com\/wp-content\/uploads\/2025\/01\/Perelada-Jardins-Blanco-1.png\",\"width\":765,\"height\":1024},{\"@type\":\"BreadcrumbList\",\"@id\":\"https:\/\/aral2.cetrexmarketing.com\/ca\/producto\/perelada-jardins-blanc\/#breadcrumb\",\"itemListElement\":[{\"@type\":\"ListItem\",\"position\":1,\"name\":\"Home\",\"item\":\"https:\/\/aral2.cetrexmarketing.com\/ca\/\"},{\"@type\":\"ListItem\",\"position\":2,\"name\":\"Tienda\",\"item\":\"https:\/\/aral2.cetrexmarketing.com\/ca\/tienda-2\/\"},{\"@type\":\"ListItem\",\"position\":3,\"name\":\"Vi\",\"item\":\"https:\/\/aral2.cetrexmarketing.com\/categoria-producto\/vi\/\"},{\"@type\":\"ListItem\",\"position\":4,\"name\":\"Vi Blanc\",\"item\":\"https:\/\/aral2.cetrexmarketing.com\/categoria-producto\/vi\/vi-blanc\/\"},{\"@type\":\"ListItem\",\"position\":5,\"name\":\"Perelada Jardins Blanc\"}]},{\"@type\":\"WebSite\",\"@id\":\"https:\/\/aral2.cetrexmarketing.com\/#website\",\"url\":\"https:\/\/aral2.cetrexmarketing.com\/\",\"name\":\"M\u00f3n La Cata\",\"description\":\"Tienda de vinos, licores, cervezas y gourmet\",\"publisher\":{\"@id\":\"https:\/\/aral2.cetrexmarketing.com\/#organization\"},\"potentialAction\":[{\"@type\":\"SearchAction\",\"target\":{\"@type\":\"EntryPoint\",\"urlTemplate\":\"https:\/\/aral2.cetrexmarketing.com\/?s={search_term_string}\"},\"query-input\":{\"@type\":\"PropertyValueSpecification\",\"valueRequired\":true,\"valueName\":\"search_term_string\"}}],\"inLanguage\":\"ca\"},{\"@type\":\"Organization\",\"@id\":\"https:\/\/aral2.cetrexmarketing.com\/#organization\",\"name\":\"M\u00f3n La Cata\",\"url\":\"https:\/\/aral2.cetrexmarketing.com\/\",\"logo\":{\"@type\":\"ImageObject\",\"inLanguage\":\"ca\",\"@id\":\"https:\/\/aral2.cetrexmarketing.com\/#\/schema\/logo\/image\/\",\"url\":\"https:\/\/aral2.cetrexmarketing.com\/wp-content\/uploads\/2024\/10\/aral-logo-neg-1024x409-1.png\",\"contentUrl\":\"https:\/\/aral2.cetrexmarketing.com\/wp-content\/uploads\/2024\/10\/aral-logo-neg-1024x409-1.png\",\"width\":1024,\"height\":409,\"caption\":\"M\u00f3n La Cata\"},\"image\":{\"@id\":\"https:\/\/aral2.cetrexmarketing.com\/#\/schema\/logo\/image\/\"}}]}<\/script>\n<!-- \/ Yoast SEO Premium plugin. -->","yoast_head_json":{"title":"Perelada Jardins Blanc","description":"Comprar online al millor preu el vi Perelada Jardins Blanc 75cl a la DO Empord\u00e0. Viniteca. Licoreria. Begudes. Productes Gourmet. Alimentaci\u00f3. Descomptes.","robots":{"index":"noindex","follow":"follow","max-snippet":"max-snippet:-1","max-image-preview":"max-image-preview:large","max-video-preview":"max-video-preview:-1"},"og_locale":"ca_ES","og_type":"article","og_title":"Perelada Jardins Blanc","og_description":"Comprar online al millor preu el vi Perelada Jardins Blanc 75cl a la DO Empord\u00e0. Viniteca. Licoreria. Begudes. Productes Gourmet. Alimentaci\u00f3. Descomptes.","og_url":"https:\/\/aral2.cetrexmarketing.com\/ca\/producto\/perelada-jardins-blanc\/","og_site_name":"M\u00f3n La Cata","article_modified_time":"2025-05-24T06:59:11+00:00","og_image":[{"width":765,"height":1024,"url":"https:\/\/aral2.cetrexmarketing.com\/wp-content\/uploads\/2025\/01\/Perelada-Jardins-Blanco-1.png","type":"image\/png"}],"twitter_card":"summary_large_image","twitter_misc":{"Temps estimat de lectura":"2 minuts"},"schema":{"@context":"https:\/\/schema.org","@graph":[{"@type":"WebPage","@id":"https:\/\/aral2.cetrexmarketing.com\/ca\/producto\/perelada-jardins-blanc\/","url":"https:\/\/aral2.cetrexmarketing.com\/ca\/producto\/perelada-jardins-blanc\/","name":"Perelada Jardins Blanc","isPartOf":{"@id":"https:\/\/aral2.cetrexmarketing.com\/#website"},"primaryImageOfPage":{"@id":"https:\/\/aral2.cetrexmarketing.com\/ca\/producto\/perelada-jardins-blanc\/#primaryimage"},"image":{"@id":"https:\/\/aral2.cetrexmarketing.com\/ca\/producto\/perelada-jardins-blanc\/#primaryimage"},"thumbnailUrl":"https:\/\/aral2.cetrexmarketing.com\/wp-content\/uploads\/2025\/01\/Perelada-Jardins-Blanco-1.png","datePublished":"2025-05-24T06:59:10+00:00","dateModified":"2025-05-24T06:59:11+00:00","description":"Comprar online al millor preu el vi Perelada Jardins Blanc 75cl a la DO Empord\u00e0. Viniteca. Licoreria. Begudes. Productes Gourmet. Alimentaci\u00f3. Descomptes.","breadcrumb":{"@id":"https:\/\/aral2.cetrexmarketing.com\/ca\/producto\/perelada-jardins-blanc\/#breadcrumb"},"inLanguage":"ca","potentialAction":[{"@type":"ReadAction","target":["https:\/\/aral2.cetrexmarketing.com\/ca\/producto\/perelada-jardins-blanc\/"]}]},{"@type":"ImageObject","inLanguage":"ca","@id":"https:\/\/aral2.cetrexmarketing.com\/ca\/producto\/perelada-jardins-blanc\/#primaryimage","url":"https:\/\/aral2.cetrexmarketing.com\/wp-content\/uploads\/2025\/01\/Perelada-Jardins-Blanco-1.png","contentUrl":"https:\/\/aral2.cetrexmarketing.com\/wp-content\/uploads\/2025\/01\/Perelada-Jardins-Blanco-1.png","width":765,"height":1024},{"@type":"BreadcrumbList","@id":"https:\/\/aral2.cetrexmarketing.com\/ca\/producto\/perelada-jardins-blanc\/#breadcrumb","itemListElement":[{"@type":"ListItem","position":1,"name":"Home","item":"https:\/\/aral2.cetrexmarketing.com\/ca\/"},{"@type":"ListItem","position":2,"name":"Tienda","item":"https:\/\/aral2.cetrexmarketing.com\/ca\/tienda-2\/"},{"@type":"ListItem","position":3,"name":"Vi","item":"https:\/\/aral2.cetrexmarketing.com\/categoria-producto\/vi\/"},{"@type":"ListItem","position":4,"name":"Vi Blanc","item":"https:\/\/aral2.cetrexmarketing.com\/categoria-producto\/vi\/vi-blanc\/"},{"@type":"ListItem","position":5,"name":"Perelada Jardins Blanc"}]},{"@type":"WebSite","@id":"https:\/\/aral2.cetrexmarketing.com\/#website","url":"https:\/\/aral2.cetrexmarketing.com\/","name":"M\u00f3n La Cata","description":"Tienda de vinos, licores, cervezas y gourmet","publisher":{"@id":"https:\/\/aral2.cetrexmarketing.com\/#organization"},"potentialAction":[{"@type":"SearchAction","target":{"@type":"EntryPoint","urlTemplate":"https:\/\/aral2.cetrexmarketing.com\/?s={search_term_string}"},"query-input":{"@type":"PropertyValueSpecification","valueRequired":true,"valueName":"search_term_string"}}],"inLanguage":"ca"},{"@type":"Organization","@id":"https:\/\/aral2.cetrexmarketing.com\/#organization","name":"M\u00f3n La Cata","url":"https:\/\/aral2.cetrexmarketing.com\/","logo":{"@type":"ImageObject","inLanguage":"ca","@id":"https:\/\/aral2.cetrexmarketing.com\/#\/schema\/logo\/image\/","url":"https:\/\/aral2.cetrexmarketing.com\/wp-content\/uploads\/2024\/10\/aral-logo-neg-1024x409-1.png","contentUrl":"https:\/\/aral2.cetrexmarketing.com\/wp-content\/uploads\/2024\/10\/aral-logo-neg-1024x409-1.png","width":1024,"height":409,"caption":"M\u00f3n La Cata"},"image":{"@id":"https:\/\/aral2.cetrexmarketing.com\/#\/schema\/logo\/image\/"}}]}},"brands":[{"id":32879,"name":"Empord\u00e0 D.O.","slug":"emporda-d-o"}],"_links":{"self":[{"href":"https:\/\/aral2.cetrexmarketing.com\/ca\/wp-json\/wp\/v2\/product\/78703","targetHints":{"allow":["GET"]}}],"collection":[{"href":"https:\/\/aral2.cetrexmarketing.com\/ca\/wp-json\/wp\/v2\/product"}],"about":[{"href":"https:\/\/aral2.cetrexmarketing.com\/ca\/wp-json\/wp\/v2\/types\/product"}],"replies":[{"embeddable":true,"href":"https:\/\/aral2.cetrexmarketing.com\/ca\/wp-json\/wp\/v2\/comments?post=78703"}],"wp:featuredmedia":[{"embeddable":true,"href":"https:\/\/aral2.cetrexmarketing.com\/ca\/wp-json\/wp\/v2\/media\/77998"}],"wp:attachment":[{"href":"https:\/\/aral2.cetrexmarketing.com\/ca\/wp-json\/wp\/v2\/media?parent=78703"}],"wp:term":[{"taxonomy":"pwb-brand","embeddable":true,"href":"https:\/\/aral2.cetrexmarketing.com\/ca\/wp-json\/wp\/v2\/pwb-brand?post=78703"},{"taxonomy":"product_brand","embeddable":true,"href":"https:\/\/aral2.cetrexmarketing.com\/ca\/wp-json\/wp\/v2\/product_brand?post=78703"},{"taxonomy":"product_cat","embeddable":true,"href":"https:\/\/aral2.cetrexmarketing.com\/ca\/wp-json\/wp\/v2\/product_cat?post=78703"},{"taxonomy":"product_tag","embeddable":true,"href":"https:\/\/aral2.cetrexmarketing.com\/ca\/wp-json\/wp\/v2\/product_tag?post=78703"}],"curies":[{"name":"wp","href":"https:\/\/api.w.org\/{rel}","templated":true}]}}