{"id":78648,"date":"2025-05-24T06:58:15","date_gmt":"2025-05-24T06:58:15","guid":{"rendered":"https:\/\/aral2.cetrexmarketing.com\/producto\/azpilicueta-coleccion-privada-blanc\/"},"modified":"2025-05-24T06:58:16","modified_gmt":"2025-05-24T06:58:16","slug":"azpilicueta-coleccion-privada-blanc","status":"publish","type":"product","link":"https:\/\/aral2.cetrexmarketing.com\/ca\/producto\/azpilicueta-coleccion-privada-blanc\/","title":{"rendered":"Azpilicueta Colecci\u00f3n Privada Blanc"},"content":{"rendered":"<p>Azpilicueta Colecci\u00f3n Privada Blanc<\/p>\n<p>Fermentat en b\u00f2ta<\/p>\n","protected":false},"excerpt":{"rendered":"<p>Vi de gran complexitat i eleg\u00e0ncia, en el que hi combinen notes de c\u00edtrics amb flors i fruita blanca, amb bolleria, torrats i t\u00f2fona.<\/p>\n<p>S&#8217;ha fermentat en b\u00f3tes de roure americ\u00e0 de torrat molt suau i llarg.<\/p>\n","protected":false},"featured_media":77922,"comment_status":"closed","ping_status":"closed","template":"","meta":{"_acf_changed":false},"pwb-brand":[44808,44807,32907],"product_brand":[],"product_cat":[51670,51672],"product_tag":[14903,14904,16187,15062],"class_list":{"0":"post-78648","1":"product","2":"type-product","3":"status-publish","4":"has-post-thumbnail","6":"pwb-brand-azpilicueta","7":"pwb-brand-bodegas-azpilicueta","8":"pwb-brand-rioja-d-o","9":"product_cat-vi","10":"product_cat-vi-blanc","11":"product_tag-azpilicueta-ca","12":"product_tag-doca-rioja-ca","13":"product_tag-la-rioja-ca","14":"product_tag-rioja-blanco-ca","15":"pa_anada-36212","16":"pa_bodega-bodega-azpilicueta","17":"pa_do-rioja-d-o-ca-ca","18":"pa_envejecimiento-barrica-ca-2","19":"pa_formatoenml-38306","20":"pa_gastronomico-blanc-gastronomic","21":"pa_graduacion-14_0","22":"pa_maridaje-carn-blanca","23":"pa_maridaje-formatge-curat","24":"pa_maridaje-marisc","25":"pa_maridaje-midons","26":"pa_maridaje-peix","27":"pa_pais-espanya-ca","28":"pa_pueblociudad-logrono","29":"pa_tipodevino-vi-tranquil","30":"entry","31":"has-media","33":"first","34":"outofstock","35":"taxable","36":"shipping-taxable","37":"purchasable","38":"product-type-simple"},"acf":[],"yoast_head":"<!-- This site is optimized with the Yoast SEO Premium plugin v23.1 (Yoast SEO v23.5) - https:\/\/yoast.com\/wordpress\/plugins\/seo\/ -->\n<title>Azpilicueta Colecci\u00f3n Privada Blanc - M\u00f3n La Cata<\/title>\n<meta name=\"description\" content=\"Comprar Azpilicueta Colecci\u00f3n Privada Blanc en M\u00f3n La Cata . Tienda online especilizada en vino y alimentaci\u00f3n. Env\u00edos puntuales y promociones\" \/>\n<meta name=\"robots\" content=\"noindex, follow, max-snippet:-1, max-image-preview:large, max-video-preview:-1\" \/>\n<meta property=\"og:locale\" content=\"ca_ES\" \/>\n<meta property=\"og:type\" content=\"article\" \/>\n<meta property=\"og:title\" content=\"Azpilicueta Colecci\u00f3n Privada Blanc\" \/>\n<meta property=\"og:description\" content=\"Comprar Azpilicueta Colecci\u00f3n Privada Blanc en M\u00f3n La Cata . Tienda online especilizada en vino y alimentaci\u00f3n. Env\u00edos puntuales y promociones\" \/>\n<meta property=\"og:url\" content=\"https:\/\/aral2.cetrexmarketing.com\/ca\/producto\/azpilicueta-coleccion-privada-blanc\/\" \/>\n<meta property=\"og:site_name\" content=\"M\u00f3n La Cata\" \/>\n<meta property=\"article:modified_time\" content=\"2025-05-24T06:58:16+00:00\" \/>\n<meta property=\"og:image\" content=\"https:\/\/aral2.cetrexmarketing.com\/wp-content\/uploads\/2025\/01\/Azpilicueta-Coleccion-Privada-Blanco.jpg.png\" \/>\n\t<meta property=\"og:image:width\" content=\"765\" \/>\n\t<meta property=\"og:image:height\" content=\"1024\" \/>\n\t<meta property=\"og:image:type\" content=\"image\/png\" \/>\n<meta name=\"twitter:card\" content=\"summary_large_image\" \/>\n<meta name=\"twitter:label1\" content=\"Temps estimat de lectura\" \/>\n\t<meta name=\"twitter:data1\" content=\"1 minut\" \/>\n<script type=\"application\/ld+json\" class=\"yoast-schema-graph\">{\"@context\":\"https:\/\/schema.org\",\"@graph\":[{\"@type\":\"WebPage\",\"@id\":\"https:\/\/aral2.cetrexmarketing.com\/ca\/producto\/azpilicueta-coleccion-privada-blanc\/\",\"url\":\"https:\/\/aral2.cetrexmarketing.com\/ca\/producto\/azpilicueta-coleccion-privada-blanc\/\",\"name\":\"Azpilicueta Colecci\u00f3n Privada Blanc - M\u00f3n La Cata\",\"isPartOf\":{\"@id\":\"https:\/\/aral2.cetrexmarketing.com\/#website\"},\"primaryImageOfPage\":{\"@id\":\"https:\/\/aral2.cetrexmarketing.com\/ca\/producto\/azpilicueta-coleccion-privada-blanc\/#primaryimage\"},\"image\":{\"@id\":\"https:\/\/aral2.cetrexmarketing.com\/ca\/producto\/azpilicueta-coleccion-privada-blanc\/#primaryimage\"},\"thumbnailUrl\":\"https:\/\/aral2.cetrexmarketing.com\/wp-content\/uploads\/2025\/01\/Azpilicueta-Coleccion-Privada-Blanco.jpg.png\",\"datePublished\":\"2025-05-24T06:58:15+00:00\",\"dateModified\":\"2025-05-24T06:58:16+00:00\",\"description\":\"Comprar Azpilicueta Colecci\u00f3n Privada Blanc en M\u00f3n La Cata . Tienda online especilizada en vino y alimentaci\u00f3n. Env\u00edos puntuales y promociones\",\"breadcrumb\":{\"@id\":\"https:\/\/aral2.cetrexmarketing.com\/ca\/producto\/azpilicueta-coleccion-privada-blanc\/#breadcrumb\"},\"inLanguage\":\"ca\",\"potentialAction\":[{\"@type\":\"ReadAction\",\"target\":[\"https:\/\/aral2.cetrexmarketing.com\/ca\/producto\/azpilicueta-coleccion-privada-blanc\/\"]}]},{\"@type\":\"ImageObject\",\"inLanguage\":\"ca\",\"@id\":\"https:\/\/aral2.cetrexmarketing.com\/ca\/producto\/azpilicueta-coleccion-privada-blanc\/#primaryimage\",\"url\":\"https:\/\/aral2.cetrexmarketing.com\/wp-content\/uploads\/2025\/01\/Azpilicueta-Coleccion-Privada-Blanco.jpg.png\",\"contentUrl\":\"https:\/\/aral2.cetrexmarketing.com\/wp-content\/uploads\/2025\/01\/Azpilicueta-Coleccion-Privada-Blanco.jpg.png\",\"width\":765,\"height\":1024},{\"@type\":\"BreadcrumbList\",\"@id\":\"https:\/\/aral2.cetrexmarketing.com\/ca\/producto\/azpilicueta-coleccion-privada-blanc\/#breadcrumb\",\"itemListElement\":[{\"@type\":\"ListItem\",\"position\":1,\"name\":\"Home\",\"item\":\"https:\/\/aral2.cetrexmarketing.com\/ca\/\"},{\"@type\":\"ListItem\",\"position\":2,\"name\":\"Tienda\",\"item\":\"https:\/\/aral2.cetrexmarketing.com\/ca\/tienda-2\/\"},{\"@type\":\"ListItem\",\"position\":3,\"name\":\"Vino\",\"item\":\"https:\/\/aral2.cetrexmarketing.com\/categoria-producto\/inicio\/vino\/\"},{\"@type\":\"ListItem\",\"position\":4,\"name\":\"Azpilicueta Colecci\u00f3n Privada Blanc\"}]},{\"@type\":\"WebSite\",\"@id\":\"https:\/\/aral2.cetrexmarketing.com\/#website\",\"url\":\"https:\/\/aral2.cetrexmarketing.com\/\",\"name\":\"M\u00f3n La Cata\",\"description\":\"Tienda de vinos, licores, cervezas y gourmet\",\"publisher\":{\"@id\":\"https:\/\/aral2.cetrexmarketing.com\/#organization\"},\"potentialAction\":[{\"@type\":\"SearchAction\",\"target\":{\"@type\":\"EntryPoint\",\"urlTemplate\":\"https:\/\/aral2.cetrexmarketing.com\/?s={search_term_string}\"},\"query-input\":{\"@type\":\"PropertyValueSpecification\",\"valueRequired\":true,\"valueName\":\"search_term_string\"}}],\"inLanguage\":\"ca\"},{\"@type\":\"Organization\",\"@id\":\"https:\/\/aral2.cetrexmarketing.com\/#organization\",\"name\":\"M\u00f3n La Cata\",\"url\":\"https:\/\/aral2.cetrexmarketing.com\/\",\"logo\":{\"@type\":\"ImageObject\",\"inLanguage\":\"ca\",\"@id\":\"https:\/\/aral2.cetrexmarketing.com\/#\/schema\/logo\/image\/\",\"url\":\"https:\/\/aral2.cetrexmarketing.com\/wp-content\/uploads\/2024\/10\/aral-logo-neg-1024x409-1.png\",\"contentUrl\":\"https:\/\/aral2.cetrexmarketing.com\/wp-content\/uploads\/2024\/10\/aral-logo-neg-1024x409-1.png\",\"width\":1024,\"height\":409,\"caption\":\"M\u00f3n La Cata\"},\"image\":{\"@id\":\"https:\/\/aral2.cetrexmarketing.com\/#\/schema\/logo\/image\/\"}}]}<\/script>\n<!-- \/ Yoast SEO Premium plugin. -->","yoast_head_json":{"title":"Azpilicueta Colecci\u00f3n Privada Blanc - M\u00f3n La Cata","description":"Comprar Azpilicueta Colecci\u00f3n Privada Blanc en M\u00f3n La Cata . Tienda online especilizada en vino y alimentaci\u00f3n. Env\u00edos puntuales y promociones","robots":{"index":"noindex","follow":"follow","max-snippet":"max-snippet:-1","max-image-preview":"max-image-preview:large","max-video-preview":"max-video-preview:-1"},"og_locale":"ca_ES","og_type":"article","og_title":"Azpilicueta Colecci\u00f3n Privada Blanc","og_description":"Comprar Azpilicueta Colecci\u00f3n Privada Blanc en M\u00f3n La Cata . Tienda online especilizada en vino y alimentaci\u00f3n. Env\u00edos puntuales y promociones","og_url":"https:\/\/aral2.cetrexmarketing.com\/ca\/producto\/azpilicueta-coleccion-privada-blanc\/","og_site_name":"M\u00f3n La Cata","article_modified_time":"2025-05-24T06:58:16+00:00","og_image":[{"width":765,"height":1024,"url":"https:\/\/aral2.cetrexmarketing.com\/wp-content\/uploads\/2025\/01\/Azpilicueta-Coleccion-Privada-Blanco.jpg.png","type":"image\/png"}],"twitter_card":"summary_large_image","twitter_misc":{"Temps estimat de lectura":"1 minut"},"schema":{"@context":"https:\/\/schema.org","@graph":[{"@type":"WebPage","@id":"https:\/\/aral2.cetrexmarketing.com\/ca\/producto\/azpilicueta-coleccion-privada-blanc\/","url":"https:\/\/aral2.cetrexmarketing.com\/ca\/producto\/azpilicueta-coleccion-privada-blanc\/","name":"Azpilicueta Colecci\u00f3n Privada Blanc - M\u00f3n La Cata","isPartOf":{"@id":"https:\/\/aral2.cetrexmarketing.com\/#website"},"primaryImageOfPage":{"@id":"https:\/\/aral2.cetrexmarketing.com\/ca\/producto\/azpilicueta-coleccion-privada-blanc\/#primaryimage"},"image":{"@id":"https:\/\/aral2.cetrexmarketing.com\/ca\/producto\/azpilicueta-coleccion-privada-blanc\/#primaryimage"},"thumbnailUrl":"https:\/\/aral2.cetrexmarketing.com\/wp-content\/uploads\/2025\/01\/Azpilicueta-Coleccion-Privada-Blanco.jpg.png","datePublished":"2025-05-24T06:58:15+00:00","dateModified":"2025-05-24T06:58:16+00:00","description":"Comprar Azpilicueta Colecci\u00f3n Privada Blanc en M\u00f3n La Cata . Tienda online especilizada en vino y alimentaci\u00f3n. Env\u00edos puntuales y promociones","breadcrumb":{"@id":"https:\/\/aral2.cetrexmarketing.com\/ca\/producto\/azpilicueta-coleccion-privada-blanc\/#breadcrumb"},"inLanguage":"ca","potentialAction":[{"@type":"ReadAction","target":["https:\/\/aral2.cetrexmarketing.com\/ca\/producto\/azpilicueta-coleccion-privada-blanc\/"]}]},{"@type":"ImageObject","inLanguage":"ca","@id":"https:\/\/aral2.cetrexmarketing.com\/ca\/producto\/azpilicueta-coleccion-privada-blanc\/#primaryimage","url":"https:\/\/aral2.cetrexmarketing.com\/wp-content\/uploads\/2025\/01\/Azpilicueta-Coleccion-Privada-Blanco.jpg.png","contentUrl":"https:\/\/aral2.cetrexmarketing.com\/wp-content\/uploads\/2025\/01\/Azpilicueta-Coleccion-Privada-Blanco.jpg.png","width":765,"height":1024},{"@type":"BreadcrumbList","@id":"https:\/\/aral2.cetrexmarketing.com\/ca\/producto\/azpilicueta-coleccion-privada-blanc\/#breadcrumb","itemListElement":[{"@type":"ListItem","position":1,"name":"Home","item":"https:\/\/aral2.cetrexmarketing.com\/ca\/"},{"@type":"ListItem","position":2,"name":"Tienda","item":"https:\/\/aral2.cetrexmarketing.com\/ca\/tienda-2\/"},{"@type":"ListItem","position":3,"name":"Vino","item":"https:\/\/aral2.cetrexmarketing.com\/categoria-producto\/inicio\/vino\/"},{"@type":"ListItem","position":4,"name":"Azpilicueta Colecci\u00f3n Privada Blanc"}]},{"@type":"WebSite","@id":"https:\/\/aral2.cetrexmarketing.com\/#website","url":"https:\/\/aral2.cetrexmarketing.com\/","name":"M\u00f3n La Cata","description":"Tienda de vinos, licores, cervezas y gourmet","publisher":{"@id":"https:\/\/aral2.cetrexmarketing.com\/#organization"},"potentialAction":[{"@type":"SearchAction","target":{"@type":"EntryPoint","urlTemplate":"https:\/\/aral2.cetrexmarketing.com\/?s={search_term_string}"},"query-input":{"@type":"PropertyValueSpecification","valueRequired":true,"valueName":"search_term_string"}}],"inLanguage":"ca"},{"@type":"Organization","@id":"https:\/\/aral2.cetrexmarketing.com\/#organization","name":"M\u00f3n La Cata","url":"https:\/\/aral2.cetrexmarketing.com\/","logo":{"@type":"ImageObject","inLanguage":"ca","@id":"https:\/\/aral2.cetrexmarketing.com\/#\/schema\/logo\/image\/","url":"https:\/\/aral2.cetrexmarketing.com\/wp-content\/uploads\/2024\/10\/aral-logo-neg-1024x409-1.png","contentUrl":"https:\/\/aral2.cetrexmarketing.com\/wp-content\/uploads\/2024\/10\/aral-logo-neg-1024x409-1.png","width":1024,"height":409,"caption":"M\u00f3n La Cata"},"image":{"@id":"https:\/\/aral2.cetrexmarketing.com\/#\/schema\/logo\/image\/"}}]}},"brands":[{"id":44808,"name":"Azpilicueta","slug":"azpilicueta"},{"id":44807,"name":"bodegas azpilicueta","slug":"bodegas-azpilicueta"},{"id":32907,"name":"Rioja D.O.","slug":"rioja-d-o"}],"_links":{"self":[{"href":"https:\/\/aral2.cetrexmarketing.com\/ca\/wp-json\/wp\/v2\/product\/78648","targetHints":{"allow":["GET"]}}],"collection":[{"href":"https:\/\/aral2.cetrexmarketing.com\/ca\/wp-json\/wp\/v2\/product"}],"about":[{"href":"https:\/\/aral2.cetrexmarketing.com\/ca\/wp-json\/wp\/v2\/types\/product"}],"replies":[{"embeddable":true,"href":"https:\/\/aral2.cetrexmarketing.com\/ca\/wp-json\/wp\/v2\/comments?post=78648"}],"wp:featuredmedia":[{"embeddable":true,"href":"https:\/\/aral2.cetrexmarketing.com\/ca\/wp-json\/wp\/v2\/media\/77922"}],"wp:attachment":[{"href":"https:\/\/aral2.cetrexmarketing.com\/ca\/wp-json\/wp\/v2\/media?parent=78648"}],"wp:term":[{"taxonomy":"pwb-brand","embeddable":true,"href":"https:\/\/aral2.cetrexmarketing.com\/ca\/wp-json\/wp\/v2\/pwb-brand?post=78648"},{"taxonomy":"product_brand","embeddable":true,"href":"https:\/\/aral2.cetrexmarketing.com\/ca\/wp-json\/wp\/v2\/product_brand?post=78648"},{"taxonomy":"product_cat","embeddable":true,"href":"https:\/\/aral2.cetrexmarketing.com\/ca\/wp-json\/wp\/v2\/product_cat?post=78648"},{"taxonomy":"product_tag","embeddable":true,"href":"https:\/\/aral2.cetrexmarketing.com\/ca\/wp-json\/wp\/v2\/product_tag?post=78648"}],"curies":[{"name":"wp","href":"https:\/\/api.w.org\/{rel}","templated":true}]}}