{"id":78446,"date":"2025-05-24T06:54:39","date_gmt":"2025-05-24T06:54:39","guid":{"rendered":"https:\/\/aral2.cetrexmarketing.com\/producto\/sios-alto-tinto-2\/"},"modified":"2025-05-24T06:54:40","modified_gmt":"2025-05-24T06:54:40","slug":"sios-alto-tinto-2","status":"publish","type":"product","link":"https:\/\/aral2.cetrexmarketing.com\/ca\/producto\/sios-alto-tinto-2\/","title":{"rendered":"Si\u00f3s Alto Tinto"},"content":{"rendered":"<p class=\"\" data-start=\"0\" data-end=\"270\">Si\u00f3s Alto Tinto \u00e9s un vi negre emblem\u00e0tic de la bodega Costers del Si\u00f3, ubicada a la Denominaci\u00f3 d&#8217;Origen Costers del Segre, a Catalunya. Aquest vi destaca per la seva complexitat i expressi\u00f3 del terrer, resultat d&#8217;una acurada selecci\u00f3 de ra\u00efms i una crian\u00e7a meticulosa.<\/p>\n<p class=\"\" data-start=\"272\" data-end=\"304\"><strong data-start=\"272\" data-end=\"304\">Caracter\u00edstiques principals:<\/strong><\/p>\n<ul data-start=\"306\" data-end=\"458\">\n<li class=\"\" data-start=\"306\" data-end=\"357\">\n<p class=\"\" data-start=\"308\" data-end=\"357\">Varietats de ra\u00efm: Syrah, Tempranillo i Garnatxa.<\/p>\n<\/li>\n<li class=\"\" data-start=\"358\" data-end=\"416\">\n<p class=\"\" data-start=\"360\" data-end=\"416\">Crian\u00e7a: 12 mesos en barrils de roure franc\u00e8s i americ\u00e0.<\/p>\n<\/li>\n<li class=\"\" data-start=\"417\" data-end=\"458\">\n<p class=\"\" data-start=\"419\" data-end=\"458\">Grau alcoh\u00f2lic: Aproximadament 14% vol.<\/p>\n<\/li>\n<\/ul>\n<p class=\"\" data-start=\"460\" data-end=\"478\"><strong data-start=\"460\" data-end=\"478\">Notes de tast:<\/strong><\/p>\n<ul data-start=\"480\" data-end=\"827\">\n<li class=\"\" data-start=\"480\" data-end=\"530\">\n<p class=\"\" data-start=\"482\" data-end=\"530\">Color: Vermell rub\u00ed intens amb reflexos granats.<\/p>\n<\/li>\n<li class=\"\" data-start=\"531\" data-end=\"665\">\n<p class=\"\" data-start=\"533\" data-end=\"665\">Aroma: Expressa notes de fruits negres madurs, com m\u00f3ra i pruna, acompanyades de tocs especiats, herbals i un fons de fusta torrada.<\/p>\n<\/li>\n<li class=\"\" data-start=\"666\" data-end=\"827\">\n<p class=\"\" data-start=\"668\" data-end=\"827\">Sabor: En boca \u00e9s equilibrat, amb tanins suaus i una acidesa refrescant. Presenta sabors de fruits negres i esp\u00e8cies, culminant en un final llarg i persistent.<\/p>\n<\/li>\n<\/ul>\n<p class=\"\" data-start=\"829\" data-end=\"853\"><strong data-start=\"829\" data-end=\"853\">Maridatge recomanat:<\/strong><\/p>\n<p class=\"\" data-start=\"855\" data-end=\"964\">Aquest vi marida excel\u00b7lentment amb carns roges, rostits, plats de ca\u00e7a, embotits ib\u00e8rics i formatges curats.<\/p>\n<p class=\"\" data-start=\"966\" data-end=\"980\"><strong data-start=\"966\" data-end=\"980\">Conclusi\u00f3:<\/strong><\/p>\n<p class=\"\" data-start=\"982\" data-end=\"1176\">Si\u00f3s Alto Tinto \u00e9s una expressi\u00f3 aut\u00e8ntica del terrer de Costers del Segre, oferint una experi\u00e8ncia sensorial rica i complexa, ideal per acompanyar plats robustos i gaudir en ocasions especials.<\/p>\n","protected":false},"excerpt":{"rendered":"<p>Vi de 6 vinyes diferents. 12 mesos en b\u00f3ta de roure franc\u00e8s<\/p>\n","protected":false},"featured_media":78443,"comment_status":"closed","ping_status":"closed","template":"","meta":{"_acf_changed":false},"pwb-brand":[32877],"product_brand":[],"product_cat":[51670,51671],"product_tag":[14927],"class_list":{"0":"post-78446","1":"product","2":"type-product","3":"status-publish","4":"has-post-thumbnail","6":"pwb-brand-coster-del-segre-d-o","7":"product_cat-vi","8":"product_cat-vi-negre","9":"product_tag-costers-del-segre-ca","10":"pa_anada-36214","11":"pa_bodega-costersdelsio","12":"pa_do-costersdelsegredo-ca","13":"pa_envejecimiento-crianca","14":"pa_formatoenl-36158","15":"pa_formatoenml-38306","16":"pa_graduacion-14_5","17":"pa_pais-espanya-ca","18":"pa_pesoengramos-38354","19":"pa_pesoenkg-14-2","20":"pa_pueblociudad-balaguerlleida","21":"pa_region-cataluna","22":"pa_tipodevino-vi-tranquil","23":"pa_variedades-f8-syrah_garnachatinta_tempra-ca","24":"entry","25":"has-media","27":"first","28":"instock","29":"taxable","30":"shipping-taxable","31":"purchasable","32":"product-type-simple"},"acf":[],"yoast_head":"<!-- This site is optimized with the Yoast SEO Premium plugin v23.1 (Yoast SEO v23.5) - https:\/\/yoast.com\/wordpress\/plugins\/seo\/ -->\n<title>Alt Sios vi negre de la DO Costers del Segre<\/title>\n<meta name=\"description\" content=\"Comprar vi negre Si\u00f3s Alt de la DO Costers del millor preu. Botiga de vins online. Gran seleccion de productes a preus baixos. Envio rapido\" \/>\n<meta name=\"robots\" content=\"noindex, follow, max-snippet:-1, max-image-preview:large, max-video-preview:-1\" \/>\n<meta property=\"og:locale\" content=\"ca_ES\" \/>\n<meta property=\"og:type\" content=\"article\" \/>\n<meta property=\"og:title\" content=\"Si\u00f3s Alto Tinto\" \/>\n<meta property=\"og:description\" content=\"Comprar vi negre Si\u00f3s Alt de la DO Costers del millor preu. Botiga de vins online. Gran seleccion de productes a preus baixos. Envio rapido\" \/>\n<meta property=\"og:url\" content=\"https:\/\/aral2.cetrexmarketing.com\/ca\/producto\/sios-alto-tinto-2\/\" \/>\n<meta property=\"og:site_name\" content=\"M\u00f3n La Cata\" \/>\n<meta property=\"article:modified_time\" content=\"2025-05-24T06:54:40+00:00\" \/>\n<meta property=\"og:image\" content=\"https:\/\/aral2.cetrexmarketing.com\/wp-content\/uploads\/2025\/05\/alto-sios-tinto.jpg.png\" \/>\n\t<meta property=\"og:image:width\" content=\"765\" \/>\n\t<meta property=\"og:image:height\" content=\"1024\" \/>\n\t<meta property=\"og:image:type\" content=\"image\/png\" \/>\n<meta name=\"twitter:card\" content=\"summary_large_image\" \/>\n<meta name=\"twitter:label1\" content=\"Temps estimat de lectura\" \/>\n\t<meta name=\"twitter:data1\" content=\"2 minuts\" \/>\n<script type=\"application\/ld+json\" class=\"yoast-schema-graph\">{\"@context\":\"https:\/\/schema.org\",\"@graph\":[{\"@type\":\"WebPage\",\"@id\":\"https:\/\/aral2.cetrexmarketing.com\/ca\/producto\/sios-alto-tinto-2\/\",\"url\":\"https:\/\/aral2.cetrexmarketing.com\/ca\/producto\/sios-alto-tinto-2\/\",\"name\":\"Alt Sios vi negre de la DO Costers del Segre\",\"isPartOf\":{\"@id\":\"https:\/\/aral2.cetrexmarketing.com\/#website\"},\"primaryImageOfPage\":{\"@id\":\"https:\/\/aral2.cetrexmarketing.com\/ca\/producto\/sios-alto-tinto-2\/#primaryimage\"},\"image\":{\"@id\":\"https:\/\/aral2.cetrexmarketing.com\/ca\/producto\/sios-alto-tinto-2\/#primaryimage\"},\"thumbnailUrl\":\"https:\/\/aral2.cetrexmarketing.com\/wp-content\/uploads\/2025\/05\/alto-sios-tinto.jpg.png\",\"datePublished\":\"2025-05-24T06:54:39+00:00\",\"dateModified\":\"2025-05-24T06:54:40+00:00\",\"description\":\"Comprar vi negre Si\u00f3s Alt de la DO Costers del millor preu. Botiga de vins online. Gran seleccion de productes a preus baixos. Envio rapido\",\"breadcrumb\":{\"@id\":\"https:\/\/aral2.cetrexmarketing.com\/ca\/producto\/sios-alto-tinto-2\/#breadcrumb\"},\"inLanguage\":\"ca\",\"potentialAction\":[{\"@type\":\"ReadAction\",\"target\":[\"https:\/\/aral2.cetrexmarketing.com\/ca\/producto\/sios-alto-tinto-2\/\"]}]},{\"@type\":\"ImageObject\",\"inLanguage\":\"ca\",\"@id\":\"https:\/\/aral2.cetrexmarketing.com\/ca\/producto\/sios-alto-tinto-2\/#primaryimage\",\"url\":\"https:\/\/aral2.cetrexmarketing.com\/wp-content\/uploads\/2025\/05\/alto-sios-tinto.jpg.png\",\"contentUrl\":\"https:\/\/aral2.cetrexmarketing.com\/wp-content\/uploads\/2025\/05\/alto-sios-tinto.jpg.png\",\"width\":765,\"height\":1024},{\"@type\":\"BreadcrumbList\",\"@id\":\"https:\/\/aral2.cetrexmarketing.com\/ca\/producto\/sios-alto-tinto-2\/#breadcrumb\",\"itemListElement\":[{\"@type\":\"ListItem\",\"position\":1,\"name\":\"Home\",\"item\":\"https:\/\/aral2.cetrexmarketing.com\/ca\/\"},{\"@type\":\"ListItem\",\"position\":2,\"name\":\"Tienda\",\"item\":\"https:\/\/aral2.cetrexmarketing.com\/ca\/tienda-2\/\"},{\"@type\":\"ListItem\",\"position\":3,\"name\":\"Vi\",\"item\":\"https:\/\/aral2.cetrexmarketing.com\/categoria-producto\/vi\/\"},{\"@type\":\"ListItem\",\"position\":4,\"name\":\"Vi Negre\",\"item\":\"https:\/\/aral2.cetrexmarketing.com\/categoria-producto\/vi\/vi-negre\/\"},{\"@type\":\"ListItem\",\"position\":5,\"name\":\"Si\u00f3s Alto Tinto\"}]},{\"@type\":\"WebSite\",\"@id\":\"https:\/\/aral2.cetrexmarketing.com\/#website\",\"url\":\"https:\/\/aral2.cetrexmarketing.com\/\",\"name\":\"M\u00f3n La Cata\",\"description\":\"Tienda de vinos, licores, cervezas y gourmet\",\"publisher\":{\"@id\":\"https:\/\/aral2.cetrexmarketing.com\/#organization\"},\"potentialAction\":[{\"@type\":\"SearchAction\",\"target\":{\"@type\":\"EntryPoint\",\"urlTemplate\":\"https:\/\/aral2.cetrexmarketing.com\/?s={search_term_string}\"},\"query-input\":{\"@type\":\"PropertyValueSpecification\",\"valueRequired\":true,\"valueName\":\"search_term_string\"}}],\"inLanguage\":\"ca\"},{\"@type\":\"Organization\",\"@id\":\"https:\/\/aral2.cetrexmarketing.com\/#organization\",\"name\":\"M\u00f3n La Cata\",\"url\":\"https:\/\/aral2.cetrexmarketing.com\/\",\"logo\":{\"@type\":\"ImageObject\",\"inLanguage\":\"ca\",\"@id\":\"https:\/\/aral2.cetrexmarketing.com\/#\/schema\/logo\/image\/\",\"url\":\"https:\/\/aral2.cetrexmarketing.com\/wp-content\/uploads\/2024\/10\/aral-logo-neg-1024x409-1.png\",\"contentUrl\":\"https:\/\/aral2.cetrexmarketing.com\/wp-content\/uploads\/2024\/10\/aral-logo-neg-1024x409-1.png\",\"width\":1024,\"height\":409,\"caption\":\"M\u00f3n La Cata\"},\"image\":{\"@id\":\"https:\/\/aral2.cetrexmarketing.com\/#\/schema\/logo\/image\/\"}}]}<\/script>\n<!-- \/ Yoast SEO Premium plugin. -->","yoast_head_json":{"title":"Alt Sios vi negre de la DO Costers del Segre","description":"Comprar vi negre Si\u00f3s Alt de la DO Costers del millor preu. Botiga de vins online. Gran seleccion de productes a preus baixos. Envio rapido","robots":{"index":"noindex","follow":"follow","max-snippet":"max-snippet:-1","max-image-preview":"max-image-preview:large","max-video-preview":"max-video-preview:-1"},"og_locale":"ca_ES","og_type":"article","og_title":"Si\u00f3s Alto Tinto","og_description":"Comprar vi negre Si\u00f3s Alt de la DO Costers del millor preu. Botiga de vins online. Gran seleccion de productes a preus baixos. Envio rapido","og_url":"https:\/\/aral2.cetrexmarketing.com\/ca\/producto\/sios-alto-tinto-2\/","og_site_name":"M\u00f3n La Cata","article_modified_time":"2025-05-24T06:54:40+00:00","og_image":[{"width":765,"height":1024,"url":"https:\/\/aral2.cetrexmarketing.com\/wp-content\/uploads\/2025\/05\/alto-sios-tinto.jpg.png","type":"image\/png"}],"twitter_card":"summary_large_image","twitter_misc":{"Temps estimat de lectura":"2 minuts"},"schema":{"@context":"https:\/\/schema.org","@graph":[{"@type":"WebPage","@id":"https:\/\/aral2.cetrexmarketing.com\/ca\/producto\/sios-alto-tinto-2\/","url":"https:\/\/aral2.cetrexmarketing.com\/ca\/producto\/sios-alto-tinto-2\/","name":"Alt Sios vi negre de la DO Costers del Segre","isPartOf":{"@id":"https:\/\/aral2.cetrexmarketing.com\/#website"},"primaryImageOfPage":{"@id":"https:\/\/aral2.cetrexmarketing.com\/ca\/producto\/sios-alto-tinto-2\/#primaryimage"},"image":{"@id":"https:\/\/aral2.cetrexmarketing.com\/ca\/producto\/sios-alto-tinto-2\/#primaryimage"},"thumbnailUrl":"https:\/\/aral2.cetrexmarketing.com\/wp-content\/uploads\/2025\/05\/alto-sios-tinto.jpg.png","datePublished":"2025-05-24T06:54:39+00:00","dateModified":"2025-05-24T06:54:40+00:00","description":"Comprar vi negre Si\u00f3s Alt de la DO Costers del millor preu. Botiga de vins online. Gran seleccion de productes a preus baixos. Envio rapido","breadcrumb":{"@id":"https:\/\/aral2.cetrexmarketing.com\/ca\/producto\/sios-alto-tinto-2\/#breadcrumb"},"inLanguage":"ca","potentialAction":[{"@type":"ReadAction","target":["https:\/\/aral2.cetrexmarketing.com\/ca\/producto\/sios-alto-tinto-2\/"]}]},{"@type":"ImageObject","inLanguage":"ca","@id":"https:\/\/aral2.cetrexmarketing.com\/ca\/producto\/sios-alto-tinto-2\/#primaryimage","url":"https:\/\/aral2.cetrexmarketing.com\/wp-content\/uploads\/2025\/05\/alto-sios-tinto.jpg.png","contentUrl":"https:\/\/aral2.cetrexmarketing.com\/wp-content\/uploads\/2025\/05\/alto-sios-tinto.jpg.png","width":765,"height":1024},{"@type":"BreadcrumbList","@id":"https:\/\/aral2.cetrexmarketing.com\/ca\/producto\/sios-alto-tinto-2\/#breadcrumb","itemListElement":[{"@type":"ListItem","position":1,"name":"Home","item":"https:\/\/aral2.cetrexmarketing.com\/ca\/"},{"@type":"ListItem","position":2,"name":"Tienda","item":"https:\/\/aral2.cetrexmarketing.com\/ca\/tienda-2\/"},{"@type":"ListItem","position":3,"name":"Vi","item":"https:\/\/aral2.cetrexmarketing.com\/categoria-producto\/vi\/"},{"@type":"ListItem","position":4,"name":"Vi Negre","item":"https:\/\/aral2.cetrexmarketing.com\/categoria-producto\/vi\/vi-negre\/"},{"@type":"ListItem","position":5,"name":"Si\u00f3s Alto Tinto"}]},{"@type":"WebSite","@id":"https:\/\/aral2.cetrexmarketing.com\/#website","url":"https:\/\/aral2.cetrexmarketing.com\/","name":"M\u00f3n La Cata","description":"Tienda de vinos, licores, cervezas y gourmet","publisher":{"@id":"https:\/\/aral2.cetrexmarketing.com\/#organization"},"potentialAction":[{"@type":"SearchAction","target":{"@type":"EntryPoint","urlTemplate":"https:\/\/aral2.cetrexmarketing.com\/?s={search_term_string}"},"query-input":{"@type":"PropertyValueSpecification","valueRequired":true,"valueName":"search_term_string"}}],"inLanguage":"ca"},{"@type":"Organization","@id":"https:\/\/aral2.cetrexmarketing.com\/#organization","name":"M\u00f3n La Cata","url":"https:\/\/aral2.cetrexmarketing.com\/","logo":{"@type":"ImageObject","inLanguage":"ca","@id":"https:\/\/aral2.cetrexmarketing.com\/#\/schema\/logo\/image\/","url":"https:\/\/aral2.cetrexmarketing.com\/wp-content\/uploads\/2024\/10\/aral-logo-neg-1024x409-1.png","contentUrl":"https:\/\/aral2.cetrexmarketing.com\/wp-content\/uploads\/2024\/10\/aral-logo-neg-1024x409-1.png","width":1024,"height":409,"caption":"M\u00f3n La Cata"},"image":{"@id":"https:\/\/aral2.cetrexmarketing.com\/#\/schema\/logo\/image\/"}}]}},"brands":[{"id":32877,"name":"Coster del Segre D.O.","slug":"coster-del-segre-d-o"}],"_links":{"self":[{"href":"https:\/\/aral2.cetrexmarketing.com\/ca\/wp-json\/wp\/v2\/product\/78446","targetHints":{"allow":["GET"]}}],"collection":[{"href":"https:\/\/aral2.cetrexmarketing.com\/ca\/wp-json\/wp\/v2\/product"}],"about":[{"href":"https:\/\/aral2.cetrexmarketing.com\/ca\/wp-json\/wp\/v2\/types\/product"}],"replies":[{"embeddable":true,"href":"https:\/\/aral2.cetrexmarketing.com\/ca\/wp-json\/wp\/v2\/comments?post=78446"}],"wp:featuredmedia":[{"embeddable":true,"href":"https:\/\/aral2.cetrexmarketing.com\/ca\/wp-json\/wp\/v2\/media\/78443"}],"wp:attachment":[{"href":"https:\/\/aral2.cetrexmarketing.com\/ca\/wp-json\/wp\/v2\/media?parent=78446"}],"wp:term":[{"taxonomy":"pwb-brand","embeddable":true,"href":"https:\/\/aral2.cetrexmarketing.com\/ca\/wp-json\/wp\/v2\/pwb-brand?post=78446"},{"taxonomy":"product_brand","embeddable":true,"href":"https:\/\/aral2.cetrexmarketing.com\/ca\/wp-json\/wp\/v2\/product_brand?post=78446"},{"taxonomy":"product_cat","embeddable":true,"href":"https:\/\/aral2.cetrexmarketing.com\/ca\/wp-json\/wp\/v2\/product_cat?post=78446"},{"taxonomy":"product_tag","embeddable":true,"href":"https:\/\/aral2.cetrexmarketing.com\/ca\/wp-json\/wp\/v2\/product_tag?post=78446"}],"curies":[{"name":"wp","href":"https:\/\/api.w.org\/{rel}","templated":true}]}}