{"id":78440,"date":"2025-05-24T06:54:33","date_gmt":"2025-05-24T06:54:33","guid":{"rendered":"https:\/\/aral2.cetrexmarketing.com\/producto\/abadia-de-poblet-intramurs-tinto-2\/"},"modified":"2025-05-24T06:54:34","modified_gmt":"2025-05-24T06:54:34","slug":"abadia-de-poblet-intramurs-tinto-2","status":"publish","type":"product","link":"https:\/\/aral2.cetrexmarketing.com\/ca\/producto\/abadia-de-poblet-intramurs-tinto-2\/","title":{"rendered":"Abadia de Poblet Intramurs Tinto"},"content":{"rendered":"<p id=\"tw-target-text\" class=\"tw-data-text tw-text-large XcVN5d tw-ta\" dir=\"ltr\"><span lang=\"es\" xml:lang=\"es\">Abadia de Poblet Intramurs Tinto \u00e9s un vi afruitat, llaminer i vici\u00f3s.<\/span><\/p>\n<p class=\"tw-data-text tw-text-large XcVN5d tw-ta\" dir=\"ltr\"><span lang=\"es\" xml:lang=\"es\">Qu\u00e8 ens aporten les varietats? <\/span><\/p>\n<p class=\"tw-data-text tw-text-large XcVN5d tw-ta\" dir=\"ltr\"><span lang=\"es\" xml:lang=\"es\">La varietat Tempranillo ens dona notes de fruita vermella com la cirera i el fan fresc i \u00e0gil.<\/span><\/p>\n<p class=\"tw-data-text tw-text-large XcVN5d tw-ta\" dir=\"ltr\"><span lang=\"es\" xml:lang=\"es\">La varietat Syrah li aporta pes i el fa llaminer potenciant les aromes de fruita negra com la pruna o la mora i una subtil nota especiada.<\/span><\/p>\n<p class=\"tw-data-text tw-text-large XcVN5d tw-ta\" dir=\"ltr\"><span lang=\"es\" xml:lang=\"es\">Ideal per a un arr\u00f2s de muntanya, carns blanques o plats de pasta.<\/span><\/p>\n<p dir=\"ltr\">\n<p dir=\"ltr\">Abadia de Poblet \u00e9s actualment un celler referent a la DO Conca de Barber\u00e0. De propietat de la coneguda marca, Codorniu, aporta m\u00e9s galons a la denominaci\u00f3.<\/p>\n<p dir=\"ltr\">Abadia de Poblet Intramurs Tinto pertany al nou corrent de vins f\u00e0cils, agradables i per a tots els moments i paladars.<\/p>\n","protected":false},"excerpt":{"rendered":"<p id=\"tw-target-text\" class=\"tw-data-text tw-text-large XcVN5d tw-ta\" dir=\"ltr\"><span lang=\"es\" xml:lang=\"es\">Intramurs negre \u00e9s un vi fruit\u00f3s llaminer i vici\u00f3s. <\/span><\/p>\n<p class=\"tw-data-text tw-text-large XcVN5d tw-ta\" dir=\"ltr\"><span lang=\"es\" xml:lang=\"es\">La varietat Tempranillo ens dona notes de fruita vermella com la cirera i el fan fresc i \u00e0gil. <\/span><\/p>\n<p class=\"tw-data-text tw-text-large XcVN5d tw-ta\" dir=\"ltr\"><span lang=\"es\" xml:lang=\"es\">La Syrah li aporta pes i el fa llaminer potenciant les aromes de fruita negra com la pruna o la mora i una nota especiada subtil. <\/span><\/p>\n<p class=\"tw-data-text tw-text-large XcVN5d tw-ta\" dir=\"ltr\"><span lang=\"es\" xml:lang=\"es\">Ideal per a un arr\u00f2s de muntanya, carns blanques o plats de pasta.<\/span><\/p>\n","protected":false},"featured_media":77675,"comment_status":"closed","ping_status":"closed","template":"","meta":{"_acf_changed":false},"pwb-brand":[32875],"product_brand":[],"product_cat":[51670,51671],"product_tag":[14921,14920],"class_list":{"0":"post-78440","1":"product","2":"type-product","3":"status-publish","4":"has-post-thumbnail","6":"pwb-brand-conca-de-barbera-d-o","7":"product_cat-vi","8":"product_cat-vi-negre","9":"product_tag-abadia-de-poblet-ca","10":"product_tag-conca-de-barbera-ca","11":"pa_anada-45483","12":"pa_bodega-abadia-de-poblet","13":"pa_do-concadebarberado-ca","14":"pa_envejecimiento-jove","15":"pa_formatoenl-36158","16":"pa_formatoenml-38306","17":"pa_fresco-negre-fresc","18":"pa_graduacion-14_0","19":"pa_maridaje-carn-blanca","20":"pa_maridaje-carn-roja","21":"pa_maridaje-midons","22":"pa_pais-espanya-ca","23":"pa_pesoengramos-38342","24":"pa_pesoenkg-10-ca","25":"pa_pueblociudad-poblettarragona","26":"pa_region-cataluna","27":"pa_tipodevino-vi-tranquil","28":"pa_variedades-tempranillo_syrah-ca","29":"entry","30":"has-media","32":"first","33":"instock","34":"taxable","35":"shipping-taxable","36":"purchasable","37":"product-type-simple"},"acf":[],"yoast_head":"<!-- This site is optimized with the Yoast SEO Premium plugin v23.1 (Yoast SEO v23.5) - https:\/\/yoast.com\/wordpress\/plugins\/seo\/ -->\n<title>Abadia de Poblet Intramurs Tinto<\/title>\n<meta name=\"description\" content=\"Abadia de Poblet Intramurs Tinto \u00e9s un vi llaminer i vici\u00f3s. Podra degustar aquest celler, referent de la do Conca de Barber\u00e0 comprant a www.monlacata.com\" \/>\n<meta name=\"robots\" content=\"noindex, follow, max-snippet:-1, max-image-preview:large, max-video-preview:-1\" \/>\n<meta property=\"og:locale\" content=\"ca_ES\" \/>\n<meta property=\"og:type\" content=\"article\" \/>\n<meta property=\"og:title\" content=\"Abadia de Poblet Intramurs Tinto\" \/>\n<meta property=\"og:description\" content=\"Abadia de Poblet Intramurs Tinto \u00e9s un vi llaminer i vici\u00f3s. Podra degustar aquest celler, referent de la do Conca de Barber\u00e0 comprant a www.monlacata.com\" \/>\n<meta property=\"og:url\" content=\"https:\/\/aral2.cetrexmarketing.com\/ca\/producto\/abadia-de-poblet-intramurs-tinto-2\/\" \/>\n<meta property=\"og:site_name\" content=\"M\u00f3n La Cata\" \/>\n<meta property=\"article:modified_time\" content=\"2025-05-24T06:54:34+00:00\" \/>\n<meta property=\"og:image\" content=\"https:\/\/aral2.cetrexmarketing.com\/wp-content\/uploads\/2025\/01\/vino-tinto-intramurs-do-conca-de-barbera.jpg.png\" \/>\n\t<meta property=\"og:image:width\" content=\"765\" \/>\n\t<meta property=\"og:image:height\" content=\"1024\" \/>\n\t<meta property=\"og:image:type\" content=\"image\/png\" \/>\n<meta name=\"twitter:card\" content=\"summary_large_image\" \/>\n<meta name=\"twitter:label1\" content=\"Temps estimat de lectura\" \/>\n\t<meta name=\"twitter:data1\" content=\"1 minut\" \/>\n<script type=\"application\/ld+json\" class=\"yoast-schema-graph\">{\"@context\":\"https:\/\/schema.org\",\"@graph\":[{\"@type\":\"WebPage\",\"@id\":\"https:\/\/aral2.cetrexmarketing.com\/ca\/producto\/abadia-de-poblet-intramurs-tinto-2\/\",\"url\":\"https:\/\/aral2.cetrexmarketing.com\/ca\/producto\/abadia-de-poblet-intramurs-tinto-2\/\",\"name\":\"Abadia de Poblet Intramurs Tinto\",\"isPartOf\":{\"@id\":\"https:\/\/aral2.cetrexmarketing.com\/#website\"},\"primaryImageOfPage\":{\"@id\":\"https:\/\/aral2.cetrexmarketing.com\/ca\/producto\/abadia-de-poblet-intramurs-tinto-2\/#primaryimage\"},\"image\":{\"@id\":\"https:\/\/aral2.cetrexmarketing.com\/ca\/producto\/abadia-de-poblet-intramurs-tinto-2\/#primaryimage\"},\"thumbnailUrl\":\"https:\/\/aral2.cetrexmarketing.com\/wp-content\/uploads\/2025\/01\/vino-tinto-intramurs-do-conca-de-barbera.jpg.png\",\"datePublished\":\"2025-05-24T06:54:33+00:00\",\"dateModified\":\"2025-05-24T06:54:34+00:00\",\"description\":\"Abadia de Poblet Intramurs Tinto \u00e9s un vi llaminer i vici\u00f3s. Podra degustar aquest celler, referent de la do Conca de Barber\u00e0 comprant a www.monlacata.com\",\"breadcrumb\":{\"@id\":\"https:\/\/aral2.cetrexmarketing.com\/ca\/producto\/abadia-de-poblet-intramurs-tinto-2\/#breadcrumb\"},\"inLanguage\":\"ca\",\"potentialAction\":[{\"@type\":\"ReadAction\",\"target\":[\"https:\/\/aral2.cetrexmarketing.com\/ca\/producto\/abadia-de-poblet-intramurs-tinto-2\/\"]}]},{\"@type\":\"ImageObject\",\"inLanguage\":\"ca\",\"@id\":\"https:\/\/aral2.cetrexmarketing.com\/ca\/producto\/abadia-de-poblet-intramurs-tinto-2\/#primaryimage\",\"url\":\"https:\/\/aral2.cetrexmarketing.com\/wp-content\/uploads\/2025\/01\/vino-tinto-intramurs-do-conca-de-barbera.jpg.png\",\"contentUrl\":\"https:\/\/aral2.cetrexmarketing.com\/wp-content\/uploads\/2025\/01\/vino-tinto-intramurs-do-conca-de-barbera.jpg.png\",\"width\":765,\"height\":1024},{\"@type\":\"BreadcrumbList\",\"@id\":\"https:\/\/aral2.cetrexmarketing.com\/ca\/producto\/abadia-de-poblet-intramurs-tinto-2\/#breadcrumb\",\"itemListElement\":[{\"@type\":\"ListItem\",\"position\":1,\"name\":\"Home\",\"item\":\"https:\/\/aral2.cetrexmarketing.com\/ca\/\"},{\"@type\":\"ListItem\",\"position\":2,\"name\":\"Tienda\",\"item\":\"https:\/\/aral2.cetrexmarketing.com\/ca\/tienda-2\/\"},{\"@type\":\"ListItem\",\"position\":3,\"name\":\"Vi\",\"item\":\"https:\/\/aral2.cetrexmarketing.com\/categoria-producto\/vi\/\"},{\"@type\":\"ListItem\",\"position\":4,\"name\":\"Vi Negre\",\"item\":\"https:\/\/aral2.cetrexmarketing.com\/categoria-producto\/vi\/vi-negre\/\"},{\"@type\":\"ListItem\",\"position\":5,\"name\":\"Abadia de Poblet Intramurs Tinto\"}]},{\"@type\":\"WebSite\",\"@id\":\"https:\/\/aral2.cetrexmarketing.com\/#website\",\"url\":\"https:\/\/aral2.cetrexmarketing.com\/\",\"name\":\"M\u00f3n La Cata\",\"description\":\"Tienda de vinos, licores, cervezas y gourmet\",\"publisher\":{\"@id\":\"https:\/\/aral2.cetrexmarketing.com\/#organization\"},\"potentialAction\":[{\"@type\":\"SearchAction\",\"target\":{\"@type\":\"EntryPoint\",\"urlTemplate\":\"https:\/\/aral2.cetrexmarketing.com\/?s={search_term_string}\"},\"query-input\":{\"@type\":\"PropertyValueSpecification\",\"valueRequired\":true,\"valueName\":\"search_term_string\"}}],\"inLanguage\":\"ca\"},{\"@type\":\"Organization\",\"@id\":\"https:\/\/aral2.cetrexmarketing.com\/#organization\",\"name\":\"M\u00f3n La Cata\",\"url\":\"https:\/\/aral2.cetrexmarketing.com\/\",\"logo\":{\"@type\":\"ImageObject\",\"inLanguage\":\"ca\",\"@id\":\"https:\/\/aral2.cetrexmarketing.com\/#\/schema\/logo\/image\/\",\"url\":\"https:\/\/aral2.cetrexmarketing.com\/wp-content\/uploads\/2024\/10\/aral-logo-neg-1024x409-1.png\",\"contentUrl\":\"https:\/\/aral2.cetrexmarketing.com\/wp-content\/uploads\/2024\/10\/aral-logo-neg-1024x409-1.png\",\"width\":1024,\"height\":409,\"caption\":\"M\u00f3n La Cata\"},\"image\":{\"@id\":\"https:\/\/aral2.cetrexmarketing.com\/#\/schema\/logo\/image\/\"}}]}<\/script>\n<!-- \/ Yoast SEO Premium plugin. -->","yoast_head_json":{"title":"Abadia de Poblet Intramurs Tinto","description":"Abadia de Poblet Intramurs Tinto \u00e9s un vi llaminer i vici\u00f3s. Podra degustar aquest celler, referent de la do Conca de Barber\u00e0 comprant a www.monlacata.com","robots":{"index":"noindex","follow":"follow","max-snippet":"max-snippet:-1","max-image-preview":"max-image-preview:large","max-video-preview":"max-video-preview:-1"},"og_locale":"ca_ES","og_type":"article","og_title":"Abadia de Poblet Intramurs Tinto","og_description":"Abadia de Poblet Intramurs Tinto \u00e9s un vi llaminer i vici\u00f3s. Podra degustar aquest celler, referent de la do Conca de Barber\u00e0 comprant a www.monlacata.com","og_url":"https:\/\/aral2.cetrexmarketing.com\/ca\/producto\/abadia-de-poblet-intramurs-tinto-2\/","og_site_name":"M\u00f3n La Cata","article_modified_time":"2025-05-24T06:54:34+00:00","og_image":[{"width":765,"height":1024,"url":"https:\/\/aral2.cetrexmarketing.com\/wp-content\/uploads\/2025\/01\/vino-tinto-intramurs-do-conca-de-barbera.jpg.png","type":"image\/png"}],"twitter_card":"summary_large_image","twitter_misc":{"Temps estimat de lectura":"1 minut"},"schema":{"@context":"https:\/\/schema.org","@graph":[{"@type":"WebPage","@id":"https:\/\/aral2.cetrexmarketing.com\/ca\/producto\/abadia-de-poblet-intramurs-tinto-2\/","url":"https:\/\/aral2.cetrexmarketing.com\/ca\/producto\/abadia-de-poblet-intramurs-tinto-2\/","name":"Abadia de Poblet Intramurs Tinto","isPartOf":{"@id":"https:\/\/aral2.cetrexmarketing.com\/#website"},"primaryImageOfPage":{"@id":"https:\/\/aral2.cetrexmarketing.com\/ca\/producto\/abadia-de-poblet-intramurs-tinto-2\/#primaryimage"},"image":{"@id":"https:\/\/aral2.cetrexmarketing.com\/ca\/producto\/abadia-de-poblet-intramurs-tinto-2\/#primaryimage"},"thumbnailUrl":"https:\/\/aral2.cetrexmarketing.com\/wp-content\/uploads\/2025\/01\/vino-tinto-intramurs-do-conca-de-barbera.jpg.png","datePublished":"2025-05-24T06:54:33+00:00","dateModified":"2025-05-24T06:54:34+00:00","description":"Abadia de Poblet Intramurs Tinto \u00e9s un vi llaminer i vici\u00f3s. Podra degustar aquest celler, referent de la do Conca de Barber\u00e0 comprant a www.monlacata.com","breadcrumb":{"@id":"https:\/\/aral2.cetrexmarketing.com\/ca\/producto\/abadia-de-poblet-intramurs-tinto-2\/#breadcrumb"},"inLanguage":"ca","potentialAction":[{"@type":"ReadAction","target":["https:\/\/aral2.cetrexmarketing.com\/ca\/producto\/abadia-de-poblet-intramurs-tinto-2\/"]}]},{"@type":"ImageObject","inLanguage":"ca","@id":"https:\/\/aral2.cetrexmarketing.com\/ca\/producto\/abadia-de-poblet-intramurs-tinto-2\/#primaryimage","url":"https:\/\/aral2.cetrexmarketing.com\/wp-content\/uploads\/2025\/01\/vino-tinto-intramurs-do-conca-de-barbera.jpg.png","contentUrl":"https:\/\/aral2.cetrexmarketing.com\/wp-content\/uploads\/2025\/01\/vino-tinto-intramurs-do-conca-de-barbera.jpg.png","width":765,"height":1024},{"@type":"BreadcrumbList","@id":"https:\/\/aral2.cetrexmarketing.com\/ca\/producto\/abadia-de-poblet-intramurs-tinto-2\/#breadcrumb","itemListElement":[{"@type":"ListItem","position":1,"name":"Home","item":"https:\/\/aral2.cetrexmarketing.com\/ca\/"},{"@type":"ListItem","position":2,"name":"Tienda","item":"https:\/\/aral2.cetrexmarketing.com\/ca\/tienda-2\/"},{"@type":"ListItem","position":3,"name":"Vi","item":"https:\/\/aral2.cetrexmarketing.com\/categoria-producto\/vi\/"},{"@type":"ListItem","position":4,"name":"Vi Negre","item":"https:\/\/aral2.cetrexmarketing.com\/categoria-producto\/vi\/vi-negre\/"},{"@type":"ListItem","position":5,"name":"Abadia de Poblet Intramurs Tinto"}]},{"@type":"WebSite","@id":"https:\/\/aral2.cetrexmarketing.com\/#website","url":"https:\/\/aral2.cetrexmarketing.com\/","name":"M\u00f3n La Cata","description":"Tienda de vinos, licores, cervezas y gourmet","publisher":{"@id":"https:\/\/aral2.cetrexmarketing.com\/#organization"},"potentialAction":[{"@type":"SearchAction","target":{"@type":"EntryPoint","urlTemplate":"https:\/\/aral2.cetrexmarketing.com\/?s={search_term_string}"},"query-input":{"@type":"PropertyValueSpecification","valueRequired":true,"valueName":"search_term_string"}}],"inLanguage":"ca"},{"@type":"Organization","@id":"https:\/\/aral2.cetrexmarketing.com\/#organization","name":"M\u00f3n La Cata","url":"https:\/\/aral2.cetrexmarketing.com\/","logo":{"@type":"ImageObject","inLanguage":"ca","@id":"https:\/\/aral2.cetrexmarketing.com\/#\/schema\/logo\/image\/","url":"https:\/\/aral2.cetrexmarketing.com\/wp-content\/uploads\/2024\/10\/aral-logo-neg-1024x409-1.png","contentUrl":"https:\/\/aral2.cetrexmarketing.com\/wp-content\/uploads\/2024\/10\/aral-logo-neg-1024x409-1.png","width":1024,"height":409,"caption":"M\u00f3n La Cata"},"image":{"@id":"https:\/\/aral2.cetrexmarketing.com\/#\/schema\/logo\/image\/"}}]}},"brands":[{"id":32875,"name":"Conca de Barber\u00e0 D.O.","slug":"conca-de-barbera-d-o"}],"_links":{"self":[{"href":"https:\/\/aral2.cetrexmarketing.com\/ca\/wp-json\/wp\/v2\/product\/78440","targetHints":{"allow":["GET"]}}],"collection":[{"href":"https:\/\/aral2.cetrexmarketing.com\/ca\/wp-json\/wp\/v2\/product"}],"about":[{"href":"https:\/\/aral2.cetrexmarketing.com\/ca\/wp-json\/wp\/v2\/types\/product"}],"replies":[{"embeddable":true,"href":"https:\/\/aral2.cetrexmarketing.com\/ca\/wp-json\/wp\/v2\/comments?post=78440"}],"wp:featuredmedia":[{"embeddable":true,"href":"https:\/\/aral2.cetrexmarketing.com\/ca\/wp-json\/wp\/v2\/media\/77675"}],"wp:attachment":[{"href":"https:\/\/aral2.cetrexmarketing.com\/ca\/wp-json\/wp\/v2\/media?parent=78440"}],"wp:term":[{"taxonomy":"pwb-brand","embeddable":true,"href":"https:\/\/aral2.cetrexmarketing.com\/ca\/wp-json\/wp\/v2\/pwb-brand?post=78440"},{"taxonomy":"product_brand","embeddable":true,"href":"https:\/\/aral2.cetrexmarketing.com\/ca\/wp-json\/wp\/v2\/product_brand?post=78440"},{"taxonomy":"product_cat","embeddable":true,"href":"https:\/\/aral2.cetrexmarketing.com\/ca\/wp-json\/wp\/v2\/product_cat?post=78440"},{"taxonomy":"product_tag","embeddable":true,"href":"https:\/\/aral2.cetrexmarketing.com\/ca\/wp-json\/wp\/v2\/product_tag?post=78440"}],"curies":[{"name":"wp","href":"https:\/\/api.w.org\/{rel}","templated":true}]}}