{"id":78424,"date":"2025-05-24T06:54:16","date_gmt":"2025-05-24T06:54:16","guid":{"rendered":"https:\/\/aral2.cetrexmarketing.com\/producto\/ramon-bilbao-edicio-limitada\/"},"modified":"2025-05-24T06:54:17","modified_gmt":"2025-05-24T06:54:17","slug":"ramon-bilbao-edicio-limitada","status":"publish","type":"product","link":"https:\/\/aral2.cetrexmarketing.com\/ca\/producto\/ramon-bilbao-edicio-limitada\/","title":{"rendered":"Ram\u00f3n Bilbao Edici\u00f3 Limitada"},"content":{"rendered":"<p><strong>Ram\u00f3n Bilbao Edici\u00f3 Limitada<\/strong><\/p>\n<p data-start=\"39\" data-end=\"615\">El <strong data-start=\"42\" data-end=\"75\">Ram\u00f3n Bilbao Edici\u00f3n Limitada<\/strong> \u00e9s un <strong data-start=\"82\" data-end=\"94\">vi negre<\/strong> exclusiu de la bodega <strong data-start=\"117\" data-end=\"133\">Ram\u00f3n Bilbao<\/strong>, una de les m\u00e9s prestigioses de <strong data-start=\"166\" data-end=\"178\">La Rioja<\/strong>, pionera en la creaci\u00f3 de vins de gran qualitat. Amb una tradici\u00f3 vin\u00edcola que es remunta a <strong data-start=\"271\" data-end=\"279\">1924<\/strong>, aquesta bodega s&#8217;ha posicionat com una de les grans refer\u00e8ncies de la regi\u00f3, destacant-se per la seva <strong data-start=\"383\" data-end=\"396\">innovaci\u00f3<\/strong> i el respecte pel <strong data-start=\"415\" data-end=\"426\">terroir<\/strong>. L&#8217;<strong data-start=\"430\" data-end=\"450\">Edici\u00f3n Limitada<\/strong> \u00e9s una expressi\u00f3 \u00fanica de la seva capacitat per elaborar vins excepcionals, utilitzant nom\u00e9s les <strong data-start=\"548\" data-end=\"577\">millors varietats de ra\u00efm<\/strong> i t\u00e8cniques de vinificaci\u00f3 avan\u00e7ades.<\/p>\n<h3 data-start=\"617\" data-end=\"655\"><strong data-start=\"621\" data-end=\"655\">Caracter\u00edstiques del Producte:<\/strong><\/h3>\n<ul data-start=\"656\" data-end=\"962\">\n<li data-start=\"656\" data-end=\"698\"><strong data-start=\"658\" data-end=\"668\">Tipus:<\/strong> Vi negre <strong data-start=\"678\" data-end=\"698\">Edici\u00f3n Limitada<\/strong><\/li>\n<li data-start=\"699\" data-end=\"732\"><strong data-start=\"701\" data-end=\"712\">Origen:<\/strong> <strong data-start=\"713\" data-end=\"722\">Rioja<\/strong> (Espanya)<\/li>\n<li data-start=\"733\" data-end=\"778\"><strong data-start=\"735\" data-end=\"757\">Varietats de ra\u00efm:<\/strong> <strong data-start=\"758\" data-end=\"778\">100% Tempranillo<\/strong><\/li>\n<li data-start=\"779\" data-end=\"813\"><strong data-start=\"781\" data-end=\"800\">Grau alcoh\u00f2lic:<\/strong> <strong data-start=\"801\" data-end=\"813\">14% vol.<\/strong><\/li>\n<li data-start=\"814\" data-end=\"962\"><strong data-start=\"816\" data-end=\"828\">Crian\u00e7a:<\/strong> Envejeix durant <strong data-start=\"845\" data-end=\"893\">18 mesos en b\u00f3tes de roure franc\u00e8s i americ\u00e0<\/strong>, seguit d\u2019una crian\u00e7a en ampolla que li aporta major <strong data-start=\"947\" data-end=\"962\">complexitat<\/strong><\/li>\n<\/ul>\n<h3 data-start=\"964\" data-end=\"986\"><strong data-start=\"968\" data-end=\"986\">Notes de Cata:<\/strong><\/h3>\n<ul data-start=\"988\" data-end=\"1603\">\n<li data-start=\"988\" data-end=\"1047\"><strong data-start=\"990\" data-end=\"1000\">Color:<\/strong> <strong data-start=\"1001\" data-end=\"1014\">Roig fosc<\/strong> amb tons granats, brillant i net<\/li>\n<li data-start=\"1048\" data-end=\"1308\"><strong data-start=\"1050\" data-end=\"1060\">Aroma:<\/strong> Intensa i complexa, amb aromes de <strong data-start=\"1095\" data-end=\"1121\">fruites negres madures<\/strong> (cirera, mora) combinades amb notes especiades de <strong data-start=\"1172\" data-end=\"1187\">pebre negre<\/strong>, <strong data-start=\"1189\" data-end=\"1201\">vainilla<\/strong> i <strong data-start=\"1204\" data-end=\"1213\">tabac<\/strong>. El toc de la <strong data-start=\"1228\" data-end=\"1237\">fusta<\/strong> s&#8217;integra de forma harm\u00f2nica, creant una frag\u00e0ncia elegant i profunda.<\/li>\n<li data-start=\"1309\" data-end=\"1603\"><strong data-start=\"1311\" data-end=\"1321\">Sabor:<\/strong> En boca \u00e9s un vi <strong data-start=\"1339\" data-end=\"1349\">robust<\/strong>, amb <strong data-start=\"1355\" data-end=\"1371\">tanins suaus<\/strong> i ben equilibrats. Es perceben sabors de <strong data-start=\"1413\" data-end=\"1439\">fruites negres madures<\/strong>, amb matisos de <strong data-start=\"1456\" data-end=\"1465\">cacao<\/strong>, esp\u00e8cies i un fons subtil de <strong data-start=\"1496\" data-end=\"1507\">caramel<\/strong>. El final \u00e9s llarg i persistent, amb una <strong data-start=\"1549\" data-end=\"1571\">acidesa refrescant<\/strong> que aporta frescor i equilibri.<\/li>\n<\/ul>\n","protected":false},"excerpt":{"rendered":"<p>Ram\u00f3n Bilbao Edici\u00f3 Limitada<\/p>\n","protected":false},"featured_media":77667,"comment_status":"closed","ping_status":"closed","template":"","meta":{"_acf_changed":false},"pwb-brand":[45012,32907],"product_brand":[],"product_cat":[51670,51671],"product_tag":[14919,14900],"class_list":{"0":"post-78424","1":"product","2":"type-product","3":"status-publish","4":"has-post-thumbnail","6":"pwb-brand-ramon-bilbao","7":"pwb-brand-rioja-d-o","8":"product_cat-vi","9":"product_cat-vi-negre","10":"product_tag-ramon-bilbao-ca","11":"product_tag-rioja-ca","12":"pa_anada-36212","13":"pa_bodega-bodegasramonbilbao","14":"pa_do-rioja-d-o-ca-ca","15":"pa_ecologico-vegano-natural-vega","16":"pa_formatoenml-38306","17":"pa_gastronomico-negre-gastronomic","18":"pa_graduacion-14_0","19":"pa_maridaje-carn-blanca","20":"pa_maridaje-carn-roja","21":"pa_maridaje-embotits","22":"pa_variedad-principal-tempranillo-ca","23":"entry","24":"has-media","26":"first","27":"instock","28":"taxable","29":"shipping-taxable","30":"purchasable","31":"product-type-simple"},"acf":[],"yoast_head":"<!-- This site is optimized with the Yoast SEO Premium plugin v23.1 (Yoast SEO v23.5) - https:\/\/yoast.com\/wordpress\/plugins\/seo\/ -->\n<title>Ram\u00f3n Bilbao Edici\u00f3 Limitada<\/title>\n<meta name=\"description\" content=\"Comprar online al millor preu Ram\u00f3n Bilbao Edici\u00f3 Limitada de la DOCa Rioja. Web especialitzada en vins, destil\u00b7lats i alimentaci\u00f3 gourmet.\" \/>\n<meta name=\"robots\" content=\"noindex, follow, max-snippet:-1, max-image-preview:large, max-video-preview:-1\" \/>\n<meta property=\"og:locale\" content=\"ca_ES\" \/>\n<meta property=\"og:type\" content=\"article\" \/>\n<meta property=\"og:title\" content=\"Ram\u00f3n Bilbao Edici\u00f3 Limitada\" \/>\n<meta property=\"og:description\" content=\"Comprar online al millor preu Ram\u00f3n Bilbao Edici\u00f3 Limitada de la DOCa Rioja. Web especialitzada en vins, destil\u00b7lats i alimentaci\u00f3 gourmet.\" \/>\n<meta property=\"og:url\" content=\"https:\/\/aral2.cetrexmarketing.com\/ca\/producto\/ramon-bilbao-edicio-limitada\/\" \/>\n<meta property=\"og:site_name\" content=\"M\u00f3n La Cata\" \/>\n<meta property=\"article:modified_time\" content=\"2025-05-24T06:54:17+00:00\" \/>\n<meta property=\"og:image\" content=\"https:\/\/aral2.cetrexmarketing.com\/wp-content\/uploads\/2025\/01\/Ramon-Bilbao-Edicion-Limitada.jpg.png\" \/>\n\t<meta property=\"og:image:width\" content=\"765\" \/>\n\t<meta property=\"og:image:height\" content=\"1024\" \/>\n\t<meta property=\"og:image:type\" content=\"image\/png\" \/>\n<meta name=\"twitter:card\" content=\"summary_large_image\" \/>\n<meta name=\"twitter:label1\" content=\"Temps estimat de lectura\" \/>\n\t<meta name=\"twitter:data1\" content=\"2 minuts\" \/>\n<script type=\"application\/ld+json\" class=\"yoast-schema-graph\">{\"@context\":\"https:\/\/schema.org\",\"@graph\":[{\"@type\":\"WebPage\",\"@id\":\"https:\/\/aral2.cetrexmarketing.com\/ca\/producto\/ramon-bilbao-edicio-limitada\/\",\"url\":\"https:\/\/aral2.cetrexmarketing.com\/ca\/producto\/ramon-bilbao-edicio-limitada\/\",\"name\":\"Ram\u00f3n Bilbao Edici\u00f3 Limitada\",\"isPartOf\":{\"@id\":\"https:\/\/aral2.cetrexmarketing.com\/#website\"},\"primaryImageOfPage\":{\"@id\":\"https:\/\/aral2.cetrexmarketing.com\/ca\/producto\/ramon-bilbao-edicio-limitada\/#primaryimage\"},\"image\":{\"@id\":\"https:\/\/aral2.cetrexmarketing.com\/ca\/producto\/ramon-bilbao-edicio-limitada\/#primaryimage\"},\"thumbnailUrl\":\"https:\/\/aral2.cetrexmarketing.com\/wp-content\/uploads\/2025\/01\/Ramon-Bilbao-Edicion-Limitada.jpg.png\",\"datePublished\":\"2025-05-24T06:54:16+00:00\",\"dateModified\":\"2025-05-24T06:54:17+00:00\",\"description\":\"Comprar online al millor preu Ram\u00f3n Bilbao Edici\u00f3 Limitada de la DOCa Rioja. Web especialitzada en vins, destil\u00b7lats i alimentaci\u00f3 gourmet.\",\"breadcrumb\":{\"@id\":\"https:\/\/aral2.cetrexmarketing.com\/ca\/producto\/ramon-bilbao-edicio-limitada\/#breadcrumb\"},\"inLanguage\":\"ca\",\"potentialAction\":[{\"@type\":\"ReadAction\",\"target\":[\"https:\/\/aral2.cetrexmarketing.com\/ca\/producto\/ramon-bilbao-edicio-limitada\/\"]}]},{\"@type\":\"ImageObject\",\"inLanguage\":\"ca\",\"@id\":\"https:\/\/aral2.cetrexmarketing.com\/ca\/producto\/ramon-bilbao-edicio-limitada\/#primaryimage\",\"url\":\"https:\/\/aral2.cetrexmarketing.com\/wp-content\/uploads\/2025\/01\/Ramon-Bilbao-Edicion-Limitada.jpg.png\",\"contentUrl\":\"https:\/\/aral2.cetrexmarketing.com\/wp-content\/uploads\/2025\/01\/Ramon-Bilbao-Edicion-Limitada.jpg.png\",\"width\":765,\"height\":1024},{\"@type\":\"BreadcrumbList\",\"@id\":\"https:\/\/aral2.cetrexmarketing.com\/ca\/producto\/ramon-bilbao-edicio-limitada\/#breadcrumb\",\"itemListElement\":[{\"@type\":\"ListItem\",\"position\":1,\"name\":\"Home\",\"item\":\"https:\/\/aral2.cetrexmarketing.com\/ca\/\"},{\"@type\":\"ListItem\",\"position\":2,\"name\":\"Tienda\",\"item\":\"https:\/\/aral2.cetrexmarketing.com\/ca\/tienda-2\/\"},{\"@type\":\"ListItem\",\"position\":3,\"name\":\"Vi\",\"item\":\"https:\/\/aral2.cetrexmarketing.com\/categoria-producto\/vi\/\"},{\"@type\":\"ListItem\",\"position\":4,\"name\":\"Vi Negre\",\"item\":\"https:\/\/aral2.cetrexmarketing.com\/categoria-producto\/vi\/vi-negre\/\"},{\"@type\":\"ListItem\",\"position\":5,\"name\":\"Ram\u00f3n Bilbao Edici\u00f3 Limitada\"}]},{\"@type\":\"WebSite\",\"@id\":\"https:\/\/aral2.cetrexmarketing.com\/#website\",\"url\":\"https:\/\/aral2.cetrexmarketing.com\/\",\"name\":\"M\u00f3n La Cata\",\"description\":\"Tienda de vinos, licores, cervezas y gourmet\",\"publisher\":{\"@id\":\"https:\/\/aral2.cetrexmarketing.com\/#organization\"},\"potentialAction\":[{\"@type\":\"SearchAction\",\"target\":{\"@type\":\"EntryPoint\",\"urlTemplate\":\"https:\/\/aral2.cetrexmarketing.com\/?s={search_term_string}\"},\"query-input\":{\"@type\":\"PropertyValueSpecification\",\"valueRequired\":true,\"valueName\":\"search_term_string\"}}],\"inLanguage\":\"ca\"},{\"@type\":\"Organization\",\"@id\":\"https:\/\/aral2.cetrexmarketing.com\/#organization\",\"name\":\"M\u00f3n La Cata\",\"url\":\"https:\/\/aral2.cetrexmarketing.com\/\",\"logo\":{\"@type\":\"ImageObject\",\"inLanguage\":\"ca\",\"@id\":\"https:\/\/aral2.cetrexmarketing.com\/#\/schema\/logo\/image\/\",\"url\":\"https:\/\/aral2.cetrexmarketing.com\/wp-content\/uploads\/2024\/10\/aral-logo-neg-1024x409-1.png\",\"contentUrl\":\"https:\/\/aral2.cetrexmarketing.com\/wp-content\/uploads\/2024\/10\/aral-logo-neg-1024x409-1.png\",\"width\":1024,\"height\":409,\"caption\":\"M\u00f3n La Cata\"},\"image\":{\"@id\":\"https:\/\/aral2.cetrexmarketing.com\/#\/schema\/logo\/image\/\"}}]}<\/script>\n<!-- \/ Yoast SEO Premium plugin. -->","yoast_head_json":{"title":"Ram\u00f3n Bilbao Edici\u00f3 Limitada","description":"Comprar online al millor preu Ram\u00f3n Bilbao Edici\u00f3 Limitada de la DOCa Rioja. Web especialitzada en vins, destil\u00b7lats i alimentaci\u00f3 gourmet.","robots":{"index":"noindex","follow":"follow","max-snippet":"max-snippet:-1","max-image-preview":"max-image-preview:large","max-video-preview":"max-video-preview:-1"},"og_locale":"ca_ES","og_type":"article","og_title":"Ram\u00f3n Bilbao Edici\u00f3 Limitada","og_description":"Comprar online al millor preu Ram\u00f3n Bilbao Edici\u00f3 Limitada de la DOCa Rioja. Web especialitzada en vins, destil\u00b7lats i alimentaci\u00f3 gourmet.","og_url":"https:\/\/aral2.cetrexmarketing.com\/ca\/producto\/ramon-bilbao-edicio-limitada\/","og_site_name":"M\u00f3n La Cata","article_modified_time":"2025-05-24T06:54:17+00:00","og_image":[{"width":765,"height":1024,"url":"https:\/\/aral2.cetrexmarketing.com\/wp-content\/uploads\/2025\/01\/Ramon-Bilbao-Edicion-Limitada.jpg.png","type":"image\/png"}],"twitter_card":"summary_large_image","twitter_misc":{"Temps estimat de lectura":"2 minuts"},"schema":{"@context":"https:\/\/schema.org","@graph":[{"@type":"WebPage","@id":"https:\/\/aral2.cetrexmarketing.com\/ca\/producto\/ramon-bilbao-edicio-limitada\/","url":"https:\/\/aral2.cetrexmarketing.com\/ca\/producto\/ramon-bilbao-edicio-limitada\/","name":"Ram\u00f3n Bilbao Edici\u00f3 Limitada","isPartOf":{"@id":"https:\/\/aral2.cetrexmarketing.com\/#website"},"primaryImageOfPage":{"@id":"https:\/\/aral2.cetrexmarketing.com\/ca\/producto\/ramon-bilbao-edicio-limitada\/#primaryimage"},"image":{"@id":"https:\/\/aral2.cetrexmarketing.com\/ca\/producto\/ramon-bilbao-edicio-limitada\/#primaryimage"},"thumbnailUrl":"https:\/\/aral2.cetrexmarketing.com\/wp-content\/uploads\/2025\/01\/Ramon-Bilbao-Edicion-Limitada.jpg.png","datePublished":"2025-05-24T06:54:16+00:00","dateModified":"2025-05-24T06:54:17+00:00","description":"Comprar online al millor preu Ram\u00f3n Bilbao Edici\u00f3 Limitada de la DOCa Rioja. Web especialitzada en vins, destil\u00b7lats i alimentaci\u00f3 gourmet.","breadcrumb":{"@id":"https:\/\/aral2.cetrexmarketing.com\/ca\/producto\/ramon-bilbao-edicio-limitada\/#breadcrumb"},"inLanguage":"ca","potentialAction":[{"@type":"ReadAction","target":["https:\/\/aral2.cetrexmarketing.com\/ca\/producto\/ramon-bilbao-edicio-limitada\/"]}]},{"@type":"ImageObject","inLanguage":"ca","@id":"https:\/\/aral2.cetrexmarketing.com\/ca\/producto\/ramon-bilbao-edicio-limitada\/#primaryimage","url":"https:\/\/aral2.cetrexmarketing.com\/wp-content\/uploads\/2025\/01\/Ramon-Bilbao-Edicion-Limitada.jpg.png","contentUrl":"https:\/\/aral2.cetrexmarketing.com\/wp-content\/uploads\/2025\/01\/Ramon-Bilbao-Edicion-Limitada.jpg.png","width":765,"height":1024},{"@type":"BreadcrumbList","@id":"https:\/\/aral2.cetrexmarketing.com\/ca\/producto\/ramon-bilbao-edicio-limitada\/#breadcrumb","itemListElement":[{"@type":"ListItem","position":1,"name":"Home","item":"https:\/\/aral2.cetrexmarketing.com\/ca\/"},{"@type":"ListItem","position":2,"name":"Tienda","item":"https:\/\/aral2.cetrexmarketing.com\/ca\/tienda-2\/"},{"@type":"ListItem","position":3,"name":"Vi","item":"https:\/\/aral2.cetrexmarketing.com\/categoria-producto\/vi\/"},{"@type":"ListItem","position":4,"name":"Vi Negre","item":"https:\/\/aral2.cetrexmarketing.com\/categoria-producto\/vi\/vi-negre\/"},{"@type":"ListItem","position":5,"name":"Ram\u00f3n Bilbao Edici\u00f3 Limitada"}]},{"@type":"WebSite","@id":"https:\/\/aral2.cetrexmarketing.com\/#website","url":"https:\/\/aral2.cetrexmarketing.com\/","name":"M\u00f3n La Cata","description":"Tienda de vinos, licores, cervezas y gourmet","publisher":{"@id":"https:\/\/aral2.cetrexmarketing.com\/#organization"},"potentialAction":[{"@type":"SearchAction","target":{"@type":"EntryPoint","urlTemplate":"https:\/\/aral2.cetrexmarketing.com\/?s={search_term_string}"},"query-input":{"@type":"PropertyValueSpecification","valueRequired":true,"valueName":"search_term_string"}}],"inLanguage":"ca"},{"@type":"Organization","@id":"https:\/\/aral2.cetrexmarketing.com\/#organization","name":"M\u00f3n La Cata","url":"https:\/\/aral2.cetrexmarketing.com\/","logo":{"@type":"ImageObject","inLanguage":"ca","@id":"https:\/\/aral2.cetrexmarketing.com\/#\/schema\/logo\/image\/","url":"https:\/\/aral2.cetrexmarketing.com\/wp-content\/uploads\/2024\/10\/aral-logo-neg-1024x409-1.png","contentUrl":"https:\/\/aral2.cetrexmarketing.com\/wp-content\/uploads\/2024\/10\/aral-logo-neg-1024x409-1.png","width":1024,"height":409,"caption":"M\u00f3n La Cata"},"image":{"@id":"https:\/\/aral2.cetrexmarketing.com\/#\/schema\/logo\/image\/"}}]}},"brands":[{"id":45012,"name":"Ram\u00f3n Bilbao","slug":"ramon-bilbao"},{"id":32907,"name":"Rioja D.O.","slug":"rioja-d-o"}],"_links":{"self":[{"href":"https:\/\/aral2.cetrexmarketing.com\/ca\/wp-json\/wp\/v2\/product\/78424","targetHints":{"allow":["GET"]}}],"collection":[{"href":"https:\/\/aral2.cetrexmarketing.com\/ca\/wp-json\/wp\/v2\/product"}],"about":[{"href":"https:\/\/aral2.cetrexmarketing.com\/ca\/wp-json\/wp\/v2\/types\/product"}],"replies":[{"embeddable":true,"href":"https:\/\/aral2.cetrexmarketing.com\/ca\/wp-json\/wp\/v2\/comments?post=78424"}],"wp:featuredmedia":[{"embeddable":true,"href":"https:\/\/aral2.cetrexmarketing.com\/ca\/wp-json\/wp\/v2\/media\/77667"}],"wp:attachment":[{"href":"https:\/\/aral2.cetrexmarketing.com\/ca\/wp-json\/wp\/v2\/media?parent=78424"}],"wp:term":[{"taxonomy":"pwb-brand","embeddable":true,"href":"https:\/\/aral2.cetrexmarketing.com\/ca\/wp-json\/wp\/v2\/pwb-brand?post=78424"},{"taxonomy":"product_brand","embeddable":true,"href":"https:\/\/aral2.cetrexmarketing.com\/ca\/wp-json\/wp\/v2\/product_brand?post=78424"},{"taxonomy":"product_cat","embeddable":true,"href":"https:\/\/aral2.cetrexmarketing.com\/ca\/wp-json\/wp\/v2\/product_cat?post=78424"},{"taxonomy":"product_tag","embeddable":true,"href":"https:\/\/aral2.cetrexmarketing.com\/ca\/wp-json\/wp\/v2\/product_tag?post=78424"}],"curies":[{"name":"wp","href":"https:\/\/api.w.org\/{rel}","templated":true}]}}