{"id":121153,"date":"2025-05-27T04:59:02","date_gmt":"2025-05-27T04:59:02","guid":{"rendered":"https:\/\/aral2.cetrexmarketing.com\/producto\/chateau-desclans-the-beach\/"},"modified":"2025-05-27T08:14:17","modified_gmt":"2025-05-27T08:14:17","slug":"chateau-desclans-the-beach","status":"publish","type":"product","link":"https:\/\/aral2.cetrexmarketing.com\/ca\/producto\/chateau-desclans-the-beach\/","title":{"rendered":"Chateau D&#8217;Esclans The Beach"},"content":{"rendered":"<div class=\"flex max-w-full flex-col flex-grow\">\n<div class=\"min-h-8 text-message relative flex w-full flex-col items-end gap-2 whitespace-normal break-words text-start [.text-message+&amp;]:mt-5\" dir=\"auto\" data-message-author-role=\"assistant\" data-message-id=\"9e03e2ca-ace3-4cd9-b647-4eca9c2b29f9\" data-message-model-slug=\"gpt-4o-mini\">\n<div class=\"flex w-full flex-col gap-1 empty:hidden first:pt-[3px]\">\n<div class=\"markdown prose w-full break-words dark:prose-invert light\">\n<p data-start=\"0\" data-end=\"395\">El <strong data-start=\"3\" data-end=\"34\">Ch\u00e2teau d&#8217;Esclans The Beach<\/strong> \u00e9s un vi rosat premium, elaborat per la bodega <strong data-start=\"82\" data-end=\"103\">Ch\u00e2teau d&#8217;Esclans<\/strong>, situada a la regi\u00f3 de <strong data-start=\"127\" data-end=\"139\">Proven\u00e7a<\/strong>, Fran\u00e7a. Aquest vi pertany a la l\u00ednia m\u00e9s accessible de la prestigiosa bodega, per\u00f2 mant\u00e9 l&#8217;ess\u00e8ncia dels seus grans rosats. Est\u00e0 dissenyat per evocar la frescor i l&#8217;eleg\u00e0ncia t\u00edpiques dels rosats de la regi\u00f3, amb un perfil molt atractiu i f\u00e0cil de beure.<\/p>\n<h3 data-start=\"397\" data-end=\"433\"><strong data-start=\"401\" data-end=\"433\">Caracter\u00edstiques principals:<\/strong><\/h3>\n<ul data-start=\"434\" data-end=\"1283\">\n<li data-start=\"434\" data-end=\"578\"><strong data-start=\"436\" data-end=\"458\">Varietats de ra\u00efm:<\/strong> Principalment <strong data-start=\"473\" data-end=\"485\">Grenache<\/strong>, juntament amb <strong data-start=\"501\" data-end=\"513\">Cinsault<\/strong> i <strong data-start=\"516\" data-end=\"525\">Syrah<\/strong>, que li aporten complexitat, frescor i delicadesa.<\/li>\n<li data-start=\"699\" data-end=\"803\"><strong data-start=\"701\" data-end=\"711\">Color:<\/strong> De color <strong data-start=\"721\" data-end=\"738\">rosat p\u00e0l\u00b7lid<\/strong> i brillant, amb reflexos daurats que conviden a la degustaci\u00f3.<\/li>\n<li data-start=\"804\" data-end=\"1059\"><strong data-start=\"806\" data-end=\"816\">Aroma:<\/strong> A la nas, es presenta amb una combinaci\u00f3 de <strong data-start=\"861\" data-end=\"891\">fruites vermelles fresques<\/strong>, com <strong data-start=\"897\" data-end=\"908\">maduixa<\/strong> i <strong data-start=\"911\" data-end=\"921\">cirera<\/strong>, i subtils notes florals i herb\u00e0cies. Tamb\u00e9 es poden percebre delicats tocs c\u00edtrics, com <strong data-start=\"1011\" data-end=\"1021\">pomelo<\/strong> i <strong data-start=\"1024\" data-end=\"1035\" data-is-only-node=\"\">llimona<\/strong>, que aporten frescor.<\/li>\n<li data-start=\"1060\" data-end=\"1283\"><strong data-start=\"1062\" data-end=\"1072\">Sabor:<\/strong> A boca \u00e9s <strong data-start=\"1083\" data-end=\"1116\">frescor, vibrant i equilibrat<\/strong>, amb una acidesa ben integrada que ressalta els sabors de les fruites vermelles i c\u00edtriques. La seva textura \u00e9s suau i sedosa, i t\u00e9 un final agradable i refrescant.<\/li>\n<\/ul>\n<h3 data-start=\"1285\" data-end=\"1313\"><strong data-start=\"1289\" data-end=\"1313\">Maridatge recomanat:<\/strong><\/h3>\n<p data-start=\"1314\" data-end=\"1548\">El <strong data-start=\"1317\" data-end=\"1348\">Ch\u00e2teau d&#8217;Esclans The Beach<\/strong> \u00e9s ideal per acompanyar <strong data-start=\"1373\" data-end=\"1383\">marisc<\/strong>, <strong data-start=\"1385\" data-end=\"1406\">peix a la graella<\/strong>, <strong data-start=\"1408\" data-end=\"1429\">amanides fresques<\/strong>, <strong data-start=\"1431\" data-end=\"1459\">pasta amb salsa lleugera<\/strong> o <strong data-start=\"1462\" data-end=\"1471\">sushi<\/strong>. Tamb\u00e9 \u00e9s una excel\u00b7lent opci\u00f3 com a aperitiu, especialment en dies c\u00e0lids.<\/p>\n<p data-start=\"1550\" data-end=\"1746\" data-is-last-node=\"\" data-is-only-node=\"\">En resum, <strong data-start=\"1560\" data-end=\"1591\">Ch\u00e2teau d&#8217;Esclans The Beach<\/strong> \u00e9s un rosat elegant i refrescant, que reflecteix l&#8217;ess\u00e8ncia de la Proven\u00e7a i la qualitat de la bodega, proporcionant una experi\u00e8ncia deliciosa i vers\u00e0til.<\/p>\n<\/div>\n<\/div>\n<\/div>\n<\/div>\n","protected":false},"excerpt":{"rendered":"<p>El <strong data-start=\"3\" data-end=\"34\">Ch\u00e2teau d&#8217;Esclans The Beach<\/strong> \u00e9s un vi rosat elegant i refrescant elaborat a la regi\u00f3 de <strong data-start=\"94\" data-end=\"106\">Proven\u00e7a<\/strong>, Fran\u00e7a. Fet principalment amb <strong data-start=\"138\" data-end=\"150\">Grenache<\/strong>, <strong data-start=\"152\" data-end=\"164\">Cinsault<\/strong> i <strong data-start=\"167\" data-end=\"176\">Syrah<\/strong>, ofereix una combinaci\u00f3 de <strong data-start=\"204\" data-end=\"234\">fruites vermelles fresques<\/strong>, <strong data-start=\"236\" data-end=\"253\">flors subtils<\/strong> i <strong data-start=\"256\" data-end=\"272\">tocs c\u00edtrics<\/strong>, amb un sabor <strong data-start=\"287\" data-end=\"320\">frescor, vibrant i equilibrat<\/strong>. El seu perfil suau i sed\u00f3s el fa ideal per acompanyar <strong data-start=\"376\" data-end=\"424\">marisc, peix a la graella, amanides fresques<\/strong> i <strong data-start=\"427\" data-end=\"436\">sushi<\/strong>, aix\u00ed com per gaudir com a aperitiu en dies c\u00e0lids. Un rosat que reflecteix l&#8217;ess\u00e8ncia de la Proven\u00e7a amb una experi\u00e8ncia deliciosa i vers\u00e0til.<\/p>\n","protected":false},"featured_media":121150,"comment_status":"closed","ping_status":"closed","template":"","meta":{"_acf_changed":false},"pwb-brand":[],"product_brand":[],"product_cat":[51674,51670,51682],"product_tag":[52454],"class_list":{"0":"post-121153","1":"product","2":"type-product","3":"status-publish","4":"has-post-thumbnail","6":"product_cat-botiga","7":"product_cat-vi","8":"product_cat-vi-rosat","9":"product_tag-chateau-desclans-the-beach-2","10":"pa_anada-45483","11":"pa_do-cotesdeprovenceaocfrancia-ca","12":"pa_formatoenml-38306","13":"pa_graduacion-13_0","14":"pa_pais-franca","15":"entry","16":"has-media","18":"first","19":"instock","20":"taxable","21":"shipping-taxable","22":"purchasable","23":"product-type-simple"},"acf":[],"yoast_head":"<!-- This site is optimized with the Yoast SEO Premium plugin v23.1 (Yoast SEO v23.5) - https:\/\/yoast.com\/wordpress\/plugins\/seo\/ -->\n<title>Chateau D&#039;Esclans The Beach<\/title>\n<meta name=\"description\" content=\"Comprar al millor preu el vi rosat Chateau D&#039;Esclans The Beach a M\u00f3n La Cata. Botiga online especialitzada en vins, destil\u00b7lats i alimentaci\u00f3.\" \/>\n<meta name=\"robots\" content=\"noindex, follow, max-snippet:-1, max-image-preview:large, max-video-preview:-1\" \/>\n<meta property=\"og:locale\" content=\"ca_ES\" \/>\n<meta property=\"og:type\" content=\"article\" \/>\n<meta property=\"og:title\" content=\"Chateau D&#039;Esclans The Beach\" \/>\n<meta property=\"og:description\" content=\"Comprar al millor preu el vi rosat Chateau D&#039;Esclans The Beach a M\u00f3n La Cata. Botiga online especialitzada en vins, destil\u00b7lats i alimentaci\u00f3.\" \/>\n<meta property=\"og:url\" content=\"https:\/\/aral2.cetrexmarketing.com\/ca\/producto\/chateau-desclans-the-beach\/\" \/>\n<meta property=\"og:site_name\" content=\"M\u00f3n La Cata\" \/>\n<meta property=\"article:modified_time\" content=\"2025-05-27T08:14:17+00:00\" \/>\n<meta property=\"og:image\" content=\"https:\/\/aral2.cetrexmarketing.com\/wp-content\/uploads\/2025\/05\/chateau-desclans-the-beach.png\" \/>\n\t<meta property=\"og:image:width\" content=\"765\" \/>\n\t<meta property=\"og:image:height\" content=\"1024\" \/>\n\t<meta property=\"og:image:type\" content=\"image\/png\" \/>\n<meta name=\"twitter:card\" content=\"summary_large_image\" \/>\n<meta name=\"twitter:label1\" content=\"Temps estimat de lectura\" \/>\n\t<meta name=\"twitter:data1\" content=\"2 minuts\" \/>\n<script type=\"application\/ld+json\" class=\"yoast-schema-graph\">{\"@context\":\"https:\/\/schema.org\",\"@graph\":[{\"@type\":\"WebPage\",\"@id\":\"https:\/\/aral2.cetrexmarketing.com\/ca\/producto\/chateau-desclans-the-beach\/\",\"url\":\"https:\/\/aral2.cetrexmarketing.com\/ca\/producto\/chateau-desclans-the-beach\/\",\"name\":\"Chateau D'Esclans The Beach\",\"isPartOf\":{\"@id\":\"https:\/\/aral2.cetrexmarketing.com\/#website\"},\"primaryImageOfPage\":{\"@id\":\"https:\/\/aral2.cetrexmarketing.com\/ca\/producto\/chateau-desclans-the-beach\/#primaryimage\"},\"image\":{\"@id\":\"https:\/\/aral2.cetrexmarketing.com\/ca\/producto\/chateau-desclans-the-beach\/#primaryimage\"},\"thumbnailUrl\":\"https:\/\/aral2.cetrexmarketing.com\/wp-content\/uploads\/2025\/05\/chateau-desclans-the-beach.png\",\"datePublished\":\"2025-05-27T04:59:02+00:00\",\"dateModified\":\"2025-05-27T08:14:17+00:00\",\"description\":\"Comprar al millor preu el vi rosat Chateau D'Esclans The Beach a M\u00f3n La Cata. Botiga online especialitzada en vins, destil\u00b7lats i alimentaci\u00f3.\",\"breadcrumb\":{\"@id\":\"https:\/\/aral2.cetrexmarketing.com\/ca\/producto\/chateau-desclans-the-beach\/#breadcrumb\"},\"inLanguage\":\"ca\",\"potentialAction\":[{\"@type\":\"ReadAction\",\"target\":[\"https:\/\/aral2.cetrexmarketing.com\/ca\/producto\/chateau-desclans-the-beach\/\"]}]},{\"@type\":\"ImageObject\",\"inLanguage\":\"ca\",\"@id\":\"https:\/\/aral2.cetrexmarketing.com\/ca\/producto\/chateau-desclans-the-beach\/#primaryimage\",\"url\":\"https:\/\/aral2.cetrexmarketing.com\/wp-content\/uploads\/2025\/05\/chateau-desclans-the-beach.png\",\"contentUrl\":\"https:\/\/aral2.cetrexmarketing.com\/wp-content\/uploads\/2025\/05\/chateau-desclans-the-beach.png\",\"width\":765,\"height\":1024},{\"@type\":\"BreadcrumbList\",\"@id\":\"https:\/\/aral2.cetrexmarketing.com\/ca\/producto\/chateau-desclans-the-beach\/#breadcrumb\",\"itemListElement\":[{\"@type\":\"ListItem\",\"position\":1,\"name\":\"Home\",\"item\":\"https:\/\/aral2.cetrexmarketing.com\/ca\/\"},{\"@type\":\"ListItem\",\"position\":2,\"name\":\"Tienda\",\"item\":\"https:\/\/aral2.cetrexmarketing.com\/ca\/tienda-2\/\"},{\"@type\":\"ListItem\",\"position\":3,\"name\":\"Tienda\",\"item\":\"https:\/\/aral2.cetrexmarketing.com\/categoria-producto\/inicio\/\"},{\"@type\":\"ListItem\",\"position\":4,\"name\":\"Chateau D&#8217;Esclans The Beach\"}]},{\"@type\":\"WebSite\",\"@id\":\"https:\/\/aral2.cetrexmarketing.com\/#website\",\"url\":\"https:\/\/aral2.cetrexmarketing.com\/\",\"name\":\"M\u00f3n La Cata\",\"description\":\"Tienda de vinos, licores, cervezas y gourmet\",\"publisher\":{\"@id\":\"https:\/\/aral2.cetrexmarketing.com\/#organization\"},\"potentialAction\":[{\"@type\":\"SearchAction\",\"target\":{\"@type\":\"EntryPoint\",\"urlTemplate\":\"https:\/\/aral2.cetrexmarketing.com\/?s={search_term_string}\"},\"query-input\":{\"@type\":\"PropertyValueSpecification\",\"valueRequired\":true,\"valueName\":\"search_term_string\"}}],\"inLanguage\":\"ca\"},{\"@type\":\"Organization\",\"@id\":\"https:\/\/aral2.cetrexmarketing.com\/#organization\",\"name\":\"M\u00f3n La Cata\",\"url\":\"https:\/\/aral2.cetrexmarketing.com\/\",\"logo\":{\"@type\":\"ImageObject\",\"inLanguage\":\"ca\",\"@id\":\"https:\/\/aral2.cetrexmarketing.com\/#\/schema\/logo\/image\/\",\"url\":\"https:\/\/aral2.cetrexmarketing.com\/wp-content\/uploads\/2024\/10\/aral-logo-neg-1024x409-1.png\",\"contentUrl\":\"https:\/\/aral2.cetrexmarketing.com\/wp-content\/uploads\/2024\/10\/aral-logo-neg-1024x409-1.png\",\"width\":1024,\"height\":409,\"caption\":\"M\u00f3n La Cata\"},\"image\":{\"@id\":\"https:\/\/aral2.cetrexmarketing.com\/#\/schema\/logo\/image\/\"}}]}<\/script>\n<!-- \/ Yoast SEO Premium plugin. -->","yoast_head_json":{"title":"Chateau D'Esclans The Beach","description":"Comprar al millor preu el vi rosat Chateau D'Esclans The Beach a M\u00f3n La Cata. Botiga online especialitzada en vins, destil\u00b7lats i alimentaci\u00f3.","robots":{"index":"noindex","follow":"follow","max-snippet":"max-snippet:-1","max-image-preview":"max-image-preview:large","max-video-preview":"max-video-preview:-1"},"og_locale":"ca_ES","og_type":"article","og_title":"Chateau D'Esclans The Beach","og_description":"Comprar al millor preu el vi rosat Chateau D'Esclans The Beach a M\u00f3n La Cata. Botiga online especialitzada en vins, destil\u00b7lats i alimentaci\u00f3.","og_url":"https:\/\/aral2.cetrexmarketing.com\/ca\/producto\/chateau-desclans-the-beach\/","og_site_name":"M\u00f3n La Cata","article_modified_time":"2025-05-27T08:14:17+00:00","og_image":[{"width":765,"height":1024,"url":"https:\/\/aral2.cetrexmarketing.com\/wp-content\/uploads\/2025\/05\/chateau-desclans-the-beach.png","type":"image\/png"}],"twitter_card":"summary_large_image","twitter_misc":{"Temps estimat de lectura":"2 minuts"},"schema":{"@context":"https:\/\/schema.org","@graph":[{"@type":"WebPage","@id":"https:\/\/aral2.cetrexmarketing.com\/ca\/producto\/chateau-desclans-the-beach\/","url":"https:\/\/aral2.cetrexmarketing.com\/ca\/producto\/chateau-desclans-the-beach\/","name":"Chateau D'Esclans The Beach","isPartOf":{"@id":"https:\/\/aral2.cetrexmarketing.com\/#website"},"primaryImageOfPage":{"@id":"https:\/\/aral2.cetrexmarketing.com\/ca\/producto\/chateau-desclans-the-beach\/#primaryimage"},"image":{"@id":"https:\/\/aral2.cetrexmarketing.com\/ca\/producto\/chateau-desclans-the-beach\/#primaryimage"},"thumbnailUrl":"https:\/\/aral2.cetrexmarketing.com\/wp-content\/uploads\/2025\/05\/chateau-desclans-the-beach.png","datePublished":"2025-05-27T04:59:02+00:00","dateModified":"2025-05-27T08:14:17+00:00","description":"Comprar al millor preu el vi rosat Chateau D'Esclans The Beach a M\u00f3n La Cata. Botiga online especialitzada en vins, destil\u00b7lats i alimentaci\u00f3.","breadcrumb":{"@id":"https:\/\/aral2.cetrexmarketing.com\/ca\/producto\/chateau-desclans-the-beach\/#breadcrumb"},"inLanguage":"ca","potentialAction":[{"@type":"ReadAction","target":["https:\/\/aral2.cetrexmarketing.com\/ca\/producto\/chateau-desclans-the-beach\/"]}]},{"@type":"ImageObject","inLanguage":"ca","@id":"https:\/\/aral2.cetrexmarketing.com\/ca\/producto\/chateau-desclans-the-beach\/#primaryimage","url":"https:\/\/aral2.cetrexmarketing.com\/wp-content\/uploads\/2025\/05\/chateau-desclans-the-beach.png","contentUrl":"https:\/\/aral2.cetrexmarketing.com\/wp-content\/uploads\/2025\/05\/chateau-desclans-the-beach.png","width":765,"height":1024},{"@type":"BreadcrumbList","@id":"https:\/\/aral2.cetrexmarketing.com\/ca\/producto\/chateau-desclans-the-beach\/#breadcrumb","itemListElement":[{"@type":"ListItem","position":1,"name":"Home","item":"https:\/\/aral2.cetrexmarketing.com\/ca\/"},{"@type":"ListItem","position":2,"name":"Tienda","item":"https:\/\/aral2.cetrexmarketing.com\/ca\/tienda-2\/"},{"@type":"ListItem","position":3,"name":"Tienda","item":"https:\/\/aral2.cetrexmarketing.com\/categoria-producto\/inicio\/"},{"@type":"ListItem","position":4,"name":"Chateau D&#8217;Esclans The Beach"}]},{"@type":"WebSite","@id":"https:\/\/aral2.cetrexmarketing.com\/#website","url":"https:\/\/aral2.cetrexmarketing.com\/","name":"M\u00f3n La Cata","description":"Tienda de vinos, licores, cervezas y gourmet","publisher":{"@id":"https:\/\/aral2.cetrexmarketing.com\/#organization"},"potentialAction":[{"@type":"SearchAction","target":{"@type":"EntryPoint","urlTemplate":"https:\/\/aral2.cetrexmarketing.com\/?s={search_term_string}"},"query-input":{"@type":"PropertyValueSpecification","valueRequired":true,"valueName":"search_term_string"}}],"inLanguage":"ca"},{"@type":"Organization","@id":"https:\/\/aral2.cetrexmarketing.com\/#organization","name":"M\u00f3n La Cata","url":"https:\/\/aral2.cetrexmarketing.com\/","logo":{"@type":"ImageObject","inLanguage":"ca","@id":"https:\/\/aral2.cetrexmarketing.com\/#\/schema\/logo\/image\/","url":"https:\/\/aral2.cetrexmarketing.com\/wp-content\/uploads\/2024\/10\/aral-logo-neg-1024x409-1.png","contentUrl":"https:\/\/aral2.cetrexmarketing.com\/wp-content\/uploads\/2024\/10\/aral-logo-neg-1024x409-1.png","width":1024,"height":409,"caption":"M\u00f3n La Cata"},"image":{"@id":"https:\/\/aral2.cetrexmarketing.com\/#\/schema\/logo\/image\/"}}]}},"brands":[],"_links":{"self":[{"href":"https:\/\/aral2.cetrexmarketing.com\/ca\/wp-json\/wp\/v2\/product\/121153","targetHints":{"allow":["GET"]}}],"collection":[{"href":"https:\/\/aral2.cetrexmarketing.com\/ca\/wp-json\/wp\/v2\/product"}],"about":[{"href":"https:\/\/aral2.cetrexmarketing.com\/ca\/wp-json\/wp\/v2\/types\/product"}],"replies":[{"embeddable":true,"href":"https:\/\/aral2.cetrexmarketing.com\/ca\/wp-json\/wp\/v2\/comments?post=121153"}],"wp:featuredmedia":[{"embeddable":true,"href":"https:\/\/aral2.cetrexmarketing.com\/ca\/wp-json\/wp\/v2\/media\/121150"}],"wp:attachment":[{"href":"https:\/\/aral2.cetrexmarketing.com\/ca\/wp-json\/wp\/v2\/media?parent=121153"}],"wp:term":[{"taxonomy":"pwb-brand","embeddable":true,"href":"https:\/\/aral2.cetrexmarketing.com\/ca\/wp-json\/wp\/v2\/pwb-brand?post=121153"},{"taxonomy":"product_brand","embeddable":true,"href":"https:\/\/aral2.cetrexmarketing.com\/ca\/wp-json\/wp\/v2\/product_brand?post=121153"},{"taxonomy":"product_cat","embeddable":true,"href":"https:\/\/aral2.cetrexmarketing.com\/ca\/wp-json\/wp\/v2\/product_cat?post=121153"},{"taxonomy":"product_tag","embeddable":true,"href":"https:\/\/aral2.cetrexmarketing.com\/ca\/wp-json\/wp\/v2\/product_tag?post=121153"}],"curies":[{"name":"wp","href":"https:\/\/api.w.org\/{rel}","templated":true}]}}