{"id":121145,"date":"2025-05-27T04:58:51","date_gmt":"2025-05-27T04:58:51","guid":{"rendered":"https:\/\/aral2.cetrexmarketing.com\/producto\/laurent-perrachon-cremant-de-bourgogne-blanc-de-blancs\/"},"modified":"2025-05-27T08:14:05","modified_gmt":"2025-05-27T08:14:05","slug":"laurent-perrachon-cremant-de-bourgogne-blanc-de-blancs","status":"publish","type":"product","link":"https:\/\/aral2.cetrexmarketing.com\/ca\/producto\/laurent-perrachon-cremant-de-bourgogne-blanc-de-blancs\/","title":{"rendered":"Laurent Perrachon Cr\u00e9mant de Bourgogne Blanc de Blancs"},"content":{"rendered":"<p data-start=\"0\" data-end=\"390\">El <strong data-start=\"3\" data-end=\"61\">Laurent Perrachon Cr\u00e9mant de Bourgogne Blanc de Blancs<\/strong> \u00e9s un <strong data-start=\"68\" data-end=\"82\">vi escum\u00f3s<\/strong> d&#8217;alta qualitat produ\u00eft a la regi\u00f3 de <strong data-start=\"121\" data-end=\"133\">Borgonya<\/strong>, Fran\u00e7a, sota la denominaci\u00f3 <strong data-start=\"163\" data-end=\"187\">Cr\u00e9mant de Bourgogne<\/strong>. Elaborat amb <strong data-start=\"202\" data-end=\"221\">100% Chardonnay<\/strong>, aquest cr\u00e9mant es destaca per la seva <strong data-start=\"261\" data-end=\"293\">eleg\u00e0ncia, frescor i fiuresa<\/strong>, seguint els m\u00e8todes tradicionals de vinificaci\u00f3 que donen lloc a bombolles fines i persistents.<\/p>\n<h3 data-start=\"392\" data-end=\"428\"><strong data-start=\"396\" data-end=\"428\">Caracter\u00edstiques principals:<\/strong><\/h3>\n<ul data-start=\"429\" data-end=\"1456\">\n<li data-start=\"429\" data-end=\"548\"><strong data-start=\"431\" data-end=\"452\">Varietat de ra\u00efm:<\/strong> <strong data-start=\"453\" data-end=\"472\">100% Chardonnay<\/strong>, que \u00e9s el ra\u00efm principal utilitzat per als cr\u00e9mants blancs d&#8217;alta gamma.<\/li>\n<li data-start=\"549\" data-end=\"747\"><strong data-start=\"551\" data-end=\"566\">Elaboraci\u00f3:<\/strong> S&#8217;elabora segons el <strong data-start=\"587\" data-end=\"609\">m\u00e8tode tradicional<\/strong>, \u00e9s a dir, amb una segona fermentaci\u00f3 a la botella, el que d\u00f3na lloc a les fines bombolles que caracteritzen els escumosos de qualitat.<\/li>\n<li data-start=\"748\" data-end=\"904\"><strong data-start=\"750\" data-end=\"760\">Color:<\/strong> Presenta un color <strong data-start=\"779\" data-end=\"795\">groc p\u00e0l\u00b7lid<\/strong> brillant amb reflexos daurats, t\u00edpic d&#8217;un <strong data-start=\"838\" data-end=\"857\">Blanc de Blancs<\/strong>, que reflecteix la seva frescor i eleg\u00e0ncia.<\/li>\n<li data-start=\"905\" data-end=\"1119\"><strong data-start=\"907\" data-end=\"917\">Aroma:<\/strong> A la nas, \u00e9s delicat i fresc, amb notes de <strong data-start=\"961\" data-end=\"972\">c\u00edtrics<\/strong> com <strong data-start=\"977\" data-end=\"997\">llimona i pomelo<\/strong>, acompanyades de <strong data-start=\"1015\" data-end=\"1030\">flors suaus<\/strong> i tocs de <strong data-start=\"1041\" data-end=\"1061\">pa acabat de fer<\/strong> i <strong data-start=\"1064\" data-end=\"1075\" data-is-only-node=\"\">ametlla<\/strong> provinents de la seva crian\u00e7a sobre lies.<\/li>\n<li data-start=\"1120\" data-end=\"1456\"><strong data-start=\"1122\" data-end=\"1132\">Sabor:<\/strong> A boca, el <strong data-start=\"1144\" data-end=\"1202\">Laurent Perrachon Cr\u00e9mant de Bourgogne Blanc de Blancs<\/strong> \u00e9s <strong data-start=\"1206\" data-end=\"1247\">frescor, equilibrat i ben estructurat<\/strong>, amb una acidesa viva que ressalta els sabors fruiters i un <strong data-start=\"1308\" data-end=\"1332\">final llarg i cremos<\/strong>. Les bombolles s\u00f3n fines i persistents, la qual cosa proporciona una textura suau i una sensaci\u00f3 de lleugeresa i eleg\u00e0ncia.<\/li>\n<\/ul>\n<h3 data-start=\"1458\" data-end=\"1486\"><strong data-start=\"1462\" data-end=\"1486\">Maridatge recomanat:<\/strong><\/h3>\n<p data-start=\"1487\" data-end=\"1731\">Aquest cr\u00e9mant \u00e9s ideal per acompanyar <strong data-start=\"1526\" data-end=\"1536\">marisc<\/strong>, <strong data-start=\"1538\" data-end=\"1546\">peix<\/strong> a la graella, <strong data-start=\"1561\" data-end=\"1580\">formatges suaus<\/strong> com <strong data-start=\"1585\" data-end=\"1605\">brie o camembert<\/strong>, i <strong data-start=\"1609\" data-end=\"1631\">aperitius elegants<\/strong>. Tamb\u00e9 es pot gaudir sol com un excel\u00b7lent aperitiu en celebracions o en qualsevol ocasi\u00f3 especial.<\/p>\n<p data-start=\"1733\" data-end=\"2016\" data-is-last-node=\"\" data-is-only-node=\"\">En resum, el <strong data-start=\"1746\" data-end=\"1804\">Laurent Perrachon Cr\u00e9mant de Bourgogne Blanc de Blancs<\/strong> \u00e9s un escum\u00f3s refinat i elegant que captura l&#8217;ess\u00e8ncia de la regi\u00f3 de Borgonya, amb la seva frescor, fiuresa i complexitat, convertint-lo en una opci\u00f3 perfecta per als amants dels vins escumosos d&#8217;alta qualitat.<\/p>\n","protected":false},"excerpt":{"rendered":"<p>El <strong data-start=\"3\" data-end=\"61\">Laurent Perrachon Cr\u00e9mant de Bourgogne Blanc de Blancs<\/strong> \u00e9s un vi escum\u00f3s refinat i elegant elaborat amb <strong data-start=\"110\" data-end=\"129\">100% Chardonnay<\/strong> seguint el m\u00e8tode tradicional. De color <strong data-start=\"170\" data-end=\"186\">groc p\u00e0l\u00b7lid<\/strong> amb reflexos daurats, presenta aromes delicats de <strong data-start=\"237\" data-end=\"248\">c\u00edtrics<\/strong>, <strong data-start=\"250\" data-end=\"265\">flors suaus<\/strong>, i <strong data-start=\"269\" data-end=\"284\">panet fresc<\/strong>, amb un toc d&#8217;<strong data-start=\"299\" data-end=\"310\">ametlla<\/strong>. A boca, \u00e9s <strong data-start=\"323\" data-end=\"355\">frescor, equilibrat i cremos<\/strong>, amb una <strong data-start=\"365\" data-end=\"381\">acidesa viva<\/strong> i un <strong data-start=\"387\" data-end=\"402\">final llarg<\/strong>. Ideal per acompanyar <strong data-start=\"425\" data-end=\"435\">marisc<\/strong>, <strong data-start=\"437\" data-end=\"445\">peix<\/strong>, <strong data-start=\"447\" data-end=\"466\">formatges suaus<\/strong> i <strong data-start=\"469\" data-end=\"491\">aperitius elegants<\/strong>, \u00e9s una opci\u00f3 perfecta per a qui busqui un escum\u00f3s de qualitat amb una estructura i eleg\u00e0ncia excepcionals.<\/p>\n","protected":false},"featured_media":121142,"comment_status":"closed","ping_status":"closed","template":"","meta":{"_acf_changed":false},"pwb-brand":[],"product_brand":[],"product_cat":[51674,51694],"product_tag":[52089],"class_list":{"0":"post-121145","1":"product","2":"type-product","3":"status-publish","4":"has-post-thumbnail","6":"product_cat-botiga","7":"product_cat-vi-escumos","8":"product_tag-laurent-perrachon-cremant-de-bourgogne-blanc-de-blancs","9":"pa_bodega-vinslaurentperrachonetfils","10":"pa_cantidaddeazucar-brut","11":"pa_formatoenml-38306","12":"pa_graduacion-12_5","13":"pa_pais-franca","14":"pa_tipodevino-vinoespumoso","15":"pa_variedad-principal-chardonnay-ca","16":"entry","17":"has-media","19":"first","20":"instock","21":"taxable","22":"shipping-taxable","23":"purchasable","24":"product-type-simple"},"acf":[],"yoast_head":"<!-- This site is optimized with the Yoast SEO Premium plugin v23.1 (Yoast SEO v23.5) - https:\/\/yoast.com\/wordpress\/plugins\/seo\/ -->\n<title>Laurent Perrachon Cr\u00e9mant de Bourgogne Blanc de Blancs<\/title>\n<meta name=\"description\" content=\"Comprar al millor preu el vi escum\u00f3s Laurent Perrachon Cr\u00e9mant de Bourgogne Blanc de Blancs a M\u00f3n La Cata. Botiga especialitzada en vi i alimentaci\u00f3.\" \/>\n<meta name=\"robots\" content=\"noindex, follow, max-snippet:-1, max-image-preview:large, max-video-preview:-1\" \/>\n<meta property=\"og:locale\" content=\"ca_ES\" \/>\n<meta property=\"og:type\" content=\"article\" \/>\n<meta property=\"og:title\" content=\"Laurent Perrachon Cr\u00e9mant de Bourgogne Blanc de Blancs\" \/>\n<meta property=\"og:description\" content=\"Comprar al millor preu el vi escum\u00f3s Laurent Perrachon Cr\u00e9mant de Bourgogne Blanc de Blancs a M\u00f3n La Cata. Botiga especialitzada en vi i alimentaci\u00f3.\" \/>\n<meta property=\"og:url\" content=\"https:\/\/aral2.cetrexmarketing.com\/ca\/producto\/laurent-perrachon-cremant-de-bourgogne-blanc-de-blancs\/\" \/>\n<meta property=\"og:site_name\" content=\"M\u00f3n La Cata\" \/>\n<meta property=\"article:modified_time\" content=\"2025-05-27T08:14:05+00:00\" \/>\n<meta property=\"og:image\" content=\"https:\/\/aral2.cetrexmarketing.com\/wp-content\/uploads\/2025\/05\/laurent-perrachon-cremant-de-bourgogne-blanc-de-blancs.jpg.png\" \/>\n\t<meta property=\"og:image:width\" content=\"765\" \/>\n\t<meta property=\"og:image:height\" content=\"1024\" \/>\n\t<meta property=\"og:image:type\" content=\"image\/png\" \/>\n<meta name=\"twitter:card\" content=\"summary_large_image\" \/>\n<meta name=\"twitter:label1\" content=\"Temps estimat de lectura\" \/>\n\t<meta name=\"twitter:data1\" content=\"2 minuts\" \/>\n<script type=\"application\/ld+json\" class=\"yoast-schema-graph\">{\"@context\":\"https:\/\/schema.org\",\"@graph\":[{\"@type\":\"WebPage\",\"@id\":\"https:\/\/aral2.cetrexmarketing.com\/ca\/producto\/laurent-perrachon-cremant-de-bourgogne-blanc-de-blancs\/\",\"url\":\"https:\/\/aral2.cetrexmarketing.com\/ca\/producto\/laurent-perrachon-cremant-de-bourgogne-blanc-de-blancs\/\",\"name\":\"Laurent Perrachon Cr\u00e9mant de Bourgogne Blanc de Blancs\",\"isPartOf\":{\"@id\":\"https:\/\/aral2.cetrexmarketing.com\/#website\"},\"primaryImageOfPage\":{\"@id\":\"https:\/\/aral2.cetrexmarketing.com\/ca\/producto\/laurent-perrachon-cremant-de-bourgogne-blanc-de-blancs\/#primaryimage\"},\"image\":{\"@id\":\"https:\/\/aral2.cetrexmarketing.com\/ca\/producto\/laurent-perrachon-cremant-de-bourgogne-blanc-de-blancs\/#primaryimage\"},\"thumbnailUrl\":\"https:\/\/aral2.cetrexmarketing.com\/wp-content\/uploads\/2025\/05\/laurent-perrachon-cremant-de-bourgogne-blanc-de-blancs.jpg.png\",\"datePublished\":\"2025-05-27T04:58:51+00:00\",\"dateModified\":\"2025-05-27T08:14:05+00:00\",\"description\":\"Comprar al millor preu el vi escum\u00f3s Laurent Perrachon Cr\u00e9mant de Bourgogne Blanc de Blancs a M\u00f3n La Cata. Botiga especialitzada en vi i alimentaci\u00f3.\",\"breadcrumb\":{\"@id\":\"https:\/\/aral2.cetrexmarketing.com\/ca\/producto\/laurent-perrachon-cremant-de-bourgogne-blanc-de-blancs\/#breadcrumb\"},\"inLanguage\":\"ca\",\"potentialAction\":[{\"@type\":\"ReadAction\",\"target\":[\"https:\/\/aral2.cetrexmarketing.com\/ca\/producto\/laurent-perrachon-cremant-de-bourgogne-blanc-de-blancs\/\"]}]},{\"@type\":\"ImageObject\",\"inLanguage\":\"ca\",\"@id\":\"https:\/\/aral2.cetrexmarketing.com\/ca\/producto\/laurent-perrachon-cremant-de-bourgogne-blanc-de-blancs\/#primaryimage\",\"url\":\"https:\/\/aral2.cetrexmarketing.com\/wp-content\/uploads\/2025\/05\/laurent-perrachon-cremant-de-bourgogne-blanc-de-blancs.jpg.png\",\"contentUrl\":\"https:\/\/aral2.cetrexmarketing.com\/wp-content\/uploads\/2025\/05\/laurent-perrachon-cremant-de-bourgogne-blanc-de-blancs.jpg.png\",\"width\":765,\"height\":1024},{\"@type\":\"BreadcrumbList\",\"@id\":\"https:\/\/aral2.cetrexmarketing.com\/ca\/producto\/laurent-perrachon-cremant-de-bourgogne-blanc-de-blancs\/#breadcrumb\",\"itemListElement\":[{\"@type\":\"ListItem\",\"position\":1,\"name\":\"Home\",\"item\":\"https:\/\/aral2.cetrexmarketing.com\/ca\/\"},{\"@type\":\"ListItem\",\"position\":2,\"name\":\"Tienda\",\"item\":\"https:\/\/aral2.cetrexmarketing.com\/ca\/tienda-2\/\"},{\"@type\":\"ListItem\",\"position\":3,\"name\":\"Tienda\",\"item\":\"https:\/\/aral2.cetrexmarketing.com\/categoria-producto\/inicio\/\"},{\"@type\":\"ListItem\",\"position\":4,\"name\":\"Laurent Perrachon Cr\u00e9mant de Bourgogne Blanc de Blancs\"}]},{\"@type\":\"WebSite\",\"@id\":\"https:\/\/aral2.cetrexmarketing.com\/#website\",\"url\":\"https:\/\/aral2.cetrexmarketing.com\/\",\"name\":\"M\u00f3n La Cata\",\"description\":\"Tienda de vinos, licores, cervezas y gourmet\",\"publisher\":{\"@id\":\"https:\/\/aral2.cetrexmarketing.com\/#organization\"},\"potentialAction\":[{\"@type\":\"SearchAction\",\"target\":{\"@type\":\"EntryPoint\",\"urlTemplate\":\"https:\/\/aral2.cetrexmarketing.com\/?s={search_term_string}\"},\"query-input\":{\"@type\":\"PropertyValueSpecification\",\"valueRequired\":true,\"valueName\":\"search_term_string\"}}],\"inLanguage\":\"ca\"},{\"@type\":\"Organization\",\"@id\":\"https:\/\/aral2.cetrexmarketing.com\/#organization\",\"name\":\"M\u00f3n La Cata\",\"url\":\"https:\/\/aral2.cetrexmarketing.com\/\",\"logo\":{\"@type\":\"ImageObject\",\"inLanguage\":\"ca\",\"@id\":\"https:\/\/aral2.cetrexmarketing.com\/#\/schema\/logo\/image\/\",\"url\":\"https:\/\/aral2.cetrexmarketing.com\/wp-content\/uploads\/2024\/10\/aral-logo-neg-1024x409-1.png\",\"contentUrl\":\"https:\/\/aral2.cetrexmarketing.com\/wp-content\/uploads\/2024\/10\/aral-logo-neg-1024x409-1.png\",\"width\":1024,\"height\":409,\"caption\":\"M\u00f3n La Cata\"},\"image\":{\"@id\":\"https:\/\/aral2.cetrexmarketing.com\/#\/schema\/logo\/image\/\"}}]}<\/script>\n<!-- \/ Yoast SEO Premium plugin. -->","yoast_head_json":{"title":"Laurent Perrachon Cr\u00e9mant de Bourgogne Blanc de Blancs","description":"Comprar al millor preu el vi escum\u00f3s Laurent Perrachon Cr\u00e9mant de Bourgogne Blanc de Blancs a M\u00f3n La Cata. Botiga especialitzada en vi i alimentaci\u00f3.","robots":{"index":"noindex","follow":"follow","max-snippet":"max-snippet:-1","max-image-preview":"max-image-preview:large","max-video-preview":"max-video-preview:-1"},"og_locale":"ca_ES","og_type":"article","og_title":"Laurent Perrachon Cr\u00e9mant de Bourgogne Blanc de Blancs","og_description":"Comprar al millor preu el vi escum\u00f3s Laurent Perrachon Cr\u00e9mant de Bourgogne Blanc de Blancs a M\u00f3n La Cata. Botiga especialitzada en vi i alimentaci\u00f3.","og_url":"https:\/\/aral2.cetrexmarketing.com\/ca\/producto\/laurent-perrachon-cremant-de-bourgogne-blanc-de-blancs\/","og_site_name":"M\u00f3n La Cata","article_modified_time":"2025-05-27T08:14:05+00:00","og_image":[{"width":765,"height":1024,"url":"https:\/\/aral2.cetrexmarketing.com\/wp-content\/uploads\/2025\/05\/laurent-perrachon-cremant-de-bourgogne-blanc-de-blancs.jpg.png","type":"image\/png"}],"twitter_card":"summary_large_image","twitter_misc":{"Temps estimat de lectura":"2 minuts"},"schema":{"@context":"https:\/\/schema.org","@graph":[{"@type":"WebPage","@id":"https:\/\/aral2.cetrexmarketing.com\/ca\/producto\/laurent-perrachon-cremant-de-bourgogne-blanc-de-blancs\/","url":"https:\/\/aral2.cetrexmarketing.com\/ca\/producto\/laurent-perrachon-cremant-de-bourgogne-blanc-de-blancs\/","name":"Laurent Perrachon Cr\u00e9mant de Bourgogne Blanc de Blancs","isPartOf":{"@id":"https:\/\/aral2.cetrexmarketing.com\/#website"},"primaryImageOfPage":{"@id":"https:\/\/aral2.cetrexmarketing.com\/ca\/producto\/laurent-perrachon-cremant-de-bourgogne-blanc-de-blancs\/#primaryimage"},"image":{"@id":"https:\/\/aral2.cetrexmarketing.com\/ca\/producto\/laurent-perrachon-cremant-de-bourgogne-blanc-de-blancs\/#primaryimage"},"thumbnailUrl":"https:\/\/aral2.cetrexmarketing.com\/wp-content\/uploads\/2025\/05\/laurent-perrachon-cremant-de-bourgogne-blanc-de-blancs.jpg.png","datePublished":"2025-05-27T04:58:51+00:00","dateModified":"2025-05-27T08:14:05+00:00","description":"Comprar al millor preu el vi escum\u00f3s Laurent Perrachon Cr\u00e9mant de Bourgogne Blanc de Blancs a M\u00f3n La Cata. Botiga especialitzada en vi i alimentaci\u00f3.","breadcrumb":{"@id":"https:\/\/aral2.cetrexmarketing.com\/ca\/producto\/laurent-perrachon-cremant-de-bourgogne-blanc-de-blancs\/#breadcrumb"},"inLanguage":"ca","potentialAction":[{"@type":"ReadAction","target":["https:\/\/aral2.cetrexmarketing.com\/ca\/producto\/laurent-perrachon-cremant-de-bourgogne-blanc-de-blancs\/"]}]},{"@type":"ImageObject","inLanguage":"ca","@id":"https:\/\/aral2.cetrexmarketing.com\/ca\/producto\/laurent-perrachon-cremant-de-bourgogne-blanc-de-blancs\/#primaryimage","url":"https:\/\/aral2.cetrexmarketing.com\/wp-content\/uploads\/2025\/05\/laurent-perrachon-cremant-de-bourgogne-blanc-de-blancs.jpg.png","contentUrl":"https:\/\/aral2.cetrexmarketing.com\/wp-content\/uploads\/2025\/05\/laurent-perrachon-cremant-de-bourgogne-blanc-de-blancs.jpg.png","width":765,"height":1024},{"@type":"BreadcrumbList","@id":"https:\/\/aral2.cetrexmarketing.com\/ca\/producto\/laurent-perrachon-cremant-de-bourgogne-blanc-de-blancs\/#breadcrumb","itemListElement":[{"@type":"ListItem","position":1,"name":"Home","item":"https:\/\/aral2.cetrexmarketing.com\/ca\/"},{"@type":"ListItem","position":2,"name":"Tienda","item":"https:\/\/aral2.cetrexmarketing.com\/ca\/tienda-2\/"},{"@type":"ListItem","position":3,"name":"Tienda","item":"https:\/\/aral2.cetrexmarketing.com\/categoria-producto\/inicio\/"},{"@type":"ListItem","position":4,"name":"Laurent Perrachon Cr\u00e9mant de Bourgogne Blanc de Blancs"}]},{"@type":"WebSite","@id":"https:\/\/aral2.cetrexmarketing.com\/#website","url":"https:\/\/aral2.cetrexmarketing.com\/","name":"M\u00f3n La Cata","description":"Tienda de vinos, licores, cervezas y gourmet","publisher":{"@id":"https:\/\/aral2.cetrexmarketing.com\/#organization"},"potentialAction":[{"@type":"SearchAction","target":{"@type":"EntryPoint","urlTemplate":"https:\/\/aral2.cetrexmarketing.com\/?s={search_term_string}"},"query-input":{"@type":"PropertyValueSpecification","valueRequired":true,"valueName":"search_term_string"}}],"inLanguage":"ca"},{"@type":"Organization","@id":"https:\/\/aral2.cetrexmarketing.com\/#organization","name":"M\u00f3n La Cata","url":"https:\/\/aral2.cetrexmarketing.com\/","logo":{"@type":"ImageObject","inLanguage":"ca","@id":"https:\/\/aral2.cetrexmarketing.com\/#\/schema\/logo\/image\/","url":"https:\/\/aral2.cetrexmarketing.com\/wp-content\/uploads\/2024\/10\/aral-logo-neg-1024x409-1.png","contentUrl":"https:\/\/aral2.cetrexmarketing.com\/wp-content\/uploads\/2024\/10\/aral-logo-neg-1024x409-1.png","width":1024,"height":409,"caption":"M\u00f3n La Cata"},"image":{"@id":"https:\/\/aral2.cetrexmarketing.com\/#\/schema\/logo\/image\/"}}]}},"brands":[],"_links":{"self":[{"href":"https:\/\/aral2.cetrexmarketing.com\/ca\/wp-json\/wp\/v2\/product\/121145","targetHints":{"allow":["GET"]}}],"collection":[{"href":"https:\/\/aral2.cetrexmarketing.com\/ca\/wp-json\/wp\/v2\/product"}],"about":[{"href":"https:\/\/aral2.cetrexmarketing.com\/ca\/wp-json\/wp\/v2\/types\/product"}],"replies":[{"embeddable":true,"href":"https:\/\/aral2.cetrexmarketing.com\/ca\/wp-json\/wp\/v2\/comments?post=121145"}],"wp:featuredmedia":[{"embeddable":true,"href":"https:\/\/aral2.cetrexmarketing.com\/ca\/wp-json\/wp\/v2\/media\/121142"}],"wp:attachment":[{"href":"https:\/\/aral2.cetrexmarketing.com\/ca\/wp-json\/wp\/v2\/media?parent=121145"}],"wp:term":[{"taxonomy":"pwb-brand","embeddable":true,"href":"https:\/\/aral2.cetrexmarketing.com\/ca\/wp-json\/wp\/v2\/pwb-brand?post=121145"},{"taxonomy":"product_brand","embeddable":true,"href":"https:\/\/aral2.cetrexmarketing.com\/ca\/wp-json\/wp\/v2\/product_brand?post=121145"},{"taxonomy":"product_cat","embeddable":true,"href":"https:\/\/aral2.cetrexmarketing.com\/ca\/wp-json\/wp\/v2\/product_cat?post=121145"},{"taxonomy":"product_tag","embeddable":true,"href":"https:\/\/aral2.cetrexmarketing.com\/ca\/wp-json\/wp\/v2\/product_tag?post=121145"}],"curies":[{"name":"wp","href":"https:\/\/api.w.org\/{rel}","templated":true}]}}