{"id":112435,"date":"2025-05-26T13:34:50","date_gmt":"2025-05-26T13:34:50","guid":{"rendered":"https:\/\/aral2.cetrexmarketing.com\/producto\/vinyes-del-vero-la-miranda-secastilla-blanc\/"},"modified":"2025-05-27T07:57:02","modified_gmt":"2025-05-27T07:57:02","slug":"vinyes-del-vero-la-miranda-secastilla-blanc","status":"publish","type":"product","link":"https:\/\/aral2.cetrexmarketing.com\/ca\/producto\/vinyes-del-vero-la-miranda-secastilla-blanc\/","title":{"rendered":"Vinyes del Vero La Miranda Secastilla Blanc"},"content":{"rendered":"<p><strong>Vinyes del Vero La Miranda Secastilla Blanc<\/strong><\/p>\n<p>Un vi net i una harmonia en\u00e8rgica, plena de vida. El seu car\u00e0cter evoca la muntanya escarpada, els passos al sender, la pujada esfor\u00e7ada, l&#8217;aire pur.<\/p>\n<p>Pedra, vent, fruits de sec\u00e0. Els nostres ceps de Garnatxa Blanca, cultivats en terrenys alts i airejats, regalen la singular frescor que batega a l&#8217;interior de les plantes tena\u00e7os i austeres.<\/p>\n","protected":false},"excerpt":{"rendered":"<p><strong>Vi\u00f1as del Vero La Miranda Secastilla Blanc<\/strong><\/p>\n<p>Un vi net i una harmonia en\u00e8rgica, plena de vida. El seu car\u00e0cter evoca la muntanya escarpada, els passos al sender, la pujada esfor\u00e7ada, l&#8217;aire pur.<\/p>\n<p>Pedra, vent, fruits de sec\u00e0. Els nostres ceps de Garnatxa Blanca, cultivats en terrenys alts i airejats, regalen la singular frescor que batega a l&#8217;interior de les plantes tena\u00e7os i austeres.<\/p>\n","protected":false},"featured_media":111934,"comment_status":"closed","ping_status":"closed","template":"","meta":{"_acf_changed":false},"pwb-brand":[48838],"product_brand":[],"product_cat":[51670,51672],"product_tag":[49436,49432,17925,15112,15111],"class_list":{"0":"post-112435","1":"product","2":"type-product","3":"status-publish","4":"has-post-thumbnail","6":"pwb-brand-vinas-del-vero","7":"product_cat-vi","8":"product_cat-vi-blanc","9":"product_tag-bodegas-vinas-del-vero-ca","10":"product_tag-d-o-somontano-ca","11":"product_tag-secastilla-ca","12":"product_tag-somontano-ca","13":"product_tag-vinas-del-vero-ca","14":"pa_anada-36210","15":"pa_bodega-vinas-del-vero","16":"pa_do-somontanodo-ca","17":"pa_floral-blanc-floral","18":"pa_formatoenml-38306","19":"pa_graduacion-13_5","20":"pa_maridaje-marisc","21":"pa_maridaje-peix","22":"pa_pais-espanya-ca","23":"pa_variedad-principal-garnatxa-blanca","24":"entry","25":"has-media","27":"first","28":"instock","29":"taxable","30":"shipping-taxable","31":"purchasable","32":"product-type-simple"},"acf":[],"yoast_head":"<!-- This site is optimized with the Yoast SEO Premium plugin v23.1 (Yoast SEO v23.5) - https:\/\/yoast.com\/wordpress\/plugins\/seo\/ -->\n<title>Vinyes del Vero La Miranda Secastilla Blanc - M\u00f3n La Cata<\/title>\n<meta name=\"description\" content=\"Comprar el vi Vinyes del Vero La Miranda Secastilla Blanc en M\u00f3n La Cata . Botiga online especilitzada en vi i alimentaci\u00f3. Trameses puntuals i assegurances.\" \/>\n<meta name=\"robots\" content=\"noindex, follow, max-snippet:-1, max-image-preview:large, max-video-preview:-1\" \/>\n<meta property=\"og:locale\" content=\"ca_ES\" \/>\n<meta property=\"og:type\" content=\"article\" \/>\n<meta property=\"og:title\" content=\"Vinyes del Vero La Miranda Secastilla Blanc\" \/>\n<meta property=\"og:description\" content=\"Comprar el vi Vinyes del Vero La Miranda Secastilla Blanc en M\u00f3n La Cata . Botiga online especilitzada en vi i alimentaci\u00f3. Trameses puntuals i assegurances.\" \/>\n<meta property=\"og:url\" content=\"https:\/\/aral2.cetrexmarketing.com\/ca\/producto\/vinyes-del-vero-la-miranda-secastilla-blanc\/\" \/>\n<meta property=\"og:site_name\" content=\"M\u00f3n La Cata\" \/>\n<meta property=\"article:modified_time\" content=\"2025-05-27T07:57:02+00:00\" \/>\n<meta property=\"og:image\" content=\"https:\/\/aral2.cetrexmarketing.com\/wp-content\/uploads\/2025\/05\/vinas-del-vero-la-miranda-de-secastilla-blanco.jpeg.png\" \/>\n\t<meta property=\"og:image:width\" content=\"765\" \/>\n\t<meta property=\"og:image:height\" content=\"1024\" \/>\n\t<meta property=\"og:image:type\" content=\"image\/png\" \/>\n<meta name=\"twitter:card\" content=\"summary_large_image\" \/>\n<script type=\"application\/ld+json\" class=\"yoast-schema-graph\">{\"@context\":\"https:\/\/schema.org\",\"@graph\":[{\"@type\":\"WebPage\",\"@id\":\"https:\/\/aral2.cetrexmarketing.com\/ca\/producto\/vinyes-del-vero-la-miranda-secastilla-blanc\/\",\"url\":\"https:\/\/aral2.cetrexmarketing.com\/ca\/producto\/vinyes-del-vero-la-miranda-secastilla-blanc\/\",\"name\":\"Vinyes del Vero La Miranda Secastilla Blanc - M\u00f3n La Cata\",\"isPartOf\":{\"@id\":\"https:\/\/aral2.cetrexmarketing.com\/#website\"},\"primaryImageOfPage\":{\"@id\":\"https:\/\/aral2.cetrexmarketing.com\/ca\/producto\/vinyes-del-vero-la-miranda-secastilla-blanc\/#primaryimage\"},\"image\":{\"@id\":\"https:\/\/aral2.cetrexmarketing.com\/ca\/producto\/vinyes-del-vero-la-miranda-secastilla-blanc\/#primaryimage\"},\"thumbnailUrl\":\"https:\/\/aral2.cetrexmarketing.com\/wp-content\/uploads\/2025\/05\/vinas-del-vero-la-miranda-de-secastilla-blanco.jpeg.png\",\"datePublished\":\"2025-05-26T13:34:50+00:00\",\"dateModified\":\"2025-05-27T07:57:02+00:00\",\"description\":\"Comprar el vi Vinyes del Vero La Miranda Secastilla Blanc en M\u00f3n La Cata . Botiga online especilitzada en vi i alimentaci\u00f3. Trameses puntuals i assegurances.\",\"breadcrumb\":{\"@id\":\"https:\/\/aral2.cetrexmarketing.com\/ca\/producto\/vinyes-del-vero-la-miranda-secastilla-blanc\/#breadcrumb\"},\"inLanguage\":\"ca\",\"potentialAction\":[{\"@type\":\"ReadAction\",\"target\":[\"https:\/\/aral2.cetrexmarketing.com\/ca\/producto\/vinyes-del-vero-la-miranda-secastilla-blanc\/\"]}]},{\"@type\":\"ImageObject\",\"inLanguage\":\"ca\",\"@id\":\"https:\/\/aral2.cetrexmarketing.com\/ca\/producto\/vinyes-del-vero-la-miranda-secastilla-blanc\/#primaryimage\",\"url\":\"https:\/\/aral2.cetrexmarketing.com\/wp-content\/uploads\/2025\/05\/vinas-del-vero-la-miranda-de-secastilla-blanco.jpeg.png\",\"contentUrl\":\"https:\/\/aral2.cetrexmarketing.com\/wp-content\/uploads\/2025\/05\/vinas-del-vero-la-miranda-de-secastilla-blanco.jpeg.png\",\"width\":765,\"height\":1024},{\"@type\":\"BreadcrumbList\",\"@id\":\"https:\/\/aral2.cetrexmarketing.com\/ca\/producto\/vinyes-del-vero-la-miranda-secastilla-blanc\/#breadcrumb\",\"itemListElement\":[{\"@type\":\"ListItem\",\"position\":1,\"name\":\"Home\",\"item\":\"https:\/\/aral2.cetrexmarketing.com\/ca\/\"},{\"@type\":\"ListItem\",\"position\":2,\"name\":\"Tienda\",\"item\":\"https:\/\/aral2.cetrexmarketing.com\/ca\/tienda-2\/\"},{\"@type\":\"ListItem\",\"position\":3,\"name\":\"Vino\",\"item\":\"https:\/\/aral2.cetrexmarketing.com\/categoria-producto\/inicio\/vino\/\"},{\"@type\":\"ListItem\",\"position\":4,\"name\":\"Vinyes del Vero La Miranda Secastilla Blanc\"}]},{\"@type\":\"WebSite\",\"@id\":\"https:\/\/aral2.cetrexmarketing.com\/#website\",\"url\":\"https:\/\/aral2.cetrexmarketing.com\/\",\"name\":\"M\u00f3n La Cata\",\"description\":\"Tienda de vinos, licores, cervezas y gourmet\",\"publisher\":{\"@id\":\"https:\/\/aral2.cetrexmarketing.com\/#organization\"},\"potentialAction\":[{\"@type\":\"SearchAction\",\"target\":{\"@type\":\"EntryPoint\",\"urlTemplate\":\"https:\/\/aral2.cetrexmarketing.com\/?s={search_term_string}\"},\"query-input\":{\"@type\":\"PropertyValueSpecification\",\"valueRequired\":true,\"valueName\":\"search_term_string\"}}],\"inLanguage\":\"ca\"},{\"@type\":\"Organization\",\"@id\":\"https:\/\/aral2.cetrexmarketing.com\/#organization\",\"name\":\"M\u00f3n La Cata\",\"url\":\"https:\/\/aral2.cetrexmarketing.com\/\",\"logo\":{\"@type\":\"ImageObject\",\"inLanguage\":\"ca\",\"@id\":\"https:\/\/aral2.cetrexmarketing.com\/#\/schema\/logo\/image\/\",\"url\":\"https:\/\/aral2.cetrexmarketing.com\/wp-content\/uploads\/2024\/10\/aral-logo-neg-1024x409-1.png\",\"contentUrl\":\"https:\/\/aral2.cetrexmarketing.com\/wp-content\/uploads\/2024\/10\/aral-logo-neg-1024x409-1.png\",\"width\":1024,\"height\":409,\"caption\":\"M\u00f3n La Cata\"},\"image\":{\"@id\":\"https:\/\/aral2.cetrexmarketing.com\/#\/schema\/logo\/image\/\"}}]}<\/script>\n<!-- \/ Yoast SEO Premium plugin. -->","yoast_head_json":{"title":"Vinyes del Vero La Miranda Secastilla Blanc - M\u00f3n La Cata","description":"Comprar el vi Vinyes del Vero La Miranda Secastilla Blanc en M\u00f3n La Cata . Botiga online especilitzada en vi i alimentaci\u00f3. Trameses puntuals i assegurances.","robots":{"index":"noindex","follow":"follow","max-snippet":"max-snippet:-1","max-image-preview":"max-image-preview:large","max-video-preview":"max-video-preview:-1"},"og_locale":"ca_ES","og_type":"article","og_title":"Vinyes del Vero La Miranda Secastilla Blanc","og_description":"Comprar el vi Vinyes del Vero La Miranda Secastilla Blanc en M\u00f3n La Cata . Botiga online especilitzada en vi i alimentaci\u00f3. Trameses puntuals i assegurances.","og_url":"https:\/\/aral2.cetrexmarketing.com\/ca\/producto\/vinyes-del-vero-la-miranda-secastilla-blanc\/","og_site_name":"M\u00f3n La Cata","article_modified_time":"2025-05-27T07:57:02+00:00","og_image":[{"width":765,"height":1024,"url":"https:\/\/aral2.cetrexmarketing.com\/wp-content\/uploads\/2025\/05\/vinas-del-vero-la-miranda-de-secastilla-blanco.jpeg.png","type":"image\/png"}],"twitter_card":"summary_large_image","schema":{"@context":"https:\/\/schema.org","@graph":[{"@type":"WebPage","@id":"https:\/\/aral2.cetrexmarketing.com\/ca\/producto\/vinyes-del-vero-la-miranda-secastilla-blanc\/","url":"https:\/\/aral2.cetrexmarketing.com\/ca\/producto\/vinyes-del-vero-la-miranda-secastilla-blanc\/","name":"Vinyes del Vero La Miranda Secastilla Blanc - M\u00f3n La Cata","isPartOf":{"@id":"https:\/\/aral2.cetrexmarketing.com\/#website"},"primaryImageOfPage":{"@id":"https:\/\/aral2.cetrexmarketing.com\/ca\/producto\/vinyes-del-vero-la-miranda-secastilla-blanc\/#primaryimage"},"image":{"@id":"https:\/\/aral2.cetrexmarketing.com\/ca\/producto\/vinyes-del-vero-la-miranda-secastilla-blanc\/#primaryimage"},"thumbnailUrl":"https:\/\/aral2.cetrexmarketing.com\/wp-content\/uploads\/2025\/05\/vinas-del-vero-la-miranda-de-secastilla-blanco.jpeg.png","datePublished":"2025-05-26T13:34:50+00:00","dateModified":"2025-05-27T07:57:02+00:00","description":"Comprar el vi Vinyes del Vero La Miranda Secastilla Blanc en M\u00f3n La Cata . Botiga online especilitzada en vi i alimentaci\u00f3. Trameses puntuals i assegurances.","breadcrumb":{"@id":"https:\/\/aral2.cetrexmarketing.com\/ca\/producto\/vinyes-del-vero-la-miranda-secastilla-blanc\/#breadcrumb"},"inLanguage":"ca","potentialAction":[{"@type":"ReadAction","target":["https:\/\/aral2.cetrexmarketing.com\/ca\/producto\/vinyes-del-vero-la-miranda-secastilla-blanc\/"]}]},{"@type":"ImageObject","inLanguage":"ca","@id":"https:\/\/aral2.cetrexmarketing.com\/ca\/producto\/vinyes-del-vero-la-miranda-secastilla-blanc\/#primaryimage","url":"https:\/\/aral2.cetrexmarketing.com\/wp-content\/uploads\/2025\/05\/vinas-del-vero-la-miranda-de-secastilla-blanco.jpeg.png","contentUrl":"https:\/\/aral2.cetrexmarketing.com\/wp-content\/uploads\/2025\/05\/vinas-del-vero-la-miranda-de-secastilla-blanco.jpeg.png","width":765,"height":1024},{"@type":"BreadcrumbList","@id":"https:\/\/aral2.cetrexmarketing.com\/ca\/producto\/vinyes-del-vero-la-miranda-secastilla-blanc\/#breadcrumb","itemListElement":[{"@type":"ListItem","position":1,"name":"Home","item":"https:\/\/aral2.cetrexmarketing.com\/ca\/"},{"@type":"ListItem","position":2,"name":"Tienda","item":"https:\/\/aral2.cetrexmarketing.com\/ca\/tienda-2\/"},{"@type":"ListItem","position":3,"name":"Vino","item":"https:\/\/aral2.cetrexmarketing.com\/categoria-producto\/inicio\/vino\/"},{"@type":"ListItem","position":4,"name":"Vinyes del Vero La Miranda Secastilla Blanc"}]},{"@type":"WebSite","@id":"https:\/\/aral2.cetrexmarketing.com\/#website","url":"https:\/\/aral2.cetrexmarketing.com\/","name":"M\u00f3n La Cata","description":"Tienda de vinos, licores, cervezas y gourmet","publisher":{"@id":"https:\/\/aral2.cetrexmarketing.com\/#organization"},"potentialAction":[{"@type":"SearchAction","target":{"@type":"EntryPoint","urlTemplate":"https:\/\/aral2.cetrexmarketing.com\/?s={search_term_string}"},"query-input":{"@type":"PropertyValueSpecification","valueRequired":true,"valueName":"search_term_string"}}],"inLanguage":"ca"},{"@type":"Organization","@id":"https:\/\/aral2.cetrexmarketing.com\/#organization","name":"M\u00f3n La Cata","url":"https:\/\/aral2.cetrexmarketing.com\/","logo":{"@type":"ImageObject","inLanguage":"ca","@id":"https:\/\/aral2.cetrexmarketing.com\/#\/schema\/logo\/image\/","url":"https:\/\/aral2.cetrexmarketing.com\/wp-content\/uploads\/2024\/10\/aral-logo-neg-1024x409-1.png","contentUrl":"https:\/\/aral2.cetrexmarketing.com\/wp-content\/uploads\/2024\/10\/aral-logo-neg-1024x409-1.png","width":1024,"height":409,"caption":"M\u00f3n La Cata"},"image":{"@id":"https:\/\/aral2.cetrexmarketing.com\/#\/schema\/logo\/image\/"}}]}},"brands":[{"id":48838,"name":"Vi\u00f1as del Vero","slug":"vinas-del-vero"}],"_links":{"self":[{"href":"https:\/\/aral2.cetrexmarketing.com\/ca\/wp-json\/wp\/v2\/product\/112435","targetHints":{"allow":["GET"]}}],"collection":[{"href":"https:\/\/aral2.cetrexmarketing.com\/ca\/wp-json\/wp\/v2\/product"}],"about":[{"href":"https:\/\/aral2.cetrexmarketing.com\/ca\/wp-json\/wp\/v2\/types\/product"}],"replies":[{"embeddable":true,"href":"https:\/\/aral2.cetrexmarketing.com\/ca\/wp-json\/wp\/v2\/comments?post=112435"}],"wp:featuredmedia":[{"embeddable":true,"href":"https:\/\/aral2.cetrexmarketing.com\/ca\/wp-json\/wp\/v2\/media\/111934"}],"wp:attachment":[{"href":"https:\/\/aral2.cetrexmarketing.com\/ca\/wp-json\/wp\/v2\/media?parent=112435"}],"wp:term":[{"taxonomy":"pwb-brand","embeddable":true,"href":"https:\/\/aral2.cetrexmarketing.com\/ca\/wp-json\/wp\/v2\/pwb-brand?post=112435"},{"taxonomy":"product_brand","embeddable":true,"href":"https:\/\/aral2.cetrexmarketing.com\/ca\/wp-json\/wp\/v2\/product_brand?post=112435"},{"taxonomy":"product_cat","embeddable":true,"href":"https:\/\/aral2.cetrexmarketing.com\/ca\/wp-json\/wp\/v2\/product_cat?post=112435"},{"taxonomy":"product_tag","embeddable":true,"href":"https:\/\/aral2.cetrexmarketing.com\/ca\/wp-json\/wp\/v2\/product_tag?post=112435"}],"curies":[{"name":"wp","href":"https:\/\/api.w.org\/{rel}","templated":true}]}}