{"id":110529,"date":"2025-05-26T12:51:04","date_gmt":"2025-05-26T12:51:04","guid":{"rendered":"https:\/\/aral2.cetrexmarketing.com\/producto\/terras-gauda-etiqueta-negra\/"},"modified":"2025-05-27T07:55:00","modified_gmt":"2025-05-27T07:55:00","slug":"terras-gauda-etiqueta-negra","status":"publish","type":"product","link":"https:\/\/aral2.cetrexmarketing.com\/ca\/producto\/terras-gauda-etiqueta-negra\/","title":{"rendered":"Terras Gauda Etiqueta Negra"},"content":{"rendered":"<p><strong>Terras Gauda Etiqueta Negra \u00e9s un vi blanc del conegut celler Terras Gauda ubicat a la regi\u00f3 de Galica, que destaca per produir vins blancs d&#8217;alta qualitat, especialment Albari\u00f1o.<\/strong> El Terras Gauda Etiqueta Negra \u00e9s una de les refer\u00e8ncies premium del celler.<\/p>\n<p>Aquest vi s&#8217;elabora principalment per la varietat de ra\u00efm Albari\u00f1o (70%), que li aporta frescor i acidesa. El Ca\u00ed\u00f1o (23%) hi afegeix estructura, complexitat i singularitat. I, el Loureiro (7%) li proporciona una bona intensitat en aromes florals i fruiters.<\/p>\n<p>El Terras Guda Etiqueta Negra se sotmet a un proc\u00e9s d&#8217;envelliment en b\u00f3tes de roure franc\u00e8s, que li atorga m\u00e9s complexitat i estructura.<\/p>\n<p>Al nas exhibeix un \u00edmpetu floral on es mostren aromes a mandarina, pr\u00e9ssec i codonyat. Simult\u00e0niament i en equilibri s&#8217;insinua la contribuci\u00f3 del roure gr\u00e0cies a delicades aromes de pa acabat de fer i subtils notes fumades que li donen complexitat. A la boca s&#8217;aprecia una impecable conviv\u00e8ncia entre una gran pot\u00e8ncia i untuositat i la seva vibrant frescor gr\u00e0cies a la magn\u00edfica acidesa fruitera. Sed\u00f3s i elegant. Ofereix un final de boca inesgotable, que fa que tornem a les sensacions dolces de fruites madures i florals combinades amb el torrat de la fusta.<\/p>\n<p><strong>TIP: Oxigena el vi abans de degustar-lo.<\/strong><\/p>\n","protected":false},"excerpt":{"rendered":"<p>Terras Gauda Etiqueta Negra<\/p>\n","protected":false},"featured_media":108669,"comment_status":"closed","ping_status":"closed","template":"","meta":{"_acf_changed":false},"pwb-brand":[32929,45092],"product_brand":[],"product_cat":[51670,51672],"product_tag":[15095,48562,48561,48917],"class_list":{"0":"post-110529","1":"product","2":"type-product","3":"status-publish","4":"has-post-thumbnail","6":"pwb-brand-rias-baixas-d-o","7":"pwb-brand-terras-gauda","8":"product_cat-vi","9":"product_cat-vi-blanc","10":"product_tag-albarino-ca","11":"product_tag-teras-gauda-ca","12":"product_tag-terras-gauda-etiqueta-negra-ca","13":"product_tag-vi-blanc-ca","14":"pa_anada-36212","15":"pa_bodega-bodegasterrasgauda","16":"pa_do-riasbaixasdo-ca","17":"pa_formatoenml-38306","18":"pa_graduacion-12_0","19":"pa_maridaje-marisc","20":"pa_maridaje-peix","21":"pa_pais-espanya-ca","22":"pa_potente-blanc-potent","23":"pa_pueblociudad-o-rosal-pontevedra","24":"pa_variedad-principal-albarino-ca","25":"entry","26":"has-media","28":"first","29":"instock","30":"taxable","31":"shipping-taxable","32":"purchasable","33":"product-type-simple"},"acf":[],"yoast_head":"<!-- This site is optimized with the Yoast SEO Premium plugin v23.1 (Yoast SEO v23.5) - https:\/\/yoast.com\/wordpress\/plugins\/seo\/ -->\n<title>Terras Gauda Etiqueta Negra - M\u00f3n La Cata<\/title>\n<meta name=\"description\" content=\"Comprar el vi blanc Terras Gauda Etiqueta Negra en M\u00f3n La Cata . Botiga online especialitzada en vi, licor i alimentaci\u00f3. Trameses puntuals i promocions\" \/>\n<meta name=\"robots\" content=\"noindex, follow, max-snippet:-1, max-image-preview:large, max-video-preview:-1\" \/>\n<meta property=\"og:locale\" content=\"ca_ES\" \/>\n<meta property=\"og:type\" content=\"article\" \/>\n<meta property=\"og:title\" content=\"Terras Gauda Etiqueta Negra\" \/>\n<meta property=\"og:description\" content=\"Comprar el vi blanc Terras Gauda Etiqueta Negra en M\u00f3n La Cata . Botiga online especialitzada en vi, licor i alimentaci\u00f3. Trameses puntuals i promocions\" \/>\n<meta property=\"og:url\" content=\"https:\/\/aral2.cetrexmarketing.com\/ca\/producto\/terras-gauda-etiqueta-negra\/\" \/>\n<meta property=\"og:site_name\" content=\"M\u00f3n La Cata\" \/>\n<meta property=\"article:modified_time\" content=\"2025-05-27T07:55:00+00:00\" \/>\n<meta property=\"og:image\" content=\"https:\/\/aral2.cetrexmarketing.com\/wp-content\/uploads\/2025\/05\/Terras-Gauda-Etiqueta-Negra.jpg-1.png\" \/>\n\t<meta property=\"og:image:width\" content=\"765\" \/>\n\t<meta property=\"og:image:height\" content=\"1024\" \/>\n\t<meta property=\"og:image:type\" content=\"image\/png\" \/>\n<meta name=\"twitter:card\" content=\"summary_large_image\" \/>\n<meta name=\"twitter:label1\" content=\"Temps estimat de lectura\" \/>\n\t<meta name=\"twitter:data1\" content=\"1 minut\" \/>\n<script type=\"application\/ld+json\" class=\"yoast-schema-graph\">{\"@context\":\"https:\/\/schema.org\",\"@graph\":[{\"@type\":\"WebPage\",\"@id\":\"https:\/\/aral2.cetrexmarketing.com\/ca\/producto\/terras-gauda-etiqueta-negra\/\",\"url\":\"https:\/\/aral2.cetrexmarketing.com\/ca\/producto\/terras-gauda-etiqueta-negra\/\",\"name\":\"Terras Gauda Etiqueta Negra - M\u00f3n La Cata\",\"isPartOf\":{\"@id\":\"https:\/\/aral2.cetrexmarketing.com\/#website\"},\"primaryImageOfPage\":{\"@id\":\"https:\/\/aral2.cetrexmarketing.com\/ca\/producto\/terras-gauda-etiqueta-negra\/#primaryimage\"},\"image\":{\"@id\":\"https:\/\/aral2.cetrexmarketing.com\/ca\/producto\/terras-gauda-etiqueta-negra\/#primaryimage\"},\"thumbnailUrl\":\"https:\/\/aral2.cetrexmarketing.com\/wp-content\/uploads\/2025\/05\/Terras-Gauda-Etiqueta-Negra.jpg-1.png\",\"datePublished\":\"2025-05-26T12:51:04+00:00\",\"dateModified\":\"2025-05-27T07:55:00+00:00\",\"description\":\"Comprar el vi blanc Terras Gauda Etiqueta Negra en M\u00f3n La Cata . Botiga online especialitzada en vi, licor i alimentaci\u00f3. Trameses puntuals i promocions\",\"breadcrumb\":{\"@id\":\"https:\/\/aral2.cetrexmarketing.com\/ca\/producto\/terras-gauda-etiqueta-negra\/#breadcrumb\"},\"inLanguage\":\"ca\",\"potentialAction\":[{\"@type\":\"ReadAction\",\"target\":[\"https:\/\/aral2.cetrexmarketing.com\/ca\/producto\/terras-gauda-etiqueta-negra\/\"]}]},{\"@type\":\"ImageObject\",\"inLanguage\":\"ca\",\"@id\":\"https:\/\/aral2.cetrexmarketing.com\/ca\/producto\/terras-gauda-etiqueta-negra\/#primaryimage\",\"url\":\"https:\/\/aral2.cetrexmarketing.com\/wp-content\/uploads\/2025\/05\/Terras-Gauda-Etiqueta-Negra.jpg-1.png\",\"contentUrl\":\"https:\/\/aral2.cetrexmarketing.com\/wp-content\/uploads\/2025\/05\/Terras-Gauda-Etiqueta-Negra.jpg-1.png\",\"width\":765,\"height\":1024},{\"@type\":\"BreadcrumbList\",\"@id\":\"https:\/\/aral2.cetrexmarketing.com\/ca\/producto\/terras-gauda-etiqueta-negra\/#breadcrumb\",\"itemListElement\":[{\"@type\":\"ListItem\",\"position\":1,\"name\":\"Home\",\"item\":\"https:\/\/aral2.cetrexmarketing.com\/ca\/\"},{\"@type\":\"ListItem\",\"position\":2,\"name\":\"Tienda\",\"item\":\"https:\/\/aral2.cetrexmarketing.com\/ca\/tienda-2\/\"},{\"@type\":\"ListItem\",\"position\":3,\"name\":\"Vino\",\"item\":\"https:\/\/aral2.cetrexmarketing.com\/categoria-producto\/inicio\/vino\/\"},{\"@type\":\"ListItem\",\"position\":4,\"name\":\"Terras Gauda Etiqueta Negra\"}]},{\"@type\":\"WebSite\",\"@id\":\"https:\/\/aral2.cetrexmarketing.com\/#website\",\"url\":\"https:\/\/aral2.cetrexmarketing.com\/\",\"name\":\"M\u00f3n La Cata\",\"description\":\"Tienda de vinos, licores, cervezas y gourmet\",\"publisher\":{\"@id\":\"https:\/\/aral2.cetrexmarketing.com\/#organization\"},\"potentialAction\":[{\"@type\":\"SearchAction\",\"target\":{\"@type\":\"EntryPoint\",\"urlTemplate\":\"https:\/\/aral2.cetrexmarketing.com\/?s={search_term_string}\"},\"query-input\":{\"@type\":\"PropertyValueSpecification\",\"valueRequired\":true,\"valueName\":\"search_term_string\"}}],\"inLanguage\":\"ca\"},{\"@type\":\"Organization\",\"@id\":\"https:\/\/aral2.cetrexmarketing.com\/#organization\",\"name\":\"M\u00f3n La Cata\",\"url\":\"https:\/\/aral2.cetrexmarketing.com\/\",\"logo\":{\"@type\":\"ImageObject\",\"inLanguage\":\"ca\",\"@id\":\"https:\/\/aral2.cetrexmarketing.com\/#\/schema\/logo\/image\/\",\"url\":\"https:\/\/aral2.cetrexmarketing.com\/wp-content\/uploads\/2024\/10\/aral-logo-neg-1024x409-1.png\",\"contentUrl\":\"https:\/\/aral2.cetrexmarketing.com\/wp-content\/uploads\/2024\/10\/aral-logo-neg-1024x409-1.png\",\"width\":1024,\"height\":409,\"caption\":\"M\u00f3n La Cata\"},\"image\":{\"@id\":\"https:\/\/aral2.cetrexmarketing.com\/#\/schema\/logo\/image\/\"}}]}<\/script>\n<!-- \/ Yoast SEO Premium plugin. -->","yoast_head_json":{"title":"Terras Gauda Etiqueta Negra - M\u00f3n La Cata","description":"Comprar el vi blanc Terras Gauda Etiqueta Negra en M\u00f3n La Cata . Botiga online especialitzada en vi, licor i alimentaci\u00f3. Trameses puntuals i promocions","robots":{"index":"noindex","follow":"follow","max-snippet":"max-snippet:-1","max-image-preview":"max-image-preview:large","max-video-preview":"max-video-preview:-1"},"og_locale":"ca_ES","og_type":"article","og_title":"Terras Gauda Etiqueta Negra","og_description":"Comprar el vi blanc Terras Gauda Etiqueta Negra en M\u00f3n La Cata . Botiga online especialitzada en vi, licor i alimentaci\u00f3. Trameses puntuals i promocions","og_url":"https:\/\/aral2.cetrexmarketing.com\/ca\/producto\/terras-gauda-etiqueta-negra\/","og_site_name":"M\u00f3n La Cata","article_modified_time":"2025-05-27T07:55:00+00:00","og_image":[{"width":765,"height":1024,"url":"https:\/\/aral2.cetrexmarketing.com\/wp-content\/uploads\/2025\/05\/Terras-Gauda-Etiqueta-Negra.jpg-1.png","type":"image\/png"}],"twitter_card":"summary_large_image","twitter_misc":{"Temps estimat de lectura":"1 minut"},"schema":{"@context":"https:\/\/schema.org","@graph":[{"@type":"WebPage","@id":"https:\/\/aral2.cetrexmarketing.com\/ca\/producto\/terras-gauda-etiqueta-negra\/","url":"https:\/\/aral2.cetrexmarketing.com\/ca\/producto\/terras-gauda-etiqueta-negra\/","name":"Terras Gauda Etiqueta Negra - M\u00f3n La Cata","isPartOf":{"@id":"https:\/\/aral2.cetrexmarketing.com\/#website"},"primaryImageOfPage":{"@id":"https:\/\/aral2.cetrexmarketing.com\/ca\/producto\/terras-gauda-etiqueta-negra\/#primaryimage"},"image":{"@id":"https:\/\/aral2.cetrexmarketing.com\/ca\/producto\/terras-gauda-etiqueta-negra\/#primaryimage"},"thumbnailUrl":"https:\/\/aral2.cetrexmarketing.com\/wp-content\/uploads\/2025\/05\/Terras-Gauda-Etiqueta-Negra.jpg-1.png","datePublished":"2025-05-26T12:51:04+00:00","dateModified":"2025-05-27T07:55:00+00:00","description":"Comprar el vi blanc Terras Gauda Etiqueta Negra en M\u00f3n La Cata . Botiga online especialitzada en vi, licor i alimentaci\u00f3. Trameses puntuals i promocions","breadcrumb":{"@id":"https:\/\/aral2.cetrexmarketing.com\/ca\/producto\/terras-gauda-etiqueta-negra\/#breadcrumb"},"inLanguage":"ca","potentialAction":[{"@type":"ReadAction","target":["https:\/\/aral2.cetrexmarketing.com\/ca\/producto\/terras-gauda-etiqueta-negra\/"]}]},{"@type":"ImageObject","inLanguage":"ca","@id":"https:\/\/aral2.cetrexmarketing.com\/ca\/producto\/terras-gauda-etiqueta-negra\/#primaryimage","url":"https:\/\/aral2.cetrexmarketing.com\/wp-content\/uploads\/2025\/05\/Terras-Gauda-Etiqueta-Negra.jpg-1.png","contentUrl":"https:\/\/aral2.cetrexmarketing.com\/wp-content\/uploads\/2025\/05\/Terras-Gauda-Etiqueta-Negra.jpg-1.png","width":765,"height":1024},{"@type":"BreadcrumbList","@id":"https:\/\/aral2.cetrexmarketing.com\/ca\/producto\/terras-gauda-etiqueta-negra\/#breadcrumb","itemListElement":[{"@type":"ListItem","position":1,"name":"Home","item":"https:\/\/aral2.cetrexmarketing.com\/ca\/"},{"@type":"ListItem","position":2,"name":"Tienda","item":"https:\/\/aral2.cetrexmarketing.com\/ca\/tienda-2\/"},{"@type":"ListItem","position":3,"name":"Vino","item":"https:\/\/aral2.cetrexmarketing.com\/categoria-producto\/inicio\/vino\/"},{"@type":"ListItem","position":4,"name":"Terras Gauda Etiqueta Negra"}]},{"@type":"WebSite","@id":"https:\/\/aral2.cetrexmarketing.com\/#website","url":"https:\/\/aral2.cetrexmarketing.com\/","name":"M\u00f3n La Cata","description":"Tienda de vinos, licores, cervezas y gourmet","publisher":{"@id":"https:\/\/aral2.cetrexmarketing.com\/#organization"},"potentialAction":[{"@type":"SearchAction","target":{"@type":"EntryPoint","urlTemplate":"https:\/\/aral2.cetrexmarketing.com\/?s={search_term_string}"},"query-input":{"@type":"PropertyValueSpecification","valueRequired":true,"valueName":"search_term_string"}}],"inLanguage":"ca"},{"@type":"Organization","@id":"https:\/\/aral2.cetrexmarketing.com\/#organization","name":"M\u00f3n La Cata","url":"https:\/\/aral2.cetrexmarketing.com\/","logo":{"@type":"ImageObject","inLanguage":"ca","@id":"https:\/\/aral2.cetrexmarketing.com\/#\/schema\/logo\/image\/","url":"https:\/\/aral2.cetrexmarketing.com\/wp-content\/uploads\/2024\/10\/aral-logo-neg-1024x409-1.png","contentUrl":"https:\/\/aral2.cetrexmarketing.com\/wp-content\/uploads\/2024\/10\/aral-logo-neg-1024x409-1.png","width":1024,"height":409,"caption":"M\u00f3n La Cata"},"image":{"@id":"https:\/\/aral2.cetrexmarketing.com\/#\/schema\/logo\/image\/"}}]}},"brands":[{"id":32929,"name":"R\u00edas Baixas D.O.","slug":"rias-baixas-d-o"},{"id":45092,"name":"Terras Gauda","slug":"terras-gauda"}],"_links":{"self":[{"href":"https:\/\/aral2.cetrexmarketing.com\/ca\/wp-json\/wp\/v2\/product\/110529","targetHints":{"allow":["GET"]}}],"collection":[{"href":"https:\/\/aral2.cetrexmarketing.com\/ca\/wp-json\/wp\/v2\/product"}],"about":[{"href":"https:\/\/aral2.cetrexmarketing.com\/ca\/wp-json\/wp\/v2\/types\/product"}],"replies":[{"embeddable":true,"href":"https:\/\/aral2.cetrexmarketing.com\/ca\/wp-json\/wp\/v2\/comments?post=110529"}],"wp:featuredmedia":[{"embeddable":true,"href":"https:\/\/aral2.cetrexmarketing.com\/ca\/wp-json\/wp\/v2\/media\/108669"}],"wp:attachment":[{"href":"https:\/\/aral2.cetrexmarketing.com\/ca\/wp-json\/wp\/v2\/media?parent=110529"}],"wp:term":[{"taxonomy":"pwb-brand","embeddable":true,"href":"https:\/\/aral2.cetrexmarketing.com\/ca\/wp-json\/wp\/v2\/pwb-brand?post=110529"},{"taxonomy":"product_brand","embeddable":true,"href":"https:\/\/aral2.cetrexmarketing.com\/ca\/wp-json\/wp\/v2\/product_brand?post=110529"},{"taxonomy":"product_cat","embeddable":true,"href":"https:\/\/aral2.cetrexmarketing.com\/ca\/wp-json\/wp\/v2\/product_cat?post=110529"},{"taxonomy":"product_tag","embeddable":true,"href":"https:\/\/aral2.cetrexmarketing.com\/ca\/wp-json\/wp\/v2\/product_tag?post=110529"}],"curies":[{"name":"wp","href":"https:\/\/api.w.org\/{rel}","templated":true}]}}