{"id":110302,"date":"2025-05-26T12:53:59","date_gmt":"2025-05-26T12:53:59","guid":{"rendered":"https:\/\/aral2.cetrexmarketing.com\/producto\/bernavi-xalera-negre\/"},"modified":"2025-05-27T07:54:24","modified_gmt":"2025-05-27T07:54:24","slug":"bernavi-xalera-negre","status":"publish","type":"product","link":"https:\/\/aral2.cetrexmarketing.com\/ca\/producto\/bernavi-xalera-negre\/","title":{"rendered":"Bernav\u00ed Xalera Negre"},"content":{"rendered":"<p>El <strong>Bernav\u00ed Xalera Negre<\/strong> \u00e9s un vi negre produ\u00eft pel celler Bernav\u00ed a la regi\u00f3 de Terra Alta, Catalunya, Espanya. Aquest vi \u00e9s una combinaci\u00f3 de ra\u00efms Garnatxa, Syrah i Cabernet Sauvignon, conreats org\u00e0nicament a una altitud de 300-350 metres sobre s\u00f2ls caracter\u00edstics de la zona.<\/p>\n<div class=\"flex-1 overflow-hidden @container\/thread\">\n<div class=\"h-full\">\n<div class=\"react-scroll-to-bottom--css-uzryr-79elbk h-full\">\n<div class=\"react-scroll-to-bottom--css-uzryr-1n7m0yu\">\n<div class=\"flex flex-col text-sm md:pb-9\">\n<article class=\"w-full scroll-mb-[var(--thread-trailing-height,150px)] text-token-text-primary focus-visible:outline-2 focus-visible:outline-offset-[-4px]\" dir=\"auto\" data-testid=\"conversation-turn-3\" data-scroll-anchor=\"true\">\n<div class=\"m-auto text-base py-[18px] px-3 md:px-4 w-full md:px-5 lg:px-4 xl:px-5\">\n<div class=\"mx-auto flex flex-1 gap-4 text-base md:gap-5 lg:gap-6 md:max-w-3xl lg:max-w-[40rem] xl:max-w-[48rem]\">\n<div class=\"group\/conversation-turn relative flex w-full min-w-0 flex-col agent-turn\">\n<div class=\"flex-col gap-1 md:gap-3\">\n<div class=\"flex max-w-full flex-col flex-grow\">\n<div class=\"min-h-8 text-message flex w-full flex-col items-end gap-2 whitespace-normal break-words text-start [.text-message+&amp;]:mt-5\" dir=\"auto\" data-message-author-role=\"assistant\" data-message-id=\"df057519-560b-4004-a01d-837beea6b39e\" data-message-model-slug=\"gpt-4o\">\n<div class=\"flex w-full flex-col gap-1 empty:hidden first:pt-[3px]\">\n<div class=\"markdown prose w-full break-words dark:prose-invert light\">\n<p>La vinificaci\u00f3 es duu a terme mitjan\u00e7ant una breu maceraci\u00f3 a temperatura controlada, seguida de fermentaci\u00f3 en dip\u00f2sits d&#8217;acer inoxidable. L&#8217;objectiu \u00e9s preservar la frescor i la tensi\u00f3 del vi, donant com a resultat un perfil lleuger i suc\u00f3s amb notes de fruits vermells i matisos herbacis.<\/p>\n<p>Amb una graduaci\u00f3 alcoh\u00f2lica del 13,5%, el Bernav\u00ed Xalera Negre \u00e9s f\u00e0cil de beure i combina b\u00e9 amb carns vermelles a la brasa i formatges curats.<\/p>\n<p>El seu nom, &#8220;Xalera&#8221;, significa &#8220;gaudi&#8221; en catal\u00e0, reflectint el car\u00e0cter alegre i refrescant d&#8217;aquest vi.<\/p>\n<div class=\"absolute h-[60px]\">\n<div class=\"flex items-center gap-0.5 text-sm font-medium\"><\/div>\n<\/div>\n<\/div>\n<\/div>\n<\/div>\n<\/div>\n<\/div>\n<\/div>\n<\/div>\n<\/div>\n<\/article>\n<\/div>\n<\/div>\n<\/div>\n<\/div>\n<\/div>\n<div class=\"md:pt-0 dark:border-white\/20 md:border-transparent md:dark:border-transparent w-full\">\n<div>\n<div class=\"m-auto text-base px-3 md:px-4 w-full md:px-5 lg:px-4 xl:px-5\"><\/div>\n<\/div>\n<\/div>\n","protected":false},"excerpt":{"rendered":"<article class=\"w-full scroll-mb-[var(--thread-trailing-height,150px)] text-token-text-primary focus-visible:outline-2 focus-visible:outline-offset-[-4px]\" dir=\"auto\" data-testid=\"conversation-turn-152\" data-scroll-anchor=\"false\">\n<div class=\"m-auto text-base py-[18px] px-3 md:px-4 w-full md:px-5 lg:px-4 xl:px-5\">\n<div class=\"mx-auto flex flex-1 gap-4 text-base md:gap-5 lg:gap-6 md:max-w-3xl lg:max-w-[40rem] xl:max-w-[48rem]\">\n<div class=\"group\/conversation-turn relative flex w-full min-w-0 flex-col\">\n<div class=\"flex-col gap-1 md:gap-3\">\n<div class=\"flex max-w-full flex-col flex-grow\">\n<div class=\"min-h-8 text-message flex w-full flex-col items-end gap-2 whitespace-normal break-words text-start [.text-message+&amp;]:mt-5\" dir=\"auto\" data-message-author-role=\"user\" data-message-id=\"aaa2d652-61bb-41c8-8096-9bfef1f797bc\">\n<div class=\"flex w-full flex-col gap-1 empty:hidden items-end rtl:items-start\">\n<div class=\"relative max-w-[var(--user-chat-width,70%)] rounded-3xl bg-token-message-surface px-5 py-2.5\"><\/div>\n<\/div>\n<\/div>\n<\/div>\n<\/div>\n<\/div>\n<\/div>\n<\/div>\n<\/article>\n<article class=\"w-full scroll-mb-[var(--thread-trailing-height,150px)] text-token-text-primary focus-visible:outline-2 focus-visible:outline-offset-[-4px]\" dir=\"auto\" data-testid=\"conversation-turn-153\" data-scroll-anchor=\"true\">\n<div class=\"m-auto text-base py-[18px] px-3 md:px-4 w-full md:px-5 lg:px-4 xl:px-5\">\n<div class=\"mx-auto flex flex-1 gap-4 text-base md:gap-5 lg:gap-6 md:max-w-3xl lg:max-w-[40rem] xl:max-w-[48rem]\">\n<div class=\"flex-shrink-0 flex flex-col relative items-end\">\n<div>\n<div class=\"pt-0\">\n<div class=\"gizmo-bot-avatar flex h-8 w-8 items-center justify-center overflow-hidden rounded-full\">\n<div class=\"relative p-1 rounded-sm flex items-center justify-center bg-token-main-surface-primary text-token-text-primary h-8 w-8\">El <strong>Bernav\u00ed Xalera Negre<\/strong>\u00a0\u00e9s un vi negre produ\u00eft per la bodega Bernav\u00ed a la Terra Alta, Catalunya. \u00c9s una mescla de Garnacha, Syrah i Cabernet Sauvignon, cultivades de manera org\u00e0nica a 300-350 metres d&#8217;altitud. El vi s&#8217;elabora amb una maceraci\u00f3 breu i fermentaci\u00f3 en acer inoxidable per mantenir la seva frescor, resultant en un perfil lleuger i suc\u00f3s amb notes de fruites vermelles i matisos herbals. Amb un 13,5% d&#8217;alcohol, \u00e9s f\u00e0cil de beure i marida b\u00e9 amb carns vermelles i formatges curats. El seu nom, &#8220;Xalera&#8221;, reflecteix el seu car\u00e0cter alegre i refrescant.<\/div>\n<\/div>\n<\/div>\n<\/div>\n<\/div>\n<\/div>\n<\/div>\n<\/article>\n","protected":false},"featured_media":108897,"comment_status":"closed","ping_status":"closed","template":"","meta":{"_acf_changed":false},"pwb-brand":[45274],"product_brand":[],"product_cat":[51670,51671],"product_tag":[48499,17783,38427,40305,48514],"class_list":{"0":"post-110302","1":"product","2":"type-product","3":"status-publish","4":"has-post-thumbnail","6":"pwb-brand-bernavi","7":"product_cat-vi","8":"product_cat-vi-negre","9":"product_tag-bernavi-ca","10":"product_tag-bernavi-vinyaters-ca","11":"product_tag-vi-ecologic","12":"product_tag-vi-negre-ecologic","13":"product_tag-xalera-negre","14":"pa_anada-36214","15":"pa_bodega-bernavi-vinyaters","16":"pa_do-terra-alta-d-o-ca","17":"pa_ecologico-vegano-natural-ecologic","18":"pa_floral-negre-floral","19":"pa_formatoenml-38306","20":"pa_graduacion-13_5","21":"pa_maridaje-carn-blanca","22":"pa_maridaje-embotits","23":"pa_pais-espanya-ca","24":"pa_region-cataluna","25":"entry","26":"has-media","28":"first","29":"instock","30":"taxable","31":"shipping-taxable","32":"purchasable","33":"product-type-simple"},"acf":[],"yoast_head":"<!-- This site is optimized with the Yoast SEO Premium plugin v23.1 (Yoast SEO v23.5) - https:\/\/yoast.com\/wordpress\/plugins\/seo\/ -->\n<title>Bernav\u00ed Xalera Negre - M\u00f3n La Cata<\/title>\n<meta name=\"description\" content=\"Comprar el vi Boland Selection Chenin Blanc Botiga online especialitzada en vins, destil\u00b7lats i alimentaci\u00f3 gurmet. Trameses puntuals i promocions\" \/>\n<meta name=\"robots\" content=\"noindex, follow, max-snippet:-1, max-image-preview:large, max-video-preview:-1\" \/>\n<meta property=\"og:locale\" content=\"ca_ES\" \/>\n<meta property=\"og:type\" content=\"article\" \/>\n<meta property=\"og:title\" content=\"Bernav\u00ed Xalera Negre\" \/>\n<meta property=\"og:description\" content=\"Comprar el vi Boland Selection Chenin Blanc Botiga online especialitzada en vins, destil\u00b7lats i alimentaci\u00f3 gurmet. Trameses puntuals i promocions\" \/>\n<meta property=\"og:url\" content=\"https:\/\/aral2.cetrexmarketing.com\/ca\/producto\/bernavi-xalera-negre\/\" \/>\n<meta property=\"og:site_name\" content=\"M\u00f3n La Cata\" \/>\n<meta property=\"article:modified_time\" content=\"2025-05-27T07:54:24+00:00\" \/>\n<meta property=\"og:image\" content=\"https:\/\/aral2.cetrexmarketing.com\/wp-content\/uploads\/2025\/05\/Bernavi-Xalera-Tinto-1.png\" \/>\n\t<meta property=\"og:image:width\" content=\"765\" \/>\n\t<meta property=\"og:image:height\" content=\"1024\" \/>\n\t<meta property=\"og:image:type\" content=\"image\/png\" \/>\n<meta name=\"twitter:card\" content=\"summary_large_image\" \/>\n<meta name=\"twitter:label1\" content=\"Temps estimat de lectura\" \/>\n\t<meta name=\"twitter:data1\" content=\"1 minut\" \/>\n<script type=\"application\/ld+json\" class=\"yoast-schema-graph\">{\"@context\":\"https:\/\/schema.org\",\"@graph\":[{\"@type\":\"WebPage\",\"@id\":\"https:\/\/aral2.cetrexmarketing.com\/ca\/producto\/bernavi-xalera-negre\/\",\"url\":\"https:\/\/aral2.cetrexmarketing.com\/ca\/producto\/bernavi-xalera-negre\/\",\"name\":\"Bernav\u00ed Xalera Negre - M\u00f3n La Cata\",\"isPartOf\":{\"@id\":\"https:\/\/aral2.cetrexmarketing.com\/#website\"},\"primaryImageOfPage\":{\"@id\":\"https:\/\/aral2.cetrexmarketing.com\/ca\/producto\/bernavi-xalera-negre\/#primaryimage\"},\"image\":{\"@id\":\"https:\/\/aral2.cetrexmarketing.com\/ca\/producto\/bernavi-xalera-negre\/#primaryimage\"},\"thumbnailUrl\":\"https:\/\/aral2.cetrexmarketing.com\/wp-content\/uploads\/2025\/05\/Bernavi-Xalera-Tinto-1.png\",\"datePublished\":\"2025-05-26T12:53:59+00:00\",\"dateModified\":\"2025-05-27T07:54:24+00:00\",\"description\":\"Comprar el vi Boland Selection Chenin Blanc Botiga online especialitzada en vins, destil\u00b7lats i alimentaci\u00f3 gurmet. Trameses puntuals i promocions\",\"breadcrumb\":{\"@id\":\"https:\/\/aral2.cetrexmarketing.com\/ca\/producto\/bernavi-xalera-negre\/#breadcrumb\"},\"inLanguage\":\"ca\",\"potentialAction\":[{\"@type\":\"ReadAction\",\"target\":[\"https:\/\/aral2.cetrexmarketing.com\/ca\/producto\/bernavi-xalera-negre\/\"]}]},{\"@type\":\"ImageObject\",\"inLanguage\":\"ca\",\"@id\":\"https:\/\/aral2.cetrexmarketing.com\/ca\/producto\/bernavi-xalera-negre\/#primaryimage\",\"url\":\"https:\/\/aral2.cetrexmarketing.com\/wp-content\/uploads\/2025\/05\/Bernavi-Xalera-Tinto-1.png\",\"contentUrl\":\"https:\/\/aral2.cetrexmarketing.com\/wp-content\/uploads\/2025\/05\/Bernavi-Xalera-Tinto-1.png\",\"width\":765,\"height\":1024},{\"@type\":\"BreadcrumbList\",\"@id\":\"https:\/\/aral2.cetrexmarketing.com\/ca\/producto\/bernavi-xalera-negre\/#breadcrumb\",\"itemListElement\":[{\"@type\":\"ListItem\",\"position\":1,\"name\":\"Home\",\"item\":\"https:\/\/aral2.cetrexmarketing.com\/ca\/\"},{\"@type\":\"ListItem\",\"position\":2,\"name\":\"Tienda\",\"item\":\"https:\/\/aral2.cetrexmarketing.com\/ca\/tienda-2\/\"},{\"@type\":\"ListItem\",\"position\":3,\"name\":\"Vino\",\"item\":\"https:\/\/aral2.cetrexmarketing.com\/categoria-producto\/inicio\/vino\/\"},{\"@type\":\"ListItem\",\"position\":4,\"name\":\"Bernav\u00ed Xalera Negre\"}]},{\"@type\":\"WebSite\",\"@id\":\"https:\/\/aral2.cetrexmarketing.com\/#website\",\"url\":\"https:\/\/aral2.cetrexmarketing.com\/\",\"name\":\"M\u00f3n La Cata\",\"description\":\"Tienda de vinos, licores, cervezas y gourmet\",\"publisher\":{\"@id\":\"https:\/\/aral2.cetrexmarketing.com\/#organization\"},\"potentialAction\":[{\"@type\":\"SearchAction\",\"target\":{\"@type\":\"EntryPoint\",\"urlTemplate\":\"https:\/\/aral2.cetrexmarketing.com\/?s={search_term_string}\"},\"query-input\":{\"@type\":\"PropertyValueSpecification\",\"valueRequired\":true,\"valueName\":\"search_term_string\"}}],\"inLanguage\":\"ca\"},{\"@type\":\"Organization\",\"@id\":\"https:\/\/aral2.cetrexmarketing.com\/#organization\",\"name\":\"M\u00f3n La Cata\",\"url\":\"https:\/\/aral2.cetrexmarketing.com\/\",\"logo\":{\"@type\":\"ImageObject\",\"inLanguage\":\"ca\",\"@id\":\"https:\/\/aral2.cetrexmarketing.com\/#\/schema\/logo\/image\/\",\"url\":\"https:\/\/aral2.cetrexmarketing.com\/wp-content\/uploads\/2024\/10\/aral-logo-neg-1024x409-1.png\",\"contentUrl\":\"https:\/\/aral2.cetrexmarketing.com\/wp-content\/uploads\/2024\/10\/aral-logo-neg-1024x409-1.png\",\"width\":1024,\"height\":409,\"caption\":\"M\u00f3n La Cata\"},\"image\":{\"@id\":\"https:\/\/aral2.cetrexmarketing.com\/#\/schema\/logo\/image\/\"}}]}<\/script>\n<!-- \/ Yoast SEO Premium plugin. -->","yoast_head_json":{"title":"Bernav\u00ed Xalera Negre - M\u00f3n La Cata","description":"Comprar el vi Boland Selection Chenin Blanc Botiga online especialitzada en vins, destil\u00b7lats i alimentaci\u00f3 gurmet. Trameses puntuals i promocions","robots":{"index":"noindex","follow":"follow","max-snippet":"max-snippet:-1","max-image-preview":"max-image-preview:large","max-video-preview":"max-video-preview:-1"},"og_locale":"ca_ES","og_type":"article","og_title":"Bernav\u00ed Xalera Negre","og_description":"Comprar el vi Boland Selection Chenin Blanc Botiga online especialitzada en vins, destil\u00b7lats i alimentaci\u00f3 gurmet. Trameses puntuals i promocions","og_url":"https:\/\/aral2.cetrexmarketing.com\/ca\/producto\/bernavi-xalera-negre\/","og_site_name":"M\u00f3n La Cata","article_modified_time":"2025-05-27T07:54:24+00:00","og_image":[{"width":765,"height":1024,"url":"https:\/\/aral2.cetrexmarketing.com\/wp-content\/uploads\/2025\/05\/Bernavi-Xalera-Tinto-1.png","type":"image\/png"}],"twitter_card":"summary_large_image","twitter_misc":{"Temps estimat de lectura":"1 minut"},"schema":{"@context":"https:\/\/schema.org","@graph":[{"@type":"WebPage","@id":"https:\/\/aral2.cetrexmarketing.com\/ca\/producto\/bernavi-xalera-negre\/","url":"https:\/\/aral2.cetrexmarketing.com\/ca\/producto\/bernavi-xalera-negre\/","name":"Bernav\u00ed Xalera Negre - M\u00f3n La Cata","isPartOf":{"@id":"https:\/\/aral2.cetrexmarketing.com\/#website"},"primaryImageOfPage":{"@id":"https:\/\/aral2.cetrexmarketing.com\/ca\/producto\/bernavi-xalera-negre\/#primaryimage"},"image":{"@id":"https:\/\/aral2.cetrexmarketing.com\/ca\/producto\/bernavi-xalera-negre\/#primaryimage"},"thumbnailUrl":"https:\/\/aral2.cetrexmarketing.com\/wp-content\/uploads\/2025\/05\/Bernavi-Xalera-Tinto-1.png","datePublished":"2025-05-26T12:53:59+00:00","dateModified":"2025-05-27T07:54:24+00:00","description":"Comprar el vi Boland Selection Chenin Blanc Botiga online especialitzada en vins, destil\u00b7lats i alimentaci\u00f3 gurmet. Trameses puntuals i promocions","breadcrumb":{"@id":"https:\/\/aral2.cetrexmarketing.com\/ca\/producto\/bernavi-xalera-negre\/#breadcrumb"},"inLanguage":"ca","potentialAction":[{"@type":"ReadAction","target":["https:\/\/aral2.cetrexmarketing.com\/ca\/producto\/bernavi-xalera-negre\/"]}]},{"@type":"ImageObject","inLanguage":"ca","@id":"https:\/\/aral2.cetrexmarketing.com\/ca\/producto\/bernavi-xalera-negre\/#primaryimage","url":"https:\/\/aral2.cetrexmarketing.com\/wp-content\/uploads\/2025\/05\/Bernavi-Xalera-Tinto-1.png","contentUrl":"https:\/\/aral2.cetrexmarketing.com\/wp-content\/uploads\/2025\/05\/Bernavi-Xalera-Tinto-1.png","width":765,"height":1024},{"@type":"BreadcrumbList","@id":"https:\/\/aral2.cetrexmarketing.com\/ca\/producto\/bernavi-xalera-negre\/#breadcrumb","itemListElement":[{"@type":"ListItem","position":1,"name":"Home","item":"https:\/\/aral2.cetrexmarketing.com\/ca\/"},{"@type":"ListItem","position":2,"name":"Tienda","item":"https:\/\/aral2.cetrexmarketing.com\/ca\/tienda-2\/"},{"@type":"ListItem","position":3,"name":"Vino","item":"https:\/\/aral2.cetrexmarketing.com\/categoria-producto\/inicio\/vino\/"},{"@type":"ListItem","position":4,"name":"Bernav\u00ed Xalera Negre"}]},{"@type":"WebSite","@id":"https:\/\/aral2.cetrexmarketing.com\/#website","url":"https:\/\/aral2.cetrexmarketing.com\/","name":"M\u00f3n La Cata","description":"Tienda de vinos, licores, cervezas y gourmet","publisher":{"@id":"https:\/\/aral2.cetrexmarketing.com\/#organization"},"potentialAction":[{"@type":"SearchAction","target":{"@type":"EntryPoint","urlTemplate":"https:\/\/aral2.cetrexmarketing.com\/?s={search_term_string}"},"query-input":{"@type":"PropertyValueSpecification","valueRequired":true,"valueName":"search_term_string"}}],"inLanguage":"ca"},{"@type":"Organization","@id":"https:\/\/aral2.cetrexmarketing.com\/#organization","name":"M\u00f3n La Cata","url":"https:\/\/aral2.cetrexmarketing.com\/","logo":{"@type":"ImageObject","inLanguage":"ca","@id":"https:\/\/aral2.cetrexmarketing.com\/#\/schema\/logo\/image\/","url":"https:\/\/aral2.cetrexmarketing.com\/wp-content\/uploads\/2024\/10\/aral-logo-neg-1024x409-1.png","contentUrl":"https:\/\/aral2.cetrexmarketing.com\/wp-content\/uploads\/2024\/10\/aral-logo-neg-1024x409-1.png","width":1024,"height":409,"caption":"M\u00f3n La Cata"},"image":{"@id":"https:\/\/aral2.cetrexmarketing.com\/#\/schema\/logo\/image\/"}}]}},"brands":[{"id":45274,"name":"Bernav\u00ed","slug":"bernavi"}],"_links":{"self":[{"href":"https:\/\/aral2.cetrexmarketing.com\/ca\/wp-json\/wp\/v2\/product\/110302","targetHints":{"allow":["GET"]}}],"collection":[{"href":"https:\/\/aral2.cetrexmarketing.com\/ca\/wp-json\/wp\/v2\/product"}],"about":[{"href":"https:\/\/aral2.cetrexmarketing.com\/ca\/wp-json\/wp\/v2\/types\/product"}],"replies":[{"embeddable":true,"href":"https:\/\/aral2.cetrexmarketing.com\/ca\/wp-json\/wp\/v2\/comments?post=110302"}],"wp:featuredmedia":[{"embeddable":true,"href":"https:\/\/aral2.cetrexmarketing.com\/ca\/wp-json\/wp\/v2\/media\/108897"}],"wp:attachment":[{"href":"https:\/\/aral2.cetrexmarketing.com\/ca\/wp-json\/wp\/v2\/media?parent=110302"}],"wp:term":[{"taxonomy":"pwb-brand","embeddable":true,"href":"https:\/\/aral2.cetrexmarketing.com\/ca\/wp-json\/wp\/v2\/pwb-brand?post=110302"},{"taxonomy":"product_brand","embeddable":true,"href":"https:\/\/aral2.cetrexmarketing.com\/ca\/wp-json\/wp\/v2\/product_brand?post=110302"},{"taxonomy":"product_cat","embeddable":true,"href":"https:\/\/aral2.cetrexmarketing.com\/ca\/wp-json\/wp\/v2\/product_cat?post=110302"},{"taxonomy":"product_tag","embeddable":true,"href":"https:\/\/aral2.cetrexmarketing.com\/ca\/wp-json\/wp\/v2\/product_tag?post=110302"}],"curies":[{"name":"wp","href":"https:\/\/api.w.org\/{rel}","templated":true}]}}