{"id":106873,"date":"2025-05-26T08:17:26","date_gmt":"2025-05-26T08:17:26","guid":{"rendered":"https:\/\/aral2.cetrexmarketing.com\/producto\/8-0-1-edicio-limitada\/"},"modified":"2025-05-27T07:46:58","modified_gmt":"2025-05-27T07:46:58","slug":"8-0-1-edicio-limitada","status":"publish","type":"product","link":"https:\/\/aral2.cetrexmarketing.com\/ca\/producto\/8-0-1-edicio-limitada\/","title":{"rendered":"8.0.1. Edici\u00f3 Limitada"},"content":{"rendered":"<p>El<strong> 8.0.1 Edici\u00f3 Limitada<\/strong> \u00e9s un vi negre d&#8217;autor elaborat per Bodegas San Valero, que combina ra\u00efms de les varietats Merlot (50%), Syrah (30%) i Cabernet Sauvignon (20%), provinents de les anyades 2019, 2020 i 2018 respectivament. Aquest vi ha estat envellit durant 14 mesos en b\u00f3tes de roure americ\u00e0, i la seva producci\u00f3 est\u00e0 limitada i numerada a 80.150 ampolles, cosa que el converteix en una opci\u00f3 exclusiva per a ocasions especials.<\/p>\n<p><strong>Nota de tast:<\/strong><\/p>\n<ul>\n<li><strong>Vista:<\/strong> Presenta un intens color vermell cirera, ben cobert, amb rivets granats i tons violacis.<\/li>\n<li><strong>Nas:<\/strong> Ofereix elegants i intensos aromes a fruits madurs i esp\u00e8cies, amb notes torrades sobre un fons bals\u00e0mic.<\/li>\n<li><strong>Boca:<\/strong> Es mostra estructurat, sabor\u00f3s i potent, amb tanins fins, suaus i equilibrats. \u00c9s ampli en el pas per boca, amb un final elegant.<\/li>\n<\/ul>\n<p><strong>Maridatge:<\/strong> Ideal per acompanyar carns vermelles, estofats i rostits.<\/p>\n<p><strong>Temperatura de servei:<\/strong> Es recomana servir entre 16 i 18 \u00baC.<\/p>\n<p>La primera edici\u00f3 del 8.0.1 es va elaborar el 2004 per commemorar el 60\u00e8 aniversari del celler, i des d&#8217;aleshores, Bodegas San Valero ha mantingut una producci\u00f3 limitada d&#8217;aquest elegant vi d&#8217;autor, seleccionant diferents anyades per a cada varietat.<\/p>\n","protected":false},"excerpt":{"rendered":"<div class=\"flex-shrink-0 flex flex-col relative items-end\">\n<div>\n<div class=\"pt-0\">\n<div class=\"gizmo-bot-avatar flex h-8 w-8 items-center justify-center overflow-hidden rounded-full\">\n<div class=\"relative p-1 rounded-sm flex items-center justify-center bg-token-main-surface-primary text-token-text-primary h-8 w-8\"><\/div>\n<\/div>\n<\/div>\n<\/div>\n<\/div>\n<div class=\"group\/conversation-turn relative flex w-full min-w-0 flex-col agent-turn\">\n<div class=\"flex-col gap-1 md:gap-3\">\n<div class=\"flex max-w-full flex-col flex-grow\">\n<div class=\"min-h-8 text-message flex w-full flex-col items-end gap-2 whitespace-normal break-words text-start [.text-message+&amp;]:mt-5\" dir=\"auto\" data-message-author-role=\"assistant\" data-message-id=\"611de675-0da5-434d-89bf-27913d792e98\" data-message-model-slug=\"gpt-4o\">\n<div class=\"flex w-full flex-col gap-1 empty:hidden first:pt-[3px]\">\n<div class=\"markdown prose w-full break-words dark:prose-invert light\">\n<p>El <strong>8.0.1 Edici\u00f3 Limitada<\/strong> \u00e9s un vi negre d&#8217;autor de Bodegas San Valero, elaborat amb Merlot, Syrah i Cabernet Sauvignon de diferents anyades i envellit 14 mesos en b\u00f3tes de roure americ\u00e0. Presenta un color vermell cirera intens, amb aromes a fruits madurs, esp\u00e8cies i notes torrades. En boca \u00e9s estructurat, potent i equilibrat, amb tanins suaus i un final elegant. Ideal per maridar amb carns vermelles, estofats i rostits, es recomana servir entre 16 i 18 \u00baC. La seva producci\u00f3 est\u00e0 limitada a 80.150 ampolles i ha estat guardonat amb premis internacionals.<\/p>\n<\/div>\n<\/div>\n<\/div>\n<\/div>\n<\/div>\n<\/div>\n","protected":false},"featured_media":106870,"comment_status":"closed","ping_status":"closed","template":"","meta":{"_acf_changed":false},"pwb-brand":[32887],"product_brand":[],"product_cat":[51670,51671],"product_tag":[50471,50472,40302,50470,50469],"class_list":{"0":"post-106873","1":"product","2":"type-product","3":"status-publish","4":"has-post-thumbnail","6":"pwb-brand-carinena-d-o","7":"product_cat-vi","8":"product_cat-vi-negre","9":"product_tag-8-0-1-ca","10":"product_tag-8-0-1-edicio-limitada","11":"product_tag-carinyena","12":"product_tag-cooperativa-vinicola-sant-valer","13":"product_tag-san-valero-ca","14":"pa_bodega-cooperativavinicolasanvalero","15":"pa_do-carinenado-ca","16":"pa_ecologico-vegano-natural-vega","17":"pa_formatoenml-38306","18":"pa_gastronomico-negre-gastronomic","19":"pa_graduacion-14_5","20":"pa_maridaje-carn-blanca","21":"pa_maridaje-carn-roja","22":"pa_maridaje-embotits","23":"pa_maridaje-midons","24":"pa_tipodevino-vi-tranquil","25":"pa_variedad-principal-cabernet-sauvignon-ca","26":"pa_variedad-principal-merlot-ca","27":"pa_variedad-principal-syrah-ca","28":"entry","29":"has-media","31":"first","32":"instock","33":"taxable","34":"shipping-taxable","35":"purchasable","36":"product-type-simple"},"acf":[],"yoast_head":"<!-- This site is optimized with the Yoast SEO Premium plugin v23.1 (Yoast SEO v23.5) - https:\/\/yoast.com\/wordpress\/plugins\/seo\/ -->\n<title>8.0.1. Edici\u00f3 Limitada<\/title>\n<meta name=\"description\" content=\"Comprar en l\u00ednia al millor preu 8.0.1. Edici\u00f3 Limitada, vi negre de la DO Carinyena. Cooperativa Vinicola Sant Valero. 75cl.\" \/>\n<meta name=\"robots\" content=\"noindex, follow, max-snippet:-1, max-image-preview:large, max-video-preview:-1\" \/>\n<meta property=\"og:locale\" content=\"ca_ES\" \/>\n<meta property=\"og:type\" content=\"article\" \/>\n<meta property=\"og:title\" content=\"8.0.1. Edici\u00f3 Limitada\" \/>\n<meta property=\"og:description\" content=\"Comprar en l\u00ednia al millor preu 8.0.1. Edici\u00f3 Limitada, vi negre de la DO Carinyena. Cooperativa Vinicola Sant Valero. 75cl.\" \/>\n<meta property=\"og:url\" content=\"https:\/\/aral2.cetrexmarketing.com\/ca\/producto\/8-0-1-edicio-limitada\/\" \/>\n<meta property=\"og:site_name\" content=\"M\u00f3n La Cata\" \/>\n<meta property=\"article:modified_time\" content=\"2025-05-27T07:46:58+00:00\" \/>\n<meta property=\"og:image\" content=\"https:\/\/aral2.cetrexmarketing.com\/wp-content\/uploads\/2025\/05\/8.0.1.-Edicion-Limitada.jpg-1.png\" \/>\n\t<meta property=\"og:image:width\" content=\"765\" \/>\n\t<meta property=\"og:image:height\" content=\"1024\" \/>\n\t<meta property=\"og:image:type\" content=\"image\/png\" \/>\n<meta name=\"twitter:card\" content=\"summary_large_image\" \/>\n<meta name=\"twitter:label1\" content=\"Temps estimat de lectura\" \/>\n\t<meta name=\"twitter:data1\" content=\"2 minuts\" \/>\n<script type=\"application\/ld+json\" class=\"yoast-schema-graph\">{\"@context\":\"https:\/\/schema.org\",\"@graph\":[{\"@type\":\"WebPage\",\"@id\":\"https:\/\/aral2.cetrexmarketing.com\/ca\/producto\/8-0-1-edicio-limitada\/\",\"url\":\"https:\/\/aral2.cetrexmarketing.com\/ca\/producto\/8-0-1-edicio-limitada\/\",\"name\":\"8.0.1. Edici\u00f3 Limitada\",\"isPartOf\":{\"@id\":\"https:\/\/aral2.cetrexmarketing.com\/#website\"},\"primaryImageOfPage\":{\"@id\":\"https:\/\/aral2.cetrexmarketing.com\/ca\/producto\/8-0-1-edicio-limitada\/#primaryimage\"},\"image\":{\"@id\":\"https:\/\/aral2.cetrexmarketing.com\/ca\/producto\/8-0-1-edicio-limitada\/#primaryimage\"},\"thumbnailUrl\":\"https:\/\/aral2.cetrexmarketing.com\/wp-content\/uploads\/2025\/05\/8.0.1.-Edicion-Limitada.jpg-1.png\",\"datePublished\":\"2025-05-26T08:17:26+00:00\",\"dateModified\":\"2025-05-27T07:46:58+00:00\",\"description\":\"Comprar en l\u00ednia al millor preu 8.0.1. Edici\u00f3 Limitada, vi negre de la DO Carinyena. Cooperativa Vinicola Sant Valero. 75cl.\",\"breadcrumb\":{\"@id\":\"https:\/\/aral2.cetrexmarketing.com\/ca\/producto\/8-0-1-edicio-limitada\/#breadcrumb\"},\"inLanguage\":\"ca\",\"potentialAction\":[{\"@type\":\"ReadAction\",\"target\":[\"https:\/\/aral2.cetrexmarketing.com\/ca\/producto\/8-0-1-edicio-limitada\/\"]}]},{\"@type\":\"ImageObject\",\"inLanguage\":\"ca\",\"@id\":\"https:\/\/aral2.cetrexmarketing.com\/ca\/producto\/8-0-1-edicio-limitada\/#primaryimage\",\"url\":\"https:\/\/aral2.cetrexmarketing.com\/wp-content\/uploads\/2025\/05\/8.0.1.-Edicion-Limitada.jpg-1.png\",\"contentUrl\":\"https:\/\/aral2.cetrexmarketing.com\/wp-content\/uploads\/2025\/05\/8.0.1.-Edicion-Limitada.jpg-1.png\",\"width\":765,\"height\":1024},{\"@type\":\"BreadcrumbList\",\"@id\":\"https:\/\/aral2.cetrexmarketing.com\/ca\/producto\/8-0-1-edicio-limitada\/#breadcrumb\",\"itemListElement\":[{\"@type\":\"ListItem\",\"position\":1,\"name\":\"Home\",\"item\":\"https:\/\/aral2.cetrexmarketing.com\/ca\/\"},{\"@type\":\"ListItem\",\"position\":2,\"name\":\"Tienda\",\"item\":\"https:\/\/aral2.cetrexmarketing.com\/ca\/tienda-2\/\"},{\"@type\":\"ListItem\",\"position\":3,\"name\":\"Vi\",\"item\":\"https:\/\/aral2.cetrexmarketing.com\/categoria-producto\/vi\/\"},{\"@type\":\"ListItem\",\"position\":4,\"name\":\"Vi Negre\",\"item\":\"https:\/\/aral2.cetrexmarketing.com\/categoria-producto\/vi\/vi-negre\/\"},{\"@type\":\"ListItem\",\"position\":5,\"name\":\"8.0.1. Edici\u00f3 Limitada\"}]},{\"@type\":\"WebSite\",\"@id\":\"https:\/\/aral2.cetrexmarketing.com\/#website\",\"url\":\"https:\/\/aral2.cetrexmarketing.com\/\",\"name\":\"M\u00f3n La Cata\",\"description\":\"Tienda de vinos, licores, cervezas y gourmet\",\"publisher\":{\"@id\":\"https:\/\/aral2.cetrexmarketing.com\/#organization\"},\"potentialAction\":[{\"@type\":\"SearchAction\",\"target\":{\"@type\":\"EntryPoint\",\"urlTemplate\":\"https:\/\/aral2.cetrexmarketing.com\/?s={search_term_string}\"},\"query-input\":{\"@type\":\"PropertyValueSpecification\",\"valueRequired\":true,\"valueName\":\"search_term_string\"}}],\"inLanguage\":\"ca\"},{\"@type\":\"Organization\",\"@id\":\"https:\/\/aral2.cetrexmarketing.com\/#organization\",\"name\":\"M\u00f3n La Cata\",\"url\":\"https:\/\/aral2.cetrexmarketing.com\/\",\"logo\":{\"@type\":\"ImageObject\",\"inLanguage\":\"ca\",\"@id\":\"https:\/\/aral2.cetrexmarketing.com\/#\/schema\/logo\/image\/\",\"url\":\"https:\/\/aral2.cetrexmarketing.com\/wp-content\/uploads\/2024\/10\/aral-logo-neg-1024x409-1.png\",\"contentUrl\":\"https:\/\/aral2.cetrexmarketing.com\/wp-content\/uploads\/2024\/10\/aral-logo-neg-1024x409-1.png\",\"width\":1024,\"height\":409,\"caption\":\"M\u00f3n La Cata\"},\"image\":{\"@id\":\"https:\/\/aral2.cetrexmarketing.com\/#\/schema\/logo\/image\/\"}}]}<\/script>\n<!-- \/ Yoast SEO Premium plugin. -->","yoast_head_json":{"title":"8.0.1. Edici\u00f3 Limitada","description":"Comprar en l\u00ednia al millor preu 8.0.1. Edici\u00f3 Limitada, vi negre de la DO Carinyena. Cooperativa Vinicola Sant Valero. 75cl.","robots":{"index":"noindex","follow":"follow","max-snippet":"max-snippet:-1","max-image-preview":"max-image-preview:large","max-video-preview":"max-video-preview:-1"},"og_locale":"ca_ES","og_type":"article","og_title":"8.0.1. Edici\u00f3 Limitada","og_description":"Comprar en l\u00ednia al millor preu 8.0.1. Edici\u00f3 Limitada, vi negre de la DO Carinyena. Cooperativa Vinicola Sant Valero. 75cl.","og_url":"https:\/\/aral2.cetrexmarketing.com\/ca\/producto\/8-0-1-edicio-limitada\/","og_site_name":"M\u00f3n La Cata","article_modified_time":"2025-05-27T07:46:58+00:00","og_image":[{"width":765,"height":1024,"url":"https:\/\/aral2.cetrexmarketing.com\/wp-content\/uploads\/2025\/05\/8.0.1.-Edicion-Limitada.jpg-1.png","type":"image\/png"}],"twitter_card":"summary_large_image","twitter_misc":{"Temps estimat de lectura":"2 minuts"},"schema":{"@context":"https:\/\/schema.org","@graph":[{"@type":"WebPage","@id":"https:\/\/aral2.cetrexmarketing.com\/ca\/producto\/8-0-1-edicio-limitada\/","url":"https:\/\/aral2.cetrexmarketing.com\/ca\/producto\/8-0-1-edicio-limitada\/","name":"8.0.1. Edici\u00f3 Limitada","isPartOf":{"@id":"https:\/\/aral2.cetrexmarketing.com\/#website"},"primaryImageOfPage":{"@id":"https:\/\/aral2.cetrexmarketing.com\/ca\/producto\/8-0-1-edicio-limitada\/#primaryimage"},"image":{"@id":"https:\/\/aral2.cetrexmarketing.com\/ca\/producto\/8-0-1-edicio-limitada\/#primaryimage"},"thumbnailUrl":"https:\/\/aral2.cetrexmarketing.com\/wp-content\/uploads\/2025\/05\/8.0.1.-Edicion-Limitada.jpg-1.png","datePublished":"2025-05-26T08:17:26+00:00","dateModified":"2025-05-27T07:46:58+00:00","description":"Comprar en l\u00ednia al millor preu 8.0.1. Edici\u00f3 Limitada, vi negre de la DO Carinyena. Cooperativa Vinicola Sant Valero. 75cl.","breadcrumb":{"@id":"https:\/\/aral2.cetrexmarketing.com\/ca\/producto\/8-0-1-edicio-limitada\/#breadcrumb"},"inLanguage":"ca","potentialAction":[{"@type":"ReadAction","target":["https:\/\/aral2.cetrexmarketing.com\/ca\/producto\/8-0-1-edicio-limitada\/"]}]},{"@type":"ImageObject","inLanguage":"ca","@id":"https:\/\/aral2.cetrexmarketing.com\/ca\/producto\/8-0-1-edicio-limitada\/#primaryimage","url":"https:\/\/aral2.cetrexmarketing.com\/wp-content\/uploads\/2025\/05\/8.0.1.-Edicion-Limitada.jpg-1.png","contentUrl":"https:\/\/aral2.cetrexmarketing.com\/wp-content\/uploads\/2025\/05\/8.0.1.-Edicion-Limitada.jpg-1.png","width":765,"height":1024},{"@type":"BreadcrumbList","@id":"https:\/\/aral2.cetrexmarketing.com\/ca\/producto\/8-0-1-edicio-limitada\/#breadcrumb","itemListElement":[{"@type":"ListItem","position":1,"name":"Home","item":"https:\/\/aral2.cetrexmarketing.com\/ca\/"},{"@type":"ListItem","position":2,"name":"Tienda","item":"https:\/\/aral2.cetrexmarketing.com\/ca\/tienda-2\/"},{"@type":"ListItem","position":3,"name":"Vi","item":"https:\/\/aral2.cetrexmarketing.com\/categoria-producto\/vi\/"},{"@type":"ListItem","position":4,"name":"Vi Negre","item":"https:\/\/aral2.cetrexmarketing.com\/categoria-producto\/vi\/vi-negre\/"},{"@type":"ListItem","position":5,"name":"8.0.1. Edici\u00f3 Limitada"}]},{"@type":"WebSite","@id":"https:\/\/aral2.cetrexmarketing.com\/#website","url":"https:\/\/aral2.cetrexmarketing.com\/","name":"M\u00f3n La Cata","description":"Tienda de vinos, licores, cervezas y gourmet","publisher":{"@id":"https:\/\/aral2.cetrexmarketing.com\/#organization"},"potentialAction":[{"@type":"SearchAction","target":{"@type":"EntryPoint","urlTemplate":"https:\/\/aral2.cetrexmarketing.com\/?s={search_term_string}"},"query-input":{"@type":"PropertyValueSpecification","valueRequired":true,"valueName":"search_term_string"}}],"inLanguage":"ca"},{"@type":"Organization","@id":"https:\/\/aral2.cetrexmarketing.com\/#organization","name":"M\u00f3n La Cata","url":"https:\/\/aral2.cetrexmarketing.com\/","logo":{"@type":"ImageObject","inLanguage":"ca","@id":"https:\/\/aral2.cetrexmarketing.com\/#\/schema\/logo\/image\/","url":"https:\/\/aral2.cetrexmarketing.com\/wp-content\/uploads\/2024\/10\/aral-logo-neg-1024x409-1.png","contentUrl":"https:\/\/aral2.cetrexmarketing.com\/wp-content\/uploads\/2024\/10\/aral-logo-neg-1024x409-1.png","width":1024,"height":409,"caption":"M\u00f3n La Cata"},"image":{"@id":"https:\/\/aral2.cetrexmarketing.com\/#\/schema\/logo\/image\/"}}]}},"brands":[{"id":32887,"name":"Cari\u00f1ena D.O.","slug":"carinena-d-o"}],"_links":{"self":[{"href":"https:\/\/aral2.cetrexmarketing.com\/ca\/wp-json\/wp\/v2\/product\/106873","targetHints":{"allow":["GET"]}}],"collection":[{"href":"https:\/\/aral2.cetrexmarketing.com\/ca\/wp-json\/wp\/v2\/product"}],"about":[{"href":"https:\/\/aral2.cetrexmarketing.com\/ca\/wp-json\/wp\/v2\/types\/product"}],"replies":[{"embeddable":true,"href":"https:\/\/aral2.cetrexmarketing.com\/ca\/wp-json\/wp\/v2\/comments?post=106873"}],"wp:featuredmedia":[{"embeddable":true,"href":"https:\/\/aral2.cetrexmarketing.com\/ca\/wp-json\/wp\/v2\/media\/106870"}],"wp:attachment":[{"href":"https:\/\/aral2.cetrexmarketing.com\/ca\/wp-json\/wp\/v2\/media?parent=106873"}],"wp:term":[{"taxonomy":"pwb-brand","embeddable":true,"href":"https:\/\/aral2.cetrexmarketing.com\/ca\/wp-json\/wp\/v2\/pwb-brand?post=106873"},{"taxonomy":"product_brand","embeddable":true,"href":"https:\/\/aral2.cetrexmarketing.com\/ca\/wp-json\/wp\/v2\/product_brand?post=106873"},{"taxonomy":"product_cat","embeddable":true,"href":"https:\/\/aral2.cetrexmarketing.com\/ca\/wp-json\/wp\/v2\/product_cat?post=106873"},{"taxonomy":"product_tag","embeddable":true,"href":"https:\/\/aral2.cetrexmarketing.com\/ca\/wp-json\/wp\/v2\/product_tag?post=106873"}],"curies":[{"name":"wp","href":"https:\/\/api.w.org\/{rel}","templated":true}]}}