{"id":102918,"date":"2025-05-26T07:12:48","date_gmt":"2025-05-26T07:12:48","guid":{"rendered":"https:\/\/aral2.cetrexmarketing.com\/producto\/coto-imaz-reserva-magnum\/"},"modified":"2025-05-27T07:37:56","modified_gmt":"2025-05-27T07:37:56","slug":"coto-imaz-reserva-magnum","status":"publish","type":"product","link":"https:\/\/aral2.cetrexmarketing.com\/ca\/producto\/coto-imaz-reserva-magnum\/","title":{"rendered":"Coto Imaz Reserva Magnum"},"content":{"rendered":"<h3 class=\"\" data-start=\"122\" data-end=\"159\"><strong data-start=\"126\" data-end=\"157\">Coto de Imaz Reserva Magnum<\/strong><\/h3>\n<p class=\"\" data-start=\"160\" data-end=\"470\">\u00c9s un <strong data-start=\"166\" data-end=\"186\">vi negre reserva<\/strong> elaborat per <strong data-start=\"200\" data-end=\"219\">Bodegas El Coto<\/strong>, situada a la prestigiosa <strong data-start=\"246\" data-end=\"288\">Denominaci\u00f3 d&#8217;Origen Qualificada Rioja<\/strong>. La seva presentaci\u00f3 en <strong data-start=\"313\" data-end=\"343\">format Magnum (1,5 litres)<\/strong> el fa ideal per a <strong data-start=\"362\" data-end=\"378\">celebracions<\/strong> i <strong data-start=\"381\" data-end=\"398\">\u00e0pats en grup<\/strong>, ja que permet una <strong data-start=\"418\" data-end=\"450\">evoluci\u00f3 m\u00e9s lenta i elegant<\/strong> del vi a l\u2019ampolla.<\/p>\n<h3 class=\"\" data-start=\"477\" data-end=\"499\"><strong data-start=\"481\" data-end=\"499\">Fitxa t\u00e8cnica:<\/strong><\/h3>\n<ul data-start=\"500\" data-end=\"844\">\n<li class=\"\" data-start=\"500\" data-end=\"531\">\n<p class=\"\" data-start=\"502\" data-end=\"531\"><strong data-start=\"502\" data-end=\"512\">Tipus:<\/strong> Vi negre reserva<\/p>\n<\/li>\n<li class=\"\" data-start=\"532\" data-end=\"570\">\n<p class=\"\" data-start=\"534\" data-end=\"570\"><strong data-start=\"534\" data-end=\"545\">Origen:<\/strong> D.O.Ca. Rioja, Espanya<\/p>\n<\/li>\n<li class=\"\" data-start=\"571\" data-end=\"604\">\n<p class=\"\" data-start=\"573\" data-end=\"604\"><strong data-start=\"573\" data-end=\"585\">Cellers:<\/strong> El Coto de Rioja<\/p>\n<\/li>\n<li class=\"\" data-start=\"605\" data-end=\"651\">\n<p class=\"\" data-start=\"607\" data-end=\"651\"><strong data-start=\"607\" data-end=\"628\">Varietat de ra\u00efm:<\/strong> 100% <strong data-start=\"634\" data-end=\"649\">Tempranillo<\/strong><\/p>\n<\/li>\n<li class=\"\" data-start=\"652\" data-end=\"682\">\n<p class=\"\" data-start=\"654\" data-end=\"682\"><strong data-start=\"654\" data-end=\"665\">Format:<\/strong> Magnum (1,5 L)<\/p>\n<\/li>\n<li class=\"\" data-start=\"683\" data-end=\"738\">\n<p class=\"\" data-start=\"685\" data-end=\"738\"><strong data-start=\"685\" data-end=\"710\">Graduaci\u00f3 alcoh\u00f2lica:<\/strong> Aproximadament 13,5% vol.<\/p>\n<\/li>\n<li class=\"\" data-start=\"739\" data-end=\"844\">\n<p class=\"\" data-start=\"741\" data-end=\"844\"><strong data-start=\"741\" data-end=\"753\">Crian\u00e7a:<\/strong> 18 mesos en b\u00f3tes de <strong data-start=\"775\" data-end=\"802\">roure americ\u00e0 i franc\u00e8s<\/strong>, seguit d\u2019un m\u00ednim de 24 mesos en ampolla<\/p>\n<\/li>\n<\/ul>\n<h3 class=\"\" data-start=\"851\" data-end=\"873\"><strong data-start=\"855\" data-end=\"873\">Notes de tast:<\/strong><\/h3>\n<ul data-start=\"874\" data-end=\"1252\">\n<li class=\"\" data-start=\"874\" data-end=\"963\">\n<p class=\"\" data-start=\"876\" data-end=\"963\"><strong data-start=\"876\" data-end=\"886\">Color:<\/strong> Vermell <strong data-start=\"895\" data-end=\"903\">rob\u00ed<\/strong> amb reflexos <strong data-start=\"917\" data-end=\"926\">teula<\/strong>, caracter\u00edstics de la seva crian\u00e7a<\/p>\n<\/li>\n<li class=\"\" data-start=\"964\" data-end=\"1093\">\n<p class=\"\" data-start=\"966\" data-end=\"1093\"><strong data-start=\"966\" data-end=\"976\">Aroma:<\/strong> Elegant i complex, amb notes de <strong data-start=\"1009\" data-end=\"1035\">fruita vermella madura<\/strong>, <strong data-start=\"1037\" data-end=\"1049\">esp\u00e8cies<\/strong>, <strong data-start=\"1051\" data-end=\"1063\">vainilla<\/strong> i <strong data-start=\"1066\" data-end=\"1091\">lleugers tocs torrats<\/strong><\/p>\n<\/li>\n<li class=\"\" data-start=\"1094\" data-end=\"1252\">\n<p class=\"\" data-start=\"1096\" data-end=\"1252\"><strong data-start=\"1096\" data-end=\"1106\">Sabor:<\/strong> <strong data-start=\"1107\" data-end=\"1140\">Rod\u00f3, sed\u00f3s i ben estructurat<\/strong>, amb <strong data-start=\"1146\" data-end=\"1162\">t\u00e0nins suaus<\/strong>, <strong data-start=\"1164\" data-end=\"1180\">bona acidesa<\/strong> i un <strong data-start=\"1186\" data-end=\"1201\">final llarg<\/strong> on reapareixen les notes <strong data-start=\"1227\" data-end=\"1252\">afruitades i de fusta<\/strong><\/p>\n<\/li>\n<\/ul>\n<h3 class=\"\" data-start=\"1259\" data-end=\"1287\"><strong data-start=\"1263\" data-end=\"1287\">Maridatge recomanat:<\/strong><\/h3>\n<p class=\"\" data-start=\"1288\" data-end=\"1401\">\u00a0<strong data-start=\"1291\" data-end=\"1310\">Carns vermelles<\/strong><br data-start=\"1310\" data-end=\"1313\" \/>\u00a0<strong data-start=\"1316\" data-end=\"1350\">Rostits i guisats tradicionals<\/strong><br data-start=\"1350\" data-end=\"1353\" \/>\u00a0<strong data-start=\"1356\" data-end=\"1373\">Plats de ca\u00e7a<\/strong><br data-start=\"1373\" data-end=\"1376\" \/>\u00a0<strong data-start=\"1379\" data-end=\"1399\">Formatges curats<\/strong><\/p>\n<p class=\"\" data-start=\"1403\" data-end=\"1546\">Tamb\u00e9 \u00e9s una <strong data-start=\"1416\" data-end=\"1457\">excel\u00b7lent elecci\u00f3 per a celebracions<\/strong>, ja que el format Magnum <strong data-start=\"1483\" data-end=\"1508\">potencia la maduraci\u00f3<\/strong> i enriqueix l\u2019experi\u00e8ncia compartida.<\/p>\n<p>&nbsp;<\/p>\n<h3 class=\"\" data-start=\"1553\" data-end=\"1582\"><strong data-start=\"1557\" data-end=\"1582\">Conservaci\u00f3 i servei:<\/strong><\/h3>\n<ul data-start=\"1583\" data-end=\"1805\">\n<li class=\"\" data-start=\"1583\" data-end=\"1614\">\n<p class=\"\" data-start=\"1585\" data-end=\"1614\">Servir entre <strong data-start=\"1598\" data-end=\"1612\">16 i 18 \u00b0C<\/strong><\/p>\n<\/li>\n<li class=\"\" data-start=\"1615\" data-end=\"1699\">\n<p class=\"\" data-start=\"1617\" data-end=\"1699\">Es recomana <strong data-start=\"1629\" data-end=\"1641\">decantar<\/strong> per ressaltar els <strong data-start=\"1660\" data-end=\"1670\">aromes<\/strong> i suavitzar els <strong data-start=\"1687\" data-end=\"1697\">t\u00e0nins<\/strong><\/p>\n<\/li>\n<li class=\"\" data-start=\"1700\" data-end=\"1805\">\n<p class=\"\" data-start=\"1702\" data-end=\"1805\"><strong data-start=\"1702\" data-end=\"1736\">Guardar en posici\u00f3 horitzontal<\/strong>, en un lloc <strong data-start=\"1749\" data-end=\"1765\">fresc i fosc<\/strong>, per preservar-ne les qualitats \u00f2ptimes<\/p>\n<\/li>\n<\/ul>\n<p class=\"\" data-start=\"1812\" data-end=\"2015\"><strong data-start=\"1812\" data-end=\"1843\">Coto de Imaz Reserva Magnum<\/strong> \u00e9s un <strong data-start=\"1850\" data-end=\"1873\">cl\u00e0ssic de la Rioja<\/strong>, que reflecteix la <strong data-start=\"1893\" data-end=\"1916\">tradici\u00f3 i qualitat<\/strong> de la bodega <strong data-start=\"1930\" data-end=\"1941\">El Coto<\/strong>, oferint una <strong data-start=\"1955\" data-end=\"1991\">excel\u00b7lent relaci\u00f3 qualitat-preu<\/strong> dins la seva categoria.<\/p>\n","protected":false},"excerpt":{"rendered":"<p>Coto de Imaz Reserva Magnum \u00c9s un vi negre reserva elaborat per Bodegas El Coto, situada a la prestigiosa Denominaci\u00f3 d&#8217;Origen Qualificada Rioja. La seva presentaci\u00f3 en format Magnum (1,5 litres) el fa ideal per a celebracions i \u00e0pats en grup, ja que permet una evoluci\u00f3 m\u00e9s lenta i elegant del vi a l\u2019ampolla. Fitxa&hellip;<\/p>\n","protected":false},"featured_media":102829,"comment_status":"closed","ping_status":"closed","template":"","meta":{"_acf_changed":false},"pwb-brand":[],"product_brand":[],"product_cat":[51670,51671],"product_tag":[15027,14913,16648,18419,16040,18420,14900],"class_list":{"0":"post-102918","1":"product","2":"type-product","3":"status-publish","4":"has-post-thumbnail","6":"product_cat-vi","7":"product_cat-vi-negre","8":"product_tag-coto-ca","9":"product_tag-coto-de-imaz-ca","10":"product_tag-coto-imaz-ca","11":"product_tag-imaz-ca","12":"product_tag-magnum-ca","13":"product_tag-oyon-ca","14":"product_tag-rioja-ca","15":"product_shipping_class-7-10-dias-2","16":"pa_anada-36210","17":"pa_bodega-elcotoderioja","18":"pa_do-rioja-d-o-ca-ca","19":"pa_envejecimiento-reserva-ca","20":"pa_floral-negre-floral","21":"pa_formatoenml-38316","22":"pa_graduacion-13_5","23":"pa_maridaje-carn-blanca","24":"pa_maridaje-carn-roja","25":"pa_maridaje-verdures","26":"pa_pais-espanya-ca","27":"pa_tipodevino-vi-tranquil","28":"pa_variedad-principal-tempranillo-ca","29":"entry","30":"has-media","32":"first","33":"onbackorder","34":"taxable","35":"shipping-taxable","36":"purchasable","37":"product-type-simple"},"acf":[],"yoast_head":"<!-- This site is optimized with the Yoast SEO Premium plugin v23.1 (Yoast SEO v23.5) - https:\/\/yoast.com\/wordpress\/plugins\/seo\/ -->\n<title>Coto de Imaz Reserva Magnum vi negre de la DOCa Rioja<\/title>\n<meta name=\"description\" content=\"Comprar online al millor preu vins negres de la DOCa Rioja en format magnum.\" \/>\n<meta name=\"robots\" content=\"noindex, follow, max-snippet:-1, max-image-preview:large, max-video-preview:-1\" \/>\n<meta property=\"og:locale\" content=\"ca_ES\" \/>\n<meta property=\"og:type\" content=\"article\" \/>\n<meta property=\"og:title\" content=\"Coto Imaz Reserva Magnum\" \/>\n<meta property=\"og:description\" content=\"Comprar online al millor preu vins negres de la DOCa Rioja en format magnum.\" \/>\n<meta property=\"og:url\" content=\"https:\/\/aral2.cetrexmarketing.com\/ca\/producto\/coto-imaz-reserva-magnum\/\" \/>\n<meta property=\"og:site_name\" content=\"M\u00f3n La Cata\" \/>\n<meta property=\"article:modified_time\" content=\"2025-05-27T07:37:56+00:00\" \/>\n<meta property=\"og:image\" content=\"https:\/\/aral2.cetrexmarketing.com\/wp-content\/uploads\/2025\/05\/Coto-Imaz-Reserva-magnum.png\" \/>\n\t<meta property=\"og:image:width\" content=\"765\" \/>\n\t<meta property=\"og:image:height\" content=\"1024\" \/>\n\t<meta property=\"og:image:type\" content=\"image\/png\" \/>\n<meta name=\"twitter:card\" content=\"summary_large_image\" \/>\n<meta name=\"twitter:label1\" content=\"Temps estimat de lectura\" \/>\n\t<meta name=\"twitter:data1\" content=\"2 minuts\" \/>\n<script type=\"application\/ld+json\" class=\"yoast-schema-graph\">{\"@context\":\"https:\/\/schema.org\",\"@graph\":[{\"@type\":\"WebPage\",\"@id\":\"https:\/\/aral2.cetrexmarketing.com\/ca\/producto\/coto-imaz-reserva-magnum\/\",\"url\":\"https:\/\/aral2.cetrexmarketing.com\/ca\/producto\/coto-imaz-reserva-magnum\/\",\"name\":\"Coto de Imaz Reserva Magnum vi negre de la DOCa Rioja\",\"isPartOf\":{\"@id\":\"https:\/\/aral2.cetrexmarketing.com\/#website\"},\"primaryImageOfPage\":{\"@id\":\"https:\/\/aral2.cetrexmarketing.com\/ca\/producto\/coto-imaz-reserva-magnum\/#primaryimage\"},\"image\":{\"@id\":\"https:\/\/aral2.cetrexmarketing.com\/ca\/producto\/coto-imaz-reserva-magnum\/#primaryimage\"},\"thumbnailUrl\":\"https:\/\/aral2.cetrexmarketing.com\/wp-content\/uploads\/2025\/05\/Coto-Imaz-Reserva-magnum.png\",\"datePublished\":\"2025-05-26T07:12:48+00:00\",\"dateModified\":\"2025-05-27T07:37:56+00:00\",\"description\":\"Comprar online al millor preu vins negres de la DOCa Rioja en format magnum.\",\"breadcrumb\":{\"@id\":\"https:\/\/aral2.cetrexmarketing.com\/ca\/producto\/coto-imaz-reserva-magnum\/#breadcrumb\"},\"inLanguage\":\"ca\",\"potentialAction\":[{\"@type\":\"ReadAction\",\"target\":[\"https:\/\/aral2.cetrexmarketing.com\/ca\/producto\/coto-imaz-reserva-magnum\/\"]}]},{\"@type\":\"ImageObject\",\"inLanguage\":\"ca\",\"@id\":\"https:\/\/aral2.cetrexmarketing.com\/ca\/producto\/coto-imaz-reserva-magnum\/#primaryimage\",\"url\":\"https:\/\/aral2.cetrexmarketing.com\/wp-content\/uploads\/2025\/05\/Coto-Imaz-Reserva-magnum.png\",\"contentUrl\":\"https:\/\/aral2.cetrexmarketing.com\/wp-content\/uploads\/2025\/05\/Coto-Imaz-Reserva-magnum.png\",\"width\":765,\"height\":1024},{\"@type\":\"BreadcrumbList\",\"@id\":\"https:\/\/aral2.cetrexmarketing.com\/ca\/producto\/coto-imaz-reserva-magnum\/#breadcrumb\",\"itemListElement\":[{\"@type\":\"ListItem\",\"position\":1,\"name\":\"Home\",\"item\":\"https:\/\/aral2.cetrexmarketing.com\/ca\/\"},{\"@type\":\"ListItem\",\"position\":2,\"name\":\"Tienda\",\"item\":\"https:\/\/aral2.cetrexmarketing.com\/ca\/tienda-2\/\"},{\"@type\":\"ListItem\",\"position\":3,\"name\":\"Vi\",\"item\":\"https:\/\/aral2.cetrexmarketing.com\/categoria-producto\/vi\/\"},{\"@type\":\"ListItem\",\"position\":4,\"name\":\"Vi Negre\",\"item\":\"https:\/\/aral2.cetrexmarketing.com\/categoria-producto\/vi\/vi-negre\/\"},{\"@type\":\"ListItem\",\"position\":5,\"name\":\"Coto Imaz Reserva Magnum\"}]},{\"@type\":\"WebSite\",\"@id\":\"https:\/\/aral2.cetrexmarketing.com\/#website\",\"url\":\"https:\/\/aral2.cetrexmarketing.com\/\",\"name\":\"M\u00f3n La Cata\",\"description\":\"Tienda de vinos, licores, cervezas y gourmet\",\"publisher\":{\"@id\":\"https:\/\/aral2.cetrexmarketing.com\/#organization\"},\"potentialAction\":[{\"@type\":\"SearchAction\",\"target\":{\"@type\":\"EntryPoint\",\"urlTemplate\":\"https:\/\/aral2.cetrexmarketing.com\/?s={search_term_string}\"},\"query-input\":{\"@type\":\"PropertyValueSpecification\",\"valueRequired\":true,\"valueName\":\"search_term_string\"}}],\"inLanguage\":\"ca\"},{\"@type\":\"Organization\",\"@id\":\"https:\/\/aral2.cetrexmarketing.com\/#organization\",\"name\":\"M\u00f3n La Cata\",\"url\":\"https:\/\/aral2.cetrexmarketing.com\/\",\"logo\":{\"@type\":\"ImageObject\",\"inLanguage\":\"ca\",\"@id\":\"https:\/\/aral2.cetrexmarketing.com\/#\/schema\/logo\/image\/\",\"url\":\"https:\/\/aral2.cetrexmarketing.com\/wp-content\/uploads\/2024\/10\/aral-logo-neg-1024x409-1.png\",\"contentUrl\":\"https:\/\/aral2.cetrexmarketing.com\/wp-content\/uploads\/2024\/10\/aral-logo-neg-1024x409-1.png\",\"width\":1024,\"height\":409,\"caption\":\"M\u00f3n La Cata\"},\"image\":{\"@id\":\"https:\/\/aral2.cetrexmarketing.com\/#\/schema\/logo\/image\/\"}}]}<\/script>\n<!-- \/ Yoast SEO Premium plugin. -->","yoast_head_json":{"title":"Coto de Imaz Reserva Magnum vi negre de la DOCa Rioja","description":"Comprar online al millor preu vins negres de la DOCa Rioja en format magnum.","robots":{"index":"noindex","follow":"follow","max-snippet":"max-snippet:-1","max-image-preview":"max-image-preview:large","max-video-preview":"max-video-preview:-1"},"og_locale":"ca_ES","og_type":"article","og_title":"Coto Imaz Reserva Magnum","og_description":"Comprar online al millor preu vins negres de la DOCa Rioja en format magnum.","og_url":"https:\/\/aral2.cetrexmarketing.com\/ca\/producto\/coto-imaz-reserva-magnum\/","og_site_name":"M\u00f3n La Cata","article_modified_time":"2025-05-27T07:37:56+00:00","og_image":[{"width":765,"height":1024,"url":"https:\/\/aral2.cetrexmarketing.com\/wp-content\/uploads\/2025\/05\/Coto-Imaz-Reserva-magnum.png","type":"image\/png"}],"twitter_card":"summary_large_image","twitter_misc":{"Temps estimat de lectura":"2 minuts"},"schema":{"@context":"https:\/\/schema.org","@graph":[{"@type":"WebPage","@id":"https:\/\/aral2.cetrexmarketing.com\/ca\/producto\/coto-imaz-reserva-magnum\/","url":"https:\/\/aral2.cetrexmarketing.com\/ca\/producto\/coto-imaz-reserva-magnum\/","name":"Coto de Imaz Reserva Magnum vi negre de la DOCa Rioja","isPartOf":{"@id":"https:\/\/aral2.cetrexmarketing.com\/#website"},"primaryImageOfPage":{"@id":"https:\/\/aral2.cetrexmarketing.com\/ca\/producto\/coto-imaz-reserva-magnum\/#primaryimage"},"image":{"@id":"https:\/\/aral2.cetrexmarketing.com\/ca\/producto\/coto-imaz-reserva-magnum\/#primaryimage"},"thumbnailUrl":"https:\/\/aral2.cetrexmarketing.com\/wp-content\/uploads\/2025\/05\/Coto-Imaz-Reserva-magnum.png","datePublished":"2025-05-26T07:12:48+00:00","dateModified":"2025-05-27T07:37:56+00:00","description":"Comprar online al millor preu vins negres de la DOCa Rioja en format magnum.","breadcrumb":{"@id":"https:\/\/aral2.cetrexmarketing.com\/ca\/producto\/coto-imaz-reserva-magnum\/#breadcrumb"},"inLanguage":"ca","potentialAction":[{"@type":"ReadAction","target":["https:\/\/aral2.cetrexmarketing.com\/ca\/producto\/coto-imaz-reserva-magnum\/"]}]},{"@type":"ImageObject","inLanguage":"ca","@id":"https:\/\/aral2.cetrexmarketing.com\/ca\/producto\/coto-imaz-reserva-magnum\/#primaryimage","url":"https:\/\/aral2.cetrexmarketing.com\/wp-content\/uploads\/2025\/05\/Coto-Imaz-Reserva-magnum.png","contentUrl":"https:\/\/aral2.cetrexmarketing.com\/wp-content\/uploads\/2025\/05\/Coto-Imaz-Reserva-magnum.png","width":765,"height":1024},{"@type":"BreadcrumbList","@id":"https:\/\/aral2.cetrexmarketing.com\/ca\/producto\/coto-imaz-reserva-magnum\/#breadcrumb","itemListElement":[{"@type":"ListItem","position":1,"name":"Home","item":"https:\/\/aral2.cetrexmarketing.com\/ca\/"},{"@type":"ListItem","position":2,"name":"Tienda","item":"https:\/\/aral2.cetrexmarketing.com\/ca\/tienda-2\/"},{"@type":"ListItem","position":3,"name":"Vi","item":"https:\/\/aral2.cetrexmarketing.com\/categoria-producto\/vi\/"},{"@type":"ListItem","position":4,"name":"Vi Negre","item":"https:\/\/aral2.cetrexmarketing.com\/categoria-producto\/vi\/vi-negre\/"},{"@type":"ListItem","position":5,"name":"Coto Imaz Reserva Magnum"}]},{"@type":"WebSite","@id":"https:\/\/aral2.cetrexmarketing.com\/#website","url":"https:\/\/aral2.cetrexmarketing.com\/","name":"M\u00f3n La Cata","description":"Tienda de vinos, licores, cervezas y gourmet","publisher":{"@id":"https:\/\/aral2.cetrexmarketing.com\/#organization"},"potentialAction":[{"@type":"SearchAction","target":{"@type":"EntryPoint","urlTemplate":"https:\/\/aral2.cetrexmarketing.com\/?s={search_term_string}"},"query-input":{"@type":"PropertyValueSpecification","valueRequired":true,"valueName":"search_term_string"}}],"inLanguage":"ca"},{"@type":"Organization","@id":"https:\/\/aral2.cetrexmarketing.com\/#organization","name":"M\u00f3n La Cata","url":"https:\/\/aral2.cetrexmarketing.com\/","logo":{"@type":"ImageObject","inLanguage":"ca","@id":"https:\/\/aral2.cetrexmarketing.com\/#\/schema\/logo\/image\/","url":"https:\/\/aral2.cetrexmarketing.com\/wp-content\/uploads\/2024\/10\/aral-logo-neg-1024x409-1.png","contentUrl":"https:\/\/aral2.cetrexmarketing.com\/wp-content\/uploads\/2024\/10\/aral-logo-neg-1024x409-1.png","width":1024,"height":409,"caption":"M\u00f3n La Cata"},"image":{"@id":"https:\/\/aral2.cetrexmarketing.com\/#\/schema\/logo\/image\/"}}]}},"brands":[],"_links":{"self":[{"href":"https:\/\/aral2.cetrexmarketing.com\/ca\/wp-json\/wp\/v2\/product\/102918","targetHints":{"allow":["GET"]}}],"collection":[{"href":"https:\/\/aral2.cetrexmarketing.com\/ca\/wp-json\/wp\/v2\/product"}],"about":[{"href":"https:\/\/aral2.cetrexmarketing.com\/ca\/wp-json\/wp\/v2\/types\/product"}],"replies":[{"embeddable":true,"href":"https:\/\/aral2.cetrexmarketing.com\/ca\/wp-json\/wp\/v2\/comments?post=102918"}],"wp:featuredmedia":[{"embeddable":true,"href":"https:\/\/aral2.cetrexmarketing.com\/ca\/wp-json\/wp\/v2\/media\/102829"}],"wp:attachment":[{"href":"https:\/\/aral2.cetrexmarketing.com\/ca\/wp-json\/wp\/v2\/media?parent=102918"}],"wp:term":[{"taxonomy":"pwb-brand","embeddable":true,"href":"https:\/\/aral2.cetrexmarketing.com\/ca\/wp-json\/wp\/v2\/pwb-brand?post=102918"},{"taxonomy":"product_brand","embeddable":true,"href":"https:\/\/aral2.cetrexmarketing.com\/ca\/wp-json\/wp\/v2\/product_brand?post=102918"},{"taxonomy":"product_cat","embeddable":true,"href":"https:\/\/aral2.cetrexmarketing.com\/ca\/wp-json\/wp\/v2\/product_cat?post=102918"},{"taxonomy":"product_tag","embeddable":true,"href":"https:\/\/aral2.cetrexmarketing.com\/ca\/wp-json\/wp\/v2\/product_tag?post=102918"}],"curies":[{"name":"wp","href":"https:\/\/api.w.org\/{rel}","templated":true}]}}